{"id":11513,"date":"2022-09-19T15:04:43","date_gmt":"2022-09-19T13:04:43","guid":{"rendered":"https:\/\/www.investincotedazur.com\/?page_id=11513"},"modified":"2023-01-11T08:16:23","modified_gmt":"2023-01-11T07:16:23","slug":"welcome-guide-doing-business","status":"publish","type":"page","link":"https:\/\/www.investincotedazur.com\/en\/welcome-guide-cote-dazur\/welcome-guide-doing-business\/","title":{"rendered":"Welcome Guide &#8211; Doing Business"},"content":{"rendered":"\t\t<div data-elementor-type=\"wp-page\" data-elementor-id=\"11513\" data-post-id=\"11513\" data-obj-id=\"11513\" class=\"elementor elementor-11513 dce-elementor-post-11513 elementor-11512\">\n\t\t\t\t\t\t<div class=\"elementor-inner\">\n\t\t\t\t<div class=\"elementor-section-wrap\">\n\t\t\t\t\t\t\t\t\t<section class=\"elementor-section elementor-top-section elementor-element elementor-element-dd5d633 elementor-section-boxed elementor-section-height-default elementor-section-height-default\" data-id=\"dd5d633\" data-element_type=\"section\">\n\t\t\t\t\t\t<div class=\"elementor-container elementor-column-gap-default\">\n\t\t\t\t\t\t\t<div class=\"elementor-row\">\n\t\t\t\t\t<div class=\"elementor-column elementor-col-100 elementor-top-column elementor-element elementor-element-a99dc0c\" data-id=\"a99dc0c\" data-element_type=\"column\">\n\t\t\t<div class=\"elementor-column-wrap elementor-element-populated\">\n\t\t\t\t\t\t\t<div class=\"elementor-widget-wrap\">\n\t\t\t\t\t\t<div class=\"elementor-element elementor-element-2ca6c2e elementor-widget elementor-widget-spacer\" data-id=\"2ca6c2e\" data-element_type=\"widget\" data-widget_type=\"spacer.default\">\n\t\t\t\t<div class=\"elementor-widget-container\">\n\t\t\t\t\t<div class=\"elementor-spacer\">\n\t\t\t<div class=\"elementor-spacer-inner\"><\/div>\n\t\t<\/div>\n\t\t\t\t<\/div>\n\t\t\t\t<\/div>\n\t\t\t\t\t\t<\/div>\n\t\t\t\t\t<\/div>\n\t\t<\/div>\n\t\t\t\t\t\t\t\t<\/div>\n\t\t\t\t\t<\/div>\n\t\t<\/section>\n\t\t\t\t<section class=\"elementor-section elementor-top-section elementor-element elementor-element-887858c elementor-section-boxed elementor-section-height-default elementor-section-height-default\" data-id=\"887858c\" data-element_type=\"section\">\n\t\t\t\t\t\t<div class=\"elementor-container elementor-column-gap-default\">\n\t\t\t\t\t\t\t<div class=\"elementor-row\">\n\t\t\t\t\t<div class=\"elementor-column elementor-col-100 elementor-top-column elementor-element elementor-element-9eb7b00\" data-id=\"9eb7b00\" data-element_type=\"column\">\n\t\t\t<div class=\"elementor-column-wrap elementor-element-populated\">\n\t\t\t\t\t\t\t<div class=\"elementor-widget-wrap\">\n\t\t\t\t\t\t<div class=\"elementor-element elementor-element-8cc4cca dce_masking-none elementor-widget elementor-widget-image\" data-id=\"8cc4cca\" data-element_type=\"widget\" data-widget_type=\"image.default\">\n\t\t\t\t<div class=\"elementor-widget-container\">\n\t\t\t\t\t\t\t\t<div class=\"elementor-image\">\n\t\t\t\t\t\t\t\t\t\t\t\t<img width=\"2406\" height=\"1000\" src=\"https:\/\/www.investincotedazur.com\/wp-content\/uploads\/2022\/09\/cote-dazur-1.jpeg\" class=\"attachment-full size-full wp-image-11154\" alt=\"cote dazur\" srcset=\"https:\/\/www.investincotedazur.com\/wp-content\/uploads\/2022\/09\/cote-dazur-1.jpeg 2406w, https:\/\/www.investincotedazur.com\/wp-content\/uploads\/2022\/09\/cote-dazur-1-300x125.jpeg 300w, https:\/\/www.investincotedazur.com\/wp-content\/uploads\/2022\/09\/cote-dazur-1-1024x426.jpeg 1024w, https:\/\/www.investincotedazur.com\/wp-content\/uploads\/2022\/09\/cote-dazur-1-768x319.jpeg 768w, https:\/\/www.investincotedazur.com\/wp-content\/uploads\/2022\/09\/cote-dazur-1-1536x638.jpeg 1536w, https:\/\/www.investincotedazur.com\/wp-content\/uploads\/2022\/09\/cote-dazur-1-2048x851.jpeg 2048w\" sizes=\"(max-width: 2406px) 100vw, 2406px\" \/>\t\t\t\t\t\t\t\t\t\t\t\t\t\t<\/div>\n\t\t\t\t\t\t<\/div>\n\t\t\t\t<\/div>\n\t\t\t\t<div class=\"elementor-element elementor-element-b417164 dce_masking-none elementor-widget elementor-widget-image\" data-id=\"b417164\" data-element_type=\"widget\" data-widget_type=\"image.default\">\n\t\t\t\t<div class=\"elementor-widget-container\">\n\t\t\t\t\t\t\t\t<div class=\"elementor-image\">\n\t\t\t\t\t\t\t\t\t\t\t\t\t<a href=\"https:\/\/www.investincotedazur.com\/en\/welcome-guide-cote-dazur\/\">\n\t\t\t\t\t\t\t<img width=\"227\" height=\"86\" src=\"https:\/\/www.investincotedazur.com\/wp-content\/uploads\/2022\/09\/welcome-cote-dazur.png\" class=\"attachment-large size-large wp-image-11150\" alt=\"welcome cote dazur\" \/>\t\t\t\t\t\t\t\t<\/a>\n\t\t\t\t\t\t\t\t\t\t\t\t\t\t<\/div>\n\t\t\t\t\t\t<\/div>\n\t\t\t\t<\/div>\n\t\t\t\t\t\t<\/div>\n\t\t\t\t\t<\/div>\n\t\t<\/div>\n\t\t\t\t\t\t\t\t<\/div>\n\t\t\t\t\t<\/div>\n\t\t<\/section>\n\t\t\t\t<section class=\"elementor-section elementor-top-section elementor-element elementor-element-85f83c5 elementor-section-boxed elementor-section-height-default elementor-section-height-default\" data-id=\"85f83c5\" data-element_type=\"section\">\n\t\t\t\t\t\t<div class=\"elementor-container elementor-column-gap-default\">\n\t\t\t\t\t\t\t<div class=\"elementor-row\">\n\t\t\t\t\t<div class=\"elementor-column elementor-col-100 elementor-top-column elementor-element elementor-element-e4b59b5\" data-id=\"e4b59b5\" data-element_type=\"column\">\n\t\t\t<div class=\"elementor-column-wrap elementor-element-populated\">\n\t\t\t\t\t\t\t<div class=\"elementor-widget-wrap\">\n\t\t\t\t\t\t<div class=\"elementor-element elementor-element-c847238 elementor-widget elementor-widget-heading\" data-id=\"c847238\" data-element_type=\"widget\" data-widget_type=\"heading.default\">\n\t\t\t\t<div class=\"elementor-widget-container\">\n\t\t\t<h2 class=\"elementor-heading-title elementor-size-default\"><h1 data-elementor-setting-key=\"title\" data-pen-placeholder=\"\u00c9crivez ici...\" style=\"font-family: Roboto, sans-serif; text-align: center;\">Doing Business on the C\u00f4te d'Azur<\/h1><\/h2>\t\t<\/div>\n\t\t\t\t<\/div>\n\t\t\t\t\t\t<\/div>\n\t\t\t\t\t<\/div>\n\t\t<\/div>\n\t\t\t\t\t\t\t\t<\/div>\n\t\t\t\t\t<\/div>\n\t\t<\/section>\n\t\t\t\t<section class=\"elementor-section elementor-top-section elementor-element elementor-element-1fad67a elementor-section-content-middle elementor-section-boxed elementor-section-height-default elementor-section-height-default\" data-id=\"1fad67a\" data-element_type=\"section\">\n\t\t\t\t\t\t\t<div class=\"elementor-background-overlay\"><\/div>\n\t\t\t\t\t\t\t<div class=\"elementor-container elementor-column-gap-default\">\n\t\t\t\t\t\t\t<div class=\"elementor-row\">\n\t\t\t\t\t<div class=\"elementor-column elementor-col-25 elementor-top-column elementor-element elementor-element-18da3ce\" data-id=\"18da3ce\" data-element_type=\"column\">\n\t\t\t<div class=\"elementor-column-wrap elementor-element-populated\">\n\t\t\t\t\t\t\t<div class=\"elementor-widget-wrap\">\n\t\t\t\t\t\t<div class=\"elementor-element elementor-element-b6783bf elementor-widget elementor-widget-text-editor\" data-id=\"b6783bf\" data-element_type=\"widget\" data-widget_type=\"text-editor.default\">\n\t\t\t\t<div class=\"elementor-widget-container\">\n\t\t\t\t\t\t\t\t<div class=\"elementor-text-editor elementor-clearfix\">\n\t\t\t\t<h6><a href=\"https:\/\/www.investincotedazur.com\/en\/welcome-guide-coming-to-france\/\">Coming to France<\/a><\/h6>\t\t\t\t\t<\/div>\n\t\t\t\t\t\t<\/div>\n\t\t\t\t<\/div>\n\t\t\t\t\t\t<\/div>\n\t\t\t\t\t<\/div>\n\t\t<\/div>\n\t\t\t\t<div class=\"elementor-column elementor-col-25 elementor-top-column elementor-element elementor-element-f83aa61\" data-id=\"f83aa61\" data-element_type=\"column\">\n\t\t\t<div class=\"elementor-column-wrap elementor-element-populated\">\n\t\t\t\t\t\t\t<div class=\"elementor-widget-wrap\">\n\t\t\t\t\t\t<div class=\"elementor-element elementor-element-bed8468 elementor-widget elementor-widget-text-editor\" data-id=\"bed8468\" data-element_type=\"widget\" data-widget_type=\"text-editor.default\">\n\t\t\t\t<div class=\"elementor-widget-container\">\n\t\t\t\t\t\t\t\t<div class=\"elementor-text-editor elementor-clearfix\">\n\t\t\t\t<h6><a href=\"https:\/\/www.investincotedazur.com\/en\/welcome-guide-the-cote-dazur\/\">The C\u00f4te d&#8217;Azur<\/a><\/h6>\t\t\t\t\t<\/div>\n\t\t\t\t\t\t<\/div>\n\t\t\t\t<\/div>\n\t\t\t\t\t\t<\/div>\n\t\t\t\t\t<\/div>\n\t\t<\/div>\n\t\t\t\t<div class=\"elementor-column elementor-col-25 elementor-top-column elementor-element elementor-element-13faabe\" data-id=\"13faabe\" data-element_type=\"column\">\n\t\t\t<div class=\"elementor-column-wrap elementor-element-populated\">\n\t\t\t\t\t\t\t<div class=\"elementor-widget-wrap\">\n\t\t\t\t\t\t<div class=\"elementor-element elementor-element-a8c4028 elementor-widget elementor-widget-text-editor\" data-id=\"a8c4028\" data-element_type=\"widget\" data-widget_type=\"text-editor.default\">\n\t\t\t\t<div class=\"elementor-widget-container\">\n\t\t\t\t\t\t\t\t<div class=\"elementor-text-editor elementor-clearfix\">\n\t\t\t\t<h6><a href=\"https:\/\/www.investincotedazur.com\/en\/welcome-guide-settling-cote-azur\/\">Settling<\/a><\/h6>\t\t\t\t\t<\/div>\n\t\t\t\t\t\t<\/div>\n\t\t\t\t<\/div>\n\t\t\t\t\t\t<\/div>\n\t\t\t\t\t<\/div>\n\t\t<\/div>\n\t\t\t\t<div class=\"elementor-column elementor-col-25 elementor-top-column elementor-element elementor-element-3ca9dfa\" data-id=\"3ca9dfa\" data-element_type=\"column\">\n\t\t\t<div class=\"elementor-column-wrap elementor-element-populated\">\n\t\t\t\t\t\t\t<div class=\"elementor-widget-wrap\">\n\t\t\t\t\t\t<div class=\"elementor-element elementor-element-b06ff6e elementor-widget elementor-widget-text-editor\" data-id=\"b06ff6e\" data-element_type=\"widget\" data-widget_type=\"text-editor.default\">\n\t\t\t\t<div class=\"elementor-widget-container\">\n\t\t\t\t\t\t\t\t<div class=\"elementor-text-editor elementor-clearfix\">\n\t\t\t\t<h6><a href=\"https:\/\/www.investincotedazur.com\/en\/welcome-guide-work-cote-azur\/\">Working<\/a><\/h6>\t\t\t\t\t<\/div>\n\t\t\t\t\t\t<\/div>\n\t\t\t\t<\/div>\n\t\t\t\t\t\t<\/div>\n\t\t\t\t\t<\/div>\n\t\t<\/div>\n\t\t\t\t\t\t\t\t<\/div>\n\t\t\t\t\t<\/div>\n\t\t<\/section>\n\t\t\t\t<section class=\"elementor-section elementor-top-section elementor-element elementor-element-2524b84 elementor-section-content-middle elementor-section-boxed elementor-section-height-default elementor-section-height-default\" data-id=\"2524b84\" data-element_type=\"section\">\n\t\t\t\t\t\t\t<div class=\"elementor-background-overlay\"><\/div>\n\t\t\t\t\t\t\t<div class=\"elementor-container elementor-column-gap-default\">\n\t\t\t\t\t\t\t<div class=\"elementor-row\">\n\t\t\t\t\t<div class=\"elementor-column elementor-col-25 elementor-top-column elementor-element elementor-element-b5c3417\" data-id=\"b5c3417\" data-element_type=\"column\">\n\t\t\t<div class=\"elementor-column-wrap elementor-element-populated\">\n\t\t\t\t\t\t\t<div class=\"elementor-widget-wrap\">\n\t\t\t\t\t\t<div class=\"elementor-element elementor-element-9540540 elementor-widget elementor-widget-text-editor\" data-id=\"9540540\" data-element_type=\"widget\" data-widget_type=\"text-editor.default\">\n\t\t\t\t<div class=\"elementor-widget-container\">\n\t\t\t\t\t\t\t\t<div class=\"elementor-text-editor elementor-clearfix\">\n\t\t\t\t<h6><a href=\"https:\/\/www.investincotedazur.com\/en\/welcome-guide-studying\/\">Studying<\/a><\/h6>\t\t\t\t\t<\/div>\n\t\t\t\t\t\t<\/div>\n\t\t\t\t<\/div>\n\t\t\t\t\t\t<\/div>\n\t\t\t\t\t<\/div>\n\t\t<\/div>\n\t\t\t\t<div class=\"elementor-column elementor-col-25 elementor-top-column elementor-element elementor-element-33af942\" data-id=\"33af942\" data-element_type=\"column\">\n\t\t\t<div class=\"elementor-column-wrap elementor-element-populated\">\n\t\t\t\t\t\t\t<div class=\"elementor-widget-wrap\">\n\t\t\t\t\t\t<div class=\"elementor-element elementor-element-a451c00 elementor-widget elementor-widget-text-editor\" data-id=\"a451c00\" data-element_type=\"widget\" data-widget_type=\"text-editor.default\">\n\t\t\t\t<div class=\"elementor-widget-container\">\n\t\t\t\t\t\t\t\t<div class=\"elementor-text-editor elementor-clearfix\">\n\t\t\t\t<h6><a href=\"https:\/\/www.investincotedazur.com\/en\/welcome-guide-doing-research\/\">Doing Research<\/a><\/h6>\t\t\t\t\t<\/div>\n\t\t\t\t\t\t<\/div>\n\t\t\t\t<\/div>\n\t\t\t\t\t\t<\/div>\n\t\t\t\t\t<\/div>\n\t\t<\/div>\n\t\t\t\t<div class=\"elementor-column elementor-col-25 elementor-top-column elementor-element elementor-element-fc8198d\" data-id=\"fc8198d\" data-element_type=\"column\">\n\t\t\t<div class=\"elementor-column-wrap elementor-element-populated\">\n\t\t\t\t\t\t\t<div class=\"elementor-widget-wrap\">\n\t\t\t\t\t\t<div class=\"elementor-element elementor-element-3c8672c elementor-widget elementor-widget-text-editor\" data-id=\"3c8672c\" data-element_type=\"widget\" data-widget_type=\"text-editor.default\">\n\t\t\t\t<div class=\"elementor-widget-container\">\n\t\t\t\t\t\t\t\t<div class=\"elementor-text-editor elementor-clearfix\">\n\t\t\t\t<h6><a href=\"https:\/\/www.investincotedazur.com\/en\/welcome-guide-professional-events\/\">Professional events<\/a><\/h6>\t\t\t\t\t<\/div>\n\t\t\t\t\t\t<\/div>\n\t\t\t\t<\/div>\n\t\t\t\t\t\t<\/div>\n\t\t\t\t\t<\/div>\n\t\t<\/div>\n\t\t\t\t<div class=\"elementor-column elementor-col-25 elementor-top-column elementor-element elementor-element-04de018\" data-id=\"04de018\" data-element_type=\"column\">\n\t\t\t<div class=\"elementor-column-wrap elementor-element-populated\">\n\t\t\t\t\t\t\t<div class=\"elementor-widget-wrap\">\n\t\t\t\t\t\t<div class=\"elementor-element elementor-element-feb1f98 elementor-widget elementor-widget-text-editor\" data-id=\"feb1f98\" data-element_type=\"widget\" data-widget_type=\"text-editor.default\">\n\t\t\t\t<div class=\"elementor-widget-container\">\n\t\t\t\t\t\t\t\t<div class=\"elementor-text-editor elementor-clearfix\">\n\t\t\t\t<h6><a href=\"https:\/\/www.investincotedazur.com\/en\/welcome-guide-visiting\/\">Visiting<\/a><\/h6>\t\t\t\t\t<\/div>\n\t\t\t\t\t\t<\/div>\n\t\t\t\t<\/div>\n\t\t\t\t\t\t<\/div>\n\t\t\t\t\t<\/div>\n\t\t<\/div>\n\t\t\t\t\t\t\t\t<\/div>\n\t\t\t\t\t<\/div>\n\t\t<\/section>\n\t\t\t\t<section class=\"elementor-section elementor-top-section elementor-element elementor-element-c9632b1 elementor-section-boxed elementor-section-height-default elementor-section-height-default\" data-id=\"c9632b1\" data-element_type=\"section\">\n\t\t\t\t\t\t<div class=\"elementor-container elementor-column-gap-default\">\n\t\t\t\t\t\t\t<div class=\"elementor-row\">\n\t\t\t\t\t<div class=\"elementor-column elementor-col-100 elementor-top-column elementor-element elementor-element-d07d9cd\" data-id=\"d07d9cd\" data-element_type=\"column\">\n\t\t\t<div class=\"elementor-column-wrap elementor-element-populated\">\n\t\t\t\t\t\t\t<div class=\"elementor-widget-wrap\">\n\t\t\t\t\t\t<div class=\"elementor-element elementor-element-5159c34 elementor-widget elementor-widget-spacer\" data-id=\"5159c34\" data-element_type=\"widget\" data-widget_type=\"spacer.default\">\n\t\t\t\t<div class=\"elementor-widget-container\">\n\t\t\t\t\t<div class=\"elementor-spacer\">\n\t\t\t<div class=\"elementor-spacer-inner\"><\/div>\n\t\t<\/div>\n\t\t\t\t<\/div>\n\t\t\t\t<\/div>\n\t\t\t\t\t\t<\/div>\n\t\t\t\t\t<\/div>\n\t\t<\/div>\n\t\t\t\t\t\t\t\t<\/div>\n\t\t\t\t\t<\/div>\n\t\t<\/section>\n\t\t\t\t<section class=\"elementor-section elementor-top-section elementor-element elementor-element-ccdf232 elementor-section-boxed elementor-section-height-default elementor-section-height-default\" data-id=\"ccdf232\" data-element_type=\"section\">\n\t\t\t\t\t\t<div class=\"elementor-container elementor-column-gap-default\">\n\t\t\t\t\t\t\t<div class=\"elementor-row\">\n\t\t\t\t\t<div class=\"elementor-column elementor-col-100 elementor-top-column elementor-element elementor-element-f6a46ba\" data-id=\"f6a46ba\" data-element_type=\"column\">\n\t\t\t<div class=\"elementor-column-wrap elementor-element-populated\">\n\t\t\t\t\t\t\t<div class=\"elementor-widget-wrap\">\n\t\t\t\t\t\t<div class=\"elementor-element elementor-element-1c6dc2f elementor-widget elementor-widget-heading\" data-id=\"1c6dc2f\" data-element_type=\"widget\" data-widget_type=\"heading.default\">\n\t\t\t\t<div class=\"elementor-widget-container\">\n\t\t\t<h2 class=\"elementor-heading-title elementor-size-default\">Steps to create a foreign invested company<\/h2>\t\t<\/div>\n\t\t\t\t<\/div>\n\t\t\t\t\t\t<\/div>\n\t\t\t\t\t<\/div>\n\t\t<\/div>\n\t\t\t\t\t\t\t\t<\/div>\n\t\t\t\t\t<\/div>\n\t\t<\/section>\n\t\t\t\t<section class=\"elementor-section elementor-top-section elementor-element elementor-element-6c911f9 elementor-section-boxed elementor-section-height-default elementor-section-height-default\" data-id=\"6c911f9\" data-element_type=\"section\">\n\t\t\t\t\t\t<div class=\"elementor-container elementor-column-gap-default\">\n\t\t\t\t\t\t\t<div class=\"elementor-row\">\n\t\t\t\t\t<div class=\"elementor-column elementor-col-33 elementor-top-column elementor-element elementor-element-eedc23e\" data-id=\"eedc23e\" data-element_type=\"column\">\n\t\t\t<div class=\"elementor-column-wrap elementor-element-populated\">\n\t\t\t\t\t\t\t<div class=\"elementor-widget-wrap\">\n\t\t\t\t\t\t<div class=\"elementor-element elementor-element-99df3d3 dce_masking-none elementor-widget elementor-widget-image\" data-id=\"99df3d3\" data-element_type=\"widget\" data-widget_type=\"image.default\">\n\t\t\t\t<div class=\"elementor-widget-container\">\n\t\t\t\t\t\t\t\t<div class=\"elementor-image\">\n\t\t\t\t\t\t\t\t\t\t\t\t<img width=\"150\" height=\"150\" src=\"https:\/\/www.investincotedazur.com\/wp-content\/uploads\/2022\/09\/H1.-ETAPES-POUR-ENTREPRISE-ETRANGERE-474x324-1-1-150x150.jpg\" class=\"attachment-thumbnail size-thumbnail wp-image-11531\" alt=\"Etapes pour cr\u00e9er une entreprise \u00e9trang\u00e8re\" \/>\t\t\t\t\t\t\t\t\t\t\t\t\t\t<\/div>\n\t\t\t\t\t\t<\/div>\n\t\t\t\t<\/div>\n\t\t\t\t\t\t<\/div>\n\t\t\t\t\t<\/div>\n\t\t<\/div>\n\t\t\t\t<div class=\"elementor-column elementor-col-66 elementor-top-column elementor-element elementor-element-809178d\" data-id=\"809178d\" data-element_type=\"column\">\n\t\t\t<div class=\"elementor-column-wrap elementor-element-populated\">\n\t\t\t\t\t\t\t<div class=\"elementor-widget-wrap\">\n\t\t\t\t\t\t<div class=\"elementor-element elementor-element-473652a elementor-widget elementor-widget-text-editor\" data-id=\"473652a\" data-element_type=\"widget\" data-widget_type=\"text-editor.default\">\n\t\t\t\t<div class=\"elementor-widget-container\">\n\t\t\t\t\t\t\t\t<div class=\"elementor-text-editor elementor-clearfix\">\n\t\t\t\t<div style=\"hyphens: manual; margin-bottom: 30px;\"><div style=\"hyphens: manual; margin-bottom: 0px;\"><div style=\"hyphens: manual; margin-bottom: 30px;\"><div style=\"hyphens: manual; margin-bottom: 0px;\"><div style=\"color: #777d8b; font-family: 'Open Sans', Helvetica, Arial, sans-serif; font-size: 14px; hyphens: manual; margin-bottom: 40px; border: 1px solid var(--border-color-primary);\"><div style=\"hyphens: manual; margin-bottom: 0px;\"><div id=\"identifier-la-forme-legale-de-l-entreprise\" class=\"wpb_text_column wpb_content_element \" style=\"hyphens: manual; margin-bottom: 30px;\"><div class=\"wpb_wrapper\" style=\"hyphens: manual; margin-bottom: 0px;\"><h2 style=\"box-sizing: border-box; text-rendering: optimizelegibility; font-weight: 500; font-family: ITCAvantGardePro-Demi, serif; letter-spacing: 0px; margin-top: 0px; margin-bottom: 26px; text-transform: none; font-size: 20px; line-height: 1.2em; hyphens: manual; color: var(--color-primary);\">Identifying the legal form of the company<\/h2><div id=\"identifier-la-forme-legale-de-l-entreprise\" class=\"wpb_text_column wpb_content_element \" style=\"hyphens: manual; margin-bottom: 30px; color: #777d8b; font-family: 'Open Sans', Helvetica, Arial, sans-serif; font-size: 14px;\"><div class=\"wpb_wrapper\" style=\"hyphens: manual; margin-bottom: 0px;\">\u00a0<\/div><\/div><h3 style=\"text-rendering: optimizelegibility; font-family: ITCAvantGardePro-Md, serif; letter-spacing: 0px; margin: 0px 0px 16px; line-height: 1.2em; font-size: 18px; hyphens: manual; color: #0e2655;\">If the activity is run by a foreign natural person<\/h3><div class=\"wpb_text_column wpb_content_element \" style=\"hyphens: manual; margin-bottom: 30px; color: #777d8b; font-family: 'Open Sans', Helvetica, Arial, sans-serif; font-size: 14px;\"><div class=\"wpb_wrapper\" style=\"hyphens: manual; margin-bottom: 0px;\"><p style=\"hyphens: manual; color: var(--color-text); font-size: 16px; font-family: SourceSansPro, sans-serif; letter-spacing: 0px; line-height: 30px; margin-right: 0px; margin-bottom: 16px; margin-left: 0px;\">Choosing the legal form of your company is essential. This decision will define the legal frame in which your business will grow. The legal forms are diverse and varied with several specificities: self-entrepreneur, entrepreneur, individual company (EI and EIRL), company (\u201cSAS, SARL, SA, SASU, EURL\u2026). The choice of the legal form also depends on several criteria:<\/p><\/div><\/div><h4 style=\"text-rendering: optimizelegibility; font-weight: bold; font-family: SourceSansPro-Regular, serif; letter-spacing: 0px; margin-top: 0px; margin-bottom: 10px; line-height: 1.2em; font-size: 18px; hyphens: manual; color: #36353c;\">The nature of the activity<\/h4><div class=\"wpb_text_column wpb_content_element \" style=\"hyphens: manual; margin-bottom: 30px; color: #777d8b; font-family: 'Open Sans', Helvetica, Arial, sans-serif; font-size: 14px;\"><div class=\"wpb_wrapper\" style=\"hyphens: manual; margin-bottom: 0px;\"><p style=\"hyphens: manual; color: var(--color-text); font-size: 16px; font-family: SourceSansPro, sans-serif; letter-spacing: 0px; line-height: 30px; margin-right: 0px; margin-bottom: 16px; margin-left: 0px;\">Depending on the nature of the activity, certain legal forms are mandatory. As some cases are exceptional, we advise you to contact BPI France Creation for further information.<\/p><\/div><\/div><h4 style=\"text-rendering: optimizelegibility; font-weight: bold; font-family: SourceSansPro-Regular, serif; letter-spacing: 0px; margin-top: 0px; margin-bottom: 10px; line-height: 1.2em; font-size: 18px; hyphens: manual; color: #36353c;\">Partnerships or not<\/h4><div class=\"wpb_text_column wpb_content_element \" style=\"hyphens: manual; margin-bottom: 30px; color: #777d8b; font-family: 'Open Sans', Helvetica, Arial, sans-serif; font-size: 14px;\"><div class=\"wpb_wrapper\" style=\"hyphens: manual; margin-bottom: 0px;\"><p style=\"hyphens: manual; color: var(--color-text); font-size: 16px; font-family: SourceSansPro, sans-serif; letter-spacing: 0px; line-height: 30px; margin-right: 0px; margin-bottom: 16px; margin-left: 0px;\">Depending on your desire to create partnerships or remain alone and independent within your company, the legal form will be crucial. If you wish to remain alone, it is advised to choose the status \u00ab individual company \u00bb, \u00ab EURL \u00bb or \u00ab SASU \u00bb as a legal form.<\/p><\/div><\/div><h4 style=\"text-rendering: optimizelegibility; font-weight: bold; font-family: SourceSansPro-Regular, serif; letter-spacing: 0px; margin-top: 0px; margin-bottom: 10px; line-height: 1.2em; font-size: 18px; hyphens: manual; color: #36353c;\">Assets organization<\/h4><div class=\"wpb_text_column wpb_content_element \" style=\"hyphens: manual; margin-bottom: 30px; color: #777d8b; font-family: 'Open Sans', Helvetica, Arial, sans-serif; font-size: 14px;\"><div class=\"wpb_wrapper\" style=\"hyphens: manual; margin-bottom: 0px;\"><p style=\"hyphens: manual; color: var(--color-text); font-size: 16px; font-family: SourceSansPro, sans-serif; letter-spacing: 0px; line-height: 30px; margin-right: 0px; margin-bottom: 16px; margin-left: 0px;\">Depending on whether you have personal assets to protect or share, the legal form of your company will play an important part. It will be even more crucial should you have created a company with partners.<\/p><\/div><\/div><h4 style=\"text-rendering: optimizelegibility; font-weight: bold; font-family: SourceSansPro-Regular, serif; letter-spacing: 0px; margin-top: 0px; margin-bottom: 10px; line-height: 1.2em; font-size: 18px; hyphens: manual; color: #36353c;\">Financial needs<\/h4><div class=\"wpb_text_column wpb_content_element \" style=\"hyphens: manual; margin-bottom: 30px; color: #777d8b; font-family: 'Open Sans', Helvetica, Arial, sans-serif; font-size: 14px;\"><div class=\"wpb_wrapper\" style=\"hyphens: manual; margin-bottom: 0px;\"><p style=\"hyphens: manual; color: var(--color-text); font-size: 16px; font-family: SourceSansPro, sans-serif; letter-spacing: 0px; line-height: 30px; margin-right: 0px; margin-bottom: 16px; margin-left: 0px;\">Depending on the financial needs you mentioned in your forecasts, the creation of a company can be necessary should you wish to add investors in the capital.<\/p><\/div><\/div><h4 style=\"text-rendering: optimizelegibility; font-weight: bold; font-family: SourceSansPro-Regular, serif; letter-spacing: 0px; margin-top: 0px; margin-bottom: 10px; line-height: 1.2em; font-size: 18px; hyphens: manual; color: #36353c;\">Operation of the company<\/h4><div class=\"wpb_text_column wpb_content_element \" style=\"hyphens: manual; margin-bottom: 30px; color: #777d8b; font-family: 'Open Sans', Helvetica, Arial, sans-serif; font-size: 14px;\"><div class=\"wpb_wrapper\" style=\"hyphens: manual; margin-bottom: 0px;\"><p style=\"hyphens: manual; color: var(--color-text); font-size: 16px; font-family: SourceSansPro, sans-serif; letter-spacing: 0px; line-height: 30px; margin-right: 0px; margin-bottom: 16px; margin-left: 0px;\">Depending on the structure and legal form, the company\u2019s operation can be more or less simple. Creating an individual business will grant you more flexibility since you will be able to make decisions and bear responsibility in case of an issue.<\/p><\/div><\/div><h4 style=\"text-rendering: optimizelegibility; font-weight: bold; font-family: SourceSansPro-Regular, serif; letter-spacing: 0px; margin-top: 0px; margin-bottom: 10px; line-height: 1.2em; font-size: 18px; hyphens: manual; color: #36353c;\">The social and fiscal regime of the entrepreneur<\/h4><div class=\"wpb_text_column wpb_content_element \" style=\"hyphens: manual; margin-bottom: 30px; color: #777d8b; font-family: 'Open Sans', Helvetica, Arial, sans-serif; font-size: 14px;\"><div class=\"wpb_wrapper\" style=\"hyphens: manual; margin-bottom: 0px;\"><p style=\"hyphens: manual; color: var(--color-text); font-size: 16px; font-family: SourceSansPro, sans-serif; letter-spacing: 0px; line-height: 30px; margin-right: 0px; margin-bottom: 16px; margin-left: 0px;\">Depending on the legal form of your company, your benefits will be subject to income tax or corporate tax.<\/p><\/div><\/div><h4 style=\"text-rendering: optimizelegibility; font-weight: bold; font-family: SourceSansPro-Regular, serif; letter-spacing: 0px; margin-top: 0px; margin-bottom: 10px; line-height: 1.2em; font-size: 18px; hyphens: manual; color: #36353c;\">Credibility towards partners<\/h4><div class=\"wpb_text_column wpb_content_element \" style=\"hyphens: manual; margin-bottom: 30px; color: #777d8b; font-family: 'Open Sans', Helvetica, Arial, sans-serif; font-size: 14px;\"><div class=\"wpb_wrapper\" style=\"hyphens: manual; margin-bottom: 0px;\"><p style=\"hyphens: manual; color: var(--color-text); font-size: 16px; font-family: SourceSansPro, sans-serif; letter-spacing: 0px; line-height: 30px; margin-right: 0px; margin-bottom: 0px; margin-left: 0px;\">Depending on the legal form of your company, you will have more or less credibility among its partners. The creation of a company with a high capital is recommended to reach certain markets and look credible towards other stakeholders.<\/p><\/div><\/div><\/div><\/div><div class=\"wpb_text_column wpb_content_element \" style=\"hyphens: manual; margin-bottom: 30px;\"><div class=\"wpb_wrapper\" style=\"hyphens: manual; margin-bottom: 0px;\">\u00a0<\/div><\/div><\/div><\/div><\/div><\/div><\/div><\/div>\t\t\t\t\t<\/div>\n\t\t\t\t\t\t<\/div>\n\t\t\t\t<\/div>\n\t\t\t\t\t\t<\/div>\n\t\t\t\t\t<\/div>\n\t\t<\/div>\n\t\t\t\t\t\t\t\t<\/div>\n\t\t\t\t\t<\/div>\n\t\t<\/section>\n\t\t\t\t<section class=\"elementor-section elementor-top-section elementor-element elementor-element-3ac8bfa elementor-section-boxed elementor-section-height-default elementor-section-height-default\" data-id=\"3ac8bfa\" data-element_type=\"section\">\n\t\t\t\t\t\t<div class=\"elementor-container elementor-column-gap-default\">\n\t\t\t\t\t\t\t<div class=\"elementor-row\">\n\t\t\t\t\t<div class=\"elementor-column elementor-col-33 elementor-top-column elementor-element elementor-element-ff1d631\" data-id=\"ff1d631\" data-element_type=\"column\">\n\t\t\t<div class=\"elementor-column-wrap\">\n\t\t\t\t\t\t\t<div class=\"elementor-widget-wrap\">\n\t\t\t\t\t\t\t\t<\/div>\n\t\t\t\t\t<\/div>\n\t\t<\/div>\n\t\t\t\t<div class=\"elementor-column elementor-col-66 elementor-top-column elementor-element elementor-element-e9f4f3d\" data-id=\"e9f4f3d\" data-element_type=\"column\">\n\t\t\t<div class=\"elementor-column-wrap elementor-element-populated\">\n\t\t\t\t\t\t\t<div class=\"elementor-widget-wrap\">\n\t\t\t\t\t\t<div class=\"elementor-element elementor-element-8421432 elementor-widget elementor-widget-text-editor\" data-id=\"8421432\" data-element_type=\"widget\" data-widget_type=\"text-editor.default\">\n\t\t\t\t<div class=\"elementor-widget-container\">\n\t\t\t\t\t\t\t\t<div class=\"elementor-text-editor elementor-clearfix\">\n\t\t\t\t<div style=\"hyphens: manual; margin-bottom: 30px; color: #777d8b;\"><div style=\"hyphens: manual; margin-bottom: 0px;\"><div style=\"hyphens: manual; margin-bottom: 30px;\"><div style=\"hyphens: manual; margin-bottom: 0px;\"><h3 style=\"box-sizing: border-box; text-rendering: optimizelegibility; font-weight: 500; font-family: ITCAvantGardePro-Md, serif; letter-spacing: 0px; margin: 0px 0px 16px; text-transform: none; line-height: 1.2em; font-size: 18px; hyphens: manual; color: #0e2655;\">If the activity is handled by a foreign legal entity<\/h3><div class=\"wpb_text_column wpb_content_element \" style=\"hyphens: manual; margin-bottom: 30px; color: #777d8b; font-family: 'Open Sans', Helvetica, Arial, sans-serif; font-size: 14px;\"><div class=\"wpb_wrapper\" style=\"hyphens: manual; margin-bottom: 0px;\"><p style=\"hyphens: manual; color: var(--color-text); font-size: 16px; font-family: SourceSansPro, sans-serif; letter-spacing: 0px; line-height: 30px; margin-right: 0px; margin-bottom: 16px; margin-left: 0px;\">The legal person is an entity usually formed by a group of natural persons with their own legal capacity. Contrary to the natural person, the legal person has rights and duties.<\/p><p style=\"hyphens: manual; color: var(--color-text); font-size: 16px; font-family: SourceSansPro, sans-serif; letter-spacing: 0px; line-height: 30px; margin-right: 0px; margin-bottom: 16px; margin-left: 0px;\">Depending on its goal when coming to France, the foreign legal entity that wants to set up on the C\u00f4te d\u2019Azur can choose between several legal forms : a liaison office, a branch or a subsidiary.<\/p><p style=\"hyphens: manual; color: var(--color-text); font-size: 16px; font-family: SourceSansPro, sans-serif; letter-spacing: 0px; line-height: 30px; margin-right: 0px; margin-bottom: 16px; margin-left: 0px;\">When the foreign legal entity does not have a commercial activity and focuses on research or on providing technical or pricing information, they can open a liaison office.<\/p><p style=\"hyphens: manual; color: var(--color-text); font-size: 16px; font-family: SourceSansPro, sans-serif; letter-spacing: 0px; line-height: 30px; margin-right: 0px; margin-bottom: 16px; margin-left: 0px;\">Yet, when a foreign legal entity plans on developing commercial activities, there are two options:<\/p><ul style=\"margin-right: 0px; margin-bottom: 20px; margin-left: 0px; hyphens: manual; padding-left: 20px;\"><li style=\"hyphens: manual; color: var(--color-text); font-size: 16px; line-height: 30px;\"><span style=\"font-weight: bold; hyphens: manual; margin-bottom: 0px;\">The subsidiary:<\/span>\u00a0Company under the French Law with its own legal capacity. More than half of its capital must be held by the parent company. Its legal form is subject to the French Law.<\/li><li style=\"hyphens: manual; color: var(--color-text); font-size: 16px; line-height: 30px;\"><span style=\"font-weight: bold; hyphens: manual; margin-bottom: 0px;\">The branch:<\/span>\u00a0An establishment without legal capacity. Branches are business assets separate from the main company with a certain degree of management and management autonomy but not at the level of its assets.<\/li><\/ul><\/div><\/div><h4 style=\"text-rendering: optimizelegibility; font-weight: bold; font-family: SourceSansPro-Regular, serif; letter-spacing: 0px; margin-top: 0px; margin-bottom: 0px; line-height: 1.2em; font-size: 17px; hyphens: manual; color: #36353c; background: #e2edf2; border-bottom: 1px solid var(--border-color-primary); padding: 19px 27px;\">Useful links<\/h4><div class=\"wpb_text_column wpb_content_element  useful-links\" style=\"hyphens: manual; margin-bottom: 40px; border: 1px solid var(--border-color-primary); color: #777d8b; font-family: 'Open Sans', Helvetica, Arial, sans-serif; font-size: 14px;\"><div class=\"wpb_wrapper\" style=\"hyphens: manual; margin-bottom: 0px;\"><ul style=\"margin-right: 0px; margin-left: 0px; hyphens: manual; list-style: none; padding: 20px 27px;\"><li style=\"hyphens: manual; color: var(--color-primary); font-size: 16px; line-height: 30px; margin-bottom: 36px; font-family: ITCAvantGardePro-demi, serif;\">Liaison offices<a style=\"background-image: initial; background-position: initial; background-size: initial; background-repeat: initial; background-attachment: initial; background-origin: initial; background-clip: initial; hyphens: manual; cursor: pointer; color: var(--color-theme-5); -webkit-tap-highlight-color: rgba(0, 0, 0, 0.3); margin-bottom: 0px; display: block; word-break: break-all; outline: none !important;\" href=\"https:\/\/entreprises.maregionsud.fr\/fr\/developpement\/se-developper-a-letranger\/bureau-de-liaison\/\" target=\"_blank\" rel=\"noopener noreferrer\">https:\/\/entreprises.maregionsud.fr\/fr\/developpement\/se-developper-a-letranger\/bureau-de-liaison\/<\/a><\/li><li style=\"hyphens: manual; color: var(--color-primary); font-size: 16px; line-height: 30px; margin-bottom: 36px; font-family: ITCAvantGardePro-demi, serif;\">Branches<a style=\"background-image: initial; background-position: initial; background-size: initial; background-repeat: initial; background-attachment: initial; background-origin: initial; background-clip: initial; hyphens: manual; cursor: pointer; color: var(--color-theme-5); -webkit-tap-highlight-color: rgba(0, 0, 0, 0.3); margin-bottom: 0px; display: block; word-break: break-all; outline: none !important;\" href=\"https:\/\/entreprises.maregionsud.fr\/fr\/developpement\/se-developper-a-letranger\/succursale\/\" target=\"_blank\" rel=\"noopener noreferrer\">https:\/\/entreprises.maregionsud.fr\/fr\/developpement\/se-developper-a-letranger\/succursale\/<\/a><\/li><li style=\"hyphens: manual; color: var(--color-primary); font-size: 16px; line-height: 30px; font-family: ITCAvantGardePro-demi, serif;\">Subsidiaries<a style=\"background-image: initial; background-position: initial; background-size: initial; background-repeat: initial; background-attachment: initial; background-origin: initial; background-clip: initial; hyphens: manual; cursor: pointer; color: var(--color-theme-5); -webkit-tap-highlight-color: rgba(0, 0, 0, 0.3); margin-bottom: 0px; display: block; word-break: break-all; outline: none !important;\" href=\"https:\/\/entreprises.maregionsud.fr\/fr\/developpement\/se-developper-a-letranger\/filiale\/\" target=\"_blank\" rel=\"noopener noreferrer\">https:\/\/entreprises.maregionsud.fr\/fr\/developpement\/se-developper-a-letranger\/filiale\/<\/a><\/li><\/ul><\/div><\/div><div style=\"hyphens: manual; margin-bottom: 40px; border: 1px solid var(--border-color-primary); color: #777d8b; font-family: 'Open Sans', Helvetica, Arial, sans-serif; font-size: 14px;\"><div style=\"hyphens: manual; margin-bottom: 0px;\">\u00a0<\/div><\/div><\/div><\/div><\/div><\/div>\t\t\t\t\t<\/div>\n\t\t\t\t\t\t<\/div>\n\t\t\t\t<\/div>\n\t\t\t\t<div class=\"elementor-element elementor-element-ce0d08e elementor-widget elementor-widget-text-editor\" data-id=\"ce0d08e\" data-element_type=\"widget\" data-widget_type=\"text-editor.default\">\n\t\t\t\t<div class=\"elementor-widget-container\">\n\t\t\t\t\t\t\t\t<div class=\"elementor-text-editor elementor-clearfix\">\n\t\t\t\t<div style=\"hyphens: manual; margin-bottom: 30px; color: #777d8b;\"><div style=\"hyphens: manual; margin-bottom: 0px;\"><div style=\"hyphens: manual; margin-bottom: 30px;\"><div style=\"hyphens: manual; margin-bottom: 0px;\"><h2 style=\"box-sizing: border-box; text-rendering: optimizelegibility; font-weight: 500; font-family: ITCAvantGardePro-Demi, serif; letter-spacing: 0px; margin-top: 0px; margin-bottom: 26px; text-transform: none; font-size: 20px; line-height: 1.2em; hyphens: manual; color: var(--color-primary);\">Registering a foreign invested company<\/h2><div style=\"hyphens: manual; margin-bottom: 30px; font-family: 'Open Sans', Helvetica, Arial, sans-serif; font-size: 14px;\"><div style=\"hyphens: manual; margin-bottom: 0px;\">\u00a0<\/div><\/div><h3 style=\"text-rendering: optimizelegibility; font-family: ITCAvantGardePro-Md, serif; letter-spacing: 0px; margin: 0px 0px 16px; line-height: 1.2em; font-size: 18px; hyphens: manual; color: #0e2655;\">Formalities to set up a stable company (or branch)<\/h3><div style=\"hyphens: manual; margin-bottom: 30px; color: #777d8b; font-family: 'Open Sans', Helvetica, Arial, sans-serif; font-size: 14px;\"><div style=\"hyphens: manual; margin-bottom: 0px;\"><p style=\"hyphens: manual; color: var(--color-text); font-size: 16px; font-family: SourceSansPro, sans-serif; letter-spacing: 0px; line-height: 30px; margin-right: 0px; margin-bottom: 16px; margin-left: 0px;\">Do you wish to register the company on the C\u00f4te d\u2019Azur which has its headquarters abroad? If so, you will need to fulfill several formalities with the \u201cCFE \u2013 Centre des Formalit\u00e9s des Entreprises\u201d. Those procedures can vary depending on the legal form of your business, the number of hired employees and the type of activities operated.<\/p><p style=\"hyphens: manual; color: var(--color-text); font-size: 16px; font-family: SourceSansPro, sans-serif; letter-spacing: 0px; line-height: 30px; margin-right: 0px; margin-bottom: 0px; margin-left: 0px;\">If you are a shopkeeper or wish to create a trading company (SARL, SA, SAS, EURL, SNC, etc.), not engaged in craft business, unless it employs more than 10 employees, you will have to go through the services of the Chamber of Commerce and Industry for your registration.<\/p><\/div><\/div><h4 style=\"text-rendering: optimizelegibility; font-weight: bold; font-family: SourceSansPro-Regular, serif; letter-spacing: 0px; margin-top: 0px; margin-bottom: 0px; line-height: 1.2em; font-size: 17px; hyphens: manual; color: #36353c; background: #e2edf2; border-bottom: 1px solid var(--border-color-primary); padding: 19px 27px;\">Useful links<\/h4><div style=\"hyphens: manual; margin-bottom: 40px; border: 1px solid var(--border-color-primary); color: #777d8b; font-family: 'Open Sans', Helvetica, Arial, sans-serif; font-size: 14px;\"><div style=\"hyphens: manual; margin-bottom: 0px;\"><ul style=\"margin-right: 0px; margin-left: 0px; hyphens: manual; list-style: none; padding: 20px 27px;\"><li style=\"hyphens: manual; color: var(--color-primary); font-size: 16px; line-height: 30px; margin-bottom: 36px; font-family: ITCAvantGardePro-demi, serif;\"><span style=\"background-color: transparent; color: var(--color-primary); letter-spacing: 0px;\">To find out which CFE (Company formalities center) to contact:\u00a0<\/span><a style=\"background-image: initial; background-position: initial; background-size: initial; background-repeat: initial; background-attachment: initial; background-origin: initial; background-clip: initial; letter-spacing: 0px; hyphens: manual; cursor: pointer; color: var(--color-theme-5); -webkit-tap-highlight-color: rgba(0, 0, 0, 0.3); margin-bottom: 0px; word-break: break-all; display: inline !important; outline: none !important;\" href=\"https:\/\/www.economie.gouv.fr\/entreprises\/cfe-centre-formalites-entreprises\" target=\"_blank\" rel=\"noopener noreferrer\">https:\/\/www.economie.gouv.fr\/entreprises\/cfe-centre-formalites-entreprises<\/a><\/li><\/ul><\/div><\/div><div style=\"hyphens: manual; margin-bottom: 40px; border: 1px solid var(--border-color-primary); color: #777d8b; font-family: 'Open Sans', Helvetica, Arial, sans-serif; font-size: 14px;\"><div style=\"hyphens: manual; margin-bottom: 0px;\">\u00a0<\/div><\/div><\/div><\/div><\/div><\/div>\t\t\t\t\t<\/div>\n\t\t\t\t\t\t<\/div>\n\t\t\t\t<\/div>\n\t\t\t\t\t\t<\/div>\n\t\t\t\t\t<\/div>\n\t\t<\/div>\n\t\t\t\t\t\t\t\t<\/div>\n\t\t\t\t\t<\/div>\n\t\t<\/section>\n\t\t\t\t<section class=\"elementor-section elementor-top-section elementor-element elementor-element-526ba6b elementor-section-boxed elementor-section-height-default elementor-section-height-default\" data-id=\"526ba6b\" data-element_type=\"section\">\n\t\t\t\t\t\t<div class=\"elementor-container elementor-column-gap-default\">\n\t\t\t\t\t\t\t<div class=\"elementor-row\">\n\t\t\t\t\t<div class=\"elementor-column elementor-col-33 elementor-top-column elementor-element elementor-element-6f30e07\" data-id=\"6f30e07\" data-element_type=\"column\">\n\t\t\t<div class=\"elementor-column-wrap\">\n\t\t\t\t\t\t\t<div class=\"elementor-widget-wrap\">\n\t\t\t\t\t\t\t\t<\/div>\n\t\t\t\t\t<\/div>\n\t\t<\/div>\n\t\t\t\t<div class=\"elementor-column elementor-col-66 elementor-top-column elementor-element elementor-element-7e30188\" data-id=\"7e30188\" data-element_type=\"column\">\n\t\t\t<div class=\"elementor-column-wrap elementor-element-populated\">\n\t\t\t\t\t\t\t<div class=\"elementor-widget-wrap\">\n\t\t\t\t\t\t<div class=\"elementor-element elementor-element-0815063 elementor-widget elementor-widget-text-editor\" data-id=\"0815063\" data-element_type=\"widget\" data-widget_type=\"text-editor.default\">\n\t\t\t\t<div class=\"elementor-widget-container\">\n\t\t\t\t\t\t\t\t<div class=\"elementor-text-editor elementor-clearfix\">\n\t\t\t\t<div style=\"hyphens: manual; margin-bottom: 30px;\"><div style=\"hyphens: manual; margin-bottom: 0px;\"><div style=\"hyphens: manual; margin-bottom: 30px;\"><div style=\"hyphens: manual; margin-bottom: 0px;\"><div style=\"hyphens: manual; margin-bottom: 40px; border: 1px solid var(--border-color-primary);\"><div style=\"hyphens: manual; margin-bottom: 0px;\"><div style=\"hyphens: manual; margin-bottom: 30px; color: #777d8b; font-family: 'Open Sans', Helvetica, Arial, sans-serif; font-size: 14px;\"><div style=\"hyphens: manual; margin-bottom: 0px;\"><p style=\"hyphens: manual; color: var(--color-text); font-size: 16px; font-family: SourceSansPro, sans-serif; letter-spacing: 0px; line-height: 30px; margin-right: 0px; margin-bottom: 0px; margin-left: 0px;\">If you are a natural person or if your future company will hire less than 11 employees and is registering with the \u201cR\u00e9pertoire des m\u00e9tiers\u201d (companies specializing in handcraft), you will need to register with the Chambers of Trade and Crafts (\u201cChambre des M\u00e9tiers et de l\u2019Artisanat\u201d)<\/p><\/div><\/div><div style=\"hyphens: manual; margin-bottom: 30px; color: #777d8b; font-family: 'Open Sans', Helvetica, Arial, sans-serif; font-size: 14px;\"><div style=\"hyphens: manual; margin-bottom: 0px;\"><p style=\"hyphens: manual; color: var(--color-text); font-size: 16px; font-family: SourceSansPro, sans-serif; letter-spacing: 0px; line-height: 30px; margin-right: 0px; margin-bottom: 0px; margin-left: 0px;\">If you are a natural person or if you wish to create your company registering with the \u201cRegistre des entreprises de la batellerie artisanale\u201d (handcraft companies specializing in waterway transport), you will need to register your company with the National Chamber of Waterway Transport (\u201cChambre nationale de la batellerie artisanale\u201d).<\/p><\/div><\/div><div style=\"hyphens: manual; margin-bottom: 40px; border: 1px solid var(--border-color-primary); color: #777d8b; font-family: 'Open Sans', Helvetica, Arial, sans-serif; font-size: 14px;\"><div style=\"hyphens: manual; margin-bottom: 0px;\"><h4 style=\"text-rendering: optimizelegibility; font-weight: bold; font-family: SourceSansPro-Regular, serif; letter-spacing: 0px; margin-top: 0px; margin-bottom: 0px; line-height: 1.2em; font-size: 17px; hyphens: manual; color: #36353c; background: #e2edf2; border-bottom: 1px solid var(--border-color-primary); padding: 19px 27px;\">Useful contacts<\/h4><ul style=\"margin-right: 0px; margin-left: 0px; hyphens: manual; list-style: none; padding: 20px 27px;\"><li style=\"hyphens: manual; color: var(--color-primary); font-size: 16px; line-height: 30px; font-family: ITCAvantGardePro-demi, serif;\">National Chamber of Waterway Transport \u2013 Contact to complete formalities<a style=\"background-image: initial; background-position: initial; background-size: initial; background-repeat: initial; background-attachment: initial; background-origin: initial; background-clip: initial; hyphens: manual; cursor: pointer; color: var(--color-theme-5); -webkit-tap-highlight-color: rgba(0, 0, 0, 0.3); margin-bottom: 0px; display: block; word-break: break-all; outline: none !important;\" href=\"http:\/\/www.cnba-transportfluvial.fr\/centre-for-business-formalities\" target=\"_blank\" rel=\"noopener noreferrer\">http:\/\/www.cnba-transportfluvial.fr\/centre-for-business-formalities<\/a><\/li><\/ul><\/div><\/div><div style=\"hyphens: manual; margin-bottom: 30px; color: #777d8b; font-family: 'Open Sans', Helvetica, Arial, sans-serif; font-size: 14px;\"><div style=\"hyphens: manual; margin-bottom: 0px;\"><p style=\"hyphens: manual; color: var(--color-text); font-size: 16px; font-family: SourceSansPro, sans-serif; letter-spacing: 0px; line-height: 30px; margin-right: 0px; margin-bottom: 0px; margin-left: 0px;\">If you wish to create a civil company (SCI, SCP, SCP, etc.), an independent professional company, (SERLARL, SELAFA, SELCA), a public industrial and commercial entity (EPIC), an economic interest group (GIE), a European economic interest group (GEIE), a joint venture, an association subject to business taxes, to become a sales agent or to rent a furnished accommodation, you will need to register with the services of the Commercial Court (\u201cGreffe du tribunal de commerce\u201d).<\/p><\/div><\/div><div style=\"hyphens: manual; margin-bottom: 40px; border: 1px solid var(--border-color-primary); color: #777d8b; font-family: 'Open Sans', Helvetica, Arial, sans-serif; font-size: 14px;\"><div style=\"hyphens: manual; margin-bottom: 0px;\"><h4 style=\"text-rendering: optimizelegibility; font-weight: bold; font-family: SourceSansPro-Regular, serif; letter-spacing: 0px; margin-top: 0px; margin-bottom: 0px; line-height: 1.2em; font-size: 17px; hyphens: manual; color: #36353c; background: #e2edf2; border-bottom: 1px solid var(--border-color-primary); padding: 19px 27px;\">Useful links<\/h4><ul style=\"margin-right: 0px; margin-left: 0px; hyphens: manual; list-style: none; padding: 20px 27px;\"><li style=\"hyphens: manual; color: var(--color-primary); font-size: 16px; line-height: 30px; font-family: ITCAvantGardePro-demi, serif;\">Register online your company on the InfoGreffe website<a style=\"background-image: initial; background-position: initial; background-size: initial; background-repeat: initial; background-attachment: initial; background-origin: initial; background-clip: initial; hyphens: manual; cursor: pointer; color: var(--color-theme-5); -webkit-tap-highlight-color: rgba(0, 0, 0, 0.3); margin-bottom: 0px; display: block; word-break: break-all; outline: none !important;\" href=\"https:\/\/www.infogreffe.com\/formalites-entreprise\/immatriculation-entreprise.html\" target=\"_blank\" rel=\"noopener noreferrer\">https:\/\/www.infogreffe.com\/formalites-entreprise\/immatriculation-entreprise.html<\/a><\/li><\/ul><\/div><\/div><div style=\"hyphens: manual; margin-bottom: 30px; color: #777d8b; font-family: 'Open Sans', Helvetica, Arial, sans-serif; font-size: 14px;\"><div style=\"hyphens: manual; margin-bottom: 0px;\"><p style=\"hyphens: manual; color: var(--color-text); font-size: 16px; font-family: SourceSansPro, sans-serif; letter-spacing: 0px; line-height: 30px; margin-right: 0px; margin-bottom: 0px; margin-left: 0px;\">If you wish to practice a liberal profession (regulated or not) for an independent company, to become an artist-author, or to be an employer whose company will either not be registered with the \u201cRegistre du commerce et des soci\u00e9t\u00e9s\u201d, be registered with the \u201cR\u00e9pertoire des m\u00e9tiers\u201d or with the \u201cRegistre de la Batellerie Artisanal\u201d (e.g professional unions), you will need to register with the URSAFF.<\/p><\/div><\/div><div style=\"hyphens: manual; margin-bottom: 40px; border: 1px solid var(--border-color-primary); color: #777d8b; font-family: 'Open Sans', Helvetica, Arial, sans-serif; font-size: 14px;\"><div style=\"hyphens: manual; margin-bottom: 0px;\"><h4 style=\"text-rendering: optimizelegibility; font-weight: bold; font-family: SourceSansPro-Regular, serif; letter-spacing: 0px; margin-top: 0px; margin-bottom: 0px; line-height: 1.2em; font-size: 17px; hyphens: manual; color: #36353c; background: #e2edf2; border-bottom: 1px solid var(--border-color-primary); padding: 19px 27px;\">Useful links<\/h4><ul style=\"margin-right: 0px; margin-left: 0px; hyphens: manual; list-style: none; padding: 20px 27px;\"><li style=\"hyphens: manual; color: var(--color-primary); font-size: 16px; line-height: 30px; font-family: ITCAvantGardePro-demi, serif;\">More information on the URSSAF Provence Alpes C\u00f4te d\u2019Azur website\u00a0<a style=\"background-image: initial; background-position: initial; background-size: initial; background-repeat: initial; background-attachment: initial; background-origin: initial; background-clip: initial; hyphens: manual; cursor: pointer; color: var(--color-theme-5); -webkit-tap-highlight-color: rgba(0, 0, 0, 0.3); margin-bottom: 0px; display: block; word-break: break-all; outline: none !important;\" href=\"https:\/\/www.urssaf.fr\/portail\/home\/votre-urssaf\/urssaf-provence-alpes-cote-dazur.html\" target=\"_blank\" rel=\"noopener noreferrer\">https:\/\/www.urssaf.fr\/portail\/home\/votre-urssaf\/urssaf-provence-alpes-cote-dazur.html<\/a><\/li><\/ul><\/div><\/div><div style=\"hyphens: manual; margin-bottom: 30px; color: #777d8b; font-family: 'Open Sans', Helvetica, Arial, sans-serif; font-size: 14px;\"><div style=\"hyphens: manual; margin-bottom: 0px;\"><p style=\"hyphens: manual; color: var(--color-text); font-size: 16px; font-family: SourceSansPro, sans-serif; letter-spacing: 0px; line-height: 30px; margin-right: 0px; margin-bottom: 0px; margin-left: 0px;\">If you are a natural and legal person wishing to run agricultural activities primarily, you will need to register with the services of the local Agricultural Chamber.<\/p><\/div><\/div><div style=\"hyphens: manual; margin-bottom: 40px; border: 1px solid var(--border-color-primary); color: #777d8b; font-family: 'Open Sans', Helvetica, Arial, sans-serif; font-size: 14px;\"><div style=\"hyphens: manual; margin-bottom: 0px;\"><h4 style=\"text-rendering: optimizelegibility; font-weight: bold; font-family: SourceSansPro-Regular, serif; letter-spacing: 0px; margin-top: 0px; margin-bottom: 0px; line-height: 1.2em; font-size: 17px; hyphens: manual; color: #36353c; background: #e2edf2; border-bottom: 1px solid var(--border-color-primary); padding: 19px 27px;\">Useful links<\/h4><ul style=\"margin-right: 0px; margin-left: 0px; hyphens: manual; list-style: none; padding: 20px 27px;\"><li style=\"hyphens: manual; color: var(--color-primary); font-size: 16px; line-height: 30px; font-family: ITCAvantGardePro-demi, serif;\">Register online your company on the Agricultural Chamber of South Region website\u00a0<a style=\"background-image: initial; background-position: initial; background-size: initial; background-repeat: initial; background-attachment: initial; background-origin: initial; background-clip: initial; hyphens: manual; cursor: pointer; color: var(--color-theme-5); -webkit-tap-highlight-color: rgba(0, 0, 0, 0.3); margin-bottom: 0px; display: block; word-break: break-all; outline: none !important;\" href=\"https:\/\/paca.chambres-agriculture.fr\/nos-services\/reglementaire\/centre-de-formalites-des-entreprises\/\" target=\"_blank\" rel=\"noopener noreferrer\">https:\/\/paca.chambres-agriculture.fr\/nos-services\/reglementaire\/centre-de-formalites-des-entreprises\/<\/a><\/li><\/ul><\/div><\/div><div style=\"hyphens: manual; margin-bottom: 30px; color: #777d8b; font-family: 'Open Sans', Helvetica, Arial, sans-serif; font-size: 14px;\"><div style=\"hyphens: manual; margin-bottom: 0px;\"><p style=\"hyphens: manual; color: var(--color-text); font-size: 16px; font-family: SourceSansPro, sans-serif; letter-spacing: 0px; line-height: 30px; margin-right: 0px; margin-bottom: 0px; margin-left: 0px;\">If the previous CFEs do not apply to your situation, we invite you to visit the website of the South Region.<\/p><\/div><\/div><div style=\"hyphens: manual; margin-bottom: 40px; border: 1px solid var(--border-color-primary);\"><div style=\"hyphens: manual; margin-bottom: 0px;\"><h4 style=\"color: #36353c; font-family: SourceSansPro-Regular, serif; font-size: 17px; text-rendering: optimizelegibility; font-weight: bold; letter-spacing: 0px; margin-top: 0px; margin-bottom: 0px; line-height: 1.2em; hyphens: manual; background: #e2edf2; border-bottom: 1px solid var(--border-color-primary); padding: 19px 27px;\">Useful links<\/h4><ul style=\"margin-right: 0px; margin-left: 0px; hyphens: manual; list-style: none; padding: 20px 27px;\"><li style=\"color: var(--color-primary); font-family: ITCAvantGardePro-demi, serif; font-size: 16px; hyphens: manual; line-height: 30px;\">Which CFE to contact?<\/li><li style=\"hyphens: manual; line-height: 30px;\"><span style=\"color: #777d8b; font-family: ITCAvantGardePro-demi, serif;\">https:\/\/entreprises.maregionsud.fr\/creation-reprise-1\/creer-mon-entreprise-1-1<\/span><\/li><\/ul><\/div><\/div><\/div><\/div><div style=\"hyphens: manual; margin-bottom: 40px; border: 1px solid var(--border-color-primary);\"><div style=\"hyphens: manual; margin-bottom: 0px;\">\u00a0<\/div><\/div><\/div><\/div><\/div><\/div>\t\t\t\t\t<\/div>\n\t\t\t\t\t\t<\/div>\n\t\t\t\t<\/div>\n\t\t\t\t\t\t<\/div>\n\t\t\t\t\t<\/div>\n\t\t<\/div>\n\t\t\t\t\t\t\t\t<\/div>\n\t\t\t\t\t<\/div>\n\t\t<\/section>\n\t\t\t\t<section class=\"elementor-section elementor-top-section elementor-element elementor-element-dbb24af elementor-section-boxed elementor-section-height-default elementor-section-height-default\" data-id=\"dbb24af\" data-element_type=\"section\">\n\t\t\t\t\t\t<div class=\"elementor-container elementor-column-gap-default\">\n\t\t\t\t\t\t\t<div class=\"elementor-row\">\n\t\t\t\t\t<div class=\"elementor-column elementor-col-33 elementor-top-column elementor-element elementor-element-acc5783\" data-id=\"acc5783\" data-element_type=\"column\">\n\t\t\t<div class=\"elementor-column-wrap\">\n\t\t\t\t\t\t\t<div class=\"elementor-widget-wrap\">\n\t\t\t\t\t\t\t\t<\/div>\n\t\t\t\t\t<\/div>\n\t\t<\/div>\n\t\t\t\t<div class=\"elementor-column elementor-col-66 elementor-top-column elementor-element elementor-element-08ce4ef\" data-id=\"08ce4ef\" data-element_type=\"column\">\n\t\t\t<div class=\"elementor-column-wrap elementor-element-populated\">\n\t\t\t\t\t\t\t<div class=\"elementor-widget-wrap\">\n\t\t\t\t\t\t<div class=\"elementor-element elementor-element-2772890 elementor-widget elementor-widget-text-editor\" data-id=\"2772890\" data-element_type=\"widget\" data-widget_type=\"text-editor.default\">\n\t\t\t\t<div class=\"elementor-widget-container\">\n\t\t\t\t\t\t\t\t<div class=\"elementor-text-editor elementor-clearfix\">\n\t\t\t\t<div style=\"hyphens: manual; margin-bottom: 30px;\"><div style=\"hyphens: manual; margin-bottom: 0px;\"><div style=\"hyphens: manual; margin-bottom: 30px;\"><div style=\"hyphens: manual; margin-bottom: 0px;\"><div style=\"hyphens: manual; margin-bottom: 30px; font-family: 'Open Sans', Helvetica, Arial, sans-serif; font-size: 14px;\"><div style=\"hyphens: manual; margin-bottom: 0px;\"><div style=\"hyphens: manual; margin-bottom: 30px; color: #777d8b;\"><div style=\"hyphens: manual; margin-bottom: 0px;\"><h3 style=\"box-sizing: border-box; text-rendering: optimizelegibility; font-weight: 500; font-family: ITCAvantGardePro-Md, serif; letter-spacing: 0px; margin: 0px 0px 16px; text-transform: none; line-height: 1.2em; font-size: 18px; hyphens: manual; color: #0e2655;\">Social declarations<\/h3><div class=\"wpb_text_column wpb_content_element \" style=\"hyphens: manual; margin-bottom: 30px; color: #777d8b; font-family: 'Open Sans', Helvetica, Arial, sans-serif; font-size: 14px;\"><div class=\"wpb_wrapper\" style=\"hyphens: manual; margin-bottom: 0px;\"><p style=\"hyphens: manual; color: var(--color-text); font-size: 16px; font-family: SourceSansPro, sans-serif; letter-spacing: 0px; line-height: 30px; margin-right: 0px; margin-bottom: 16px; margin-left: 0px;\">If you are an employer, you will need to make a certain number of declarations to the relevant fiscal and social organisms regarding your employees. Those declarations are important and will help the appropriate organisms to determine the rights of your employees as well as the contribution rates of the company.<\/p><p style=\"hyphens: manual; color: var(--color-text); font-size: 16px; font-family: SourceSansPro, sans-serif; letter-spacing: 0px; line-height: 30px; margin-right: 0px; margin-bottom: 0px; margin-left: 0px;\">To know more about the different social declarations:<\/p><\/div><\/div><h4 style=\"text-rendering: optimizelegibility; font-weight: bold; font-family: SourceSansPro-Regular, serif; letter-spacing: 0px; margin-top: 0px; margin-bottom: 0px; line-height: 1.2em; font-size: 17px; hyphens: manual; color: #36353c; background: #e2edf2; border-bottom: 1px solid var(--border-color-primary); padding: 19px 27px;\">Useful links<\/h4><div class=\"wpb_text_column wpb_content_element useful-links\" style=\"hyphens: manual; margin-bottom: 40px; border: 1px solid var(--border-color-primary); color: #777d8b; font-family: 'Open Sans', Helvetica, Arial, sans-serif; font-size: 14px;\"><div class=\"wpb_wrapper\" style=\"hyphens: manual; margin-bottom: 0px;\"><ul style=\"margin-right: 0px; margin-left: 0px; hyphens: manual; list-style: none; padding: 20px 27px;\"><li style=\"hyphens: manual; color: var(--color-primary); font-size: 16px; line-height: 30px; margin-bottom: 36px; font-family: ITCAvantGardePro-demi, serif;\">Making your social declarations<a style=\"background-image: initial; background-position: initial; background-size: initial; background-repeat: initial; background-attachment: initial; background-origin: initial; background-clip: initial; hyphens: manual; cursor: pointer; color: var(--color-theme-5); -webkit-tap-highlight-color: rgba(0, 0, 0, 0.3); margin-bottom: 0px; display: block; word-break: break-all; outline: none !important;\" href=\"https:\/\/www.service-public.fr\/professionnels-entreprises\/vosdroits\/F23697\" target=\"_blank\" rel=\"noopener noreferrer\">https:\/\/www.service-public.fr\/professionnels-entreprises\/vosdroits\/F23697<\/a><\/li><li style=\"hyphens: manual; color: var(--color-primary); font-size: 16px; line-height: 30px; font-family: ITCAvantGardePro-demi, serif;\">Social declarations online form<a style=\"background-image: initial; background-position: initial; background-size: initial; background-repeat: initial; background-attachment: initial; background-origin: initial; background-clip: initial; hyphens: manual; cursor: pointer; color: var(--color-theme-5); -webkit-tap-highlight-color: rgba(0, 0, 0, 0.3); margin-bottom: 0px; display: block; word-break: break-all; outline: none !important;\" href=\"http:\/\/www.net-entreprises.fr\/vos-declarations-en-ligne\/entreprises-etrangeres\/#formulaire-e0\" target=\"_blank\" rel=\"noopener noreferrer\">http:\/\/www.net-entreprises.fr\/vos-declarations-en-ligne\/entreprises-etrangeres\/#formulaire-e0<\/a><\/li><\/ul><\/div><\/div><h3 style=\"text-rendering: optimizelegibility; font-family: ITCAvantGardePro-Md, serif; letter-spacing: 0px; margin: 0px 0px 16px; line-height: 1.2em; font-size: 18px; hyphens: manual; color: #0e2655;\">Fiscal declarations<\/h3><div class=\"wpb_text_column wpb_content_element \" style=\"hyphens: manual; margin-bottom: 30px; color: #777d8b; font-family: 'Open Sans', Helvetica, Arial, sans-serif; font-size: 14px;\"><div class=\"wpb_wrapper\" style=\"hyphens: manual; margin-bottom: 0px;\"><p style=\"hyphens: manual; color: var(--color-text); font-size: 16px; font-family: SourceSansPro, sans-serif; letter-spacing: 0px; line-height: 30px; margin-right: 0px; margin-bottom: 16px; margin-left: 0px;\">In connection with the activity of your company and the profits generated, you will have to take a number of tax declarations with the French tax and social organizations.<\/p><p style=\"hyphens: manual; color: var(--color-text); font-size: 16px; font-family: SourceSansPro, sans-serif; letter-spacing: 0px; line-height: 30px; margin-right: 0px; margin-bottom: 0px; margin-left: 0px;\">To know more about the different fiscal declarations:<\/p><\/div><\/div><h4 style=\"text-rendering: optimizelegibility; font-weight: bold; font-family: SourceSansPro-Regular, serif; letter-spacing: 0px; margin-top: 0px; margin-bottom: 0px; line-height: 1.2em; font-size: 17px; hyphens: manual; color: #36353c; background: #e2edf2; border-bottom: 1px solid var(--border-color-primary); padding: 19px 27px;\">Useful links<\/h4><div class=\"wpb_text_column wpb_content_element useful-links\" style=\"hyphens: manual; margin-bottom: 40px; border: 1px solid var(--border-color-primary); color: #777d8b; font-family: 'Open Sans', Helvetica, Arial, sans-serif; font-size: 14px;\"><div class=\"wpb_wrapper\" style=\"hyphens: manual; margin-bottom: 0px;\"><ul style=\"margin-right: 0px; margin-left: 0px; hyphens: manual; list-style: none; padding: 20px 27px;\"><li style=\"hyphens: manual; color: var(--color-primary); font-size: 16px; line-height: 30px; margin-bottom: 36px; font-family: ITCAvantGardePro-demi, serif;\">Taxation in France<a style=\"background-image: initial; background-position: initial; background-size: initial; background-repeat: initial; background-attachment: initial; background-origin: initial; background-clip: initial; hyphens: manual; cursor: pointer; color: var(--color-theme-5); -webkit-tap-highlight-color: rgba(0, 0, 0, 0.3); margin-bottom: 0px; display: block; word-break: break-all; outline: none !important;\" href=\"https:\/\/www.service-public.fr\/professionnels-entreprises\/vosdroits\/N24265\" target=\"_blank\" rel=\"noopener noreferrer\">https:\/\/www.service-public.fr\/professionnels-entreprises\/vosdroits\/N24265<\/a><\/li><\/ul><\/div><\/div><\/div><\/div><div style=\"hyphens: manual; margin-bottom: 40px; border: 1px solid var(--border-color-primary); color: #777d8b;\"><div style=\"hyphens: manual; margin-bottom: 0px;\"><span style=\"color: #0e2655; font-family: ITCAvantGardePro-Md, serif; font-size: 18px; letter-spacing: 0px;\">Formalities without the set-up of a stable company<\/span><\/div><div class=\"wpb_text_column wpb_content_element \" style=\"hyphens: manual; margin-bottom: 30px;\"><div class=\"wpb_wrapper\" style=\"hyphens: manual; margin-bottom: 0px;\"><p style=\"hyphens: manual; color: var(--color-text); font-size: 16px; font-family: SourceSansPro, sans-serif; letter-spacing: 0px; line-height: 30px; margin-right: 0px; margin-bottom: 16px; margin-left: 0px;\">What are the steps to register a foreign invested business in France without the set-up of a stable company?<\/p><p style=\"hyphens: manual; color: var(--color-text); font-size: 16px; font-family: SourceSansPro, sans-serif; letter-spacing: 0px; line-height: 30px; margin-right: 0px; margin-bottom: 16px; margin-left: 0px;\">If your company does not have any establishments nor employees in France but runs taxable operations, you will need to refer to the foreign invested business tax service (\u201cservice des imp\u00f4ts des entreprises \u00e9trang\u00e8res \u2013 SIEE\u201d). You will need to fill a form and forward several documents.<\/p><p style=\"hyphens: manual; color: var(--color-text); font-size: 16px; font-family: SourceSansPro, sans-serif; letter-spacing: 0px; line-height: 30px; margin-right: 0px; margin-bottom: 0px; margin-left: 0px;\">To know more about the registration procedures with the SIEE:<\/p><\/div><\/div><div class=\"wpb_text_column wpb_content_element useful-links\" style=\"hyphens: manual; margin-bottom: 40px; border: 1px solid var(--border-color-primary);\"><div class=\"wpb_wrapper\" style=\"hyphens: manual; margin-bottom: 0px;\"><h4 style=\"text-rendering: optimizelegibility; font-weight: bold; font-family: SourceSansPro-Regular, serif; letter-spacing: 0px; margin-top: 0px; margin-bottom: 0px; line-height: 1.2em; font-size: 17px; hyphens: manual; color: #36353c; background: #e2edf2; border-bottom: 1px solid var(--border-color-primary); padding: 19px 27px;\">Useful links<\/h4><ul style=\"margin-right: 0px; margin-left: 0px; hyphens: manual; list-style: none; padding: 20px 27px;\"><li style=\"hyphens: manual; color: var(--color-primary); font-size: 16px; line-height: 30px; margin-bottom: 36px; font-family: ITCAvantGardePro-demi, serif;\">Registration procedures with the SIEE<a style=\"background-image: initial; background-position: initial; background-size: initial; background-repeat: initial; background-attachment: initial; background-origin: initial; background-clip: initial; hyphens: manual; cursor: pointer; color: var(--color-theme-5); -webkit-tap-highlight-color: rgba(0, 0, 0, 0.3); margin-bottom: 0px; display: block; word-break: break-all; outline: none !important;\" href=\"https:\/\/www.impots.gouv.fr\/portail\/international-professionnel\/questions\/quelles-sont-les-modalites-dimmatriculation-au-siee-service\" target=\"_blank\" rel=\"noopener noreferrer\">https:\/\/www.impots.gouv.fr\/portail\/international-professionnel\/questions\/quelles-sont-les-modalites-dimmatriculation-au-siee-service<\/a><\/li><li style=\"hyphens: manual; color: var(--color-primary); font-size: 16px; line-height: 30px; font-family: ITCAvantGardePro-demi, serif;\">How to register a foreign invested business in France ?<a style=\"background-image: initial; background-position: initial; background-size: initial; background-repeat: initial; background-attachment: initial; background-origin: initial; background-clip: initial; hyphens: manual; cursor: pointer; color: var(--color-theme-5); -webkit-tap-highlight-color: rgba(0, 0, 0, 0.3); margin-bottom: 0px; display: block; word-break: break-all; outline: none !important;\" href=\"https:\/\/www.service-public.fr\/professionnels-entreprises\/vosdroits\/F31191\" target=\"_blank\" rel=\"noopener noreferrer\">https:\/\/www.service-public.fr\/professionnels-entreprises\/vosdroits\/F31191<\/a><\/li><\/ul><\/div><\/div><div class=\"wpb_text_column wpb_content_element \" style=\"hyphens: manual; margin-bottom: 30px;\"><div class=\"wpb_wrapper\" style=\"hyphens: manual; margin-bottom: 0px;\"><p style=\"hyphens: manual; color: var(--color-text); font-size: 16px; font-family: SourceSansPro, sans-serif; letter-spacing: 0px; line-height: 30px; margin-right: 0px; margin-bottom: 0px; margin-left: 0px;\">If your company does not possess an establishment in France but hires employees subject to the French social system, you will need to register your company with the CNFE (\u201cCentre National des Firmes Etrang\u00e8res\u201d).<\/p><\/div><\/div><div class=\"wpb_text_column wpb_content_element useful-links\" style=\"hyphens: manual; margin-bottom: 40px; border: 1px solid var(--border-color-primary);\"><div class=\"wpb_wrapper\" style=\"hyphens: manual; margin-bottom: 0px;\"><h4 style=\"text-rendering: optimizelegibility; font-weight: bold; font-family: SourceSansPro-Regular, serif; letter-spacing: 0px; margin-top: 0px; margin-bottom: 0px; line-height: 1.2em; font-size: 17px; hyphens: manual; color: #36353c; background: #e2edf2; border-bottom: 1px solid var(--border-color-primary); padding: 19px 27px;\">Useful links<\/h4><ul style=\"margin-right: 0px; margin-left: 0px; hyphens: manual; list-style: none; padding: 20px 27px;\"><li style=\"hyphens: manual; color: var(--color-primary); font-size: 16px; line-height: 30px; font-family: ITCAvantGardePro-demi, serif;\">Website of the CNFE<a style=\"background-image: initial; background-position: initial; background-size: initial; background-repeat: initial; background-attachment: initial; background-origin: initial; background-clip: initial; hyphens: manual; cursor: pointer; color: var(--color-theme-5); -webkit-tap-highlight-color: rgba(0, 0, 0, 0.3); margin-bottom: 0px; display: block; word-break: break-all; outline: none !important;\" href=\"https:\/\/www.cnfe-urssaf.eu\/index.php\/en\/\" target=\"_blank\" rel=\"noopener noreferrer\">https:\/\/www.cnfe-urssaf.eu\/index.php\/en\/<\/a><\/li><\/ul><\/div><\/div><div class=\"wpb_text_column wpb_content_element \" style=\"hyphens: manual; margin-bottom: 30px;\"><div class=\"wpb_wrapper\" style=\"hyphens: manual; margin-bottom: 0px;\"><p style=\"hyphens: manual; color: var(--color-text); font-size: 16px; font-family: SourceSansPro, sans-serif; letter-spacing: 0px; line-height: 30px; margin-right: 0px; margin-bottom: 16px; margin-left: 0px;\">If you wish to set up a business in France, you will have to hire employees. There are certain steps to follow throughout the recruitment process.<\/p><p style=\"hyphens: manual; color: var(--color-text); font-size: 16px; font-family: SourceSansPro, sans-serif; letter-spacing: 0px; line-height: 30px; margin-right: 0px; margin-bottom: 0px; margin-left: 0px;\">For further information :<\/p><\/div><\/div><div class=\"wpb_text_column wpb_content_element useful-links\" style=\"hyphens: manual; margin-bottom: 40px; border: 1px solid var(--border-color-primary);\"><div class=\"wpb_wrapper\" style=\"hyphens: manual; margin-bottom: 0px;\"><h4 style=\"text-rendering: optimizelegibility; font-weight: bold; font-family: SourceSansPro-Regular, serif; letter-spacing: 0px; margin-top: 0px; margin-bottom: 0px; line-height: 1.2em; font-size: 17px; hyphens: manual; color: #36353c; background: #e2edf2; border-bottom: 1px solid var(--border-color-primary); padding: 19px 27px;\">Useful links<\/h4><ul style=\"margin-right: 0px; margin-left: 0px; hyphens: manual; list-style: none; padding: 20px 27px;\"><li style=\"hyphens: manual; color: var(--color-primary); font-size: 16px; line-height: 30px; font-family: ITCAvantGardePro-demi, serif;\">Recruitment process<a style=\"background-image: initial; background-position: initial; background-size: initial; background-repeat: initial; background-attachment: initial; background-origin: initial; background-clip: initial; hyphens: manual; cursor: pointer; color: var(--color-theme-5); -webkit-tap-highlight-color: rgba(0, 0, 0, 0.3); margin-bottom: 0px; display: block; word-break: break-all; outline: none !important;\" href=\"https:\/\/www.service-public.fr\/professionnels-entreprises\/vosdroits\/F23107\" target=\"_blank\" rel=\"noopener noreferrer\">https:\/\/www.service-public.fr\/professionnels-entreprises\/vosdroits\/F23107<\/a><\/li><\/ul><\/div><\/div><div class=\"wpb_text_column wpb_content_element \" style=\"hyphens: manual; margin-bottom: 30px;\"><div class=\"wpb_wrapper\" style=\"hyphens: manual; margin-bottom: 0px;\"><p style=\"hyphens: manual; color: var(--color-text); font-size: 16px; font-family: SourceSansPro, sans-serif; letter-spacing: 0px; line-height: 30px; margin-right: 0px; margin-bottom: 0px; margin-left: 0px;\">The \u00ab Titre Firmes Etrang\u00e8res \u00bb (TFE \/ Foreign Invested Enterprise Title) allows a company under 20 employees without any establishments in France to be registered with the \u00ab URSSAF \u00bb for the recruitment of employees, and for future procedures linked to employment and social declarations allowing the payment of taxes and social contributions.<\/p><\/div><\/div><div class=\"wpb_text_column wpb_content_element useful-links\" style=\"hyphens: manual; margin-bottom: 40px; border: 1px solid var(--border-color-primary);\"><div class=\"wpb_wrapper\" style=\"hyphens: manual; margin-bottom: 0px;\"><h4 style=\"text-rendering: optimizelegibility; font-weight: bold; font-family: SourceSansPro-Regular, serif; letter-spacing: 0px; margin-top: 0px; margin-bottom: 0px; line-height: 1.2em; font-size: 17px; hyphens: manual; color: #36353c; background: #e2edf2; border-bottom: 1px solid var(--border-color-primary); padding: 19px 27px;\">Useful links<\/h4><ul style=\"margin-right: 0px; margin-left: 0px; hyphens: manual; list-style: none; padding: 20px 27px;\"><li style=\"hyphens: manual; color: var(--color-primary); font-size: 16px; line-height: 30px; font-family: ITCAvantGardePro-demi, serif;\">\u00ab Titre Firmes Etrang\u00e8res \u00bb<a style=\"background-image: initial; background-position: initial; background-size: initial; background-repeat: initial; background-attachment: initial; background-origin: initial; background-clip: initial; hyphens: manual; cursor: pointer; color: var(--color-theme-5); -webkit-tap-highlight-color: rgba(0, 0, 0, 0.3); display: block; word-break: break-all; outline: none !important;\" href=\"https:\/\/www.service-public.fr\/professionnels-entreprises\/vosdroits\/R44797\" target=\"_blank\" rel=\"noopener noreferrer\">https:\/\/www.service-public.fr\/professionnels-entreprises\/vosdroits\/R44797<\/a><a style=\"background-image: initial; background-position: initial; background-size: initial; background-repeat: initial; background-attachment: initial; background-origin: initial; background-clip: initial; outline: 0px; text-decoration-line: underline; hyphens: manual; cursor: pointer; color: var(--color-theme-5); -webkit-tap-highlight-color: rgba(0, 0, 0, 0.3); margin-bottom: 0px; display: block; word-break: break-all;\" href=\"https:\/\/www.tfe.urssaf.fr\/tfewebinfo\/cms\/lang\/fr\/index.html\" target=\"_blank\" rel=\"noopener noreferrer\">https:\/\/www.tfe.urssaf.fr\/tfewebinfo\/cms\/lang\/fr\/index.html<\/a><\/li><\/ul><\/div><\/div><\/div><\/div><\/div><div style=\"hyphens: manual; margin-bottom: 40px; border: 1px solid var(--border-color-primary);\">\u00a0<\/div><\/div><\/div><\/div><\/div>\t\t\t\t\t<\/div>\n\t\t\t\t\t\t<\/div>\n\t\t\t\t<\/div>\n\t\t\t\t\t\t<\/div>\n\t\t\t\t\t<\/div>\n\t\t<\/div>\n\t\t\t\t\t\t\t\t<\/div>\n\t\t\t\t\t<\/div>\n\t\t<\/section>\n\t\t\t\t<section class=\"elementor-section elementor-top-section elementor-element elementor-element-0f90873 elementor-section-boxed elementor-section-height-default elementor-section-height-default\" data-id=\"0f90873\" data-element_type=\"section\">\n\t\t\t\t\t\t<div class=\"elementor-container elementor-column-gap-default\">\n\t\t\t\t\t\t\t<div class=\"elementor-row\">\n\t\t\t\t\t<div class=\"elementor-column elementor-col-33 elementor-top-column elementor-element elementor-element-7c98d0d\" data-id=\"7c98d0d\" data-element_type=\"column\">\n\t\t\t<div class=\"elementor-column-wrap\">\n\t\t\t\t\t\t\t<div class=\"elementor-widget-wrap\">\n\t\t\t\t\t\t\t\t<\/div>\n\t\t\t\t\t<\/div>\n\t\t<\/div>\n\t\t\t\t<div class=\"elementor-column elementor-col-66 elementor-top-column elementor-element elementor-element-bdf6e59\" data-id=\"bdf6e59\" data-element_type=\"column\">\n\t\t\t<div class=\"elementor-column-wrap elementor-element-populated\">\n\t\t\t\t\t\t\t<div class=\"elementor-widget-wrap\">\n\t\t\t\t\t\t<div class=\"elementor-element elementor-element-3a1bc9f elementor-widget elementor-widget-text-editor\" data-id=\"3a1bc9f\" data-element_type=\"widget\" data-widget_type=\"text-editor.default\">\n\t\t\t\t<div class=\"elementor-widget-container\">\n\t\t\t\t\t\t\t\t<div class=\"elementor-text-editor elementor-clearfix\">\n\t\t\t\t<div style=\"hyphens: manual; margin-bottom: 30px;\"><div style=\"hyphens: manual; margin-bottom: 0px;\"><div style=\"hyphens: manual; margin-bottom: 30px;\"><div style=\"hyphens: manual; margin-bottom: 0px;\"><div style=\"hyphens: manual; margin-bottom: 30px;\"><div style=\"hyphens: manual; margin-bottom: 0px;\"><div style=\"hyphens: manual; margin-bottom: 30px; color: #777d8b;\"><div style=\"hyphens: manual; margin-bottom: 0px;\"><h2 style=\"box-sizing: border-box; text-rendering: optimizelegibility; font-weight: 500; font-family: ITCAvantGardePro-Demi, serif; letter-spacing: 0px; margin-top: 0px; margin-bottom: 26px; text-transform: none; font-size: 20px; line-height: 1.2em; hyphens: manual; color: var(--color-primary);\">Taxation and accounting: Help and advice<\/h2><div id=\"fiscalite-et-comptabilite-aide-et-conseils\" class=\"wpb_text_column wpb_content_element \" style=\"hyphens: manual; margin-bottom: 30px; font-family: 'Open Sans', Helvetica, Arial, sans-serif; font-size: 14px;\"><div class=\"wpb_wrapper\" style=\"hyphens: manual; margin-bottom: 0px;\">\u00a0<\/div><\/div><div class=\"wpb_text_column wpb_content_element \" style=\"hyphens: manual; margin-bottom: 30px; font-family: 'Open Sans', Helvetica, Arial, sans-serif; font-size: 14px;\"><div class=\"wpb_wrapper\" style=\"hyphens: manual; margin-bottom: 0px;\"><p style=\"hyphens: manual; color: var(--color-text); font-size: 16px; font-family: SourceSansPro, sans-serif; letter-spacing: 0px; line-height: 30px; margin-right: 0px; margin-bottom: 16px; margin-left: 0px;\">In France, all companies must keep an accounting. The accounting can be done internally or use an accounting firm if it does not have the means nor the capacity to deal with it alone. If the accounting is carried out by a third person, it must be be registered with the Order of Accountants.<\/p><p style=\"hyphens: manual; color: var(--color-text); font-size: 16px; font-family: SourceSansPro, sans-serif; letter-spacing: 0px; line-height: 30px; margin-right: 0px; margin-bottom: 0px; margin-left: 0px;\">Sometimes, French taxation and accounting can be complex and entail interrogations. Find out more below to simplify your future procedures.<\/p><\/div><\/div><h4 style=\"text-rendering: optimizelegibility; font-weight: bold; font-family: SourceSansPro-Regular, serif; letter-spacing: 0px; margin-top: 0px; margin-bottom: 0px; line-height: 1.2em; font-size: 17px; hyphens: manual; color: #36353c; background: #e2edf2; border-bottom: 1px solid var(--border-color-primary); padding: 19px 27px;\">Useful links<\/h4><div class=\"wpb_text_column wpb_content_element useful-links\" style=\"hyphens: manual; margin-bottom: 40px; border: 1px solid var(--border-color-primary); color: #777d8b; font-family: 'Open Sans', Helvetica, Arial, sans-serif; font-size: 14px;\"><div class=\"wpb_wrapper\" style=\"hyphens: manual; margin-bottom: 0px;\"><ul style=\"margin-right: 0px; margin-left: 0px; hyphens: manual; list-style: none; padding: 20px 27px;\"><li style=\"hyphens: manual; color: var(--color-primary); font-size: 16px; line-height: 30px; margin-bottom: 36px; font-family: ITCAvantGardePro-demi, serif;\">Foreign invested company with an activity in France<a style=\"background-image: initial; background-position: initial; background-size: initial; background-repeat: initial; background-attachment: initial; background-origin: initial; background-clip: initial; hyphens: manual; cursor: pointer; color: var(--color-theme-5); -webkit-tap-highlight-color: rgba(0, 0, 0, 0.3); margin-bottom: 0px; display: block; word-break: break-all; outline: none !important;\" href=\"https:\/\/www.impots.gouv.fr\/portail\/international-professionnel\/entreprise-etrangere-jai-une-activite-en-france\" target=\"_blank\" rel=\"noopener noreferrer\">https:\/\/www.impots.gouv.fr\/portail\/international-professionnel\/entreprise-etrangere-jai-une-activite-en-france<\/a><\/li><li style=\"hyphens: manual; color: var(--color-primary); font-size: 16px; line-height: 30px; margin-bottom: 36px; font-family: ITCAvantGardePro-demi, serif;\">Taxation in France<a style=\"background-image: initial; background-position: initial; background-size: initial; background-repeat: initial; background-attachment: initial; background-origin: initial; background-clip: initial; hyphens: manual; cursor: pointer; color: var(--color-theme-5); -webkit-tap-highlight-color: rgba(0, 0, 0, 0.3); margin-bottom: 0px; display: block; word-break: break-all; outline: none !important;\" href=\"https:\/\/www.impots.gouv.fr\/portail\/international-professionnel\/fiscalite-des-entreprises\" target=\"_blank\" rel=\"noopener noreferrer\">https:\/\/www.impots.gouv.fr\/portail\/international-professionnel\/fiscalite-des-entreprises<\/a><\/li><li style=\"hyphens: manual; color: var(--color-primary); font-size: 16px; line-height: 30px; font-family: ITCAvantGardePro-demi, serif;\">Accounting rules in France<a style=\"background-image: initial; background-position: initial; background-size: initial; background-repeat: initial; background-attachment: initial; background-origin: initial; background-clip: initial; hyphens: manual; cursor: pointer; color: var(--color-theme-5); -webkit-tap-highlight-color: rgba(0, 0, 0, 0.3); margin-bottom: 0px; display: block; word-break: break-all; outline: none !important;\" href=\"https:\/\/www.service-public.fr\/professionnels-entreprises\/vosdroits\/N31383\" target=\"_blank\" rel=\"noopener noreferrer\">https:\/\/www.service-public.fr\/professionnels-entreprises\/vosdroits\/N31383<\/a><\/li><\/ul><\/div><\/div><div><div><div><div class=\"wpb_text_column wpb_content_element  useful-links\" style=\"hyphens: manual; margin-bottom: 40px; border: 1px solid var(--border-color-primary);\"><div class=\"wpb_wrapper\" style=\"hyphens: manual; margin-bottom: 0px;\"><h4 style=\"text-rendering: optimizelegibility; font-weight: bold; font-family: SourceSansPro-Regular, serif; letter-spacing: 0px; margin-top: 0px; margin-bottom: 0px; line-height: 1.2em; font-size: 17px; hyphens: manual; color: #36353c; background: #e2edf2; border-bottom: 1px solid var(--border-color-primary); padding: 19px 27px;\">Useful links<\/h4><ul style=\"margin-right: 0px; margin-left: 0px; hyphens: manual; list-style: none; padding: 20px 27px;\"><li style=\"hyphens: manual; color: var(--color-primary); font-size: 16px; line-height: 30px; margin-bottom: 36px; font-family: ITCAvantGardePro-demi, serif;\">Build your business plan<a style=\"background-image: initial; background-position: initial; background-size: initial; background-repeat: initial; background-attachment: initial; background-origin: initial; background-clip: initial; hyphens: manual; cursor: pointer; color: var(--color-theme-5); -webkit-tap-highlight-color: rgba(0, 0, 0, 0.3); margin-bottom: 0px; display: block; word-break: break-all; outline: none !important;\" href=\"http:\/\/www.cote-azur.cci.fr\/Developper-votre-business\/CREER-REPRENDRE-VOTRE-ENTREPRISE\/Construire-votre-business-plan\" target=\"_blank\" rel=\"noopener noreferrer\">http:\/\/www.cote-azur.cci.fr\/Developper-votre-business\/CREER-REPRENDRE-VOTRE-ENTREPRISE\/Construire-votre-business-plan<\/a><\/li><li style=\"hyphens: manual; color: var(--color-primary); font-size: 16px; line-height: 30px; margin-bottom: 36px; font-family: ITCAvantGardePro-demi, serif;\">Study \u00ab Choose where to set up \u00bb by the CCI C\u00f4te d\u2019Azur<a style=\"background-image: initial; background-position: initial; background-size: initial; background-repeat: initial; background-attachment: initial; background-origin: initial; background-clip: initial; hyphens: manual; cursor: pointer; color: var(--color-theme-5); -webkit-tap-highlight-color: rgba(0, 0, 0, 0.3); margin-bottom: 0px; display: block; word-break: break-all; outline: none !important;\" href=\"http:\/\/www.cote-azur.cci.fr\/Developper-votre-business\/CREER-REPRENDRE-VOTRE-ENTREPRISE\/Choisir-votre-implantation\" target=\"_blank\" rel=\"noopener noreferrer\">http:\/\/www.cote-azur.cci.fr\/Developper-votre-business\/CREER-REPRENDRE-VOTRE-ENTREPRISE\/Choisir-votre-implantation<\/a><\/li><li style=\"hyphens: manual; color: var(--color-primary); font-size: 16px; line-height: 30px; font-family: ITCAvantGardePro-demi, serif;\">Evaluation of your company with the CCI C\u00f4te d\u2019Azur<a style=\"background-image: initial; background-position: initial; background-size: initial; background-repeat: initial; background-attachment: initial; background-origin: initial; background-clip: initial; hyphens: manual; cursor: pointer; color: var(--color-theme-5); -webkit-tap-highlight-color: rgba(0, 0, 0, 0.3); margin-bottom: 0px; display: block; word-break: break-all; outline: none !important;\" href=\"http:\/\/www.cote-azur.cci.fr\/Developper-votre-business\/SE-DEVELOPPER\/Diagnostiquer-votre-entreprise\" target=\"_blank\" rel=\"noopener noreferrer\">http:\/\/www.cote-azur.cci.fr\/Developper-votre-business\/SE-DEVELOPPER\/Diagnostiquer-votre-entreprise<\/a><\/li><\/ul><\/div><\/div><div class=\"wpb_text_column wpb_content_element  useful-links contact-links\" style=\"hyphens: manual; margin-bottom: 40px; border: 1px solid var(--border-color-primary);\"><div class=\"wpb_wrapper\" style=\"hyphens: manual; margin-bottom: 0px;\"><h4 style=\"text-rendering: optimizelegibility; font-weight: bold; font-family: SourceSansPro-Regular, serif; letter-spacing: 0px; margin-top: 0px; margin-bottom: 0px; line-height: 1.2em; font-size: 17px; hyphens: manual; color: #36353c; background: #e2edf2; border-bottom: 1px solid var(--border-color-primary); padding: 19px 27px;\">Useful contact<\/h4><ul style=\"margin-right: 0px; margin-left: 0px; hyphens: manual; list-style: none; padding: 20px 27px;\"><li style=\"hyphens: manual; color: var(--color-primary); font-size: 16px; line-height: 30px; font-family: ITCAvantGardePro-demi, serif;\">Contact of the CCI C\u00f4te d\u2019Azur<a style=\"background-image: initial; background-position: initial; background-size: initial; background-repeat: initial; background-attachment: initial; background-origin: initial; background-clip: initial; outline: 0px; text-decoration-line: underline; hyphens: manual; cursor: pointer; color: var(--color-theme-5); -webkit-tap-highlight-color: rgba(0, 0, 0, 0.3); margin-bottom: 0px; display: block; word-break: break-all;\" href=\"https:\/\/www.cote-azur.cci.fr\/contact\/\" target=\"_blank\" rel=\"noopener noreferrer\">https:\/\/www.cote-azur.cci.fr\/contact\/<\/a><\/li><\/ul><\/div><\/div><\/div><\/div><\/div><h3 style=\"font-family: ITCAvantGardePro-Md, serif; font-size: 18px; text-rendering: optimizelegibility; letter-spacing: 0px; margin: 0px 0px 16px; line-height: 1.2em; hyphens: manual; color: #0e2655;\">\u00a0<\/h3><\/div><\/div><\/div><\/div><\/div><\/div><\/div><\/div>\t\t\t\t\t<\/div>\n\t\t\t\t\t\t<\/div>\n\t\t\t\t<\/div>\n\t\t\t\t\t\t<\/div>\n\t\t\t\t\t<\/div>\n\t\t<\/div>\n\t\t\t\t\t\t\t\t<\/div>\n\t\t\t\t\t<\/div>\n\t\t<\/section>\n\t\t\t\t<section class=\"elementor-section elementor-top-section elementor-element elementor-element-a5020e4 elementor-section-boxed elementor-section-height-default elementor-section-height-default\" data-id=\"a5020e4\" data-element_type=\"section\">\n\t\t\t\t\t\t<div class=\"elementor-container elementor-column-gap-default\">\n\t\t\t\t\t\t\t<div class=\"elementor-row\">\n\t\t\t\t\t<div class=\"elementor-column elementor-col-100 elementor-top-column elementor-element elementor-element-ea91232\" data-id=\"ea91232\" data-element_type=\"column\">\n\t\t\t<div class=\"elementor-column-wrap elementor-element-populated\">\n\t\t\t\t\t\t\t<div class=\"elementor-widget-wrap\">\n\t\t\t\t\t\t<div class=\"elementor-element elementor-element-288186a elementor-widget-divider--view-line elementor-widget elementor-widget-divider\" data-id=\"288186a\" data-element_type=\"widget\" data-widget_type=\"divider.default\">\n\t\t\t\t<div class=\"elementor-widget-container\">\n\t\t\t\t\t<div class=\"elementor-divider\">\n\t\t\t<span class=\"elementor-divider-separator\">\n\t\t\t\t\t\t<\/span>\n\t\t<\/div>\n\t\t\t\t<\/div>\n\t\t\t\t<\/div>\n\t\t\t\t\t\t<\/div>\n\t\t\t\t\t<\/div>\n\t\t<\/div>\n\t\t\t\t\t\t\t\t<\/div>\n\t\t\t\t\t<\/div>\n\t\t<\/section>\n\t\t\t\t<section class=\"elementor-section elementor-top-section elementor-element elementor-element-5d651bc elementor-section-boxed elementor-section-height-default elementor-section-height-default\" data-id=\"5d651bc\" data-element_type=\"section\">\n\t\t\t\t\t\t<div class=\"elementor-container elementor-column-gap-default\">\n\t\t\t\t\t\t\t<div class=\"elementor-row\">\n\t\t\t\t\t<div class=\"elementor-column elementor-col-100 elementor-top-column elementor-element elementor-element-bc1d64f\" data-id=\"bc1d64f\" data-element_type=\"column\">\n\t\t\t<div class=\"elementor-column-wrap elementor-element-populated\">\n\t\t\t\t\t\t\t<div class=\"elementor-widget-wrap\">\n\t\t\t\t\t\t<div class=\"elementor-element elementor-element-8314af3 elementor-widget elementor-widget-heading\" data-id=\"8314af3\" data-element_type=\"widget\" data-widget_type=\"heading.default\">\n\t\t\t\t<div class=\"elementor-widget-container\">\n\t\t\t<h2 class=\"elementor-heading-title elementor-size-default\">Finding premises<\/h2>\t\t<\/div>\n\t\t\t\t<\/div>\n\t\t\t\t\t\t<\/div>\n\t\t\t\t\t<\/div>\n\t\t<\/div>\n\t\t\t\t\t\t\t\t<\/div>\n\t\t\t\t\t<\/div>\n\t\t<\/section>\n\t\t\t\t<section class=\"elementor-section elementor-top-section elementor-element elementor-element-a6d8fee elementor-section-boxed elementor-section-height-default elementor-section-height-default\" data-id=\"a6d8fee\" data-element_type=\"section\">\n\t\t\t\t\t\t<div class=\"elementor-container elementor-column-gap-default\">\n\t\t\t\t\t\t\t<div class=\"elementor-row\">\n\t\t\t\t\t<div class=\"elementor-column elementor-col-33 elementor-top-column elementor-element elementor-element-1fa87ea\" data-id=\"1fa87ea\" data-element_type=\"column\">\n\t\t\t<div class=\"elementor-column-wrap elementor-element-populated\">\n\t\t\t\t\t\t\t<div class=\"elementor-widget-wrap\">\n\t\t\t\t\t\t<div class=\"elementor-element elementor-element-46bc41f dce_masking-none elementor-widget elementor-widget-image\" data-id=\"46bc41f\" data-element_type=\"widget\" data-widget_type=\"image.default\">\n\t\t\t\t<div class=\"elementor-widget-container\">\n\t\t\t\t\t\t\t\t<div class=\"elementor-image\">\n\t\t\t\t\t\t\t\t\t\t\t\t<img width=\"150\" height=\"150\" src=\"https:\/\/www.investincotedazur.com\/wp-content\/uploads\/2022\/09\/H1.-SOLUTIONS-DE-FINANCEMENT-474x324-1-150x150.jpg\" class=\"attachment-thumbnail size-thumbnail wp-image-11525\" alt=\"Trouver des bureaux\" \/>\t\t\t\t\t\t\t\t\t\t\t\t\t\t<\/div>\n\t\t\t\t\t\t<\/div>\n\t\t\t\t<\/div>\n\t\t\t\t\t\t<\/div>\n\t\t\t\t\t<\/div>\n\t\t<\/div>\n\t\t\t\t<div class=\"elementor-column elementor-col-66 elementor-top-column elementor-element elementor-element-c763933\" data-id=\"c763933\" data-element_type=\"column\">\n\t\t\t<div class=\"elementor-column-wrap elementor-element-populated\">\n\t\t\t\t\t\t\t<div class=\"elementor-widget-wrap\">\n\t\t\t\t\t\t<div class=\"elementor-element elementor-element-e9017ad elementor-widget elementor-widget-text-editor\" data-id=\"e9017ad\" data-element_type=\"widget\" data-widget_type=\"text-editor.default\">\n\t\t\t\t<div class=\"elementor-widget-container\">\n\t\t\t\t\t\t\t\t<div class=\"elementor-text-editor elementor-clearfix\">\n\t\t\t\t<div style=\"hyphens: manual; margin-bottom: 30px; font-family: 'Open Sans', Helvetica, Arial, sans-serif;\"><div style=\"hyphens: manual; margin-bottom: 0px;\"><div style=\"hyphens: manual; margin-bottom: 30px; color: #777d8b; font-size: 14px;\"><div style=\"hyphens: manual; margin-bottom: 0px;\"><div style=\"hyphens: manual; margin-bottom: 30px; color: #777d8b; font-family: 'Open Sans', Helvetica, Arial, sans-serif; font-size: 14px;\"><div style=\"hyphens: manual; margin-bottom: 0px;\"><div class=\"vc_row wpb_row vc_row-fluid\" style=\"hyphens: manual; margin-left: -15px; margin-right: -15px;\"><div class=\"wpb_column vc_column_container vc_col-sm-12\" style=\"hyphens: manual; width: 927.5px; position: relative; min-height: 1px; padding-left: 10px; padding-right: 0px; float: left;\"><div class=\"vc_column-inner\" style=\"hyphens: manual; padding-left: 15px; padding-right: 15px; width: 917.5px;\"><div class=\"wpb_wrapper\" style=\"hyphens: manual;\"><div class=\"wpb_text_column wpb_content_element \" style=\"hyphens: manual; margin-bottom: 30px;\"><div class=\"wpb_wrapper\" style=\"hyphens: manual; margin-bottom: 0px;\"><p style=\"hyphens: manual; color: var(--color-text); font-size: 16px; font-family: SourceSansPro, sans-serif; line-height: 30px; margin-right: 0px; margin-bottom: 16px; margin-left: 0px;\">Finding the accurate location and premises for your business is an essential step to set up and launch your activities on the C\u00f4te d\u2019Azur in the best conditions.<\/p><p style=\"hyphens: manual; color: var(--color-text); font-size: 16px; font-family: SourceSansPro, sans-serif; line-height: 30px; margin-right: 0px; margin-bottom: 16px; margin-left: 0px;\">4 times cheaper than Paris and 7 seven times cheaper than London, the Azurean offer in terms of premises is a great asset to come set up in the area. The rental prices in the two main business parks (Nice C\u00f4te d\u2019Azur Metropole and Sophia-Antipolis) are the following:<\/p><p style=\"hyphens: manual; color: var(--color-text); font-size: 16px; font-family: SourceSansPro, sans-serif; line-height: 30px; margin-right: 0px; margin-bottom: 16px; margin-left: 0px;\"><span style=\"font-weight: bold; hyphens: manual; margin-bottom: 0px;\">Rental price range sqm\/year\/excluding tax and charges<\/span><\/p><ul style=\"margin-right: 0px; margin-bottom: 20px; margin-left: 0px; hyphens: manual; padding-left: 20px; font-size: 14px; background-color: #ffffff;\"><li style=\"hyphens: manual; color: var(--color-text); font-size: 16px; line-height: 30px;\">Sophia Antipolis : 225\u20ac high range and 200\u20ac low range for new or redesigned premises,<br style=\"hyphens: manual; margin-bottom: 0px;\" \/>190\u20ac high range and 120\u20ac low range for second-hand premises.<\/li><li style=\"hyphens: manual; color: var(--color-text); font-size: 16px; line-height: 30px;\">Nice C\u00f4te d\u2019Azur Metropole: 250\u20ac high range and 190\u20ac low range for new or redesigned premises, 190\u20ac high range and 140\u20ac low range for second-hand premises.<\/li><\/ul><p style=\"hyphens: manual; color: var(--color-text); font-size: 16px; font-family: SourceSansPro, sans-serif; line-height: 30px; margin-right: 0px; margin-bottom: 16px; margin-left: 0px;\"><span style=\"font-weight: bold; hyphens: manual; margin-bottom: 0px;\">Acquisition price range sqm\/year\/excluding tax and charges<\/span><\/p><ul style=\"margin-right: 0px; margin-bottom: 20px; margin-left: 0px; hyphens: manual; padding-left: 20px; font-size: 14px; background-color: #ffffff;\"><li style=\"hyphens: manual; color: var(--color-text); font-size: 16px; line-height: 30px;\">Sophia Antipolis : 3.000\u20ac high range and 2.900\u20ac low range for new or redesigned premises, 2.300\u20ac high range or 1.600\u20ac low range for second-hand premises.<\/li><li style=\"hyphens: manual; color: var(--color-text); font-size: 16px; line-height: 30px;\">Nice C\u00f4te d\u2019Azur Metropole : 3.200\u20ac high range or 2.800\u20ac low range for new or redesigned premises, 2.400\u20ac high range and 1.800\u20ac low range for second-hand premises.<\/li><\/ul><\/div><\/div><\/div><\/div><\/div><\/div><div class=\"vc_row wpb_row vc_row-fluid useful-links useful-documents\" style=\"hyphens: manual; margin: 0px 0px 40px 10px; border: 1px solid var(--border-color-primary);\"><div class=\"wpb_column vc_column_container vc_col-sm-12\" style=\"hyphens: manual; width: 885.5px; position: relative; min-height: 1px; padding: 0px; float: left;\"><div class=\"vc_column-inner\" style=\"hyphens: manual; padding: 0px; width: 885.5px;\"><div class=\"wpb_wrapper\" style=\"hyphens: manual;\"><div class=\"wpb_text_column wpb_content_element useful-links\" style=\"hyphens: manual; margin-bottom: 40px; border: 1px solid var(--border-color-primary);\"><div class=\"wpb_wrapper\" style=\"hyphens: manual; margin-bottom: 0px;\">\u00a0<\/div><\/div><\/div><\/div><\/div><\/div><\/div><\/div><div style=\"hyphens: manual; margin-bottom: 40px; border: 1px solid var(--border-color-primary); color: #777d8b; font-family: 'Open Sans', Helvetica, Arial, sans-serif; font-size: 14px;\"><div style=\"hyphens: manual; margin-bottom: 0px;\">\u00a0<\/div><\/div><\/div><\/div><\/div><\/div>\t\t\t\t\t<\/div>\n\t\t\t\t\t\t<\/div>\n\t\t\t\t<\/div>\n\t\t\t\t\t\t<\/div>\n\t\t\t\t\t<\/div>\n\t\t<\/div>\n\t\t\t\t\t\t\t\t<\/div>\n\t\t\t\t\t<\/div>\n\t\t<\/section>\n\t\t\t\t<section class=\"elementor-section elementor-top-section elementor-element elementor-element-9ce63a1 elementor-section-boxed elementor-section-height-default elementor-section-height-default\" data-id=\"9ce63a1\" data-element_type=\"section\">\n\t\t\t\t\t\t<div class=\"elementor-container elementor-column-gap-default\">\n\t\t\t\t\t\t\t<div class=\"elementor-row\">\n\t\t\t\t\t<div class=\"elementor-column elementor-col-33 elementor-top-column elementor-element elementor-element-d1fe5e0\" data-id=\"d1fe5e0\" data-element_type=\"column\">\n\t\t\t<div class=\"elementor-column-wrap\">\n\t\t\t\t\t\t\t<div class=\"elementor-widget-wrap\">\n\t\t\t\t\t\t\t\t<\/div>\n\t\t\t\t\t<\/div>\n\t\t<\/div>\n\t\t\t\t<div class=\"elementor-column elementor-col-66 elementor-top-column elementor-element elementor-element-b7ebfe4\" data-id=\"b7ebfe4\" data-element_type=\"column\">\n\t\t\t<div class=\"elementor-column-wrap elementor-element-populated\">\n\t\t\t\t\t\t\t<div class=\"elementor-widget-wrap\">\n\t\t\t\t\t\t<div class=\"elementor-element elementor-element-0b10cff elementor-widget elementor-widget-text-editor\" data-id=\"0b10cff\" data-element_type=\"widget\" data-widget_type=\"text-editor.default\">\n\t\t\t\t<div class=\"elementor-widget-container\">\n\t\t\t\t\t\t\t\t<div class=\"elementor-text-editor elementor-clearfix\">\n\t\t\t\t<div style=\"hyphens: manual; margin-bottom: 30px; font-family: 'Open Sans', Helvetica, Arial, sans-serif;\"><div style=\"hyphens: manual; margin-bottom: 0px;\"><div style=\"hyphens: manual; margin-bottom: 30px; color: #777d8b; font-size: 14px;\"><div style=\"hyphens: manual; margin-bottom: 0px;\"><h2 style=\"box-sizing: border-box; text-rendering: optimizelegibility; font-weight: 500; font-family: ITCAvantGardePro-Demi, serif; letter-spacing: 0px; margin-top: 0px; margin-bottom: 26px; text-transform: none; font-size: 20px; line-height: 1.2em; hyphens: manual; color: var(--color-primary);\">Premises in the azurean business hubs and technopoles<\/h2><div style=\"hyphens: manual; margin-bottom: 30px; font-family: 'Open Sans', Helvetica, Arial, sans-serif; font-size: 14px;\"><div style=\"hyphens: manual; margin-bottom: 0px;\">\u00a0<\/div><\/div><div style=\"hyphens: manual; margin-bottom: 30px; font-family: 'Open Sans', Helvetica, Arial, sans-serif; font-size: 14px;\"><div style=\"hyphens: manual; margin-bottom: 0px;\"><p style=\"hyphens: manual; color: var(--color-text); font-size: 16px; font-family: SourceSansPro, sans-serif; letter-spacing: 0px; line-height: 30px; margin-right: 0px; margin-bottom: 0px; margin-left: 0px;\">There are three main business hubs on the C\u00f4te d\u2019Azur, which offer great real estate opportunities to set up your future premises: Nice M\u00e9ridia, Nice Grand Ar\u00e9nas, and Sophia-Antipolis.<\/p><\/div><\/div><h3 style=\"text-rendering: optimizelegibility; font-family: ITCAvantGardePro-Md, serif; letter-spacing: 0px; margin: 0px 0px 16px; line-height: 1.2em; font-size: 18px; hyphens: manual; color: #0e2655;\">Nice Meridia<\/h3><div style=\"hyphens: manual; margin-bottom: 30px; color: #777d8b; font-family: 'Open Sans', Helvetica, Arial, sans-serif; font-size: 14px;\"><div style=\"hyphens: manual; margin-bottom: 0px;\"><p style=\"hyphens: manual; color: var(--color-text); font-size: 16px; font-family: SourceSansPro, sans-serif; letter-spacing: 0px; line-height: 30px; margin-right: 0px; margin-bottom: 0px; margin-left: 0px;\">Nice M\u00e9ridia is an urban technopole located at the heart of the OIN of the Eco-Vall\u00e9e. It is renowned for its diversity in offices, shops, and accommodations, and seen as a real living space. In the future, the neighborhood will totalize 58,000 sqm of offices. Nice Meridia is also very close to the Nice C\u00f4te d\u2019Azur Airport (5 minutes away), and the Nice Saint-Augustin train station (5 minutes away). It benefits from a straight access to the A8 highway, and the T3 tramway line. Many iconic buildings are in Nice M\u00e9ridia or planning on being built there, such as the Joia Meridia (73,500sqm with 2,580sqm offices), the Palazzo Meridia (7,900sqm of offices), and The Crown (11,105sqm of offices).<\/p><\/div><\/div><h4 style=\"text-rendering: optimizelegibility; font-weight: bold; font-family: SourceSansPro-Regular, serif; letter-spacing: 0px; margin-top: 0px; margin-bottom: 0px; line-height: 1.2em; font-size: 17px; hyphens: manual; color: #36353c; background: #e2edf2; border-bottom: 1px solid var(--border-color-primary); padding: 19px 27px;\">Useful links<\/h4><div style=\"hyphens: manual; margin-bottom: 40px; border: 1px solid var(--border-color-primary); color: #777d8b; font-family: 'Open Sans', Helvetica, Arial, sans-serif; font-size: 14px;\"><div style=\"hyphens: manual; margin-bottom: 0px;\"><ul style=\"margin-right: 0px; margin-left: 0px; hyphens: manual; list-style: none; padding: 20px 27px;\"><li style=\"hyphens: manual; color: var(--color-primary); font-size: 16px; line-height: 30px; margin-bottom: 36px; font-family: ITCAvantGardePro-demi, serif;\">Nice-M\u00e9ridia urban technopole project<a style=\"background-image: initial; background-position: initial; background-size: initial; background-repeat: initial; background-attachment: initial; background-origin: initial; background-clip: initial; hyphens: manual; cursor: pointer; color: var(--color-theme-5); -webkit-tap-highlight-color: rgba(0, 0, 0, 0.3); margin-bottom: 0px; display: block; word-break: break-all; outline: none !important;\" href=\"http:\/\/www.ecovallee-cotedazur.com\/projects\/nice-meridia\" target=\"_blank\" rel=\"noopener noreferrer\">http:\/\/www.ecovallee-cotedazur.com\/projects\/nice-meridia<\/a><\/li><li style=\"hyphens: manual; color: var(--color-primary); font-size: 16px; line-height: 30px; font-family: ITCAvantGardePro-demi, serif;\">The major real estate of the Nice C\u00f4te d\u2019Azur Metropole<a style=\"background-image: initial; background-position: initial; background-size: initial; background-repeat: initial; background-attachment: initial; background-origin: initial; background-clip: initial; hyphens: manual; cursor: pointer; color: var(--color-theme-5); -webkit-tap-highlight-color: rgba(0, 0, 0, 0.3); margin-bottom: 0px; display: block; word-break: break-all; outline: none !important;\" href=\"http:\/\/business.nicecotedazur.org\/en\/major-projects\/\" target=\"_blank\" rel=\"noopener noreferrer\">http:\/\/business.nicecotedazur.org\/en\/major-projects\/<\/a><\/li><\/ul><\/div><\/div><h3 style=\"text-rendering: optimizelegibility; font-family: ITCAvantGardePro-Md, serif; letter-spacing: 0px; margin: 0px 0px 16px; line-height: 1.2em; font-size: 18px; hyphens: manual; color: #0e2655;\">Nice Grand Ar\u00e9nas<\/h3><div style=\"hyphens: manual; margin-bottom: 30px; color: #777d8b; font-family: 'Open Sans', Helvetica, Arial, sans-serif; font-size: 14px;\"><div style=\"hyphens: manual; margin-bottom: 0px;\"><p style=\"hyphens: manual; color: var(--color-text); font-size: 16px; font-family: SourceSansPro, sans-serif; letter-spacing: 0px; line-height: 30px; margin-right: 0px; margin-bottom: 0px; margin-left: 0px;\">Grand Ar\u00e9nas is an international business hub at the West of Nice. It benefits from close proximity to the Nice C\u00f4te d\u2019Azur Airport (5 minutes away), the Nice Saint-Augustin train station (5 minutes away), and direct access to the A8 highway. It is served by many buses, and the T2 tramway line of Nice. Many iconic buildings are located or planning on being built there, such as the Connexio (11,500sqm of offices), Air Promenade (25,000sqm with offices), and Unity (20,500sqm with offices).<\/p><\/div><\/div><h4 style=\"text-rendering: optimizelegibility; font-weight: bold; font-family: SourceSansPro-Regular, serif; letter-spacing: 0px; margin-top: 0px; margin-bottom: 0px; line-height: 1.2em; font-size: 17px; hyphens: manual; color: #36353c; background: #e2edf2; border-bottom: 1px solid var(--border-color-primary); padding: 19px 27px;\">Useful links<\/h4><div style=\"hyphens: manual; margin-bottom: 40px; border: 1px solid var(--border-color-primary); color: #777d8b; font-family: 'Open Sans', Helvetica, Arial, sans-serif; font-size: 14px;\"><div style=\"hyphens: manual; margin-bottom: 0px;\"><ul style=\"margin-right: 0px; margin-left: 0px; hyphens: manual; list-style: none; padding: 20px 27px;\"><li style=\"hyphens: manual; color: var(--color-primary); font-size: 16px; line-height: 30px; margin-bottom: 36px; font-family: ITCAvantGardePro-demi, serif;\">Grand Ar\u00e9nas project:<a style=\"background-image: initial; background-position: initial; background-size: initial; background-repeat: initial; background-attachment: initial; background-origin: initial; background-clip: initial; hyphens: manual; cursor: pointer; color: var(--color-theme-5); -webkit-tap-highlight-color: rgba(0, 0, 0, 0.3); margin-bottom: 0px; display: block; word-break: break-all; outline: none !important;\" href=\"http:\/\/www.ecovallee-cotedazur.com\/projects\/grand-arenas\" target=\"_blank\" rel=\"noopener noreferrer\">http:\/\/www.ecovallee-cotedazur.com\/projects\/grand-arenas<\/a><\/li><li style=\"hyphens: manual; color: var(--color-primary); font-size: 16px; line-height: 30px; font-family: ITCAvantGardePro-demi, serif;\">The major real estate of the Nice C\u00f4te d\u2019Azur Metropole:<a style=\"background-image: initial; background-position: initial; background-size: initial; background-repeat: initial; background-attachment: initial; background-origin: initial; background-clip: initial; hyphens: manual; cursor: pointer; color: var(--color-theme-5); -webkit-tap-highlight-color: rgba(0, 0, 0, 0.3); margin-bottom: 0px; display: block; word-break: break-all; outline: none !important;\" href=\"http:\/\/business.nicecotedazur.org\/en\/major-projects\/\" target=\"_blank\" rel=\"noopener noreferrer\">http:\/\/business.nicecotedazur.org\/en\/major-projects\/<\/a><\/li><\/ul><\/div><\/div><h3 style=\"text-rendering: optimizelegibility; font-family: ITCAvantGardePro-Md, serif; letter-spacing: 0px; margin: 0px 0px 16px; line-height: 1.2em; font-size: 18px; hyphens: manual; color: #0e2655;\">Sophia-Antipolis<\/h3><div style=\"hyphens: manual; margin-bottom: 30px; color: #777d8b; font-family: 'Open Sans', Helvetica, Arial, sans-serif; font-size: 14px;\"><div style=\"hyphens: manual; margin-bottom: 0px;\"><p style=\"hyphens: manual; color: var(--color-text); font-size: 16px; font-family: SourceSansPro, sans-serif; letter-spacing: 0px; line-height: 30px; margin-right: 0px; margin-bottom: 0px; margin-left: 0px;\">Sophia Antipolis is an internationally renowned technopole located in the heart of a natural park. It owns the largest surface of offices on the C\u00f4te d\u2019Azur. Sophia Antipolis is only 20 minutes away by car from the Nice C\u00f4te d\u2019Azur Airport, and benefits from straight access to the A8 highway. A lot of iconic buildings are already set up there, and new ones are going to be built or redesigned. The most important buildings include Centrium (13,500sqm of offices), Sky Sophia (9,500sqm of offices), and Garden Space (8,200sqm of offices). By 2030, close to 500,000sqm of additional surface will be added to the current 1.4million sqm.<\/p><\/div><\/div><h4 style=\"text-rendering: optimizelegibility; font-weight: bold; font-family: SourceSansPro-Regular, serif; letter-spacing: 0px; margin-top: 0px; margin-bottom: 0px; line-height: 1.2em; font-size: 17px; hyphens: manual; color: #36353c; background: #e2edf2; border-bottom: 1px solid var(--border-color-primary); padding: 19px 27px;\">Useful links<\/h4><div style=\"hyphens: manual; margin-bottom: 40px; border: 1px solid var(--border-color-primary); color: #777d8b; font-family: 'Open Sans', Helvetica, Arial, sans-serif; font-size: 14px;\"><div style=\"hyphens: manual; margin-bottom: 0px;\"><ul style=\"margin-right: 0px; margin-left: 0px; hyphens: manual; list-style: none; padding: 20px 27px;\"><li style=\"hyphens: manual; color: var(--color-primary); font-size: 16px; line-height: 30px; margin-bottom: 36px; font-family: ITCAvantGardePro-demi, serif;\">Main property development projects in Sophia Antipolis<a style=\"background-image: initial; background-position: initial; background-size: initial; background-repeat: initial; background-attachment: initial; background-origin: initial; background-clip: initial; hyphens: manual; cursor: pointer; color: var(--color-theme-5); -webkit-tap-highlight-color: rgba(0, 0, 0, 0.3); margin-bottom: 0px; display: block; word-break: break-all; outline: none !important;\" href=\"https:\/\/www.agglo-sophiaantipolis.fr\/mon-agglo\/grands-projets\/projets-damenagement\" target=\"_blank\" rel=\"noopener noreferrer\">https:\/\/www.agglo-sophiaantipolis.fr\/mon-agglo\/grands-projets\/projets-damenagement<\/a><\/li><li style=\"hyphens: manual; color: var(--color-primary); font-size: 16px; line-height: 30px; font-family: ITCAvantGardePro-demi, serif;\">Find a premise in Sophia Antipolis<a style=\"background-image: initial; background-position: initial; background-size: initial; background-repeat: initial; background-attachment: initial; background-origin: initial; background-clip: initial; hyphens: manual; cursor: pointer; color: var(--color-theme-5); -webkit-tap-highlight-color: rgba(0, 0, 0, 0.3); margin-bottom: 0px; display: block; word-break: break-all; outline: none !important;\" href=\"https:\/\/www.geolocaux.com\/ma-recherche.html?placesid=V2103&amp;t=LOC&amp;n=BUR&amp;tmode=SQUARE\" target=\"_blank\" rel=\"noopener noreferrer\">https:\/\/www.geolocaux.com\/ma-recherche.html?placesid=V2103&amp;t=LOC&amp;n=BUR&amp;tmode=SQUARE<\/a><\/li><\/ul><\/div><\/div><div style=\"hyphens: manual; margin-bottom: 30px; display: flex; -webkit-box-orient: horizontal; -webkit-box-direction: normal; flex-flow: row nowrap; -webkit-box-align: center; align-items: center; width: 887.5px; margin-left: auto; margin-right: auto; color: #777d8b; font-family: 'Open Sans', Helvetica, Arial, sans-serif; font-size: 14px;\">\u00a0<\/div><h2 style=\"text-rendering: optimizelegibility; font-family: ITCAvantGardePro-Demi, serif; letter-spacing: 0px; margin-top: 0px; margin-bottom: 26px; font-size: 20px; line-height: 1.2em; hyphens: manual;\">Co-working spaces\/business centers on the C\u00f4te d\u2019Azur<\/h2><div style=\"hyphens: manual; margin-bottom: 30px; color: #777d8b; font-family: 'Open Sans', Helvetica, Arial, sans-serif; font-size: 14px;\"><div style=\"hyphens: manual; margin-bottom: 0px;\">\u00a0<\/div><\/div><div style=\"hyphens: manual; margin-bottom: 30px; color: #777d8b; font-family: 'Open Sans', Helvetica, Arial, sans-serif; font-size: 14px;\"><div style=\"hyphens: manual; margin-bottom: 0px;\"><p style=\"hyphens: manual; color: var(--color-text); font-size: 16px; font-family: SourceSansPro, sans-serif; letter-spacing: 0px; line-height: 30px; margin-right: 0px; margin-bottom: 16px; margin-left: 0px;\">As they quickly developed over the past years, many co-working spaces set up across the C\u00f4te d\u2019Azur.<\/p><p style=\"hyphens: manual; color: var(--color-text); font-size: 16px; font-family: SourceSansPro, sans-serif; letter-spacing: 0px; line-height: 30px; margin-right: 0px; margin-bottom: 0px; margin-left: 0px;\">In total, there were 127 co-working spaces in the South Region in 2018, which represents 8% of the national French park. The largest Azurean cities hosting co-working spaces and business centers include Cannes, Villeneuve-Loubet, Vence, Cagnes-sur-Mer, and Nice. Together, they hold the highest concentration rate of the C\u00f4te d\u2019Azur. The technopole of Sophia Antipolis also welcomes co-working spaces and business centers.<\/p><\/div><\/div><div style=\"hyphens: manual; margin-bottom: 30px; color: #777d8b; font-family: 'Open Sans', Helvetica, Arial, sans-serif; font-size: 14px;\"><div style=\"hyphens: manual; margin-bottom: 0px;\"><p style=\"hyphens: manual; color: var(--color-text); font-size: 16px; font-family: SourceSansPro, sans-serif; letter-spacing: 0px; line-height: 30px; margin-right: 0px; margin-bottom: 0px; margin-left: 0px;\">Find out more about the different co-working spaces and business centers available in the region.<\/p><\/div><\/div><h4 style=\"text-rendering: optimizelegibility; font-weight: bold; font-family: SourceSansPro-Regular, serif; letter-spacing: 0px; margin-top: 0px; margin-bottom: 0px; line-height: 1.2em; font-size: 17px; hyphens: manual; color: #36353c; background: #e2edf2; border-bottom: 1px solid var(--border-color-primary); padding: 19px 27px;\">Useful links<\/h4><div style=\"hyphens: manual; margin-bottom: 40px; border: 1px solid var(--border-color-primary); color: #777d8b; font-family: 'Open Sans', Helvetica, Arial, sans-serif; font-size: 14px;\"><div style=\"hyphens: manual; margin-bottom: 0px;\"><ul style=\"margin-right: 0px; margin-left: 0px; hyphens: manual; list-style: none; padding: 20px 27px;\"><li style=\"hyphens: manual; color: var(--color-primary); font-size: 16px; line-height: 30px; margin-bottom: 36px; font-family: ITCAvantGardePro-demi, serif;\">List of different co-working spaces in Nice :\u00a0<a style=\"background-image: initial; background-position: initial; background-size: initial; background-repeat: initial; background-attachment: initial; background-origin: initial; background-clip: initial; letter-spacing: 0px; hyphens: manual; cursor: pointer; color: var(--color-theme-5); -webkit-tap-highlight-color: rgba(0, 0, 0, 0.3); word-break: break-all; display: inline !important; outline: none !important;\" href=\"https:\/\/www.laverriere-coworking.com\/\" target=\"_blank\" rel=\"noopener noreferrer\">https:\/\/www.laverriere-coworking.com\/<\/a><br \/><a style=\"background-image: initial; background-position: initial; background-size: initial; background-repeat: initial; background-attachment: initial; background-origin: initial; background-clip: initial; hyphens: manual; cursor: pointer; color: var(--color-theme-5); -webkit-tap-highlight-color: rgba(0, 0, 0, 0.3); display: block; word-break: break-all; outline: none !important;\" href=\"https:\/\/www.lessatellites.fr\/en\/\" target=\"_blank\" rel=\"noopener noreferrer\">https:\/\/www.lessatellites.fr\/en\/<\/a><a style=\"background-image: initial; background-position: initial; background-size: initial; background-repeat: initial; background-attachment: initial; background-origin: initial; background-clip: initial; hyphens: manual; cursor: pointer; color: var(--color-theme-5); -webkit-tap-highlight-color: rgba(0, 0, 0, 0.3); display: block; word-break: break-all; outline: none !important;\" href=\"https:\/\/www.lelabocoworking.com\/en\/co-working\/\" target=\"_blank\" rel=\"noopener noreferrer\">https:\/\/www.lelabocoworking.com\/en\/co-working\/<\/a><a style=\"background-image: initial; background-position: initial; background-size: initial; background-repeat: initial; background-attachment: initial; background-origin: initial; background-clip: initial; hyphens: manual; cursor: pointer; color: var(--color-theme-5); -webkit-tap-highlight-color: rgba(0, 0, 0, 0.3); display: block; word-break: break-all; outline: none !important;\" href=\"http:\/\/lebarabureaux.fr\/\" target=\"_blank\" rel=\"noopener noreferrer\">http:\/\/lebarabureaux.fr\/<\/a><a style=\"background-image: initial; background-position: initial; background-size: initial; background-repeat: initial; background-attachment: initial; background-origin: initial; background-clip: initial; hyphens: manual; cursor: pointer; color: var(--color-theme-5); -webkit-tap-highlight-color: rgba(0, 0, 0, 0.3); margin-bottom: 0px; display: block; word-break: break-all; outline: none !important;\" href=\"http:\/\/joyalifestore.com\/\" target=\"_blank\" rel=\"noopener noreferrer\">http:\/\/joyalifestore.com\/<\/a><\/li><li style=\"hyphens: manual; color: var(--color-primary); font-size: 16px; line-height: 30px; margin-bottom: 36px; font-family: ITCAvantGardePro-demi, serif;\">List of different co-working spaces in Sophia-Antipolis<br style=\"hyphens: manual;\" \/><a style=\"background-image: initial; background-position: initial; background-size: initial; background-repeat: initial; background-attachment: initial; background-origin: initial; background-clip: initial; hyphens: manual; cursor: pointer; color: var(--color-theme-5); -webkit-tap-highlight-color: rgba(0, 0, 0, 0.3); display: block; word-break: break-all; outline: none !important;\" href=\"https:\/\/www.baya-axess.com\/centres-affaires\/sophia-antipolis\/location-espace-coworking-sophia-antipolis-128.html\" target=\"_blank\" rel=\"noopener noreferrer\">https:\/\/www.baya-axess.com\/centres-affaires\/sophia-antipolis\/location-espace-coworking-sophia-antipolis-128.html<\/a><a style=\"background-image: initial; background-position: initial; background-size: initial; background-repeat: initial; background-attachment: initial; background-origin: initial; background-clip: initial; hyphens: manual; cursor: pointer; color: var(--color-theme-5); -webkit-tap-highlight-color: rgba(0, 0, 0, 0.3); display: block; word-break: break-all; outline: none !important;\" href=\"https:\/\/www.pearlpartner.com\/index-en.htm\" target=\"_blank\" rel=\"noopener noreferrer\">https:\/\/www.pearlpartner.com\/index-en.htm<\/a><a style=\"background-image: initial; background-position: initial; background-size: initial; background-repeat: initial; background-attachment: initial; background-origin: initial; background-clip: initial; hyphens: manual; cursor: pointer; color: var(--color-theme-5); -webkit-tap-highlight-color: rgba(0, 0, 0, 0.3); margin-bottom: 0px; display: block; word-break: break-all; outline: none !important;\" href=\"https:\/\/www.sundesk.com\/en\/\" target=\"_blank\" rel=\"noopener noreferrer\">https:\/\/www.sundesk.com\/en\/<\/a><\/li><li style=\"hyphens: manual; color: var(--color-primary); font-size: 16px; line-height: 30px; margin-bottom: 36px; font-family: ITCAvantGardePro-demi, serif;\"><span style=\"background-color: transparent; color: var(--color-primary);\">List of different co-working spaces in Cagnes-Sur-Mer<\/span><\/li><li style=\"hyphens: manual; color: var(--color-primary); font-size: 16px; line-height: 30px; margin-bottom: 36px; font-family: ITCAvantGardePro-demi, serif;\"><a style=\"background-image: initial; background-position: initial; background-size: initial; background-repeat: initial; background-attachment: initial; background-origin: initial; background-clip: initial; hyphens: manual; cursor: pointer; color: var(--color-theme-5); -webkit-tap-highlight-color: rgba(0, 0, 0, 0.3); margin-bottom: 0px; display: block; word-break: break-all; outline: none !important;\" href=\"http:\/\/www.happinest.fr\/en\/Le-concept\/L-Espace-Baby-Working,235.html\" target=\"_blank\" rel=\"noopener noreferrer\">http:\/\/www.happinest.fr\/en\/Le-concept\/L-Espace-Baby-Working,235.html<\/a><\/li><li style=\"hyphens: manual; color: var(--color-primary); font-size: 16px; line-height: 30px; margin-bottom: 36px; font-family: ITCAvantGardePro-demi, serif;\">List of different co-working spaces in Villeneuve-Loubet<br style=\"hyphens: manual;\" \/><a style=\"background-image: initial; background-position: initial; background-size: initial; background-repeat: initial; background-attachment: initial; background-origin: initial; background-clip: initial; hyphens: manual; cursor: pointer; color: var(--color-theme-5); -webkit-tap-highlight-color: rgba(0, 0, 0, 0.3); margin-bottom: 0px; display: block; word-break: break-all; outline: none !important;\" href=\"https:\/\/www.coolwork.io\/\" target=\"_blank\" rel=\"noopener noreferrer\">https:\/\/www.coolwork.io\/<\/a><\/li><li style=\"hyphens: manual; color: var(--color-primary); font-size: 16px; line-height: 30px; margin-bottom: 36px; font-family: ITCAvantGardePro-demi, serif;\">List of different co-working spaces in la Gaude<br style=\"hyphens: manual;\" \/><a style=\"background-image: initial; background-position: initial; background-size: initial; background-repeat: initial; background-attachment: initial; background-origin: initial; background-clip: initial; hyphens: manual; cursor: pointer; color: var(--color-theme-5); -webkit-tap-highlight-color: rgba(0, 0, 0, 0.3); margin-bottom: 0px; display: block; word-break: break-all; outline: none !important;\" href=\"https:\/\/www.ecoworking06.fr\/\" target=\"_blank\" rel=\"noopener noreferrer\">https:\/\/www.ecoworking06.fr\/<\/a><\/li><li style=\"hyphens: manual; color: var(--color-primary); font-size: 16px; line-height: 30px; margin-bottom: 36px; font-family: ITCAvantGardePro-demi, serif;\">List of different co-working spaces in la Colle-sur-Loup<br style=\"hyphens: manual;\" \/><a style=\"background-image: initial; background-position: initial; background-size: initial; background-repeat: initial; background-attachment: initial; background-origin: initial; background-clip: initial; hyphens: manual; cursor: pointer; color: var(--color-theme-5); -webkit-tap-highlight-color: rgba(0, 0, 0, 0.3); margin-bottom: 0px; display: block; word-break: break-all; outline: none !important;\" href=\"http:\/\/www.la-belleverte.fr\/\" target=\"_blank\" rel=\"noopener noreferrer\">http:\/\/www.la-belleverte.fr\/<\/a><\/li><li style=\"hyphens: manual; color: var(--color-primary); font-size: 16px; line-height: 30px; margin-bottom: 36px; font-family: ITCAvantGardePro-demi, serif;\">List of different co-working spaces in Vence<br style=\"hyphens: manual;\" \/><a style=\"background-image: initial; background-position: initial; background-size: initial; background-repeat: initial; background-attachment: initial; background-origin: initial; background-clip: initial; hyphens: manual; cursor: pointer; color: var(--color-theme-5); -webkit-tap-highlight-color: rgba(0, 0, 0, 0.3); margin-bottom: 0px; display: block; word-break: break-all; outline: none !important;\" href=\"https:\/\/coworking-vence.com\/\" target=\"_blank\" rel=\"noopener noreferrer\">https:\/\/coworking-vence.com\/<\/a><\/li><li style=\"hyphens: manual; color: var(--color-primary); font-size: 16px; line-height: 30px; margin-bottom: 36px; font-family: ITCAvantGardePro-demi, serif;\">List of different co-working spaces in Grasse<br style=\"hyphens: manual;\" \/><a style=\"background-image: initial; background-position: initial; background-size: initial; background-repeat: initial; background-attachment: initial; background-origin: initial; background-clip: initial; hyphens: manual; cursor: pointer; color: var(--color-theme-5); -webkit-tap-highlight-color: rgba(0, 0, 0, 0.3); display: block; word-break: break-all; outline: none !important;\" href=\"http:\/\/www.lecube-business.com\/\" target=\"_blank\" rel=\"noopener noreferrer\">http:\/\/www.lecube-business.com\/<\/a><a style=\"background-image: initial; background-position: initial; background-size: initial; background-repeat: initial; background-attachment: initial; background-origin: initial; background-clip: initial; hyphens: manual; cursor: pointer; color: var(--color-theme-5); -webkit-tap-highlight-color: rgba(0, 0, 0, 0.3); margin-bottom: 0px; display: block; word-break: break-all; outline: none !important;\" href=\"https:\/\/www.option-bureau.com\/\" target=\"_blank\" rel=\"noopener noreferrer\">https:\/\/www.option-bureau.com\/<\/a><\/li><li style=\"hyphens: manual; color: var(--color-primary); font-size: 16px; line-height: 30px; margin-bottom: 36px; font-family: ITCAvantGardePro-demi, serif;\">List of different business centers in Nice<br style=\"hyphens: manual;\" \/><a style=\"background-image: initial; background-position: initial; background-size: initial; background-repeat: initial; background-attachment: initial; background-origin: initial; background-clip: initial; hyphens: manual; cursor: pointer; color: var(--color-theme-5); -webkit-tap-highlight-color: rgba(0, 0, 0, 0.3); display: block; word-break: break-all; outline: none !important;\" href=\"https:\/\/www.multiburo.com\/en\/center\/business-centre-nice\/?displayreturn=true\" target=\"_blank\" rel=\"noopener noreferrer\">https:\/\/www.multiburo.com\/en\/center\/business-centre-nice\/?displayreturn=true<\/a><a style=\"background-image: initial; background-position: initial; background-size: initial; background-repeat: initial; background-attachment: initial; background-origin: initial; background-clip: initial; hyphens: manual; cursor: pointer; color: var(--color-theme-5); -webkit-tap-highlight-color: rgba(0, 0, 0, 0.3); display: block; word-break: break-all; outline: none !important;\" href=\"http:\/\/www.centre-2rs.com\/\" target=\"_blank\" rel=\"noopener noreferrer\">http:\/\/www.centre-2rs.com\/<\/a><a style=\"background-image: initial; background-position: initial; background-size: initial; background-repeat: initial; background-attachment: initial; background-origin: initial; background-clip: initial; hyphens: manual; cursor: pointer; color: var(--color-theme-5); -webkit-tap-highlight-color: rgba(0, 0, 0, 0.3); display: block; word-break: break-all; outline: none !important;\" href=\"https:\/\/www.buro.com\/centre-affaires\/nice-305\/\" target=\"_blank\" rel=\"noopener noreferrer\">https:\/\/www.buro.com\/centre-affaires\/nice-305\/<\/a><a style=\"background-image: initial; background-position: initial; background-size: initial; background-repeat: initial; background-attachment: initial; background-origin: initial; background-clip: initial; hyphens: manual; cursor: pointer; color: var(--color-theme-5); -webkit-tap-highlight-color: rgba(0, 0, 0, 0.3); display: block; word-break: break-all; outline: none !important;\" href=\"https:\/\/www.novaffaires.fr\/\" target=\"_blank\" rel=\"noopener noreferrer\">https:\/\/www.novaffaires.fr\/<\/a><a style=\"background-image: initial; background-position: initial; background-size: initial; background-repeat: initial; background-attachment: initial; background-origin: initial; background-clip: initial; hyphens: manual; cursor: pointer; color: var(--color-theme-5); -webkit-tap-highlight-color: rgba(0, 0, 0, 0.3); display: block; word-break: break-all; outline: none !important;\" href=\"https:\/\/www.regus.fr\/office-space\/france\/alpes-maritimes\/nice\" target=\"_blank\" rel=\"noopener noreferrer\">https:\/\/www.regus.fr\/office-space\/france\/alpes-maritimes\/nice<\/a><a style=\"background-image: initial; background-position: initial; background-size: initial; background-repeat: initial; background-attachment: initial; background-origin: initial; background-clip: initial; hyphens: manual; cursor: pointer; color: var(--color-theme-5); -webkit-tap-highlight-color: rgba(0, 0, 0, 0.3); margin-bottom: 0px; display: block; word-break: break-all; outline: none !important;\" href=\"https:\/\/www.team-business-centers.com\/fr\/centre-daffaires-nice-arenas\/\" target=\"_blank\" rel=\"noopener noreferrer\">https:\/\/www.team-business-centers.com\/fr\/centre-daffaires-nice-arenas\/<\/a><\/li><li style=\"hyphens: manual; color: var(--color-primary); font-size: 16px; line-height: 30px; margin-bottom: 36px; font-family: ITCAvantGardePro-demi, serif;\">List of different business centers in Sophia-Antipolis<br style=\"hyphens: manual;\" \/><a style=\"background-image: initial; background-position: initial; background-size: initial; background-repeat: initial; background-attachment: initial; background-origin: initial; background-clip: initial; hyphens: manual; cursor: pointer; color: var(--color-theme-5); -webkit-tap-highlight-color: rgba(0, 0, 0, 0.3); display: block; word-break: break-all; outline: none !important;\" href=\"https:\/\/www.regus.fr\/office-space\/france\/alpes-maritimes\/sophia-antipolis\" target=\"_blank\" rel=\"noopener noreferrer\">https:\/\/www.regus.fr\/office-space\/france\/alpes-maritimes\/sophia-antipolis<\/a><a style=\"background-image: initial; background-position: initial; background-size: initial; background-repeat: initial; background-attachment: initial; background-origin: initial; background-clip: initial; hyphens: manual; cursor: pointer; color: var(--color-theme-5); -webkit-tap-highlight-color: rgba(0, 0, 0, 0.3); display: block; word-break: break-all; outline: none !important;\" href=\"https:\/\/www.buro.com\/centre-affaires\/sophia-antipolis-11\/\" target=\"_blank\" rel=\"noopener noreferrer\">https:\/\/www.buro.com\/centre-affaires\/sophia-antipolis-11\/<\/a><a style=\"background-image: initial; background-position: initial; background-size: initial; background-repeat: initial; background-attachment: initial; background-origin: initial; background-clip: initial; hyphens: manual; cursor: pointer; color: var(--color-theme-5); -webkit-tap-highlight-color: rgba(0, 0, 0, 0.3); margin-bottom: 0px; display: block; word-break: break-all; outline: none !important;\" href=\"https:\/\/www.team-business-centers.com\/fr\/tbc-nice-valbonne-partenaire\/\" target=\"_blank\" rel=\"noopener noreferrer\">https:\/\/www.team-business-centers.com\/fr\/tbc-nice-valbonne-partenaire\/<\/a><\/li><li style=\"hyphens: manual; color: var(--color-primary); font-size: 16px; line-height: 30px; margin-bottom: 36px; font-family: ITCAvantGardePro-demi, serif;\">List of different business centers in Cannes<br style=\"hyphens: manual;\" \/><a style=\"background-image: initial; background-position: initial; background-size: initial; background-repeat: initial; background-attachment: initial; background-origin: initial; background-clip: initial; hyphens: manual; cursor: pointer; color: var(--color-theme-5); -webkit-tap-highlight-color: rgba(0, 0, 0, 0.3); display: block; word-break: break-all; outline: none !important;\" href=\"https:\/\/atwork-cannes.fr\/\" target=\"_blank\" rel=\"noopener noreferrer\">https:\/\/atwork-cannes.fr\/<\/a><a style=\"background-image: initial; background-position: initial; background-size: initial; background-repeat: initial; background-attachment: initial; background-origin: initial; background-clip: initial; hyphens: manual; cursor: pointer; color: var(--color-theme-5); -webkit-tap-highlight-color: rgba(0, 0, 0, 0.3); margin-bottom: 0px; display: block; word-break: break-all; outline: none !important;\" href=\"https:\/\/www.assistentreprises.fr\/\" target=\"_blank\" rel=\"noopener noreferrer\">https:\/\/www.assistentreprises.fr\/<\/a><\/li><li style=\"hyphens: manual; color: var(--color-primary); font-size: 16px; line-height: 30px; font-family: ITCAvantGardePro-demi, serif;\">List of different business centers in Grasse<br style=\"hyphens: manual;\" \/><a style=\"background-image: initial; background-position: initial; background-size: initial; background-repeat: initial; background-attachment: initial; background-origin: initial; background-clip: initial; hyphens: manual; cursor: pointer; color: var(--color-theme-5); -webkit-tap-highlight-color: rgba(0, 0, 0, 0.3); margin-bottom: 0px; display: block; word-break: break-all; outline: none !important;\" href=\"https:\/\/www.option-bureau.com\/\" target=\"_blank\" rel=\"noopener noreferrer\">https:\/\/www.option-bureau.com\/<\/a><\/li><\/ul><\/div><\/div><div style=\"hyphens: manual; margin-bottom: 40px; border: 1px solid var(--border-color-primary); color: #777d8b; font-family: 'Open Sans', Helvetica, Arial, sans-serif; font-size: 14px;\"><div style=\"hyphens: manual; margin-bottom: 0px;\">\u00a0<\/div><\/div><\/div><\/div><\/div><\/div>\t\t\t\t\t<\/div>\n\t\t\t\t\t\t<\/div>\n\t\t\t\t<\/div>\n\t\t\t\t\t\t<\/div>\n\t\t\t\t\t<\/div>\n\t\t<\/div>\n\t\t\t\t\t\t\t\t<\/div>\n\t\t\t\t\t<\/div>\n\t\t<\/section>\n\t\t\t\t<section class=\"elementor-section elementor-top-section elementor-element elementor-element-fdadc3d elementor-section-boxed elementor-section-height-default elementor-section-height-default\" data-id=\"fdadc3d\" data-element_type=\"section\">\n\t\t\t\t\t\t<div class=\"elementor-container elementor-column-gap-default\">\n\t\t\t\t\t\t\t<div class=\"elementor-row\">\n\t\t\t\t\t<div class=\"elementor-column elementor-col-33 elementor-top-column elementor-element elementor-element-429439d\" data-id=\"429439d\" data-element_type=\"column\">\n\t\t\t<div class=\"elementor-column-wrap\">\n\t\t\t\t\t\t\t<div class=\"elementor-widget-wrap\">\n\t\t\t\t\t\t\t\t<\/div>\n\t\t\t\t\t<\/div>\n\t\t<\/div>\n\t\t\t\t<div class=\"elementor-column elementor-col-66 elementor-top-column elementor-element elementor-element-455899f\" data-id=\"455899f\" data-element_type=\"column\">\n\t\t\t<div class=\"elementor-column-wrap elementor-element-populated\">\n\t\t\t\t\t\t\t<div class=\"elementor-widget-wrap\">\n\t\t\t\t\t\t<div class=\"elementor-element elementor-element-3de7927 elementor-widget elementor-widget-text-editor\" data-id=\"3de7927\" data-element_type=\"widget\" data-widget_type=\"text-editor.default\">\n\t\t\t\t<div class=\"elementor-widget-container\">\n\t\t\t\t\t\t\t\t<div class=\"elementor-text-editor elementor-clearfix\">\n\t\t\t\t<div style=\"hyphens: manual; margin-bottom: 30px; font-family: 'Open Sans', Helvetica, Arial, sans-serif;\"><div style=\"hyphens: manual; margin-bottom: 0px;\"><div style=\"hyphens: manual; margin-bottom: 30px; color: #777d8b; font-size: 14px;\"><div style=\"hyphens: manual; margin-bottom: 0px;\"><h2 style=\"box-sizing: border-box; text-rendering: optimizelegibility; font-weight: 500; font-family: ITCAvantGardePro-Demi, serif; letter-spacing: 0px; margin-top: 0px; margin-bottom: 26px; text-transform: none; font-size: 20px; line-height: 1.2em; hyphens: manual; color: var(--color-primary);\">Startups: business incubators, hotels and accelerators on the c\u00f4te d\u2019azur<\/h2><div style=\"hyphens: manual; margin-bottom: 30px; font-family: 'Open Sans', Helvetica, Arial, sans-serif; font-size: 14px;\"><div style=\"hyphens: manual; margin-bottom: 0px;\">\u00a0<\/div><\/div><div style=\"hyphens: manual; margin-bottom: 30px; font-family: 'Open Sans', Helvetica, Arial, sans-serif; font-size: 14px;\"><div style=\"hyphens: manual; margin-bottom: 0px;\"><p style=\"hyphens: manual; color: var(--color-text); font-size: 16px; font-family: SourceSansPro, sans-serif; letter-spacing: 0px; line-height: 30px; margin-right: 0px; margin-bottom: 16px; margin-left: 0px;\">The C\u00f4te d\u2019Azur received the French Tech label and welcomes more than fifteen business accelerators, hotels and incubators. The region offers a stimulating environment, which is perfectly adapted to the creation and development of your startup, regardless of its development stage and field of activity.<\/p><\/div><\/div><h3 style=\"text-rendering: optimizelegibility; font-family: ITCAvantGardePro-Md, serif; letter-spacing: 0px; margin: 0px 0px 16px; line-height: 1.2em; font-size: 18px; hyphens: manual; color: #0e2655;\">Incubators\/business hotels<\/h3><div style=\"hyphens: manual; margin-bottom: 30px; color: #777d8b; font-family: 'Open Sans', Helvetica, Arial, sans-serif; font-size: 14px;\"><div style=\"hyphens: manual; margin-bottom: 0px;\"><p style=\"hyphens: manual; color: var(--color-text); font-size: 16px; font-family: SourceSansPro, sans-serif; letter-spacing: 0px; line-height: 30px; margin-right: 0px; margin-bottom: 16px; margin-left: 0px;\"><span style=\"hyphens: manual; margin-bottom: 0px;\">Is your startup being created or was it created recently? Do you need assistance\u00a0? The incubators of the C\u00f4te d\u2019Azur welcome and guide your newly created business through the first steps of your project\u00a0: business model analysis, search for funding, access to certain strategic tools\u2026<\/span><\/p><p style=\"hyphens: manual; color: var(--color-text); font-size: 16px; font-family: SourceSansPro, sans-serif; letter-spacing: 0px; line-height: 30px; margin-right: 0px; margin-bottom: 0px; margin-left: 0px;\">A lot of incubators are located in the Nice C\u00f4te d\u2019Azur Metropole: the CEEI (general incubator created by the Metropole), the \u201ccentre 27 Delvalle\u201d (supporting startups working in the Health sector), Le Mas (incubator of Nice Matin working for local startups), as well as the incubator of the EDHEC (supporting the projects of its own students). In addition to being set up in Valbonne and Toulon, the incubator PACA-EST opened another branch in the premises of the CEEI in Nice.<\/p><\/div><\/div><h4 style=\"text-rendering: optimizelegibility; font-weight: bold; font-family: SourceSansPro-Regular, serif; letter-spacing: 0px; margin-top: 0px; margin-bottom: 0px; line-height: 1.2em; font-size: 17px; hyphens: manual; color: #36353c; background: #e2edf2; border-bottom: 1px solid var(--border-color-primary); padding: 19px 27px;\">Useful links<\/h4><div style=\"hyphens: manual; margin-bottom: 40px; border: 1px solid var(--border-color-primary); color: #777d8b; font-family: 'Open Sans', Helvetica, Arial, sans-serif; font-size: 14px;\"><div style=\"hyphens: manual; margin-bottom: 0px;\"><ul style=\"margin-right: 0px; margin-left: 0px; hyphens: manual; list-style: none; padding: 20px 27px;\"><li style=\"hyphens: manual; color: var(--color-primary); font-size: 16px; line-height: 30px; margin-bottom: 36px; font-family: ITCAvantGardePro-demi, serif;\">Incubator CEEI :\u00a0<a style=\"background-image: initial; background-position: initial; background-size: initial; background-repeat: initial; background-attachment: initial; background-origin: initial; background-clip: initial; hyphens: manual; cursor: pointer; color: var(--color-theme-5); -webkit-tap-highlight-color: rgba(0, 0, 0, 0.3); margin-bottom: 0px; word-break: break-all; display: inline !important; outline: none !important;\" href=\"http:\/\/www.ceeinca.org\/en\/\" target=\"_blank\" rel=\"noopener noreferrer\">http:\/\/www.ceeinca.org\/en\/<\/a><\/li><li style=\"hyphens: manual; color: var(--color-primary); font-size: 16px; line-height: 30px; margin-bottom: 36px; font-family: ITCAvantGardePro-demi, serif;\">Incubator PACA-EST :\u00a0\u00a0<a href=\"https:\/\/incubateurpacaest.org\/en\/\">https:\/\/incubateurpacaest.org\/en\/<\/a><\/li><li style=\"hyphens: manual; color: var(--color-primary); font-size: 16px; line-height: 30px; margin-bottom: 36px; font-family: ITCAvantGardePro-demi, serif;\"><span style=\"background-color: transparent; color: var(--color-primary);\">Incubator 27 Delvalle :\u00a0<\/span><a style=\"background-image: initial; background-position: initial; background-size: initial; background-repeat: initial; background-attachment: initial; background-origin: initial; background-clip: initial; hyphens: manual; cursor: pointer; color: var(--color-theme-5); -webkit-tap-highlight-color: rgba(0, 0, 0, 0.3); margin-bottom: 0px; word-break: break-all; display: inline !important; outline: none !important;\" href=\"http:\/\/delvalle.nicecotedazur.org\/offres\/aide-aux-entreprises\/hebergement-et-accompagnement\/\" target=\"_blank\" rel=\"noopener noreferrer\">http:\/\/delvalle.nicecotedazur.org\/offres\/aide-aux-entreprises\/hebergement-et-accompagnement\/<\/a><\/li><li style=\"hyphens: manual; color: var(--color-primary); font-size: 16px; line-height: 30px; margin-bottom: 36px; font-family: ITCAvantGardePro-demi, serif;\">Incubator EDHEC :\u00a0<a style=\"background-image: initial; background-position: initial; background-size: initial; background-repeat: initial; background-attachment: initial; background-origin: initial; background-clip: initial; hyphens: manual; cursor: pointer; color: var(--color-theme-5); -webkit-tap-highlight-color: rgba(0, 0, 0, 0.3); margin-bottom: 0px; word-break: break-all; display: inline !important; outline: none !important;\" href=\"https:\/\/entrepreneurs.edhec.edu\/fr\/accompagnement\" target=\"_blank\" rel=\"noopener noreferrer\">https:\/\/entrepreneurs.edhec.edu\/fr\/accompagnement<\/a><\/li><li style=\"hyphens: manual; color: var(--color-primary); font-size: 16px; line-height: 30px; font-family: ITCAvantGardePro-demi, serif;\">Le Mas Startup :\u00a0<a style=\"background-image: initial; background-position: initial; background-size: initial; background-repeat: initial; background-attachment: initial; background-origin: initial; background-clip: initial; hyphens: manual; cursor: pointer; color: var(--color-theme-5); -webkit-tap-highlight-color: rgba(0, 0, 0, 0.3); margin-bottom: 0px; word-break: break-all; display: inline !important; outline: none !important;\" href=\"https:\/\/lemas.nicematin.fr\/\" target=\"_blank\" rel=\"noopener noreferrer\">https:\/\/lemas.nicematin.fr\/<\/a><\/li><\/ul><\/div><\/div><div style=\"hyphens: manual; margin-bottom: 30px; color: #777d8b; font-family: 'Open Sans', Helvetica, Arial, sans-serif; font-size: 14px;\"><div style=\"hyphens: manual; margin-bottom: 0px;\"><p style=\"hyphens: manual; color: var(--color-text); font-size: 16px; font-family: SourceSansPro, sans-serif; letter-spacing: 0px; line-height: 30px; margin-right: 0px; margin-bottom: 0px; margin-left: 0px;\">Several business incubators are also set up in Sophia Antipolis. The largest incubator is PACA-EST, which mainly supports innovating projects. There is also the incubator of SKEMA Business School dedicated to the school\u2019s alumnis, and the Paris Tech incubator supporting startups specializing in Digital activities.<\/p><\/div><\/div><h4 style=\"text-rendering: optimizelegibility; font-weight: bold; font-family: SourceSansPro-Regular, serif; letter-spacing: 0px; margin-top: 0px; margin-bottom: 0px; line-height: 1.2em; font-size: 17px; hyphens: manual; color: #36353c; background: #e2edf2; border-bottom: 1px solid var(--border-color-primary); padding: 19px 27px;\">Useful links<\/h4><div style=\"hyphens: manual; margin-bottom: 40px; border: 1px solid var(--border-color-primary); color: #777d8b; font-family: 'Open Sans', Helvetica, Arial, sans-serif; font-size: 14px;\"><div style=\"hyphens: manual; margin-bottom: 0px;\"><ul style=\"margin-right: 0px; margin-left: 0px; hyphens: manual; list-style: none; padding: 20px 27px;\"><li style=\"hyphens: manual; color: var(--color-primary); font-size: 16px; line-height: 30px; margin-bottom: 36px; font-family: ITCAvantGardePro-demi, serif;\">Incubator Paca-Est :\u00a0\u00a0<a style=\"background-color: #ffffff;\" href=\"https:\/\/incubateurpacaest.org\/en\/\">https:\/\/incubateurpacaest.org\/en\/<\/a><\/li><li style=\"hyphens: manual; color: var(--color-primary); font-size: 16px; line-height: 30px; margin-bottom: 36px; font-family: ITCAvantGardePro-demi, serif;\">Incubator SKEMA<a style=\"background-image: initial; background-position: initial; background-size: initial; background-repeat: initial; background-attachment: initial; background-origin: initial; background-clip: initial; hyphens: manual; cursor: pointer; color: var(--color-theme-5); -webkit-tap-highlight-color: rgba(0, 0, 0, 0.3); margin-bottom: 0px; display: block; word-break: break-all; outline: none !important;\" href=\"https:\/\/www.skema.edu\/global-entrepeneurship-inititiave\/presentation\/skema-ventures-framework\" target=\"_blank\" rel=\"noopener noreferrer\">https:\/\/www.skema.edu\/global-entrepeneurship-inititiave\/presentation\/skema-ventures-framework<\/a><\/li><li style=\"hyphens: manual; color: var(--color-primary); font-size: 16px; line-height: 30px; font-family: ITCAvantGardePro-demi, serif;\">Incubator Paris-Tech<a style=\"background-image: initial; background-position: initial; background-size: initial; background-repeat: initial; background-attachment: initial; background-origin: initial; background-clip: initial; hyphens: manual; cursor: pointer; color: var(--color-theme-5); -webkit-tap-highlight-color: rgba(0, 0, 0, 0.3); margin-bottom: 0px; display: block; word-break: break-all; outline: none !important;\" href=\"http:\/\/paristech-entrepreneurs.fr\/\" target=\"_blank\" rel=\"noopener noreferrer\">http:\/\/paristech-entrepreneurs.fr\/<\/a><\/li><\/ul><\/div><\/div><div style=\"hyphens: manual; margin-bottom: 30px; color: #777d8b; font-family: 'Open Sans', Helvetica, Arial, sans-serif; font-size: 14px;\"><div style=\"hyphens: manual; margin-bottom: 0px;\"><p style=\"hyphens: manual; color: var(--color-text); font-size: 16px; font-family: SourceSansPro, sans-serif; letter-spacing: 0px; line-height: 30px; margin-right: 0px; margin-bottom: 0px; margin-left: 0px;\">As part of the creation of the Imagery Technopole, Cannes also set up a business incubator for creative startups, which are directly linked to the businesses of Imagery and New Technologies.<\/p><\/div><\/div><h4 style=\"text-rendering: optimizelegibility; font-weight: bold; font-family: SourceSansPro-Regular, serif; letter-spacing: 0px; margin-top: 0px; margin-bottom: 0px; line-height: 1.2em; font-size: 17px; hyphens: manual; color: #36353c; background: #e2edf2; border-bottom: 1px solid var(--border-color-primary); padding: 19px 27px;\">Useful links<\/h4><div style=\"hyphens: manual; margin-bottom: 40px; border: 1px solid var(--border-color-primary); color: #777d8b; font-family: 'Open Sans', Helvetica, Arial, sans-serif; font-size: 14px;\"><div style=\"hyphens: manual; margin-bottom: 0px;\"><ul style=\"margin-right: 0px; margin-left: 0px; hyphens: manual; list-style: none; padding: 20px 27px;\"><li style=\"hyphens: manual; color: var(--color-primary); font-size: 16px; line-height: 30px; font-family: ITCAvantGardePro-demi, serif;\">Incubators Cr\u00e9aCannes<a style=\"background-image: initial; background-position: initial; background-size: initial; background-repeat: initial; background-attachment: initial; background-origin: initial; background-clip: initial; hyphens: manual; cursor: pointer; color: var(--color-theme-5); -webkit-tap-highlight-color: rgba(0, 0, 0, 0.3); margin-bottom: 0px; display: block; word-break: break-all; outline: none !important;\" href=\"http:\/\/www.cannes.com\/fr\/economie\/creacannes-la-cite-des-entreprises\/la-pepiniere-d-entreprises.html\" target=\"_blank\" rel=\"noopener noreferrer\">http:\/\/www.cannes.com\/fr\/economie\/creacannes-la-cite-des-entreprises\/la-pepiniere-d-entreprises.html<\/a><\/li><\/ul><\/div><\/div><div style=\"hyphens: manual; margin-bottom: 30px; color: #777d8b; font-family: 'Open Sans', Helvetica, Arial, sans-serif; font-size: 14px;\"><div style=\"hyphens: manual; margin-bottom: 0px;\"><p style=\"hyphens: manual; color: var(--color-text); font-size: 16px; font-family: SourceSansPro, sans-serif; letter-spacing: 0px; line-height: 30px; margin-right: 0px; margin-bottom: 0px; margin-left: 0px;\">The city of Grasse has its own incubator, which supports startups specializing in the Flavor and Cosmetics fields in priority. It also supports startups working in the Health, Microelectronics and Biochemistry sectors. A business hotel \u201cGrasse Biotech\u201d is also available in Grasse, and mainly focuses on Biotechnologies, Chemistry, Health and Cosmetics.<\/p><\/div><\/div><h4 style=\"text-rendering: optimizelegibility; font-weight: bold; font-family: SourceSansPro-Regular, serif; letter-spacing: 0px; margin-top: 0px; margin-bottom: 0px; line-height: 1.2em; font-size: 17px; hyphens: manual; color: #36353c; background: #e2edf2; border-bottom: 1px solid var(--border-color-primary); padding: 19px 27px;\">Useful links<\/h4><div style=\"hyphens: manual; margin-bottom: 40px; border: 1px solid var(--border-color-primary); color: #777d8b; font-family: 'Open Sans', Helvetica, Arial, sans-serif; font-size: 14px;\"><div style=\"hyphens: manual; margin-bottom: 0px;\"><ul style=\"margin-right: 0px; margin-left: 0px; hyphens: manual; list-style: none; padding: 20px 27px;\"><li style=\"hyphens: manual; color: var(--color-primary); font-size: 16px; line-height: 30px; margin-bottom: 36px; font-family: ITCAvantGardePro-demi, serif;\">Incubator Innovagrasse<a style=\"background-image: initial; background-position: initial; background-size: initial; background-repeat: initial; background-attachment: initial; background-origin: initial; background-clip: initial; hyphens: manual; cursor: pointer; color: var(--color-theme-5); -webkit-tap-highlight-color: rgba(0, 0, 0, 0.3); margin-bottom: 0px; display: block; word-break: break-all; outline: none !important;\" href=\"http:\/\/www.innovagrasse.fr\/\" target=\"_blank\" rel=\"noopener noreferrer\">http:\/\/www.innovagrasse.fr\/<\/a><\/li><li style=\"hyphens: manual; color: var(--color-primary); font-size: 16px; line-height: 30px; font-family: ITCAvantGardePro-demi, serif;\">Business Hotel Grasse Biotech<a style=\"background-image: initial; background-position: initial; background-size: initial; background-repeat: initial; background-attachment: initial; background-origin: initial; background-clip: initial; hyphens: manual; cursor: pointer; color: var(--color-theme-5); -webkit-tap-highlight-color: rgba(0, 0, 0, 0.3); margin-bottom: 0px; display: block; word-break: break-all; outline: none !important;\" href=\"http:\/\/www.grassebiotech.fr\/en\" target=\"_blank\" rel=\"noopener noreferrer\">http:\/\/www.grassebiotech.fr\/en<\/a><\/li><\/ul><\/div><\/div><h3 style=\"text-rendering: optimizelegibility; font-family: ITCAvantGardePro-Md, serif; letter-spacing: 0px; margin: 0px 0px 16px; line-height: 1.2em; font-size: 18px; hyphens: manual; color: #0e2655;\">Business accelerators<\/h3><div style=\"hyphens: manual; margin-bottom: 30px; color: #777d8b; font-family: 'Open Sans', Helvetica, Arial, sans-serif; font-size: 14px;\"><div style=\"hyphens: manual; margin-bottom: 0px;\"><p style=\"hyphens: manual; color: var(--color-text); font-size: 16px; font-family: SourceSansPro, sans-serif; letter-spacing: 0px; line-height: 30px; margin-right: 0px; margin-bottom: 16px; margin-left: 0px;\">Business accelerators are programs intended to help startups boost their growth through measures such as funding, legal, and accounting assistance, business accommodation, and training or support from a trained entrepreneur.<\/p><p style=\"hyphens: manual; color: var(--color-text); font-size: 16px; font-family: SourceSansPro, sans-serif; letter-spacing: 0px; line-height: 30px; margin-right: 0px; margin-bottom: 16px; margin-left: 0px;\">The missions of business accelerators are close to the incubators\u2019. The difference lies in the increased mentoring from entrepreneurs or Business Angels. Businesses hosted in accelerators are usually specializing in the Digital or Mobile industries and seeking to raise funds quickly.<\/p><p style=\"hyphens: manual; color: var(--color-text); font-size: 16px; font-family: SourceSansPro, sans-serif; letter-spacing: 0px; line-height: 30px; margin-right: 0px; margin-bottom: 0px; margin-left: 0px;\">The city of Nice hosts the business accelerator of Allianz within the Stadium of Allianz Arena.<br style=\"hyphens: manual; margin-bottom: 0px;\" \/>This accelerator supports startups specializing in Big Data, Collaborative Economy, Internet of Things, Insurtech and e-Travel in priority.<\/p><\/div><\/div><h4 style=\"text-rendering: optimizelegibility; font-weight: bold; font-family: SourceSansPro-Regular, serif; letter-spacing: 0px; margin-top: 0px; margin-bottom: 0px; line-height: 1.2em; font-size: 17px; hyphens: manual; color: #36353c; background: #e2edf2; border-bottom: 1px solid var(--border-color-primary); padding: 19px 27px;\">Useful links<\/h4><div style=\"hyphens: manual; margin-bottom: 40px; border: 1px solid var(--border-color-primary); color: #777d8b; font-family: 'Open Sans', Helvetica, Arial, sans-serif; font-size: 14px;\"><div style=\"hyphens: manual; margin-bottom: 0px;\"><ul style=\"margin-right: 0px; margin-left: 0px; hyphens: manual; list-style: none; padding: 20px 27px;\"><li style=\"hyphens: manual; color: var(--color-primary); font-size: 16px; line-height: 30px; font-family: ITCAvantGardePro-demi, serif;\">Accelerator Allianz<a style=\"background-image: initial; background-position: initial; background-size: initial; background-repeat: initial; background-attachment: initial; background-origin: initial; background-clip: initial; hyphens: manual; cursor: pointer; color: var(--color-theme-5); -webkit-tap-highlight-color: rgba(0, 0, 0, 0.3); margin-bottom: 0px; display: block; word-break: break-all; outline: none !important;\" href=\"https:\/\/www.allianz.fr\/accelerateur\/\" target=\"_blank\" rel=\"noopener noreferrer\">https:\/\/www.allianz.fr\/accelerateur\/<\/a><\/li><\/ul><\/div><\/div><div style=\"hyphens: manual; margin-bottom: 30px; color: #777d8b; font-family: 'Open Sans', Helvetica, Arial, sans-serif; font-size: 14px;\"><div style=\"hyphens: manual; margin-bottom: 0px;\"><p style=\"hyphens: manual; color: var(--color-text); font-size: 16px; font-family: SourceSansPro, sans-serif; letter-spacing: 0px; line-height: 30px; margin-right: 0px; margin-bottom: 0px; margin-left: 0px;\">The technopole Sophia Antipolis hosts one of the many Villages by CA, a network of business accelerators developed by the Cr\u00e9dit Agricole. Le Village by CA supports companies working in different sectors such as Big Data, Artificial Intelligence, and Cybersecurity.<\/p><\/div><\/div><h4 style=\"text-rendering: optimizelegibility; font-weight: bold; font-family: SourceSansPro-Regular, serif; letter-spacing: 0px; margin-top: 0px; margin-bottom: 0px; line-height: 1.2em; font-size: 17px; hyphens: manual; color: #36353c; background: #e2edf2; border-bottom: 1px solid var(--border-color-primary); padding: 19px 27px;\">Useful links<\/h4><div style=\"hyphens: manual; margin-bottom: 40px; border: 1px solid var(--border-color-primary); color: #777d8b; font-family: 'Open Sans', Helvetica, Arial, sans-serif; font-size: 14px;\"><div style=\"hyphens: manual; margin-bottom: 0px;\"><ul style=\"margin-right: 0px; margin-left: 0px; hyphens: manual; list-style: none; padding: 20px 27px;\"><li style=\"hyphens: manual; color: var(--color-primary); font-size: 16px; line-height: 30px; font-family: ITCAvantGardePro-demi, serif;\">Accelerator Village by CA<a style=\"background-image: initial; background-position: initial; background-size: initial; background-repeat: initial; background-attachment: initial; background-origin: initial; background-clip: initial; hyphens: manual; cursor: pointer; color: var(--color-theme-5); -webkit-tap-highlight-color: rgba(0, 0, 0, 0.3); margin-bottom: 0px; display: block; word-break: break-all; outline: none !important;\" href=\"https:\/\/www.levillagebyca.com\/en\" target=\"_blank\" rel=\"noopener noreferrer\">https:\/\/www.levillagebyca.com\/en<\/a><\/li><\/ul><\/div><\/div><div style=\"hyphens: manual; margin-bottom: 30px; color: #777d8b; font-family: 'Open Sans', Helvetica, Arial, sans-serif; font-size: 14px;\"><div style=\"hyphens: manual; margin-bottom: 0px;\"><p style=\"hyphens: manual; color: var(--color-text); font-size: 16px; font-family: SourceSansPro, sans-serif; letter-spacing: 0px; line-height: 30px; margin-right: 0px; margin-bottom: 0px; margin-left: 0px;\">The Principality of Monaco launched its own business incubator-accelerator with MonacoTech in 2017. Hosting more than ten companies, it focuses on different sectors such as Energy, Health, Sailing, and Online Storage Solutions.<\/p><\/div><\/div><h4 style=\"text-rendering: optimizelegibility; font-weight: bold; font-family: SourceSansPro-Regular, serif; letter-spacing: 0px; margin-top: 0px; margin-bottom: 0px; line-height: 1.2em; font-size: 17px; hyphens: manual; color: #36353c; background: #e2edf2; border-bottom: 1px solid var(--border-color-primary); padding: 19px 27px;\">Useful links<\/h4><div style=\"hyphens: manual; margin-bottom: 40px; border: 1px solid var(--border-color-primary); color: #777d8b; font-family: 'Open Sans', Helvetica, Arial, sans-serif; font-size: 14px;\"><div style=\"hyphens: manual; margin-bottom: 0px;\"><ul style=\"margin-right: 0px; margin-left: 0px; hyphens: manual; list-style: none; padding: 20px 27px;\"><li style=\"hyphens: manual; color: var(--color-primary); font-size: 16px; line-height: 30px; font-family: ITCAvantGardePro-demi, serif;\">Incubator-Accelerator MonacoTech<a style=\"background-image: initial; background-position: initial; background-size: initial; background-repeat: initial; background-attachment: initial; background-origin: initial; background-clip: initial; hyphens: manual; cursor: pointer; color: var(--color-theme-5); -webkit-tap-highlight-color: rgba(0, 0, 0, 0.3); margin-bottom: 0px; display: block; word-break: break-all; outline: none !important;\" href=\"https:\/\/monacotech.mc\/en\/\" target=\"_blank\" rel=\"noopener noreferrer\">https:\/\/monacotech.mc\/en\/<\/a><\/li><\/ul><\/div><\/div><div style=\"hyphens: manual; margin-bottom: 40px; border: 1px solid var(--border-color-primary); color: #777d8b; font-family: 'Open Sans', Helvetica, Arial, sans-serif; font-size: 14px;\"><div style=\"hyphens: manual; margin-bottom: 0px;\">\u00a0<\/div><\/div><div style=\"hyphens: manual; margin-bottom: 40px; border: 1px solid var(--border-color-primary); color: #777d8b; font-family: 'Open Sans', Helvetica, Arial, sans-serif; font-size: 14px;\"><div style=\"hyphens: manual; margin-bottom: 0px;\">\u00a0<\/div><\/div><\/div><\/div><\/div><\/div>\t\t\t\t\t<\/div>\n\t\t\t\t\t\t<\/div>\n\t\t\t\t<\/div>\n\t\t\t\t\t\t<\/div>\n\t\t\t\t\t<\/div>\n\t\t<\/div>\n\t\t\t\t\t\t\t\t<\/div>\n\t\t\t\t\t<\/div>\n\t\t<\/section>\n\t\t\t\t<section class=\"elementor-section elementor-top-section elementor-element elementor-element-ff52d4c elementor-section-boxed elementor-section-height-default elementor-section-height-default\" data-id=\"ff52d4c\" data-element_type=\"section\">\n\t\t\t\t\t\t<div class=\"elementor-container elementor-column-gap-default\">\n\t\t\t\t\t\t\t<div class=\"elementor-row\">\n\t\t\t\t\t<div class=\"elementor-column elementor-col-33 elementor-top-column elementor-element elementor-element-72d82b5\" data-id=\"72d82b5\" data-element_type=\"column\">\n\t\t\t<div class=\"elementor-column-wrap\">\n\t\t\t\t\t\t\t<div class=\"elementor-widget-wrap\">\n\t\t\t\t\t\t\t\t<\/div>\n\t\t\t\t\t<\/div>\n\t\t<\/div>\n\t\t\t\t<div class=\"elementor-column elementor-col-66 elementor-top-column elementor-element elementor-element-d0f5ccb\" data-id=\"d0f5ccb\" data-element_type=\"column\">\n\t\t\t<div class=\"elementor-column-wrap elementor-element-populated\">\n\t\t\t\t\t\t\t<div class=\"elementor-widget-wrap\">\n\t\t\t\t\t\t<div class=\"elementor-element elementor-element-9b96cc8 elementor-widget elementor-widget-text-editor\" data-id=\"9b96cc8\" data-element_type=\"widget\" data-widget_type=\"text-editor.default\">\n\t\t\t\t<div class=\"elementor-widget-container\">\n\t\t\t\t\t\t\t\t<div class=\"elementor-text-editor elementor-clearfix\">\n\t\t\t\t<div style=\"hyphens: manual; margin-bottom: 30px; color: #777d8b; font-family: 'Open Sans', Helvetica, Arial, sans-serif; font-size: 14px;\"><div style=\"hyphens: manual; margin-bottom: 0px;\"><h2 style=\"text-rendering: optimizelegibility; font-family: ITCAvantGardePro-Demi, serif; letter-spacing: 0px; margin-top: 0px; margin-bottom: 26px; font-size: 20px; line-height: 1.2em; hyphens: manual;\">Legal aspects<\/h2><\/div><\/div><div style=\"hyphens: manual; margin-bottom: 30px; color: #777d8b; font-family: 'Open Sans', Helvetica, Arial, sans-serif; font-size: 14px;\"><div style=\"hyphens: manual; margin-bottom: 0px;\"><p style=\"hyphens: manual; color: var(--color-text); font-size: 16px; font-family: SourceSansPro, sans-serif; letter-spacing: 0px; line-height: 30px; margin-right: 0px; margin-bottom: 0px; margin-left: 0px;\">Commercial, professional or mixed leases? Administrative domiciliation or exercise of the activity? Do you face legal aspects concerning your premises or the property management of your business site? We try to best answer your questions, whether you are a tenant or buyer of your premises. Start with \u201c<span style=\"font-weight: bold; hyphens: manual; margin-bottom: 0px;\"><a style=\"background-image: initial; background-position: initial; background-size: initial; background-repeat: initial; background-attachment: initial; background-origin: initial; background-clip: initial; hyphens: manual; cursor: pointer; color: var(--color-theme-5); -webkit-tap-highlight-color: rgba(0, 0, 0, 0.3); margin-bottom: 0px; outline: none !important;\" href=\"https:\/\/bpifrance-creation.fr\/the-keys-to-set-up-a-business-in-france\" target=\"_blank\" rel=\"noopener noreferrer\">The practical guide for entrepreneurs<\/a><\/span>\u201d from BPI France<\/p><\/div><\/div><div style=\"hyphens: manual; margin-bottom: 40px; border: 1px solid var(--border-color-primary); color: #777d8b;\"><div style=\"hyphens: manual; margin-bottom: 0px;\"><h4 style=\"font-family: SourceSansPro-Regular, serif; font-size: 17px; text-rendering: optimizelegibility; font-weight: bold; letter-spacing: 0px; margin-top: 0px; margin-bottom: 0px; line-height: 1.2em; hyphens: manual; color: #36353c; background: #e2edf2; border-bottom: 1px solid var(--border-color-primary); padding: 19px 27px;\">Useful links<\/h4><ul style=\"font-family: 'Open Sans', Helvetica, Arial, sans-serif; font-size: 14px; margin-right: 0px; margin-left: 0px; hyphens: manual; list-style: none; padding: 20px 27px;\"><li style=\"hyphens: manual; color: var(--color-primary); font-size: 16px; line-height: 30px; font-family: ITCAvantGardePro-demi, serif;\">Which premises for a newly created company?<a style=\"background-image: initial; background-position: initial; background-size: initial; background-repeat: initial; background-attachment: initial; background-origin: initial; background-clip: initial; hyphens: manual; cursor: pointer; color: var(--color-theme-5); -webkit-tap-highlight-color: rgba(0, 0, 0, 0.3); margin-bottom: 0px; display: block; word-break: break-all; outline: none !important;\" href=\"https:\/\/bpifrance-creation.fr\/encyclopedie\/locaux-lentreprise\/baux\/baux-commerciaux\" target=\"_blank\" rel=\"noopener noreferrer\">https:\/\/bpifrance-creation.fr\/encyclopedie\/locaux-lentreprise\/baux\/baux-commerciaux<\/a><\/li><\/ul><div><div style=\"hyphens: manual; margin-bottom: 30px; font-family: 'Open Sans', Helvetica, Arial, sans-serif; font-size: 14px;\"><div style=\"hyphens: manual; margin-bottom: 0px;\"><h3 style=\"text-rendering: optimizelegibility; font-family: ITCAvantGardePro-Md, serif; letter-spacing: 0px; margin: 0px 0px 16px; line-height: 1.2em; font-size: 18px; hyphens: manual; color: #0e2655;\">\u00a0<\/h3><h3 style=\"text-rendering: optimizelegibility; font-family: ITCAvantGardePro-Md, serif; letter-spacing: 0px; margin: 0px 0px 16px; line-height: 1.2em; font-size: 18px; hyphens: manual; color: #0e2655;\">Commercial Rentals<\/h3><p style=\"hyphens: manual; color: var(--color-text); font-size: 16px; font-family: SourceSansPro, sans-serif; letter-spacing: 0px; line-height: 30px; margin-right: 0px; margin-bottom: 0px; margin-left: 0px;\">Commercial leases are specifically for companies engaging in a commercial, industrial or artisanal activity. The rented premises will be used for running an artisanal or a commercial business. Find out more below. Liberal professions can also seek commercial leases with the agreement of the premises\u2019 owner.<\/p><\/div><\/div><div style=\"hyphens: manual; margin-bottom: 40px; border: 1px solid var(--border-color-primary);\"><div style=\"hyphens: manual; margin-bottom: 0px;\"><h4 style=\"font-family: SourceSansPro-Regular, serif; font-size: 17px; text-rendering: optimizelegibility; font-weight: bold; letter-spacing: 0px; margin-top: 0px; margin-bottom: 0px; line-height: 1.2em; hyphens: manual; color: #36353c; background: #e2edf2; border-bottom: 1px solid var(--border-color-primary); padding: 19px 27px;\">Useful links<\/h4><ul style=\"font-family: 'Open Sans', Helvetica, Arial, sans-serif; font-size: 14px; margin-right: 0px; margin-left: 0px; hyphens: manual; list-style: none; padding: 20px 27px;\"><li style=\"hyphens: manual; color: var(--color-primary); font-size: 16px; line-height: 30px; font-family: ITCAvantGardePro-demi, serif;\">Professional Leases<a style=\"background-image: initial; background-position: initial; background-size: initial; background-repeat: initial; background-attachment: initial; background-origin: initial; background-clip: initial; hyphens: manual; cursor: pointer; color: var(--color-theme-5); -webkit-tap-highlight-color: rgba(0, 0, 0, 0.3); margin-bottom: 0px; display: block; word-break: break-all; outline: none !important;\" href=\"https:\/\/bpifrance-creation.fr\/encyclopedie\/locaux-lentreprise\/baux\/baux-professionnels\" target=\"_blank\" rel=\"noopener noreferrer\">https:\/\/bpifrance-creation.fr\/encyclopedie\/locaux-lentreprise\/baux\/baux-professionnels<\/a><\/li><\/ul><div><div style=\"hyphens: manual; margin-bottom: 30px; font-family: 'Open Sans', Helvetica, Arial, sans-serif; font-size: 14px;\"><div style=\"hyphens: manual; margin-bottom: 0px;\"><h3 style=\"text-rendering: optimizelegibility; font-family: ITCAvantGardePro-Md, serif; letter-spacing: 0px; margin: 0px 0px 16px; line-height: 1.2em; font-size: 18px; hyphens: manual; color: #0e2655;\">Professional Leases<\/h3><p style=\"hyphens: manual; color: var(--color-text); font-size: 16px; font-family: SourceSansPro, sans-serif; letter-spacing: 0px; line-height: 30px; margin-right: 0px; margin-bottom: 0px; margin-left: 0px;\">Professional leases are specifically for tenants running a non-commercial or artisanal activity (liberal occupation or related) as long as no other artisanal business has been run in the same premises. Find out more below.<\/p><\/div><\/div><div style=\"hyphens: manual; margin-bottom: 40px; border: 1px solid var(--border-color-primary);\"><div style=\"hyphens: manual; margin-bottom: 0px;\"><h4 style=\"font-family: SourceSansPro-Regular, serif; font-size: 17px; text-rendering: optimizelegibility; font-weight: bold; letter-spacing: 0px; margin-top: 0px; margin-bottom: 0px; line-height: 1.2em; hyphens: manual; color: #36353c; background: #e2edf2; border-bottom: 1px solid var(--border-color-primary); padding: 19px 27px;\">Useful links<\/h4><ul style=\"font-family: 'Open Sans', Helvetica, Arial, sans-serif; font-size: 14px; margin-right: 0px; margin-left: 0px; hyphens: manual; list-style: none; padding: 20px 27px;\"><li style=\"hyphens: manual; color: var(--color-primary); font-size: 16px; line-height: 30px; font-family: ITCAvantGardePro-demi, serif;\">Professional Leases<a style=\"background-image: initial; background-position: initial; background-size: initial; background-repeat: initial; background-attachment: initial; background-origin: initial; background-clip: initial; hyphens: manual; cursor: pointer; color: var(--color-theme-5); -webkit-tap-highlight-color: rgba(0, 0, 0, 0.3); margin-bottom: 0px; display: block; word-break: break-all; outline: none !important;\" href=\"https:\/\/bpifrance-creation.fr\/encyclopedie\/locaux-lentreprise\/baux\/baux-professionnels\" target=\"_blank\" rel=\"noopener noreferrer\">https:\/\/bpifrance-creation.fr\/encyclopedie\/locaux-lentreprise\/baux\/baux-professionnels<\/a><\/li><\/ul><div><span style=\"font-family: ITCAvantGardePro-demi, serif;\">\u00a0<\/span><\/div><div><div style=\"hyphens: manual; margin-bottom: 30px; font-family: 'Open Sans', Helvetica, Arial, sans-serif; font-size: 14px;\"><div style=\"hyphens: manual; margin-bottom: 0px;\"><h3 style=\"text-rendering: optimizelegibility; font-family: ITCAvantGardePro-Md, serif; letter-spacing: 0px; margin: 0px 0px 16px; line-height: 1.2em; font-size: 18px; hyphens: manual; color: #0e2655;\">Mixed Leases<\/h3><p style=\"hyphens: manual; color: var(--color-text); font-size: 16px; font-family: SourceSansPro, sans-serif; letter-spacing: 0px; line-height: 30px; margin-right: 0px; margin-bottom: 0px; margin-left: 0px;\">Same as the professional leases, mixed leases are premises in which the tenant will run a non-commercial (liberal occupation or related) or artisanal activity as long as no other artisanal business is run in the same premises. The specific feature of mixed leases is that a part of the premises is reserved for the housing unit of the tenants. Find out more below.<\/p><\/div><\/div><div style=\"hyphens: manual; margin-bottom: 40px; border: 1px solid var(--border-color-primary);\"><div style=\"hyphens: manual; margin-bottom: 0px;\"><h4 style=\"font-family: SourceSansPro-Regular, serif; font-size: 17px; text-rendering: optimizelegibility; font-weight: bold; letter-spacing: 0px; margin-top: 0px; margin-bottom: 0px; line-height: 1.2em; hyphens: manual; color: #36353c; background: #e2edf2; border-bottom: 1px solid var(--border-color-primary); padding: 19px 27px;\">Useful links<\/h4><ul style=\"font-family: 'Open Sans', Helvetica, Arial, sans-serif; font-size: 14px; margin-right: 0px; margin-left: 0px; hyphens: manual; list-style: none; padding: 20px 27px;\"><li style=\"hyphens: manual; color: var(--color-primary); font-size: 16px; line-height: 30px; font-family: ITCAvantGardePro-demi, serif;\">Mixed Leases<a style=\"background-image: initial; background-position: initial; background-size: initial; background-repeat: initial; background-attachment: initial; background-origin: initial; background-clip: initial; hyphens: manual; cursor: pointer; color: var(--color-theme-5); -webkit-tap-highlight-color: rgba(0, 0, 0, 0.3); margin-bottom: 0px; display: block; word-break: break-all; outline: none !important;\" href=\"https:\/\/bpifrance-creation.fr\/encyclopedie\/locaux-lentreprise\/baux\/baux-mixtes\" target=\"_blank\" rel=\"noopener noreferrer\">https:\/\/bpifrance-creation.fr\/encyclopedie\/locaux-lentreprise\/baux\/baux-mixtes<\/a><\/li><\/ul><div><span style=\"font-family: ITCAvantGardePro-demi, serif;\">\u00a0<\/span><\/div><div><div style=\"hyphens: manual; margin-bottom: 30px; font-family: 'Open Sans', Helvetica, Arial, sans-serif; font-size: 14px;\"><div style=\"hyphens: manual; margin-bottom: 0px;\"><h2 style=\"text-rendering: optimizelegibility; font-family: ITCAvantGardePro-Demi, serif; letter-spacing: 0px; margin-top: 0px; margin-bottom: 26px; font-size: 20px; line-height: 1.2em; hyphens: manual;\">Assistance and useful contacts<\/h2><\/div><\/div><div style=\"hyphens: manual; margin-bottom: 30px; font-family: 'Open Sans', Helvetica, Arial, sans-serif; font-size: 14px;\"><div style=\"hyphens: manual; margin-bottom: 0px;\"><p style=\"hyphens: manual; color: var(--color-text); font-size: 16px; font-family: SourceSansPro, sans-serif; letter-spacing: 0px; line-height: 30px; margin-right: 0px; margin-bottom: 0px; margin-left: 0px;\">Do you have any questions regarding the set up of your company or regarding the search for premises? Several relevant organizations can assist you:<\/p><\/div><\/div><div style=\"hyphens: manual; margin-bottom: 30px; font-family: 'Open Sans', Helvetica, Arial, sans-serif; font-size: 14px;\"><div style=\"hyphens: manual; margin-bottom: 0px;\"><p style=\"hyphens: manual; color: var(--color-text); font-size: 16px; font-family: SourceSansPro, sans-serif; letter-spacing: 0px; line-height: 30px; margin-right: 0px; margin-bottom: 0px; margin-left: 0px;\">Team C\u00f4te d\u2019Azur \u2013 Business Promotion Agency of the C\u00f4te d\u2019Azur<br style=\"hyphens: manual;\" \/>400 Promenade des Anglais, BP 3185, 06204 Nice cedex 3, France<br style=\"hyphens: manual;\" \/><span style=\"hyphens: manual;\">Phone<\/span>:\u00a0<a style=\"background-image: initial; background-position: initial; background-size: initial; background-repeat: initial; background-attachment: initial; background-origin: initial; background-clip: initial; hyphens: manual; cursor: pointer; color: var(--color-theme-5); -webkit-tap-highlight-color: rgba(0, 0, 0, 0.3); outline: none !important;\" href=\"tel:+33492175151\">+33 (0)4 92 17 51 51<\/a><br style=\"hyphens: manual;\" \/><span style=\"hyphens: manual; margin-bottom: 0px;\">Fax<\/span>: +33 (0)4 93 80 05 76<\/p><\/div><\/div><div style=\"hyphens: manual; margin-bottom: 30px; font-family: 'Open Sans', Helvetica, Arial, sans-serif; font-size: 14px;\"><div style=\"hyphens: manual; margin-bottom: 0px;\"><p style=\"hyphens: manual; color: var(--color-text); font-size: 16px; font-family: SourceSansPro, sans-serif; letter-spacing: 0px; line-height: 30px; margin-right: 0px; margin-bottom: 0px; margin-left: 0px;\">Eco-Vall\u00e9e Plaine du Var \u2013 Operation of national interest<br style=\"hyphens: manual;\" \/>455 Promenade des Anglais BP 33257, 06205 Nice Cedex 3 \u2013 Immeuble Nice Plaza<br style=\"hyphens: manual;\" \/><span style=\"hyphens: manual;\">Phone<\/span>:\u00a0<a style=\"background-image: initial; background-position: initial; background-size: initial; background-repeat: initial; background-attachment: initial; background-origin: initial; background-clip: initial; hyphens: manual; cursor: pointer; color: var(--color-theme-5); -webkit-tap-highlight-color: rgba(0, 0, 0, 0.3); margin-bottom: 0px; outline: none !important;\" href=\"tel:+33493217100\">+33 (0)4 93 21 71 00<\/a><\/p><\/div><\/div><div style=\"hyphens: manual; margin-bottom: 30px; font-family: 'Open Sans', Helvetica, Arial, sans-serif; font-size: 14px;\"><div style=\"hyphens: manual; margin-bottom: 0px;\"><p style=\"hyphens: manual; color: var(--color-text); font-size: 16px; font-family: SourceSansPro, sans-serif; letter-spacing: 0px; line-height: 30px; margin-right: 0px; margin-bottom: 0px; margin-left: 0px;\">CCI C\u00f4te d\u2019Azur<br style=\"hyphens: manual;\" \/>20 Bd Carabacel, CS 11259 \u2013 06500 Nice Cedex 1<br style=\"hyphens: manual;\" \/>Phone:\u00a0<a style=\"background-image: initial; background-position: initial; background-size: initial; background-repeat: initial; background-attachment: initial; background-origin: initial; background-clip: initial; hyphens: manual; cursor: pointer; color: var(--color-theme-5); -webkit-tap-highlight-color: rgba(0, 0, 0, 0.3); outline: none !important;\" href=\"tel:+33800422222\">+33 (0)8 00 42 22 22<\/a><br style=\"hyphens: manual;\" \/><span style=\"hyphens: manual; margin-bottom: 0px;\">Phone<\/span>: +33 (0)4 93 13 73 17 from abroad<\/p><p style=\"hyphens: manual; color: var(--color-text); font-size: 16px; font-family: SourceSansPro, sans-serif; letter-spacing: 0px; line-height: 30px; margin-right: 0px; margin-bottom: 0px; margin-left: 0px;\">\u00a0<\/p><h4 style=\"text-rendering: optimizelegibility; font-weight: bold; font-family: SourceSansPro-Regular, serif; margin-top: 0px; margin-bottom: 0px; line-height: 1.2em; font-size: 17px; hyphens: manual; color: #36353c; background: #e2edf2; border-bottom: 1px solid var(--border-color-primary); padding: 19px 27px;\">Useful contacts<\/h4><ul style=\"margin-right: 0px; margin-left: 0px; hyphens: manual; list-style: none; padding: 20px 27px; font-size: 14px; background-color: #ffffff;\"><li style=\"hyphens: manual; color: var(--color-primary); font-size: 16px; line-height: 30px; margin-bottom: 36px; font-family: ITCAvantGardePro-demi, serif;\">Contact Team C\u00f4te d\u2019Azur :\u00a0https:\/\/www.investincotedazur.com\/en\/contact\/<\/li><li style=\"hyphens: manual; color: var(--color-primary); font-size: 16px; line-height: 30px; margin-bottom: 36px; font-family: ITCAvantGardePro-demi, serif;\">Contact Eco-Vall\u00e9e<a style=\"background-image: initial; background-position: initial; background-size: initial; background-repeat: initial; background-attachment: initial; background-origin: initial; background-clip: initial; hyphens: manual; cursor: pointer; color: var(--color-theme-5); -webkit-tap-highlight-color: rgba(0, 0, 0, 0.3); margin-bottom: 0px; display: block; word-break: break-all; outline: none !important;\" href=\"http:\/\/www.ecovallee-cotedazur.com\/contact\" target=\"_blank\" rel=\"noopener noreferrer\">http:\/\/www.ecovallee-cotedazur.com\/contact<\/a><\/li><li style=\"hyphens: manual; color: var(--color-primary); font-size: 16px; line-height: 30px; margin-bottom: 36px; font-family: ITCAvantGardePro-demi, serif;\">Contact CCI C\u00f4te d\u2019Azur<a style=\"background-image: initial; background-position: initial; background-size: initial; background-repeat: initial; background-attachment: initial; background-origin: initial; background-clip: initial; hyphens: manual; cursor: pointer; color: var(--color-theme-5); -webkit-tap-highlight-color: rgba(0, 0, 0, 0.3); margin-bottom: 0px; display: block; word-break: break-all; outline: none !important;\" href=\"https:\/\/www.cote-azur.cci.fr\/contact\/\" target=\"_blank\" rel=\"noopener noreferrer\">https:\/\/www.cote-azur.cci.fr\/contact\/<\/a><\/li><li style=\"hyphens: manual; color: var(--color-primary); font-size: 16px; line-height: 30px; font-family: ITCAvantGardePro-demi, serif;\">Contact Communaut\u00e9 d\u2019Agglom\u00e9ration de Sophia-Antipolis<a style=\"background-image: initial; background-position: initial; background-size: initial; background-repeat: initial; background-attachment: initial; background-origin: initial; background-clip: initial; hyphens: manual; cursor: pointer; color: var(--color-theme-5); -webkit-tap-highlight-color: rgba(0, 0, 0, 0.3); margin-bottom: 0px; display: block; word-break: break-all; outline: none !important;\" href=\"http:\/\/www.casa-infos.fr\/node\/166\" target=\"_blank\" rel=\"noopener noreferrer\">http:\/\/www.casa-infos.fr\/node\/166<\/a><\/li><\/ul><\/div><\/div><\/div><\/div><\/div><\/div><\/div><\/div><\/div><\/div><\/div><\/div><\/div><\/div>\t\t\t\t\t<\/div>\n\t\t\t\t\t\t<\/div>\n\t\t\t\t<\/div>\n\t\t\t\t\t\t<\/div>\n\t\t\t\t\t<\/div>\n\t\t<\/div>\n\t\t\t\t\t\t\t\t<\/div>\n\t\t\t\t\t<\/div>\n\t\t<\/section>\n\t\t\t\t<section class=\"elementor-section elementor-top-section elementor-element elementor-element-ee89d0c elementor-section-boxed elementor-section-height-default elementor-section-height-default\" data-id=\"ee89d0c\" data-element_type=\"section\">\n\t\t\t\t\t\t<div class=\"elementor-container elementor-column-gap-default\">\n\t\t\t\t\t\t\t<div class=\"elementor-row\">\n\t\t\t\t\t<div class=\"elementor-column elementor-col-100 elementor-top-column elementor-element elementor-element-4482034\" data-id=\"4482034\" data-element_type=\"column\">\n\t\t\t<div class=\"elementor-column-wrap elementor-element-populated\">\n\t\t\t\t\t\t\t<div class=\"elementor-widget-wrap\">\n\t\t\t\t\t\t<div class=\"elementor-element elementor-element-26cbab1 elementor-widget-divider--view-line elementor-widget elementor-widget-divider\" data-id=\"26cbab1\" data-element_type=\"widget\" data-widget_type=\"divider.default\">\n\t\t\t\t<div class=\"elementor-widget-container\">\n\t\t\t\t\t<div class=\"elementor-divider\">\n\t\t\t<span class=\"elementor-divider-separator\">\n\t\t\t\t\t\t<\/span>\n\t\t<\/div>\n\t\t\t\t<\/div>\n\t\t\t\t<\/div>\n\t\t\t\t\t\t<\/div>\n\t\t\t\t\t<\/div>\n\t\t<\/div>\n\t\t\t\t\t\t\t\t<\/div>\n\t\t\t\t\t<\/div>\n\t\t<\/section>\n\t\t\t\t<section class=\"elementor-section elementor-top-section elementor-element elementor-element-646aab6 elementor-section-boxed elementor-section-height-default elementor-section-height-default\" data-id=\"646aab6\" data-element_type=\"section\">\n\t\t\t\t\t\t<div class=\"elementor-container elementor-column-gap-default\">\n\t\t\t\t\t\t\t<div class=\"elementor-row\">\n\t\t\t\t\t<div class=\"elementor-column elementor-col-100 elementor-top-column elementor-element elementor-element-67b3a01\" data-id=\"67b3a01\" data-element_type=\"column\">\n\t\t\t<div class=\"elementor-column-wrap elementor-element-populated\">\n\t\t\t\t\t\t\t<div class=\"elementor-widget-wrap\">\n\t\t\t\t\t\t<div class=\"elementor-element elementor-element-9b92231 elementor-widget elementor-widget-heading\" data-id=\"9b92231\" data-element_type=\"widget\" data-widget_type=\"heading.default\">\n\t\t\t\t<div class=\"elementor-widget-container\">\n\t\t\t<h2 class=\"elementor-heading-title elementor-size-default\">Connecting to the local ecosystem<\/h2>\t\t<\/div>\n\t\t\t\t<\/div>\n\t\t\t\t\t\t<\/div>\n\t\t\t\t\t<\/div>\n\t\t<\/div>\n\t\t\t\t\t\t\t\t<\/div>\n\t\t\t\t\t<\/div>\n\t\t<\/section>\n\t\t\t\t<section class=\"elementor-section elementor-top-section elementor-element elementor-element-e40ba54 elementor-section-boxed elementor-section-height-default elementor-section-height-default\" data-id=\"e40ba54\" data-element_type=\"section\">\n\t\t\t\t\t\t<div class=\"elementor-container elementor-column-gap-default\">\n\t\t\t\t\t\t\t<div class=\"elementor-row\">\n\t\t\t\t\t<div class=\"elementor-column elementor-col-33 elementor-top-column elementor-element elementor-element-e571393\" data-id=\"e571393\" data-element_type=\"column\">\n\t\t\t<div class=\"elementor-column-wrap elementor-element-populated\">\n\t\t\t\t\t\t\t<div class=\"elementor-widget-wrap\">\n\t\t\t\t\t\t<div class=\"elementor-element elementor-element-a36e434 dce_masking-none elementor-widget elementor-widget-image\" data-id=\"a36e434\" data-element_type=\"widget\" data-widget_type=\"image.default\">\n\t\t\t\t<div class=\"elementor-widget-container\">\n\t\t\t\t\t\t\t\t<div class=\"elementor-image\">\n\t\t\t\t\t\t\t\t\t\t\t\t<img width=\"150\" height=\"150\" src=\"https:\/\/www.investincotedazur.com\/wp-content\/uploads\/2022\/09\/H1.-SE-CONNECTER-ECOSYSTEME-474x324-1-150x150.jpg\" class=\"attachment-thumbnail size-thumbnail wp-image-11527\" alt=\"Se connecter \u00e0 l\u2019\u00e9cosyst\u00e8me local\" \/>\t\t\t\t\t\t\t\t\t\t\t\t\t\t<\/div>\n\t\t\t\t\t\t<\/div>\n\t\t\t\t<\/div>\n\t\t\t\t\t\t<\/div>\n\t\t\t\t\t<\/div>\n\t\t<\/div>\n\t\t\t\t<div class=\"elementor-column elementor-col-66 elementor-top-column elementor-element elementor-element-4508ca0\" data-id=\"4508ca0\" data-element_type=\"column\">\n\t\t\t<div class=\"elementor-column-wrap elementor-element-populated\">\n\t\t\t\t\t\t\t<div class=\"elementor-widget-wrap\">\n\t\t\t\t\t\t<div class=\"elementor-element elementor-element-07d377c elementor-widget elementor-widget-text-editor\" data-id=\"07d377c\" data-element_type=\"widget\" data-widget_type=\"text-editor.default\">\n\t\t\t\t<div class=\"elementor-widget-container\">\n\t\t\t\t\t\t\t\t<div class=\"elementor-text-editor elementor-clearfix\">\n\t\t\t\t<div style=\"hyphens: manual; margin-bottom: 30px; color: #777d8b;\"><div style=\"hyphens: manual; margin-bottom: 0px;\"><div style=\"hyphens: manual; margin-bottom: 30px;\"><div style=\"hyphens: manual; margin-bottom: 0px;\"><div style=\"hyphens: manual; margin-bottom: 30px;\"><div style=\"hyphens: manual; margin-bottom: 0px;\"><h2 style=\"font-family: ITCAvantGardePro-Demi, serif; font-size: 20px; box-sizing: border-box; text-rendering: optimizelegibility; font-weight: 500; letter-spacing: 0px; margin-top: 0px; margin-bottom: 26px; text-transform: none; line-height: 1.2em; hyphens: manual; color: var(--color-primary);\">Key sectors<\/h2><div style=\"hyphens: manual; margin-bottom: 30px; color: #777d8b; font-family: 'Open Sans', Helvetica, Arial, sans-serif; font-size: 14px;\"><div style=\"hyphens: manual; margin-bottom: 0px;\">\u00a0<\/div><\/div><div style=\"hyphens: manual; margin-bottom: 30px; color: #777d8b; font-family: 'Open Sans', Helvetica, Arial, sans-serif; font-size: 14px;\"><div style=\"hyphens: manual; margin-bottom: 0px;\"><p style=\"hyphens: manual; color: var(--color-text); font-size: 16px; font-family: SourceSansPro, sans-serif; letter-spacing: 0px; line-height: 30px; margin-right: 0px; margin-bottom: 16px; margin-left: 0px;\">The C\u00f4te d\u2019Azur is experiencing a very strong growth of foreign direct investment in its territory, according to a profile of investment-oriented to services, R &amp; D and new technologies.<\/p><p style=\"hyphens: manual; color: var(--color-text); font-size: 16px; font-family: SourceSansPro, sans-serif; letter-spacing: 0px; line-height: 30px; margin-right: 0px; margin-bottom: 16px; margin-left: 0px;\">As a leading region in the fields of research and innovation, the C\u00f4te d\u2019Azur offers companies an exceptional potential thanks to a constantly growing pool of expertise, research laboratories of excellence, and professional networks that promote cross-fertilization between companies and universities, SMEs and key accounts, public research and R &amp; D centers.<\/p><p style=\"hyphens: manual; color: var(--color-text); font-size: 16px; font-family: SourceSansPro, sans-serif; letter-spacing: 0px; line-height: 30px; margin-right: 0px; margin-bottom: 16px; margin-left: 0px;\">Among the sectors of excellence:<\/p><p style=\"hyphens: manual; color: var(--color-text); font-size: 16px; font-family: SourceSansPro, sans-serif; letter-spacing: 0px; line-height: 30px; margin-right: 0px; margin-bottom: 0px; margin-left: 0px;\"><span style=\"font-weight: bold; hyphens: manual;\">Tourism Economy<\/span><br style=\"hyphens: manual; margin-bottom: 0px;\" \/>The decision-making centers of the tourism industries find exceptional hospitality conditions on the French Riviera, and a strategic point of anchorage both technologically and geographically. After the Paris region, the C\u00f4te d\u2019Azur is the first destination for international business and leisure tourism, it welcomes more than 13 million tourists each year of which 16% are business trips or 130,000 delegates. This excellence in business and leisure tourism, coupled with a high level of expertise in ICTs, makes the C\u00f4te d\u2019Azur a favorite area to develop new uses and new services, in e-tourism, but also in the fields of logistics or boating.<\/p><\/div><\/div><h4 style=\"font-family: SourceSansPro-Regular, serif; font-size: 17px; text-rendering: optimizelegibility; font-weight: bold; letter-spacing: 0px; margin-top: 0px; margin-bottom: 0px; line-height: 1.2em; hyphens: manual; color: #36353c; background: #e2edf2; border-bottom: 1px solid var(--border-color-primary); padding: 19px 27px;\">Useful links<\/h4><div style=\"hyphens: manual; margin-bottom: 40px; border: 1px solid var(--border-color-primary); color: #777d8b;\"><div style=\"hyphens: manual; margin-bottom: 0px;\"><ul style=\"font-family: 'Open Sans', Helvetica, Arial, sans-serif; font-size: 14px; margin-right: 0px; margin-left: 0px; hyphens: manual; list-style: none; padding: 20px 27px;\"><li style=\"hyphens: manual; color: var(--color-primary); font-size: 16px; line-height: 30px; margin-bottom: 36px; font-family: ITCAvantGardePro-demi, serif;\">Key figures French Riviera France 2019:<a style=\"background-image: initial; background-position: initial; background-size: initial; background-repeat: initial; background-attachment: initial; background-origin: initial; background-clip: initial; hyphens: manual; cursor: pointer; color: var(--color-theme-5); -webkit-tap-highlight-color: rgba(0, 0, 0, 0.3); margin-bottom: 0px; display: block; word-break: break-all; outline: none !important;\" href=\"http:\/\/www.cotedazur-touriscope.com\/pdf\/chiffres\/2019\/Chiffres-cles-2019-F.pdf\" target=\"_blank\" rel=\"noopener noreferrer\">http:\/\/www.cotedazur-touriscope.com\/pdf\/chiffres\/2019\/Chiffres-cles-2019-F.pdf<\/a><\/li><li style=\"hyphens: manual; color: var(--color-primary); font-size: 16px; line-height: 30px; font-family: ITCAvantGardePro-demi, serif;\">Tourism observatory \u201cTouriscope\u201d French Riviera France:<a style=\"background-image: initial; background-position: initial; background-size: initial; background-repeat: initial; background-attachment: initial; background-origin: initial; background-clip: initial; hyphens: manual; cursor: pointer; color: var(--color-theme-5); -webkit-tap-highlight-color: rgba(0, 0, 0, 0.3); margin-bottom: 0px; display: block; word-break: break-all; outline: none !important;\" href=\"http:\/\/www.cotedazur-touriscope.com\/v2\/home\/\" target=\"_blank\" rel=\"noopener noreferrer\">http:\/\/www.cotedazur-touriscope.com\/v2\/home\/<\/a><\/li><\/ul><div><div class=\"wpb_text_column wpb_content_element \" style=\"hyphens: manual; margin-bottom: 30px; font-family: 'Open Sans', Helvetica, Arial, sans-serif; font-size: 14px;\"><div class=\"wpb_wrapper\" style=\"hyphens: manual; margin-bottom: 0px;\"><p style=\"hyphens: manual; color: var(--color-text); font-size: 16px; font-family: SourceSansPro, sans-serif; letter-spacing: 0px; line-height: 30px; margin-right: 0px; margin-bottom: 0px; margin-left: 0px;\"><span style=\"font-weight: bold; hyphens: manual;\">Digital Industry<\/span><br style=\"hyphens: manual;\" \/>The French Riviera has established itself as a European center of excellence in the field of information and communication technologies, displaying internationally recognized expertise throughout the value chain, from silicon to connected objects. Internationally recognized, Sophia Antipolis, the leading technology park in Europe, attracts world leaders and unicorns like Symphony.<br style=\"hyphens: manual; margin-bottom: 0px;\" \/>The sector represents 1,740 companies for 25,000 jobs and a turnover of 4.91 billion in 2017.<\/p><\/div><\/div><\/div><\/div><\/div><h4 style=\"text-rendering: optimizelegibility; font-weight: bold; font-family: SourceSansPro-Regular, serif; letter-spacing: 0px; margin-top: 0px; margin-bottom: 0px; line-height: 1.2em; font-size: 17px; hyphens: manual; color: #36353c; background: #e2edf2; border-bottom: 1px solid var(--border-color-primary); padding: 19px 27px;\">Useful links<\/h4><div style=\"hyphens: manual; margin-bottom: 40px; border: 1px solid var(--border-color-primary); color: #777d8b;\"><div style=\"hyphens: manual; margin-bottom: 0px;\"><div class=\"wpb_text_column wpb_content_element  useful-links\" style=\"hyphens: manual; margin-bottom: 40px; border: 1px solid var(--border-color-primary); font-family: 'Open Sans', Helvetica, Arial, sans-serif; font-size: 14px;\"><div class=\"wpb_wrapper\" style=\"hyphens: manual; margin-bottom: 0px;\"><ul style=\"margin-right: 0px; margin-left: 0px; hyphens: manual; list-style: none; padding: 20px 27px;\"><li style=\"hyphens: manual; color: var(--color-primary); font-size: 16px; line-height: 30px; font-family: ITCAvantGardePro-demi, serif;\">Monographie TIC 2017 CCI:<a style=\"background-image: initial; background-position: initial; background-size: initial; background-repeat: initial; background-attachment: initial; background-origin: initial; background-clip: initial; hyphens: manual; cursor: pointer; color: var(--color-theme-5); -webkit-tap-highlight-color: rgba(0, 0, 0, 0.3); margin-bottom: 0px; display: block; word-break: break-all; outline: none !important;\" href=\"http:\/\/www.economie06.fr\/ReadBinaryItem.asp?DocumentId=%2F%2F%2Fsidlv4%2Fdocuments%2Findustrie%2Fetudefiliereticcotedazurdonnees2017\" target=\"_blank\" rel=\"noopener noreferrer\">http:\/\/www.economie06.fr\/ReadBinaryItem.asp?DocumentId=%2F%2F%2Fsidlv4%2Fdocuments%2Findustrie%2Fetudefiliereticcotedazurdonnees2017<\/a><\/li><\/ul><\/div><\/div><div class=\"wpb_text_column wpb_content_element \" style=\"hyphens: manual; margin-bottom: 30px; font-family: 'Open Sans', Helvetica, Arial, sans-serif; font-size: 14px;\"><div class=\"wpb_wrapper\" style=\"hyphens: manual; margin-bottom: 0px;\"><p style=\"hyphens: manual; color: var(--color-text); font-size: 16px; font-family: SourceSansPro, sans-serif; letter-spacing: 0px; line-height: 30px; margin-right: 0px; margin-bottom: 0px; margin-left: 0px;\"><span style=\"font-weight: bold; hyphens: manual;\">Health \/ Life Sciences<\/span><br style=\"hyphens: manual;\" \/>Innovation in life sciences and technologies is focused on the C\u00f4te d\u2019Azur through public research structured in poles of excellence. The sector, which is at the forefront of oncology, diseases of the central nervous system, nutrition and metabolism, dermatology and ophthalmology, has naturally opened up to e-health by taking advantage of the ICT expertise concentrated at Sophia Antipolis, and finds outlets in the \u201csilver economy\u201d on a C\u00f4te d\u2019Azur which offers a fertile ground for conducting clinical studies and experiments.<br style=\"hyphens: manual; margin-bottom: 0px;\" \/>The sector represents 313 establishments for 11,330 jobs and a turnover of 3.1 billion in 2018.<\/p><\/div><\/div><\/div><\/div><h4 style=\"text-rendering: optimizelegibility; font-weight: bold; font-family: SourceSansPro-Regular, serif; letter-spacing: 0px; margin-top: 0px; margin-bottom: 0px; line-height: 1.2em; font-size: 17px; hyphens: manual; color: #36353c; background: #e2edf2; border-bottom: 1px solid var(--border-color-primary); padding: 19px 27px;\">Useful links<\/h4><div style=\"hyphens: manual; margin-bottom: 40px; border: 1px solid var(--border-color-primary); color: #777d8b;\"><div style=\"hyphens: manual; margin-bottom: 0px;\"><div class=\"wpb_text_column wpb_content_element  useful-links\" style=\"hyphens: manual; margin-bottom: 40px; border: 1px solid var(--border-color-primary); font-family: 'Open Sans', Helvetica, Arial, sans-serif; font-size: 14px;\"><div class=\"wpb_wrapper\" style=\"hyphens: manual; margin-bottom: 0px;\"><ul style=\"margin-right: 0px; margin-left: 0px; hyphens: manual; list-style: none; padding: 20px 27px;\"><li style=\"hyphens: manual; color: var(--color-primary); font-size: 16px; line-height: 30px; margin-bottom: 36px; font-family: ITCAvantGardePro-demi, serif;\">Monographie Sciences du vivant 2017 CCI<a style=\"background-image: initial; background-position: initial; background-size: initial; background-repeat: initial; background-attachment: initial; background-origin: initial; background-clip: initial; hyphens: manual; cursor: pointer; color: var(--color-theme-5); -webkit-tap-highlight-color: rgba(0, 0, 0, 0.3); margin-bottom: 0px; display: block; word-break: break-all; outline: none !important;\" href=\"http:\/\/www.economie06.fr\/dcview.asp?DocumentID=\/\/\/sidlv4\/documents\/sciencesduvivant\/etudefilieresciencesduvivantcotedazur2017\" target=\"_blank\" rel=\"noopener noreferrer\">http:\/\/www.economie06.fr\/dcview.asp?DocumentID=\/\/\/sidlv4\/documents\/sciencesduvivant\/etudefilieresciencesduvivantcotedazur2017<\/a><\/li><li style=\"hyphens: manual; color: var(--color-primary); font-size: 16px; line-height: 30px; font-family: ITCAvantGardePro-demi, serif;\">Monographie Silver Economy 2018 CCI<a style=\"background-image: initial; background-position: initial; background-size: initial; background-repeat: initial; background-attachment: initial; background-origin: initial; background-clip: initial; hyphens: manual; cursor: pointer; color: var(--color-theme-5); -webkit-tap-highlight-color: rgba(0, 0, 0, 0.3); margin-bottom: 0px; display: block; word-break: break-all; outline: none !important;\" href=\"http:\/\/www.economie06.fr\/ReadBinaryItem.asp?DocumentId=%2F%2F%2Fsidlv4%2Fdocuments%2Fsilvereconomie%2FSilverEconomiedanslesAlpesMaritimes2018\" target=\"_blank\" rel=\"noopener noreferrer\">http:\/\/www.economie06.fr\/ReadBinaryItem.asp?DocumentId=%2F%2F%2Fsidlv4%2Fdocuments%2Fsilvereconomie%2FSilverEconomiedanslesAlpesMaritimes2018<\/a><\/li><\/ul><\/div><\/div><div class=\"wpb_text_column wpb_content_element \" style=\"hyphens: manual; margin-bottom: 30px; font-family: 'Open Sans', Helvetica, Arial, sans-serif; font-size: 14px;\"><div class=\"wpb_wrapper\" style=\"hyphens: manual; margin-bottom: 0px;\"><p style=\"hyphens: manual; color: var(--color-text); font-size: 16px; font-family: SourceSansPro, sans-serif; letter-spacing: 0px; line-height: 30px; margin-right: 0px; margin-bottom: 16px; margin-left: 0px;\"><span style=\"font-weight: bold; hyphens: manual;\">Aromas and Cosmetics<\/span><br style=\"hyphens: manual; margin-bottom: 0px;\" \/>Born in the sixteenth century with the trend of scented gloves, the aroma and perfume industry has evolved along a vertical integration logic. From the traditional culture of perfume plants, the activity of the Grasse basin has extended to the manufacture of ingredients and the formulation and composition of finished products: perfumes, toilet products, but also detergents, products and food supplements. The region offers an unparalleled concentration of companies producing aromatic ingredients, strongly oriented towards export (70%), which account for more than half of French production and 8% of global turnover.<\/p><p style=\"hyphens: manual; color: var(--color-text); font-size: 16px; font-family: SourceSansPro, sans-serif; letter-spacing: 0px; line-height: 30px; margin-right: 0px; margin-bottom: 16px; margin-left: 0px;\"><span style=\"font-weight: bold; hyphens: manual;\">Services<\/span><br style=\"hyphens: manual; margin-bottom: 0px;\" \/>New technologies related to education services (EdTech), sport (SportTech) or travel (TravelTech) are gaining importance and developing their markets on the French Riviera which offers a connected, innovative ecosystem, ideally located and world tourism place.<\/p><p style=\"hyphens: manual; color: var(--color-text); font-size: 16px; font-family: SourceSansPro, sans-serif; letter-spacing: 0px; line-height: 30px; margin-right: 0px; margin-bottom: 0px; margin-left: 0px;\"><span style=\"font-weight: bold; hyphens: manual;\">Ecotechnologies and green energies<\/span><br style=\"hyphens: manual; margin-bottom: 0px;\" \/>On the C\u00f4te d\u2019Azur, ICT and environmental technologies converge in a privileged field of action between Sophia Antipolis, Europe\u2019s leading technology park that works tomorrow\u2019s technologies, and the Nice C\u00f4te d\u2019Azur Metropolis, which links research and innovative companies to invent a smart and sustainable city. The materialization of the territory\u2019s investment in this green economy is the Eco Valley of Nice, an experimental and welcoming site for eco-technology companies.<\/p><\/div><\/div><\/div><\/div><h4 style=\"text-rendering: optimizelegibility; font-weight: bold; font-family: SourceSansPro-Regular, serif; letter-spacing: 0px; margin-top: 0px; margin-bottom: 0px; line-height: 1.2em; font-size: 17px; hyphens: manual; color: #36353c; background: #e2edf2; border-bottom: 1px solid var(--border-color-primary); padding: 19px 27px;\">Useful links<\/h4><div style=\"hyphens: manual; margin-bottom: 40px; border: 1px solid var(--border-color-primary); color: #777d8b;\"><div style=\"hyphens: manual; margin-bottom: 0px;\"><div class=\"wpb_text_column wpb_content_element  useful-links\" style=\"hyphens: manual; margin-bottom: 40px; border: 1px solid var(--border-color-primary); font-family: 'Open Sans', Helvetica, Arial, sans-serif; font-size: 14px;\"><div class=\"wpb_wrapper\" style=\"hyphens: manual; margin-bottom: 0px;\"><ul style=\"margin-right: 0px; margin-left: 0px; hyphens: manual; list-style: none; padding: 20px 27px;\"><li style=\"hyphens: manual; color: var(--color-primary); font-size: 16px; line-height: 30px; font-family: ITCAvantGardePro-demi, serif;\">Monographie Eco Entreprises 2017 CCI:<a style=\"background-image: initial; background-position: initial; background-size: initial; background-repeat: initial; background-attachment: initial; background-origin: initial; background-clip: initial; hyphens: manual; cursor: pointer; color: var(--color-theme-5); -webkit-tap-highlight-color: rgba(0, 0, 0, 0.3); margin-bottom: 0px; display: block; word-break: break-all; outline: none !important;\" href=\"http:\/\/www.economie06.fr\/ReadBinaryItem.asp?DocumentId=%2F%2F%2Fsidlv4%2Fdocuments%2Fecoentreprises%2FLesecoentreprisesdanslesAM2017\" target=\"_blank\" rel=\"noopener noreferrer\">http:\/\/www.economie06.fr\/ReadBinaryItem.asp?DocumentId=%2F%2F%2Fsidlv4%2Fdocuments%2Fecoentreprises%2FLesecoentreprisesdanslesAM2017<\/a><\/li><\/ul><\/div><\/div><div class=\"wpb_text_column wpb_content_element \" style=\"hyphens: manual; margin-bottom: 30px; font-family: 'Open Sans', Helvetica, Arial, sans-serif; font-size: 14px;\"><div class=\"wpb_wrapper\" style=\"hyphens: manual; margin-bottom: 0px;\"><p style=\"hyphens: manual; color: var(--color-text); font-size: 16px; font-family: SourceSansPro, sans-serif; letter-spacing: 0px; line-height: 30px; margin-right: 0px; margin-bottom: 16px; margin-left: 0px;\"><span style=\"font-weight: bold; hyphens: manual;\">Smart City<\/span><br style=\"hyphens: manual; margin-bottom: 0px;\" \/>Nice, the fifth largest city in France and in the top 15 of the world\u2019s smart cities, was very early positioned as a \u201csmart and connected city\u201d. Innovation and sustainable development are at the heart of its economic development strategy. Thanks to its numerous Smart City-led initiatives in the area, Nice C\u00f4te d\u2019Azur Metropolis has strengthened its collaborations with ecosystem players from large industrial groups to local SMEs and start-ups from the French Tech or from the world of research and teaching.<\/p><p style=\"hyphens: manual; color: var(--color-text); font-size: 16px; font-family: SourceSansPro, sans-serif; letter-spacing: 0px; line-height: 30px; margin-right: 0px; margin-bottom: 16px; margin-left: 0px;\"><span style=\"font-weight: bold; hyphens: manual;\">Smart vehicle and new mobility<\/span><br style=\"hyphens: manual; margin-bottom: 0px;\" \/>Composed of automotive players (Renault, Bosch, Mercedes \u2026), major technological players (Orange, Thales, NXP \u2026), green mobility players (Schneider Electric, SAP, Mobendi \u2026), competitive clusters (SAFE Cluster, Capenergies), a research ecosystem (IMREDD, INRIA, Eurecom) and an ideal territory for experimentation, the C\u00f4te d\u2019Azur is a fertile land for connected vehicle development.<\/p><p style=\"hyphens: manual; color: var(--color-text); font-size: 16px; font-family: SourceSansPro, sans-serif; letter-spacing: 0px; line-height: 30px; margin-right: 0px; margin-bottom: 16px; margin-left: 0px;\">Directly involved in the development of intelligent and autonomous vehicles of tomorrow, the C\u00f4te d\u2019Azur is multiplying its locations and projects such as the Smart Vehicle C\u00f4te d\u2019Azur initiative, with the aim of becoming a reference for automotive in Europe.<br style=\"hyphens: manual; margin-bottom: 0px;\" \/>Initiated at the end of 2017, based on the observation that restructuring in the microelectronics industry has unlocked attractive skills for connected vehicle operators, the Smart Vehicle C\u00f4te d\u2019Azur cluster wants to develop an entire ecosystem promoting the deployment of the connected vehicle sector. The initiative is to become a European smart car hub by 2025.<\/p><p style=\"hyphens: manual; color: var(--color-text); font-size: 16px; font-family: SourceSansPro, sans-serif; letter-spacing: 0px; line-height: 30px; margin-right: 0px; margin-bottom: 16px; margin-left: 0px;\"><span style=\"font-weight: bold; hyphens: manual;\">Artificial intelligence<\/span><br style=\"hyphens: manual; margin-bottom: 0px;\" \/>The C\u00f4te d\u2019Azur, future hub of the AI? The goal is to establish a real cluster dedicated to AI, for the benefit of research and businesses in the Alpes-Maritimes. Thanks to the academic environment, the training offer and the presence of specialized AI talents, the C\u00f4te d\u2019Azur has managed to win the 3AI label in 2019. This Interdisciplinary Institute of Artificial Intelligence (3AI) supported by Universit\u00e9 C\u00f4te d\u2019Azur, the CNRS and Inria, along with three others in France, is part of the national program for artificial intelligence. In addition, since 2018, Sophia Antipolis is hosting the International Summit dedicated to Artificial Intelligence. An essential event under the sign of innovation and multidisciplinary exchange that brings together local and international AI experts from the world of research, leading companies and startups.<\/p><p style=\"hyphens: manual; color: var(--color-text); font-size: 16px; font-family: SourceSansPro, sans-serif; letter-spacing: 0px; line-height: 30px; margin-right: 0px; margin-bottom: 16px; margin-left: 0px;\"><span style=\"font-weight: bold; hyphens: manual;\">Blue economy, smart port and yachting<\/span><br style=\"hyphens: manual; margin-bottom: 0px;\" \/>Blue Economy represents a sector of importance of the C\u00f4te d\u2019Azur economy. All the economic activities related to boating are represented on the C\u00f4te d\u2019Azur. The SOUTH region can be proud to be the first region in France in terms of marinas with 60,900 sites spread over 104 seaports which represents 32% of French sites (2015 figures).<\/p><p style=\"hyphens: manual; color: var(--color-text); font-size: 16px; font-family: SourceSansPro, sans-serif; letter-spacing: 0px; line-height: 30px; margin-right: 0px; margin-bottom: 0px; margin-left: 0px;\"><span style=\"font-weight: bold; hyphens: manual;\">Aerospace<\/span><br style=\"hyphens: manual; margin-bottom: 0px;\" \/>The aeronautics and space industry of the C\u00f4te d\u2019Azur is structured around world-class companies, subcontractors and specialized companies working in conjunction with major research laboratories and specialized training institutes. Today, more than 23,000 jobs at the C\u00f4te d\u2019Azur level are involved in this sector.<\/p><\/div><\/div><\/div><\/div><h4 style=\"text-rendering: optimizelegibility; font-weight: bold; font-family: SourceSansPro-Regular, serif; letter-spacing: 0px; margin-top: 0px; margin-bottom: 0px; line-height: 1.2em; font-size: 17px; hyphens: manual; color: #36353c; background: #e2edf2; border-bottom: 1px solid var(--border-color-primary); padding: 19px 27px;\">Useful links<\/h4><div style=\"hyphens: manual; margin-bottom: 40px; border: 1px solid var(--border-color-primary); color: #777d8b;\"><div style=\"hyphens: manual; margin-bottom: 0px;\"><div><div class=\"wpb_text_column wpb_content_element  useful-links\" style=\"hyphens: manual; margin-bottom: 40px; border: 1px solid var(--border-color-primary); font-family: 'Open Sans', Helvetica, Arial, sans-serif; font-size: 14px;\"><div class=\"wpb_wrapper\" style=\"hyphens: manual; margin-bottom: 0px;\"><ul style=\"margin-right: 0px; margin-left: 0px; hyphens: manual; list-style: none; padding: 20px 27px;\"><li style=\"hyphens: manual; color: var(--color-primary); font-size: 16px; line-height: 30px; margin-bottom: 36px; font-family: ITCAvantGardePro-demi, serif;\">SAFE Cluster<a style=\"background-image: initial; background-position: initial; background-size: initial; background-repeat: initial; background-attachment: initial; background-origin: initial; background-clip: initial; hyphens: manual; cursor: pointer; color: var(--color-theme-5); -webkit-tap-highlight-color: rgba(0, 0, 0, 0.3); margin-bottom: 0px; display: block; word-break: break-all; outline: none !important;\" href=\"http:\/\/www.safecluster.com\/?lang=en\" target=\"_blank\" rel=\"noopener noreferrer\">http:\/\/www.safecluster.com\/?lang=en<\/a><\/li><li style=\"hyphens: manual; color: var(--color-primary); font-size: 16px; line-height: 30px; font-family: ITCAvantGardePro-demi, serif;\">3IA Cote d\u2019Azur\u00a0<a style=\"background-image: initial; background-position: initial; background-size: initial; background-repeat: initial; background-attachment: initial; background-origin: initial; background-clip: initial; hyphens: manual; cursor: pointer; color: var(--color-theme-5); -webkit-tap-highlight-color: rgba(0, 0, 0, 0.3); margin-bottom: 0px; display: block; word-break: break-all; outline: none !important;\" href=\"https:\/\/3ia.univ-cotedazur.eu\/\" target=\"_blank\" rel=\"noopener noreferrer\">https:\/\/3ia.univ-cotedazur.eu\/<\/a><\/li><\/ul><\/div><\/div><\/div><\/div><\/div><\/div><\/div><\/div><\/div><div style=\"font-family: 'Open Sans', Helvetica, Arial, sans-serif; font-size: 14px; hyphens: manual; margin-bottom: 40px; border: 1px solid var(--border-color-primary); color: #777d8b;\"><div style=\"hyphens: manual; margin-bottom: 0px;\">\u00a0<\/div><\/div><\/div><\/div>\t\t\t\t\t<\/div>\n\t\t\t\t\t\t<\/div>\n\t\t\t\t<\/div>\n\t\t\t\t\t\t<\/div>\n\t\t\t\t\t<\/div>\n\t\t<\/div>\n\t\t\t\t\t\t\t\t<\/div>\n\t\t\t\t\t<\/div>\n\t\t<\/section>\n\t\t\t\t<section class=\"elementor-section elementor-top-section elementor-element elementor-element-928b414 elementor-section-boxed elementor-section-height-default elementor-section-height-default\" data-id=\"928b414\" data-element_type=\"section\">\n\t\t\t\t\t\t<div class=\"elementor-container elementor-column-gap-default\">\n\t\t\t\t\t\t\t<div class=\"elementor-row\">\n\t\t\t\t\t<div class=\"elementor-column elementor-col-33 elementor-top-column elementor-element elementor-element-1892771\" data-id=\"1892771\" data-element_type=\"column\">\n\t\t\t<div class=\"elementor-column-wrap\">\n\t\t\t\t\t\t\t<div class=\"elementor-widget-wrap\">\n\t\t\t\t\t\t\t\t<\/div>\n\t\t\t\t\t<\/div>\n\t\t<\/div>\n\t\t\t\t<div class=\"elementor-column elementor-col-66 elementor-top-column elementor-element elementor-element-0c1ec38\" data-id=\"0c1ec38\" data-element_type=\"column\">\n\t\t\t<div class=\"elementor-column-wrap elementor-element-populated\">\n\t\t\t\t\t\t\t<div class=\"elementor-widget-wrap\">\n\t\t\t\t\t\t<div class=\"elementor-element elementor-element-c519503 elementor-widget elementor-widget-text-editor\" data-id=\"c519503\" data-element_type=\"widget\" data-widget_type=\"text-editor.default\">\n\t\t\t\t<div class=\"elementor-widget-container\">\n\t\t\t\t\t\t\t\t<div class=\"elementor-text-editor elementor-clearfix\">\n\t\t\t\t<div style=\"hyphens: manual; margin-bottom: 30px; color: #777d8b;\"><div style=\"hyphens: manual; margin-bottom: 0px;\"><h2 style=\"box-sizing: border-box; text-rendering: optimizelegibility; font-weight: 500; font-family: ITCAvantGardePro-Demi, serif; letter-spacing: 0px; margin-top: 0px; margin-bottom: 26px; text-transform: none; font-size: 20px; line-height: 1.2em; hyphens: manual; color: var(--color-primary);\">Research environment<\/h2><div style=\"hyphens: manual; margin-bottom: 30px; font-family: 'Open Sans', Helvetica, Arial, sans-serif; font-size: 14px;\"><div style=\"hyphens: manual; margin-bottom: 0px;\">\u00a0<\/div><\/div><div style=\"hyphens: manual; margin-bottom: 30px; font-family: 'Open Sans', Helvetica, Arial, sans-serif; font-size: 14px;\"><div style=\"hyphens: manual; margin-bottom: 0px;\"><p style=\"hyphens: manual; color: var(--color-text); font-size: 16px; font-family: SourceSansPro, sans-serif; letter-spacing: 0px; line-height: 30px; margin-right: 0px; margin-bottom: 0px; margin-left: 0px;\">The quality of the Research environment is one of the many great assets of the C\u00f4te d\u2019Azur business ecosystem. Today, there are 47 Research labs (INRIA, CNRS, INSERM, INRA, CRD etc.) in the region. More than 4,200 people from the Universit\u00e9 C\u00f4te d\u2019Azur are specializing in Research and working in A or A+ labs.<\/p><\/div><\/div><div style=\"hyphens: manual; margin-bottom: 30px; font-family: 'Open Sans', Helvetica, Arial, sans-serif; font-size: 14px;\"><div style=\"hyphens: manual; margin-bottom: 0px;\"><p style=\"hyphens: manual; color: var(--color-text); font-size: 16px; font-family: SourceSansPro, sans-serif; letter-spacing: 0px; line-height: 30px; margin-right: 0px; margin-bottom: 0px; margin-left: 0px;\">The quality of Research and Education of the C\u00f4te d\u2019Azur was praised in 2016. The region received the IDEX label, which is granted by the Government as part of the Investment Program for the Future (\u201cProgramme d\u2019Investissement d\u2019Avenir\u201d). This label positions the Universit\u00e9 C\u00f4te d\u2019Azur as a worldwide leading player. It also allows the University to invest 58M\u20ac in Higher Education and Research in the region for 4 years.<\/p><\/div><\/div><h3 style=\"text-rendering: optimizelegibility; font-family: ITCAvantGardePro-Md, serif; letter-spacing: 0px; margin: 0px 0px 16px; line-height: 1.2em; font-size: 18px; hyphens: manual; color: #0e2655;\">INRIA Sophia Antipolis M\u00e9diterran\u00e9e<\/h3><div style=\"hyphens: manual; margin-bottom: 30px; color: #777d8b; font-family: 'Open Sans', Helvetica, Arial, sans-serif; font-size: 14px;\"><div style=\"hyphens: manual; margin-bottom: 0px;\"><p style=\"hyphens: manual; color: var(--color-text); font-size: 16px; font-family: SourceSansPro, sans-serif; letter-spacing: 0px; line-height: 30px; margin-right: 0px; margin-bottom: 16px; margin-left: 0px;\">The French National Institute for Research in Computer Science and Control INRIA is a public Research institute specializing in Computing Sciences and Mathematics. INRIA has several branches, including one in Sophia Antipolis M\u00e9diterran\u00e9e.<\/p><p style=\"hyphens: manual; color: var(--color-text); font-size: 16px; font-family: SourceSansPro, sans-serif; letter-spacing: 0px; line-height: 30px; margin-right: 0px; margin-bottom: 0px; margin-left: 0px;\">The branch of Sophia Antipolis progressively expanded beyond the borders of the C\u00f4te d\u2019Azur and opened sites in Bologna, Montpellier and Athens. More than 450 researchers and people specializing in Research activities are working for INRIA Sophia Antipolis. They are spread in 33 Research teams, 27 of which are based in Nice Sophia Antipolis. INRIA built many partnerships with different universities (UCA, Bologna, Montpellier), and other Research structures (INRIA, CNRS, etc.) to train mixed Research units (I3S, IBV, LIRMM, and LIAD).<\/p><\/div><\/div><h4 style=\"text-rendering: optimizelegibility; font-weight: bold; font-family: SourceSansPro-Regular, serif; letter-spacing: 0px; margin-top: 0px; margin-bottom: 0px; line-height: 1.2em; font-size: 17px; hyphens: manual; color: #36353c; background: #e2edf2; border-bottom: 1px solid var(--border-color-primary); padding: 19px 27px;\">Useful links<\/h4><div style=\"hyphens: manual; margin-bottom: 40px; border: 1px solid var(--border-color-primary); color: #777d8b; font-family: 'Open Sans', Helvetica, Arial, sans-serif; font-size: 14px;\"><div style=\"hyphens: manual; margin-bottom: 0px;\"><ul style=\"margin-right: 0px; margin-left: 0px; hyphens: manual; list-style: none; padding: 20px 27px;\"><li style=\"hyphens: manual; color: var(--color-primary); font-size: 16px; line-height: 30px; font-family: ITCAvantGardePro-demi, serif;\">Website of INRIA Sophia Antipolis M\u00e9diterran\u00e9e<a style=\"background-image: initial; background-position: initial; background-size: initial; background-repeat: initial; background-attachment: initial; background-origin: initial; background-clip: initial; hyphens: manual; cursor: pointer; color: var(--color-theme-5); -webkit-tap-highlight-color: rgba(0, 0, 0, 0.3); margin-bottom: 0px; display: block; word-break: break-all; outline: none !important;\" href=\"https:\/\/www.inria.fr\/en\/centre-inria-sophia-antipolis-mediterranee\" target=\"_blank\" rel=\"noopener noreferrer\">https:\/\/www.inria.fr\/en\/centre-inria-sophia-antipolis-mediterranee<\/a><\/li><\/ul><\/div><\/div><h3 style=\"text-rendering: optimizelegibility; font-family: ITCAvantGardePro-Md, serif; letter-spacing: 0px; margin: 0px 0px 16px; line-height: 1.2em; font-size: 18px; hyphens: manual; color: #0e2655;\">INSERM<\/h3><div style=\"hyphens: manual; margin-bottom: 30px; color: #777d8b; font-family: 'Open Sans', Helvetica, Arial, sans-serif; font-size: 14px;\"><div style=\"hyphens: manual; margin-bottom: 0px;\"><p style=\"hyphens: manual; color: var(--color-text); font-size: 16px; font-family: SourceSansPro, sans-serif; letter-spacing: 0px; line-height: 30px; margin-right: 0px; margin-bottom: 16px; margin-left: 0px;\">The French National Institute for Health and Medical Research (INSERM) is a public Research institute specializing in the Health sector. INSERM has 4 Research units on the C\u00f4te d\u2019Azur:<\/p><ul style=\"margin-right: 0px; margin-bottom: 20px; margin-left: 0px; hyphens: manual; padding-left: 20px;\"><li style=\"hyphens: manual; color: var(--color-text); font-size: 16px; line-height: 30px;\">Sophia Antipolis<\/li><li style=\"hyphens: manual; color: var(--color-text); font-size: 16px; line-height: 30px;\">The Mediterranean Centre for Molecular Medicine (\u00ab Centre M\u00e9diterran\u00e9en de M\u00e9decine Mol\u00e9culaire (C3M) \u00bb) is based in the Hospital of l\u2019Archet in Nice and run in cooperation with the University C\u00f4te d\u2019Azur<\/li><li style=\"hyphens: manual; color: var(--color-text); font-size: 16px; line-height: 30px;\">The French Research Institute for Cancer and Aging (\u00ab Institut de recherche sur le cancer et le vieillissement (IRCAN) \u00bb) is based at the Pasteur Medicine University campus of Nice and run in cooperation with the CNRS and the University C\u00f4te d\u2019Azur<\/li><li style=\"hyphens: manual; color: var(--color-text); font-size: 16px; line-height: 30px;\">The Valrose Biology Institute (iBV) is based in the Valrose Sciences University campus of Nice and run in cooperation with the CRNS and the University C\u00f4te D\u2019Azur.<\/li><\/ul><\/div><\/div><h4 style=\"text-rendering: optimizelegibility; font-weight: bold; font-family: SourceSansPro-Regular, serif; letter-spacing: 0px; margin-top: 0px; margin-bottom: 0px; line-height: 1.2em; font-size: 17px; hyphens: manual; color: #36353c; background: #e2edf2; border-bottom: 1px solid var(--border-color-primary); padding: 19px 27px;\">Useful links<\/h4><div style=\"hyphens: manual; margin-bottom: 40px; border: 1px solid var(--border-color-primary); color: #777d8b; font-family: 'Open Sans', Helvetica, Arial, sans-serif; font-size: 14px;\"><div style=\"hyphens: manual; margin-bottom: 0px;\"><ul style=\"margin-right: 0px; margin-left: 0px; hyphens: manual; list-style: none; padding: 20px 27px;\"><li style=\"hyphens: manual; color: var(--color-primary); font-size: 16px; line-height: 30px; font-family: ITCAvantGardePro-demi, serif;\">Website of INSERM sur Nice\/Sophia-Antipolis<a style=\"background-image: initial; background-position: initial; background-size: initial; background-repeat: initial; background-attachment: initial; background-origin: initial; background-clip: initial; hyphens: manual; cursor: pointer; color: var(--color-theme-5); -webkit-tap-highlight-color: rgba(0, 0, 0, 0.3); margin-bottom: 0px; display: block; word-break: break-all; outline: none !important;\" href=\"http:\/\/www.paca.inserm.fr\/rubriques\/l-inserm-en-region\/structures-de-recherche\/nice\" target=\"_blank\" rel=\"noopener noreferrer\">http:\/\/www.paca.inserm.fr\/rubriques\/l-inserm-en-region\/structures-de-recherche\/nice<\/a><\/li><\/ul><\/div><\/div><h3 style=\"text-rendering: optimizelegibility; font-family: ITCAvantGardePro-Md, serif; letter-spacing: 0px; margin: 0px 0px 16px; line-height: 1.2em; font-size: 18px; hyphens: manual; color: #0e2655;\">CNRS<\/h3><div style=\"hyphens: manual; margin-bottom: 30px; color: #777d8b; font-family: 'Open Sans', Helvetica, Arial, sans-serif; font-size: 14px;\"><div style=\"hyphens: manual; margin-bottom: 0px;\"><p style=\"hyphens: manual; color: var(--color-text); font-size: 16px; font-family: SourceSansPro, sans-serif; letter-spacing: 0px; line-height: 30px; margin-right: 0px; margin-bottom: 16px; margin-left: 0px;\">The French National Center for Scientific Research (CNRS) is a public Research institute specializing in different scientific fields. The C\u00f4te d\u2019Azur delegation of the CNRS covers the Alpes-Maritimes and the Var departments. 28 research units are part of this delegation and specializing in sectors such as Biology, Mathematics, Ecology, Environment, Chemistry, Human and Social Sciences, Earth and Universe Sciences, Physics, Engineering, Systems, and Information Sciences.<\/p><p style=\"hyphens: manual; color: var(--color-text); font-size: 16px; font-family: SourceSansPro, sans-serif; letter-spacing: 0px; line-height: 30px; margin-right: 0px; margin-bottom: 0px; margin-left: 0px;\">Several Research units are led in cooperation with other Azurean Research structures such as the INSERM and the University of Nice Sophia Antipolis.<\/p><\/div><\/div><h4 style=\"text-rendering: optimizelegibility; font-weight: bold; font-family: SourceSansPro-Regular, serif; letter-spacing: 0px; margin-top: 0px; margin-bottom: 0px; line-height: 1.2em; font-size: 17px; hyphens: manual; color: #36353c; background: #e2edf2; border-bottom: 1px solid var(--border-color-primary); padding: 19px 27px;\">Useful links<\/h4><div style=\"hyphens: manual; margin-bottom: 40px; border: 1px solid var(--border-color-primary); color: #777d8b; font-family: 'Open Sans', Helvetica, Arial, sans-serif; font-size: 14px;\"><div style=\"hyphens: manual; margin-bottom: 0px;\"><ul style=\"margin-right: 0px; margin-left: 0px; hyphens: manual; list-style: none; padding: 20px 27px;\"><li style=\"hyphens: manual; color: var(--color-primary); font-size: 16px; line-height: 30px; font-family: ITCAvantGardePro-demi, serif;\">Website of CNRS C\u00f4te d\u2019Azur<a style=\"background-image: initial; background-position: initial; background-size: initial; background-repeat: initial; background-attachment: initial; background-origin: initial; background-clip: initial; hyphens: manual; cursor: pointer; color: var(--color-theme-5); -webkit-tap-highlight-color: rgba(0, 0, 0, 0.3); margin-bottom: 0px; display: block; word-break: break-all; outline: none !important;\" href=\"http:\/\/c-a.cnrs.fr\/\" target=\"_blank\" rel=\"noopener noreferrer\">http:\/\/c-a.cnrs.fr\/<\/a><\/li><\/ul><\/div><\/div><div style=\"hyphens: manual; margin-bottom: 30px; color: #777d8b; font-family: 'Open Sans', Helvetica, Arial, sans-serif; font-size: 14px;\"><div style=\"hyphens: manual; margin-bottom: 0px;\"><p style=\"hyphens: manual; color: var(--color-text); font-size: 16px; font-family: SourceSansPro, sans-serif; letter-spacing: 0px; line-height: 30px; margin-right: 0px; margin-bottom: 0px; margin-left: 0px;\">Other Research structures set up on the C\u00f4te d\u2019Azur. Find out more about them and the Azurean Research industry below.<\/p><\/div><\/div><h4 style=\"text-rendering: optimizelegibility; font-weight: bold; font-family: SourceSansPro-Regular, serif; letter-spacing: 0px; margin-top: 0px; margin-bottom: 0px; line-height: 1.2em; font-size: 17px; hyphens: manual; color: #36353c; background: #e2edf2; border-bottom: 1px solid var(--border-color-primary); padding: 19px 27px;\">Useful links<\/h4><div style=\"hyphens: manual; margin-bottom: 40px; border: 1px solid var(--border-color-primary); color: #777d8b; font-family: 'Open Sans', Helvetica, Arial, sans-serif; font-size: 14px;\"><div style=\"hyphens: manual; margin-bottom: 0px;\"><ul style=\"margin-right: 0px; margin-left: 0px; hyphens: manual; list-style: none; padding: 20px 27px;\"><li style=\"hyphens: manual; color: var(--color-primary); font-size: 16px; line-height: 30px; margin-bottom: 36px; font-family: ITCAvantGardePro-demi, serif;\">The different Research structures of UCA<a style=\"background-image: initial; background-position: initial; background-size: initial; background-repeat: initial; background-attachment: initial; background-origin: initial; background-clip: initial; hyphens: manual; cursor: pointer; color: var(--color-theme-5); -webkit-tap-highlight-color: rgba(0, 0, 0, 0.3); margin-bottom: 0px; display: block; word-break: break-all; outline: none !important;\" href=\"https:\/\/univ-cotedazur.eu\/research-organisations\" target=\"_blank\" rel=\"noopener noreferrer\">https:\/\/univ-cotedazur.eu\/research-organisations<\/a><\/li><li style=\"hyphens: manual; color: var(--color-primary); font-size: 16px; line-height: 30px; font-family: ITCAvantGardePro-demi, serif;\">Doctoral Research on the C\u00f4te d\u2019Azur<a style=\"background-image: initial; background-position: initial; background-size: initial; background-repeat: initial; background-attachment: initial; background-origin: initial; background-clip: initial; hyphens: manual; cursor: pointer; color: var(--color-theme-5); -webkit-tap-highlight-color: rgba(0, 0, 0, 0.3); margin-bottom: 0px; display: block; word-break: break-all; outline: none !important;\" href=\"https:\/\/univ-cotedazur.eu\/phd-programmes\/support-organisations\/phd-schools\" target=\"_blank\" rel=\"noopener noreferrer\">https:\/\/univ-cotedazur.eu\/phd-programmes\/support-organisations\/phd-schools<\/a><\/li><\/ul><\/div><\/div><div style=\"hyphens: manual; margin-bottom: 30px; display: flex; -webkit-box-orient: horizontal; -webkit-box-direction: normal; flex-flow: row nowrap; -webkit-box-align: center; align-items: center; width: 887.5px; margin-left: auto; margin-right: auto; color: #777d8b; font-family: 'Open Sans', Helvetica, Arial, sans-serif; font-size: 14px;\">\u00a0<\/div><h2 style=\"text-rendering: optimizelegibility; font-family: ITCAvantGardePro-Demi, serif; letter-spacing: 0px; margin-top: 0px; margin-bottom: 26px; font-size: 20px; line-height: 1.2em; hyphens: manual;\">Networks, clusters and competitiveness clusters<\/h2><div style=\"hyphens: manual; margin-bottom: 30px; color: #777d8b; font-family: 'Open Sans', Helvetica, Arial, sans-serif; font-size: 14px;\"><div style=\"hyphens: manual; margin-bottom: 0px;\">\u00a0<\/div><\/div><div style=\"hyphens: manual; margin-bottom: 30px; color: #777d8b; font-family: 'Open Sans', Helvetica, Arial, sans-serif; font-size: 14px;\"><div style=\"hyphens: manual; margin-bottom: 0px;\"><p style=\"hyphens: manual; color: var(--color-text); font-size: 16px; font-family: SourceSansPro, sans-serif; letter-spacing: 0px; line-height: 30px; margin-right: 0px; margin-bottom: 16px; margin-left: 0px;\">Clusters and Competitiveness Clusters are groups of stakeholders from the local economic environment. They bring activities together to create local dynamics and reach new markets. They also provide companies with support and R&amp;D up until the marketing of their products and services.<\/p><p style=\"hyphens: manual; color: var(--color-text); font-size: 16px; font-family: SourceSansPro, sans-serif; letter-spacing: 0px; line-height: 30px; margin-right: 0px; margin-bottom: 16px; margin-left: 0px;\">Other accompaniment measures include the access to advice and skills during the different development stages of the company, funding assistance, globalization support, etc. The C\u00f4te d\u2019Azur hosts 8 state-approved competitiveness clusters, as well as many clusters specializing in local key industries.<\/p><\/div><\/div><h3 style=\"text-rendering: optimizelegibility; font-family: ITCAvantGardePro-Md, serif; letter-spacing: 0px; margin: 0px 0px 16px; line-height: 1.2em; font-size: 18px; hyphens: manual; color: #0e2655;\">Cap\u00e9nergies<\/h3><div style=\"hyphens: manual; margin-bottom: 30px; color: #777d8b; font-family: 'Open Sans', Helvetica, Arial, sans-serif; font-size: 14px;\"><div style=\"hyphens: manual; margin-bottom: 0px;\"><p style=\"hyphens: manual; color: var(--color-text); font-size: 16px; font-family: SourceSansPro, sans-serif; letter-spacing: 0px; line-height: 30px; margin-right: 0px; margin-bottom: 16px; margin-left: 0px;\">The Cap\u00e9nergies Competitiveness Cluster is specializing in the Energy sector. Its main objectives are supporting the energetic transition and creating an Energy industry of excellence.<br style=\"hyphens: manual; margin-bottom: 0px;\" \/>Today, more than 500 members joined the Cap\u00e9nergies Cluster in the South Region and in Corsica.<\/p><p style=\"hyphens: manual; color: var(--color-text); font-size: 16px; font-family: SourceSansPro, sans-serif; letter-spacing: 0px; line-height: 30px; margin-right: 0px; margin-bottom: 0px; margin-left: 0px;\">To learn more about the Cap\u00e9nergies Cluster:<\/p><\/div><\/div><h4 style=\"text-rendering: optimizelegibility; font-weight: bold; font-family: SourceSansPro-Regular, serif; letter-spacing: 0px; margin-top: 0px; margin-bottom: 0px; line-height: 1.2em; font-size: 17px; hyphens: manual; color: #36353c; background: #e2edf2; border-bottom: 1px solid var(--border-color-primary); padding: 19px 27px;\">Useful links<\/h4><div style=\"hyphens: manual; margin-bottom: 40px; border: 1px solid var(--border-color-primary); color: #777d8b; font-family: 'Open Sans', Helvetica, Arial, sans-serif; font-size: 14px;\"><div style=\"hyphens: manual; margin-bottom: 0px;\"><ul style=\"margin-right: 0px; margin-left: 0px; hyphens: manual; list-style: none; padding: 20px 27px;\"><li style=\"hyphens: manual; color: var(--color-primary); font-size: 16px; line-height: 30px; font-family: ITCAvantGardePro-demi, serif;\">Website of Cap\u00e9nergies \u2013 Competitiveness Cluster<a style=\"background-image: initial; background-position: initial; background-size: initial; background-repeat: initial; background-attachment: initial; background-origin: initial; background-clip: initial; hyphens: manual; cursor: pointer; color: var(--color-theme-5); -webkit-tap-highlight-color: rgba(0, 0, 0, 0.3); margin-bottom: 0px; display: block; word-break: break-all; outline: none !important;\" href=\"https:\/\/www.capenergies.fr\/en\/\" target=\"_blank\" rel=\"noopener noreferrer\">https:\/\/www.capenergies.fr\/en\/<\/a><\/li><\/ul><\/div><\/div><h3 style=\"text-rendering: optimizelegibility; font-family: ITCAvantGardePro-Md, serif; letter-spacing: 0px; margin: 0px 0px 16px; line-height: 1.2em; font-size: 18px; hyphens: manual; color: #0e2655;\">SAFE Cluster<\/h3><div style=\"hyphens: manual; margin-bottom: 30px; color: #777d8b; font-family: 'Open Sans', Helvetica, Arial, sans-serif; font-size: 14px;\"><div style=\"hyphens: manual; margin-bottom: 0px;\"><p style=\"hyphens: manual; color: var(--color-text); font-size: 16px; font-family: SourceSansPro, sans-serif; letter-spacing: 0px; line-height: 30px; margin-right: 0px; margin-bottom: 16px; margin-left: 0px;\">The \u00ab SAFE \u00bb Cluster is specializing in Security and Risk Management Solutions, as well as in new Aerospace and Technology Solutions for Defense. Today, more than 450 members joined the SAFE Cluster in the South Region.<\/p><p style=\"hyphens: manual; color: var(--color-text); font-size: 16px; font-family: SourceSansPro, sans-serif; letter-spacing: 0px; line-height: 30px; margin-right: 0px; margin-bottom: 0px; margin-left: 0px;\">To learn more about the SAFE Cluster :<\/p><\/div><\/div><h4 style=\"text-rendering: optimizelegibility; font-weight: bold; font-family: SourceSansPro-Regular, serif; letter-spacing: 0px; margin-top: 0px; margin-bottom: 0px; line-height: 1.2em; font-size: 17px; hyphens: manual; color: #36353c; background: #e2edf2; border-bottom: 1px solid var(--border-color-primary); padding: 19px 27px;\">Useful links<\/h4><div style=\"hyphens: manual; margin-bottom: 40px; border: 1px solid var(--border-color-primary); color: #777d8b; font-family: 'Open Sans', Helvetica, Arial, sans-serif; font-size: 14px;\"><div style=\"hyphens: manual; margin-bottom: 0px;\"><ul style=\"margin-right: 0px; margin-left: 0px; hyphens: manual; list-style: none; padding: 20px 27px;\"><li style=\"hyphens: manual; color: var(--color-primary); font-size: 16px; line-height: 30px; font-family: ITCAvantGardePro-demi, serif;\">Website of the SAFE Cluster \u2013 Competitiveness Cluster<a style=\"background-image: initial; background-position: initial; background-size: initial; background-repeat: initial; background-attachment: initial; background-origin: initial; background-clip: initial; hyphens: manual; cursor: pointer; color: var(--color-theme-5); -webkit-tap-highlight-color: rgba(0, 0, 0, 0.3); margin-bottom: 0px; display: block; word-break: break-all; outline: none !important;\" href=\"https:\/\/www.safecluster.com\/?lang=en\" target=\"_blank\" rel=\"noopener noreferrer\">https:\/\/www.safecluster.com\/?lang=en<\/a><\/li><\/ul><\/div><\/div><h3 style=\"text-rendering: optimizelegibility; font-family: ITCAvantGardePro-Md, serif; letter-spacing: 0px; margin: 0px 0px 16px; line-height: 1.2em; font-size: 18px; hyphens: manual; color: #0e2655;\">P\u00f4le Mer M\u00e9diterran\u00e9e<\/h3><div style=\"hyphens: manual; margin-bottom: 30px; color: #777d8b; font-family: 'Open Sans', Helvetica, Arial, sans-serif; font-size: 14px;\"><div style=\"hyphens: manual; margin-bottom: 0px;\"><p style=\"hyphens: manual; color: var(--color-text); font-size: 16px; font-family: SourceSansPro, sans-serif; letter-spacing: 0px; line-height: 30px; margin-right: 0px; margin-bottom: 16px; margin-left: 0px;\">The \u00ab P\u00f4le Mer M\u00e9diterran\u00e9e \u00bb (Mediterranean Sea Cluster) is specializing in the Water sector and aims at developing a sustainable maritime and coastal economy in the Mediterranean area. Its measures include the protection of the fauna and flora, and the different maritime infrastructures, as well as the management of maritime and mining resources.<br style=\"hyphens: manual; margin-bottom: 0px;\" \/>Today, more than 420 members joined this cluster in the South Region, in Corsica, and in Occitania.<\/p><p style=\"hyphens: manual; color: var(--color-text); font-size: 16px; font-family: SourceSansPro, sans-serif; letter-spacing: 0px; line-height: 30px; margin-right: 0px; margin-bottom: 0px; margin-left: 0px;\">To learn more about the \u00ab P\u00f4le Mer M\u00e9diterran\u00e9e \u00bb :<\/p><\/div><\/div><h4 style=\"text-rendering: optimizelegibility; font-weight: bold; font-family: SourceSansPro-Regular, serif; letter-spacing: 0px; margin-top: 0px; margin-bottom: 0px; line-height: 1.2em; font-size: 17px; hyphens: manual; color: #36353c; background: #e2edf2; border-bottom: 1px solid var(--border-color-primary); padding: 19px 27px;\">Useful link<\/h4><div style=\"hyphens: manual; margin-bottom: 40px; border: 1px solid var(--border-color-primary); color: #777d8b; font-family: 'Open Sans', Helvetica, Arial, sans-serif; font-size: 14px;\"><div style=\"hyphens: manual; margin-bottom: 0px;\"><ul style=\"margin-right: 0px; margin-left: 0px; hyphens: manual; list-style: none; padding: 20px 27px;\"><li style=\"hyphens: manual; color: var(--color-primary); font-size: 16px; line-height: 30px; font-family: ITCAvantGardePro-demi, serif;\">Website of the \u00ab P\u00f4le Mer M\u00e9diterran\u00e9e \u00bb \u2013 Competitiveness Cluster<a style=\"background-image: initial; background-position: initial; background-size: initial; background-repeat: initial; background-attachment: initial; background-origin: initial; background-clip: initial; hyphens: manual; cursor: pointer; color: var(--color-theme-5); -webkit-tap-highlight-color: rgba(0, 0, 0, 0.3); margin-bottom: 0px; display: block; word-break: break-all; outline: none !important;\" href=\"https:\/\/www.polemermediterranee.com\/\" target=\"_blank\" rel=\"noopener noreferrer\">https:\/\/www.polemermediterranee.com\/<\/a><\/li><\/ul><\/div><\/div><h3 style=\"text-rendering: optimizelegibility; font-family: ITCAvantGardePro-Md, serif; letter-spacing: 0px; margin: 0px 0px 16px; line-height: 1.2em; font-size: 18px; hyphens: manual; color: #0e2655;\">P\u00f4le SCS<\/h3><div style=\"hyphens: manual; margin-bottom: 30px; color: #777d8b; font-family: 'Open Sans', Helvetica, Arial, sans-serif; font-size: 14px;\"><div style=\"hyphens: manual; margin-bottom: 0px;\"><p style=\"hyphens: manual; color: var(--color-text); font-size: 16px; font-family: SourceSansPro, sans-serif; letter-spacing: 0px; line-height: 30px; margin-right: 0px; margin-bottom: 16px; margin-left: 0px;\">The \u00ab P\u00f4le Solutions Communicantes S\u00e9curit\u00e9s \u2013 SCS \u00bb (Secured Communicating Solutions Cluster) is specializing in Digital Technologies, especially the following: Microelectronics, Internet of Things, Digital Security, Artificial Intelligence and Big Data. Today, more than 320 members joined the SCS Cluster<br style=\"hyphens: manual; margin-bottom: 0px;\" \/>in the South Region.<\/p><p style=\"hyphens: manual; color: var(--color-text); font-size: 16px; font-family: SourceSansPro, sans-serif; letter-spacing: 0px; line-height: 30px; margin-right: 0px; margin-bottom: 0px; margin-left: 0px;\">To learn more about the SCS cluster:<\/p><\/div><\/div><h4 style=\"text-rendering: optimizelegibility; font-weight: bold; font-family: SourceSansPro-Regular, serif; letter-spacing: 0px; margin-top: 0px; margin-bottom: 0px; line-height: 1.2em; font-size: 17px; hyphens: manual; color: #36353c; background: #e2edf2; border-bottom: 1px solid var(--border-color-primary); padding: 19px 27px;\">Useful links<\/h4><div style=\"hyphens: manual; margin-bottom: 40px; border: 1px solid var(--border-color-primary); color: #777d8b; font-family: 'Open Sans', Helvetica, Arial, sans-serif; font-size: 14px;\"><div style=\"hyphens: manual; margin-bottom: 0px;\"><ul style=\"margin-right: 0px; margin-left: 0px; hyphens: manual; list-style: none; padding: 20px 27px;\"><li style=\"hyphens: manual; color: var(--color-primary); font-size: 16px; line-height: 30px; font-family: ITCAvantGardePro-demi, serif;\">Website of the SCS Cluster \u2013 Competitiveness Cluster<a style=\"background-image: initial; background-position: initial; background-size: initial; background-repeat: initial; background-attachment: initial; background-origin: initial; background-clip: initial; hyphens: manual; cursor: pointer; color: var(--color-theme-5); -webkit-tap-highlight-color: rgba(0, 0, 0, 0.3); margin-bottom: 0px; display: block; word-break: break-all; outline: none !important;\" href=\"https:\/\/www.pole-scs.org\/en\/\" target=\"_blank\" rel=\"noopener noreferrer\">https:\/\/www.pole-scs.org\/en\/<\/a><\/li><\/ul><\/div><\/div><h3 style=\"text-rendering: optimizelegibility; font-family: ITCAvantGardePro-Md, serif; letter-spacing: 0px; margin: 0px 0px 16px; line-height: 1.2em; font-size: 18px; hyphens: manual; color: #0e2655;\">Eurobiomed<\/h3><div style=\"hyphens: manual; margin-bottom: 30px; color: #777d8b; font-family: 'Open Sans', Helvetica, Arial, sans-serif; font-size: 14px;\"><div style=\"hyphens: manual; margin-bottom: 0px;\"><p style=\"hyphens: manual; color: var(--color-text); font-size: 16px; font-family: SourceSansPro, sans-serif; letter-spacing: 0px; line-height: 30px; margin-right: 0px; margin-bottom: 0px; margin-left: 0px;\">The Eurobiomed Cluster is supporting the development and commercialization of the Health and Fundamental Research industries in the South of France. Today, more than 270 members joined the Eurobiomed Cluster in the South Region and in Occitania.<\/p><\/div><\/div><h4 style=\"text-rendering: optimizelegibility; font-weight: bold; font-family: SourceSansPro-Regular, serif; letter-spacing: 0px; margin-top: 0px; margin-bottom: 0px; line-height: 1.2em; font-size: 17px; hyphens: manual; color: #36353c; background: #e2edf2; border-bottom: 1px solid var(--border-color-primary); padding: 19px 27px;\">Useful links<\/h4><div style=\"hyphens: manual; margin-bottom: 40px; border: 1px solid var(--border-color-primary); color: #777d8b; font-family: 'Open Sans', Helvetica, Arial, sans-serif; font-size: 14px;\"><div style=\"hyphens: manual; margin-bottom: 0px;\"><ul style=\"margin-right: 0px; margin-left: 0px; hyphens: manual; list-style: none; padding: 20px 27px;\"><li style=\"hyphens: manual; color: var(--color-primary); font-size: 16px; line-height: 30px; font-family: ITCAvantGardePro-demi, serif;\">Website of the Eurobiomed Cluster \u2013 Competitiveness Cluster<a style=\"background-image: initial; background-position: initial; background-size: initial; background-repeat: initial; background-attachment: initial; background-origin: initial; background-clip: initial; hyphens: manual; cursor: pointer; color: var(--color-theme-5); -webkit-tap-highlight-color: rgba(0, 0, 0, 0.3); margin-bottom: 0px; display: block; word-break: break-all; outline: none !important;\" href=\"https:\/\/www.eurobiomed.org\/en\/\" target=\"_blank\" rel=\"noopener noreferrer\">https:\/\/www.eurobiomed.org\/en\/<\/a><\/li><\/ul><\/div><\/div><h3 style=\"text-rendering: optimizelegibility; font-family: ITCAvantGardePro-Md, serif; letter-spacing: 0px; margin: 0px 0px 16px; line-height: 1.2em; font-size: 18px; hyphens: manual; color: #0e2655;\">Aqua Valley<\/h3><div style=\"hyphens: manual; margin-bottom: 30px; color: #777d8b; font-family: 'Open Sans', Helvetica, Arial, sans-serif; font-size: 14px;\"><div style=\"hyphens: manual; margin-bottom: 0px;\"><p style=\"hyphens: manual; color: var(--color-text); font-size: 16px; font-family: SourceSansPro, sans-serif; letter-spacing: 0px; line-height: 30px; margin-right: 0px; margin-bottom: 0px; margin-left: 0px;\">The Aqua Valley Cluster is specializing in all jobs related to the Water sector and is a co-founder of \u201cFrance Water Team\u201d, an international brand that combines three French competitiveness clusters working in the water industry. Today, more than 250 members joined the Aqua Valley Cluster in the South Region and in Occitania.<\/p><\/div><\/div><h4 style=\"text-rendering: optimizelegibility; font-weight: bold; font-family: SourceSansPro-Regular, serif; letter-spacing: 0px; margin-top: 0px; margin-bottom: 0px; line-height: 1.2em; font-size: 17px; hyphens: manual; color: #36353c; background: #e2edf2; border-bottom: 1px solid var(--border-color-primary); padding: 19px 27px;\">Useful links<\/h4><div style=\"hyphens: manual; margin-bottom: 40px; border: 1px solid var(--border-color-primary); color: #777d8b; font-family: 'Open Sans', Helvetica, Arial, sans-serif; font-size: 14px;\"><div style=\"hyphens: manual; margin-bottom: 0px;\"><ul style=\"margin-right: 0px; margin-left: 0px; hyphens: manual; list-style: none; padding: 20px 27px;\"><li style=\"hyphens: manual; color: var(--color-primary); font-size: 16px; line-height: 30px; font-family: ITCAvantGardePro-demi, serif;\">Website of the Aqua Valley Cluster \u2013 Competitiveness Cluster<a style=\"background-image: initial; background-position: initial; background-size: initial; background-repeat: initial; background-attachment: initial; background-origin: initial; background-clip: initial; hyphens: manual; cursor: pointer; color: var(--color-theme-5); -webkit-tap-highlight-color: rgba(0, 0, 0, 0.3); margin-bottom: 0px; display: block; word-break: break-all; outline: none !important;\" href=\"http:\/\/www.pole-eau.com\/en\" target=\"_blank\" rel=\"noopener noreferrer\">http:\/\/www.pole-eau.com\/en<\/a><\/li><\/ul><\/div><\/div><h3 style=\"text-rendering: optimizelegibility; font-family: ITCAvantGardePro-Md, serif; letter-spacing: 0px; margin: 0px 0px 16px; line-height: 1.2em; font-size: 18px; hyphens: manual; color: #0e2655;\">Optitec<\/h3><div style=\"hyphens: manual; margin-bottom: 30px; color: #777d8b; font-family: 'Open Sans', Helvetica, Arial, sans-serif; font-size: 14px;\"><div style=\"hyphens: manual; margin-bottom: 0px;\"><p style=\"hyphens: manual; color: var(--color-text); font-size: 16px; font-family: SourceSansPro, sans-serif; letter-spacing: 0px; line-height: 30px; margin-right: 0px; margin-bottom: 0px; margin-left: 0px;\">The Optitec Cluster is specializing in the sectors of Deep Techs in Photonic and Imagery for the following fields: Security\/Defense and large scientific instruments, Health and Life Sciences, Manufacturing of the Future, Smart City and Automotive, and Precision Agriculture. Today,more than 220 members joined the Optitec Cluster in the South Region and in Occitania.<\/p><\/div><\/div><h4 style=\"text-rendering: optimizelegibility; font-weight: bold; font-family: SourceSansPro-Regular, serif; letter-spacing: 0px; margin-top: 0px; margin-bottom: 0px; line-height: 1.2em; font-size: 17px; hyphens: manual; color: #36353c; background: #e2edf2; border-bottom: 1px solid var(--border-color-primary); padding: 19px 27px;\">Useful links<\/h4><div style=\"hyphens: manual; margin-bottom: 40px; border: 1px solid var(--border-color-primary); color: #777d8b; font-family: 'Open Sans', Helvetica, Arial, sans-serif; font-size: 14px;\"><div style=\"hyphens: manual; margin-bottom: 0px;\"><ul style=\"margin-right: 0px; margin-left: 0px; hyphens: manual; list-style: none; padding: 20px 27px;\"><li style=\"hyphens: manual; color: var(--color-primary); font-size: 16px; line-height: 30px; font-family: ITCAvantGardePro-demi, serif;\">Website of the Optitec Cluster \u2013 Competitiveness Cluster<a style=\"background-image: initial; background-position: initial; background-size: initial; background-repeat: initial; background-attachment: initial; background-origin: initial; background-clip: initial; hyphens: manual; cursor: pointer; color: var(--color-theme-5); -webkit-tap-highlight-color: rgba(0, 0, 0, 0.3); margin-bottom: 0px; display: block; word-break: break-all; outline: none !important;\" href=\"http:\/\/www.pole-optitec.com\/\" target=\"_blank\" rel=\"noopener noreferrer\">http:\/\/www.pole-optitec.com\/<\/a><\/li><\/ul><\/div><\/div><h3 style=\"text-rendering: optimizelegibility; font-family: ITCAvantGardePro-Md, serif; letter-spacing: 0px; margin: 0px 0px 16px; line-height: 1.2em; font-size: 18px; hyphens: manual; color: #0e2655;\">P\u00f4le Terralia PASS<\/h3><div style=\"hyphens: manual; margin-bottom: 30px; color: #777d8b; font-family: 'Open Sans', Helvetica, Arial, sans-serif; font-size: 14px;\"><div style=\"hyphens: manual; margin-bottom: 0px;\"><p style=\"hyphens: manual; color: var(--color-text); font-size: 16px; font-family: SourceSansPro, sans-serif; letter-spacing: 0px; line-height: 30px; margin-right: 0px; margin-bottom: 16px; margin-left: 0px;\">The POLE TERRALIA PASS cluster is specializing in the Flavors industry and relies on the expertise and richness of companies in the Grasse area. More than 160 members joined the POLE TERRALIA PASS Cluster in the South Region.<\/p><p style=\"hyphens: manual; color: var(--color-text); font-size: 16px; font-family: SourceSansPro, sans-serif; letter-spacing: 0px; line-height: 30px; margin-right: 0px; margin-bottom: 0px; margin-left: 0px;\">Since 2019, the POLE TERRALIA PASS Cluster is associated to the Terralia Cluster. Together, they created the ABEN Cluster which is specializing in the Food, Well-being and Natural Products fields. More than 450 members joined the ABEN Cluster in the South Region, in the Auvergne Rh\u00f4ne-Alpes region, and in Occitania.<\/p><\/div><\/div><h4 style=\"text-rendering: optimizelegibility; font-weight: bold; font-family: SourceSansPro-Regular, serif; letter-spacing: 0px; margin-top: 0px; margin-bottom: 0px; line-height: 1.2em; font-size: 17px; hyphens: manual; color: #36353c; background: #e2edf2; border-bottom: 1px solid var(--border-color-primary); padding: 19px 27px;\">Useful links<\/h4><div style=\"hyphens: manual; margin-bottom: 40px; border: 1px solid var(--border-color-primary); color: #777d8b; font-family: 'Open Sans', Helvetica, Arial, sans-serif; font-size: 14px;\"><div style=\"hyphens: manual; margin-bottom: 0px;\"><ul style=\"margin-right: 0px; margin-left: 0px; hyphens: manual; list-style: none; padding: 20px 27px;\"><li style=\"hyphens: manual; color: var(--color-primary); font-size: 16px; line-height: 30px; font-family: ITCAvantGardePro-demi, serif;\">Website of the POLE TERRALIA PASS Cluster \u2013 Competitiveness Cluster<a style=\"background-image: initial; background-position: initial; background-size: initial; background-repeat: initial; background-attachment: initial; background-origin: initial; background-clip: initial; hyphens: manual; cursor: pointer; color: var(--color-theme-5); -webkit-tap-highlight-color: rgba(0, 0, 0, 0.3); margin-bottom: 0px; display: block; word-break: break-all; outline: none !important;\" href=\"https:\/\/www.pole-pass.fr\/\" target=\"_blank\" rel=\"noopener noreferrer\">https:\/\/www.pole-pass.fr\/<\/a><\/li><\/ul><\/div><\/div><h3 style=\"text-rendering: optimizelegibility; font-family: ITCAvantGardePro-Md, serif; letter-spacing: 0px; margin: 0px 0px 16px; line-height: 1.2em; font-size: 18px; hyphens: manual; color: #0e2655;\">Cluster IA<\/h3><div style=\"hyphens: manual; margin-bottom: 30px; color: #777d8b; font-family: 'Open Sans', Helvetica, Arial, sans-serif; font-size: 14px;\"><div style=\"hyphens: manual; margin-bottom: 0px;\"><p style=\"hyphens: manual; color: var(--color-text); font-size: 16px; font-family: SourceSansPro, sans-serif; letter-spacing: 0px; line-height: 30px; margin-right: 0px; margin-bottom: 0px; margin-left: 0px;\">The \u201cCluster IA\u201d (Artificial Intelligence Cluster) is a group of stakeholders supporting the economic development of Artificial Intelligence on the C\u00f4te d\u2019Azur by bringing together different local players around joint projects. It aims at promoting the Azurean AI ecosystem on a national and international level. Today, some thirty members joined the Cluster IA.<\/p><\/div><\/div><h4 style=\"text-rendering: optimizelegibility; font-weight: bold; font-family: SourceSansPro-Regular, serif; letter-spacing: 0px; margin-top: 0px; margin-bottom: 0px; line-height: 1.2em; font-size: 17px; hyphens: manual; color: #36353c; background: #e2edf2; border-bottom: 1px solid var(--border-color-primary); padding: 19px 27px;\">Useful links<\/h4><div style=\"hyphens: manual; margin-bottom: 40px; border: 1px solid var(--border-color-primary); color: #777d8b; font-family: 'Open Sans', Helvetica, Arial, sans-serif; font-size: 14px;\"><div style=\"hyphens: manual; margin-bottom: 0px;\"><ul style=\"margin-right: 0px; margin-left: 0px; hyphens: manual; list-style: none; padding: 20px 27px;\"><li style=\"hyphens: manual; color: var(--color-primary); font-size: 16px; line-height: 30px; font-family: ITCAvantGardePro-demi, serif;\">Website of the Cluster IA<a style=\"background-image: initial; background-position: initial; background-size: initial; background-repeat: initial; background-attachment: initial; background-origin: initial; background-clip: initial; hyphens: manual; cursor: pointer; color: var(--color-theme-5); -webkit-tap-highlight-color: rgba(0, 0, 0, 0.3); margin-bottom: 0px; display: block; word-break: break-all; outline: none !important;\" href=\"https:\/\/www.actuia.com\/acteur\/cluster-ia\/\" target=\"_blank\" rel=\"noopener noreferrer\">https:\/\/www.actuia.com\/acteur\/cluster-ia\/<\/a><\/li><\/ul><\/div><\/div><h3 style=\"text-rendering: optimizelegibility; font-family: ITCAvantGardePro-Md, serif; letter-spacing: 0px; margin: 0px 0px 16px; line-height: 1.2em; font-size: 18px; hyphens: manual; color: #0e2655;\">Smart Vehicles C\u00f4te d\u2019Azur<\/h3><div style=\"hyphens: manual; margin-bottom: 30px; color: #777d8b; font-family: 'Open Sans', Helvetica, Arial, sans-serif; font-size: 14px;\"><div style=\"hyphens: manual; margin-bottom: 0px;\"><p style=\"hyphens: manual; color: var(--color-text); font-size: 16px; font-family: SourceSansPro, sans-serif; letter-spacing: 0px; line-height: 30px; margin-right: 0px; margin-bottom: 0px; margin-left: 0px;\">The Smart Vehicle C\u00f4te d\u2019Azur initiative is a business community supporting the development of new mobility solutions in the Azurean region. Large industrial groups, startups, and institutional establishments are part of this initiative. The Smart Vehicle C\u00f4te d\u2019Azur aims at creating synergies between the different local stakeholders and placing Sophia Antipolis and the C\u00f4te d\u2019Azur as leading European territories for new mobility solutions. Today, some forty members joined the initiative in the Alpes-Maritimes.<\/p><\/div><\/div><h4 style=\"text-rendering: optimizelegibility; font-weight: bold; font-family: SourceSansPro-Regular, serif; letter-spacing: 0px; margin-top: 0px; margin-bottom: 0px; line-height: 1.2em; font-size: 17px; hyphens: manual; color: #36353c; background: #e2edf2; border-bottom: 1px solid var(--border-color-primary); padding: 19px 27px;\">Useful links<\/h4><div style=\"hyphens: manual; margin-bottom: 40px; border: 1px solid var(--border-color-primary); color: #777d8b; font-family: 'Open Sans', Helvetica, Arial, sans-serif; font-size: 14px;\"><div style=\"hyphens: manual; margin-bottom: 0px;\"><ul style=\"margin-right: 0px; margin-left: 0px; hyphens: manual; list-style: none; padding: 20px 27px;\"><li style=\"hyphens: manual; color: var(--color-primary); font-size: 16px; line-height: 30px; font-family: ITCAvantGardePro-demi, serif;\">Smart Vehicle C\u00f4te d\u2019Azur LinkedIn Page<a style=\"background-image: initial; background-position: initial; background-size: initial; background-repeat: initial; background-attachment: initial; background-origin: initial; background-clip: initial; hyphens: manual; cursor: pointer; color: var(--color-theme-5); -webkit-tap-highlight-color: rgba(0, 0, 0, 0.3); margin-bottom: 0px; display: block; word-break: break-all; outline: none !important;\" href=\"https:\/\/www.linkedin.com\/company\/smart-vehicle-c%C3%B4te-d-azur\" target=\"_blank\" rel=\"noopener noreferrer\">https:\/\/www.linkedin.com\/company\/smart-vehicle-c%C3%B4te-d-azur<\/a><\/li><\/ul><\/div><\/div><div style=\"hyphens: manual; margin-bottom: 30px; display: flex; -webkit-box-orient: horizontal; -webkit-box-direction: normal; flex-flow: row nowrap; -webkit-box-align: center; align-items: center; width: 887.5px; margin-left: auto; margin-right: auto; color: #777d8b; font-family: 'Open Sans', Helvetica, Arial, sans-serif; font-size: 14px;\">\u00a0<\/div><h2 style=\"text-rendering: optimizelegibility; font-family: ITCAvantGardePro-Demi, serif; letter-spacing: 0px; margin-top: 0px; margin-bottom: 26px; font-size: 20px; line-height: 1.2em; hyphens: manual;\">Assistance and useful contacts<\/h2><div style=\"hyphens: manual; margin-bottom: 30px; color: #777d8b; font-family: 'Open Sans', Helvetica, Arial, sans-serif; font-size: 14px;\"><div style=\"hyphens: manual; margin-bottom: 0px;\">\u00a0<\/div><\/div><div style=\"hyphens: manual; margin-bottom: 30px; color: #777d8b; font-family: 'Open Sans', Helvetica, Arial, sans-serif; font-size: 14px;\"><div style=\"hyphens: manual; margin-bottom: 0px;\"><p style=\"hyphens: manual; color: var(--color-text); font-size: 16px; font-family: SourceSansPro, sans-serif; letter-spacing: 0px; line-height: 30px; margin-right: 0px; margin-bottom: 0px; margin-left: 0px;\">Do you wish to set up your business on the C\u00f4te d\u2019Azur and need assistance to discover and connect to the relevant local community?<\/p><\/div><\/div><h4 style=\"text-rendering: optimizelegibility; font-weight: bold; font-family: SourceSansPro-Regular, serif; letter-spacing: 0px; margin-top: 0px; margin-bottom: 0px; line-height: 1.2em; font-size: 17px; hyphens: manual; color: #36353c; background: #e2edf2; border-bottom: 1px solid var(--border-color-primary); padding: 19px 27px;\">Useful contacts<\/h4><div style=\"hyphens: manual; margin-bottom: 40px; border: 1px solid var(--border-color-primary); color: #777d8b; font-family: 'Open Sans', Helvetica, Arial, sans-serif; font-size: 14px;\"><div style=\"hyphens: manual; margin-bottom: 0px;\"><ul style=\"margin-right: 0px; margin-left: 0px; hyphens: manual; list-style: none; padding: 20px 27px;\"><li style=\"hyphens: manual; color: var(--color-primary); font-size: 16px; line-height: 30px; font-family: ITCAvantGardePro-demi, serif;\">Contact Team C\u00f4te d\u2019Azur :\u00a0https:\/\/www.investincotedazur.com\/en\/contact\/<\/li><\/ul><\/div><\/div><div style=\"hyphens: manual; margin-bottom: 30px; color: #777d8b; font-family: 'Open Sans', Helvetica, Arial, sans-serif; font-size: 14px;\"><div style=\"hyphens: manual; margin-bottom: 0px;\"><p style=\"hyphens: manual; color: var(--color-text); font-size: 16px; font-family: SourceSansPro, sans-serif; letter-spacing: 0px; line-height: 30px; margin-right: 0px; margin-bottom: 0px; margin-left: 0px;\">Are you already set up on the C\u00f4te d\u2019Azur and wishing to be better connected to the local community?<\/p><\/div><\/div><h4 style=\"text-rendering: optimizelegibility; font-weight: bold; font-family: SourceSansPro-Regular, serif; letter-spacing: 0px; margin-top: 0px; margin-bottom: 0px; line-height: 1.2em; font-size: 17px; hyphens: manual; color: #36353c; background: #e2edf2; border-bottom: 1px solid var(--border-color-primary); padding: 19px 27px;\">Useful contacts<\/h4><div style=\"hyphens: manual; margin-bottom: 40px; border: 1px solid var(--border-color-primary); color: #777d8b; font-family: 'Open Sans', Helvetica, Arial, sans-serif; font-size: 14px;\"><div style=\"hyphens: manual; margin-bottom: 0px;\"><ul style=\"margin-right: 0px; margin-left: 0px; hyphens: manual; list-style: none; padding: 20px 27px;\"><li style=\"hyphens: manual; color: var(--color-primary); font-size: 16px; line-height: 30px; margin-bottom: 36px; font-family: ITCAvantGardePro-demi, serif;\">Contact CCI C\u00f4te d\u2019Azur<br style=\"hyphens: manual;\" \/><a style=\"background-image: initial; background-position: initial; background-size: initial; background-repeat: initial; background-attachment: initial; background-origin: initial; background-clip: initial; hyphens: manual; cursor: pointer; color: var(--color-theme-5); -webkit-tap-highlight-color: rgba(0, 0, 0, 0.3); margin-bottom: 0px; display: block; word-break: break-all; outline: none !important;\" href=\"https:\/\/www.cote-azur.cci.fr\/contact\/\" target=\"_blank\" rel=\"noopener noreferrer\">https:\/\/www.cote-azur.cci.fr\/contact\/<\/a><\/li><li style=\"hyphens: manual; color: var(--color-primary); font-size: 16px; line-height: 30px; font-family: ITCAvantGardePro-demi, serif;\">Contact Sophia Club Entreprises<br style=\"hyphens: manual;\" \/><a style=\"background-image: initial; background-position: initial; background-size: initial; background-repeat: initial; background-attachment: initial; background-origin: initial; background-clip: initial; hyphens: manual; cursor: pointer; color: var(--color-theme-5); -webkit-tap-highlight-color: rgba(0, 0, 0, 0.3); margin-bottom: 0px; display: block; word-break: break-all; outline: none !important;\" href=\"https:\/\/www.sophiaclubentreprises.com\/fr\/contact\" target=\"_blank\" rel=\"noopener noreferrer\">https:\/\/www.sophiaclubentreprises.com\/fr\/contact<\/a><\/li><\/ul><\/div><\/div><div style=\"hyphens: manual; margin-bottom: 40px; border: 1px solid var(--border-color-primary); color: #777d8b; font-family: 'Open Sans', Helvetica, Arial, sans-serif; font-size: 14px;\"><div style=\"hyphens: manual; margin-bottom: 0px;\">\u00a0<\/div><\/div><div style=\"hyphens: manual; margin-bottom: 40px; border: 1px solid var(--border-color-primary); color: #777d8b;\"><div style=\"hyphens: manual; margin-bottom: 0px;\"><div><div style=\"hyphens: manual; margin-bottom: 40px; border: 1px solid var(--border-color-primary); font-family: 'Open Sans', Helvetica, Arial, sans-serif; font-size: 14px;\">\u00a0<\/div><\/div><\/div><\/div><\/div><\/div>\t\t\t\t\t<\/div>\n\t\t\t\t\t\t<\/div>\n\t\t\t\t<\/div>\n\t\t\t\t\t\t<\/div>\n\t\t\t\t\t<\/div>\n\t\t<\/div>\n\t\t\t\t\t\t\t\t<\/div>\n\t\t\t\t\t<\/div>\n\t\t<\/section>\n\t\t\t\t<section class=\"elementor-section elementor-top-section elementor-element elementor-element-56826a3 elementor-section-boxed elementor-section-height-default elementor-section-height-default\" data-id=\"56826a3\" data-element_type=\"section\">\n\t\t\t\t\t\t<div class=\"elementor-container elementor-column-gap-default\">\n\t\t\t\t\t\t\t<div class=\"elementor-row\">\n\t\t\t\t\t<div class=\"elementor-column elementor-col-33 elementor-top-column elementor-element elementor-element-7293d74\" data-id=\"7293d74\" data-element_type=\"column\">\n\t\t\t<div class=\"elementor-column-wrap\">\n\t\t\t\t\t\t\t<div class=\"elementor-widget-wrap\">\n\t\t\t\t\t\t\t\t<\/div>\n\t\t\t\t\t<\/div>\n\t\t<\/div>\n\t\t\t\t<div class=\"elementor-column elementor-col-66 elementor-top-column elementor-element elementor-element-6cc0e09\" data-id=\"6cc0e09\" data-element_type=\"column\">\n\t\t\t<div class=\"elementor-column-wrap elementor-element-populated\">\n\t\t\t\t\t\t\t<div class=\"elementor-widget-wrap\">\n\t\t\t\t\t\t<div class=\"elementor-element elementor-element-62c32af elementor-widget elementor-widget-text-editor\" data-id=\"62c32af\" data-element_type=\"widget\" data-widget_type=\"text-editor.default\">\n\t\t\t\t<div class=\"elementor-widget-container\">\n\t\t\t\t\t\t\t\t<div class=\"elementor-text-editor elementor-clearfix\">\n\t\t\t\t<div style=\"hyphens: manual; margin-bottom: 30px; color: #777d8b;\"><div style=\"hyphens: manual; margin-bottom: 0px;\"><h2 style=\"box-sizing: border-box; text-rendering: optimizelegibility; font-weight: 500; font-family: ITCAvantGardePro-Demi, serif; letter-spacing: 0px; margin-top: 0px; margin-bottom: 26px; text-transform: none; font-size: 20px; line-height: 1.2em; hyphens: manual; color: var(--color-primary);\">R\u00e9seaux, clusters et p\u00f4les de comp\u00e9titivit\u00e9<\/h2><div style=\"hyphens: manual; margin-bottom: 30px; font-family: 'Open Sans', Helvetica, Arial, sans-serif; font-size: 14px;\"><div style=\"hyphens: manual; margin-bottom: 0px;\">\u00a0<\/div><\/div><div style=\"hyphens: manual; margin-bottom: 30px; font-family: 'Open Sans', Helvetica, Arial, sans-serif; font-size: 14px;\"><div style=\"hyphens: manual; margin-bottom: 0px;\"><p style=\"hyphens: manual; color: var(--color-text); font-size: 16px; font-family: SourceSansPro, sans-serif; letter-spacing: 0px; line-height: 30px; margin-right: 0px; margin-bottom: 16px; margin-left: 0px;\">Regroupement d\u2019acteurs de l\u2019\u00e9cosyst\u00e8me \u00e9conomique local, les clusters et p\u00f4les de comp\u00e9titivit\u00e9 f\u00e9d\u00e8rent les activit\u00e9s afin de cr\u00e9er des dynamiques locales et d\u2019atteindre des nouveaux march\u00e9s. Ils offrent \u00e9galement aux entreprises un accompagnement, de la R&amp;D jusqu\u2019\u00e0 la commercialisation de leurs produits et services. On retrouve, au sein de cet accompagnement, un acc\u00e8s \u00e0 des conseils et des comp\u00e9tences sur les diff\u00e9rentes \u00e9tapes du d\u00e9veloppement de l\u2019entreprise, une aide pour trouver des financements ou pour s\u2019\u00e9tendre vers l\u2019international etc\u2026<\/p><p style=\"hyphens: manual; color: var(--color-text); font-size: 16px; font-family: SourceSansPro, sans-serif; letter-spacing: 0px; line-height: 30px; margin-right: 0px; margin-bottom: 16px; margin-left: 0px;\">La C\u00f4te d\u2019Azur se f\u00e9licite d\u2019h\u00e9berger sur son territoire, 8 p\u00f4les de comp\u00e9titivit\u00e9 labellis\u00e9s par l\u2019\u00e9tat fran\u00e7ais et de nombreux clusters, positionn\u00e9s sur des fili\u00e8res strat\u00e9giques locales.<\/p><\/div><\/div><h3 style=\"text-rendering: optimizelegibility; font-family: ITCAvantGardePro-Md, serif; letter-spacing: 0px; margin: 0px 0px 16px; line-height: 1.2em; font-size: 18px; hyphens: manual; color: #0e2655;\">Cap\u00e9nergies<\/h3><div style=\"hyphens: manual; margin-bottom: 30px; color: #777d8b; font-family: 'Open Sans', Helvetica, Arial, sans-serif; font-size: 14px;\"><div style=\"hyphens: manual; margin-bottom: 0px;\"><p style=\"hyphens: manual; color: var(--color-text); font-size: 16px; font-family: SourceSansPro, sans-serif; letter-spacing: 0px; line-height: 30px; margin-right: 0px; margin-bottom: 16px; margin-left: 0px;\">Le P\u00f4le de Comp\u00e9titivit\u00e9 Cap\u00e9nergies se positionne sur le secteur des \u00e9nergies faisant de la transition \u00e9nerg\u00e9tique et de la cr\u00e9ation d\u2019une fili\u00e8re \u00e9nerg\u00e9tique d\u2019excellence ses objectifs principaux. Aujourd\u2019hui le p\u00f4le Cap\u00e9nergies comptabilise plus de 500 membres \u00e0 travers la R\u00e9gion Sud et la Corse.<\/p><p style=\"hyphens: manual; color: var(--color-text); font-size: 16px; font-family: SourceSansPro, sans-serif; letter-spacing: 0px; line-height: 30px; margin-right: 0px; margin-bottom: 0px; margin-left: 0px;\">Afin d\u2019en savoir plus sur le P\u00f4le Cap\u00e9nergies :<\/p><\/div><\/div><h4 style=\"text-rendering: optimizelegibility; font-weight: bold; font-family: SourceSansPro-Regular, serif; letter-spacing: 0px; margin-top: 0px; margin-bottom: 0px; line-height: 1.2em; font-size: 17px; hyphens: manual; color: #36353c; background: #e2edf2; border-bottom: 1px solid var(--border-color-primary); padding: 19px 27px;\">Liens Utiles<\/h4><div style=\"hyphens: manual; margin-bottom: 40px; border: 1px solid var(--border-color-primary); color: #777d8b; font-family: 'Open Sans', Helvetica, Arial, sans-serif; font-size: 14px;\"><div style=\"hyphens: manual; margin-bottom: 0px;\"><ul style=\"margin-right: 0px; margin-left: 0px; hyphens: manual; list-style: none; padding: 20px 27px;\"><li style=\"hyphens: manual; color: var(--color-primary); font-size: 16px; line-height: 30px; font-family: ITCAvantGardePro-demi, serif;\">Site Cap\u00e9nergies \u2013 P\u00f4le de Comp\u00e9titivit\u00e9<a style=\"background-image: initial; background-position: initial; background-size: initial; background-repeat: initial; background-attachment: initial; background-origin: initial; background-clip: initial; hyphens: manual; cursor: pointer; color: var(--color-theme-5); -webkit-tap-highlight-color: rgba(0, 0, 0, 0.3); margin-bottom: 0px; display: block; word-break: break-all; outline: none !important;\" href=\"http:\/\/www.capenergies.fr\/\" target=\"_blank\" rel=\"noopener noreferrer\">http:\/\/www.capenergies.fr\/<\/a><\/li><\/ul><\/div><\/div><h3 style=\"text-rendering: optimizelegibility; font-family: ITCAvantGardePro-Md, serif; letter-spacing: 0px; margin: 0px 0px 16px; line-height: 1.2em; font-size: 18px; hyphens: manual; color: #0e2655;\">SAFE Cluster<\/h3><div style=\"hyphens: manual; margin-bottom: 30px; color: #777d8b; font-family: 'Open Sans', Helvetica, Arial, sans-serif; font-size: 14px;\"><div style=\"hyphens: manual; margin-bottom: 0px;\"><p style=\"hyphens: manual; color: var(--color-text); font-size: 16px; font-family: SourceSansPro, sans-serif; letter-spacing: 0px; line-height: 30px; margin-right: 0px; margin-bottom: 16px; margin-left: 0px;\">Le P\u00f4le Safe Cluster se positionne sur les domaines des solutions de s\u00e9curit\u00e9 et de management des risques, des nouveaux usages a\u00e9rospatiaux et technologies de d\u00e9fense. Aujourd\u2019hui, le p\u00f4le Safe Cluster comptabilise plus de 450 membres au sein la R\u00e9gion Sud.<\/p><p style=\"hyphens: manual; color: var(--color-text); font-size: 16px; font-family: SourceSansPro, sans-serif; letter-spacing: 0px; line-height: 30px; margin-right: 0px; margin-bottom: 0px; margin-left: 0px;\">Afin d\u2019en savoir plus sur le P\u00f4le Safe Clusters :<\/p><\/div><\/div><h4 style=\"text-rendering: optimizelegibility; font-weight: bold; font-family: SourceSansPro-Regular, serif; letter-spacing: 0px; margin-top: 0px; margin-bottom: 0px; line-height: 1.2em; font-size: 17px; hyphens: manual; color: #36353c; background: #e2edf2; border-bottom: 1px solid var(--border-color-primary); padding: 19px 27px;\">Liens Utiles<\/h4><div style=\"hyphens: manual; margin-bottom: 40px; border: 1px solid var(--border-color-primary); color: #777d8b; font-family: 'Open Sans', Helvetica, Arial, sans-serif; font-size: 14px;\"><div style=\"hyphens: manual; margin-bottom: 0px;\"><ul style=\"margin-right: 0px; margin-left: 0px; hyphens: manual; list-style: none; padding: 20px 27px;\"><li style=\"hyphens: manual; color: var(--color-primary); font-size: 16px; line-height: 30px; font-family: ITCAvantGardePro-demi, serif;\">Site Safe Cluster \u2013 P\u00f4le de Comp\u00e9titivit\u00e9<a style=\"background-image: initial; background-position: initial; background-size: initial; background-repeat: initial; background-attachment: initial; background-origin: initial; background-clip: initial; hyphens: manual; cursor: pointer; color: var(--color-theme-5); -webkit-tap-highlight-color: rgba(0, 0, 0, 0.3); margin-bottom: 0px; display: block; word-break: break-all; outline: none !important;\" href=\"http:\/\/www.safecluster.com\/\" target=\"_blank\" rel=\"noopener noreferrer\">http:\/\/www.safecluster.com\/<\/a><\/li><\/ul><\/div><\/div><h3 style=\"text-rendering: optimizelegibility; font-family: ITCAvantGardePro-Md, serif; letter-spacing: 0px; margin: 0px 0px 16px; line-height: 1.2em; font-size: 18px; hyphens: manual; color: #0e2655;\">P\u00f4le Mer M\u00e9diterran\u00e9e<\/h3><div style=\"hyphens: manual; margin-bottom: 30px; color: #777d8b; font-family: 'Open Sans', Helvetica, Arial, sans-serif; font-size: 14px;\"><div style=\"hyphens: manual; margin-bottom: 0px;\"><p style=\"hyphens: manual; color: var(--color-text); font-size: 16px; font-family: SourceSansPro, sans-serif; letter-spacing: 0px; line-height: 30px; margin-right: 0px; margin-bottom: 16px; margin-left: 0px;\">Le p\u00f4le Mer M\u00e9diterran\u00e9e se positionne sur la fili\u00e8re de l\u2019eau et a pour objectif de d\u00e9velopper durablement l\u2019\u00e9conomie maritime et littorale au niveau de la M\u00e9diterran\u00e9e, que ce soit dans la pr\u00e9servation de la faune et la flore, les diff\u00e9rentes infrastructures maritimes ou encore la gestion des ressources maritimes et mini\u00e8res. Aujourd\u2019hui, le p\u00f4le comptabilise plus de 420 membres \u00e0 travers la R\u00e9gion Sud, la Corse et l\u2019Occitanie.<\/p><p style=\"hyphens: manual; color: var(--color-text); font-size: 16px; font-family: SourceSansPro, sans-serif; letter-spacing: 0px; line-height: 30px; margin-right: 0px; margin-bottom: 0px; margin-left: 0px;\">Afin d\u2019en savoir plus sur le P\u00f4le Mer M\u00e9diterran\u00e9e :<\/p><\/div><\/div><h4 style=\"text-rendering: optimizelegibility; font-weight: bold; font-family: SourceSansPro-Regular, serif; letter-spacing: 0px; margin-top: 0px; margin-bottom: 0px; line-height: 1.2em; font-size: 17px; hyphens: manual; color: #36353c; background: #e2edf2; border-bottom: 1px solid var(--border-color-primary); padding: 19px 27px;\">Liens Utiles<\/h4><div style=\"hyphens: manual; margin-bottom: 40px; border: 1px solid var(--border-color-primary); color: #777d8b; font-family: 'Open Sans', Helvetica, Arial, sans-serif; font-size: 14px;\"><div style=\"hyphens: manual; margin-bottom: 0px;\"><ul style=\"margin-right: 0px; margin-left: 0px; hyphens: manual; list-style: none; padding: 20px 27px;\"><li style=\"hyphens: manual; color: var(--color-primary); font-size: 16px; line-height: 30px; font-family: ITCAvantGardePro-demi, serif;\">Site P\u00f4le Mer M\u00e9diterran\u00e9e \u2013 P\u00f4le de Comp\u00e9titivit\u00e9<a style=\"background-image: initial; background-position: initial; background-size: initial; background-repeat: initial; background-attachment: initial; background-origin: initial; background-clip: initial; hyphens: manual; cursor: pointer; color: var(--color-theme-5); -webkit-tap-highlight-color: rgba(0, 0, 0, 0.3); margin-bottom: 0px; display: block; word-break: break-all; outline: none !important;\" href=\"https:\/\/www.polemermediterranee.com\/\" target=\"_blank\" rel=\"noopener noreferrer\">https:\/\/www.polemermediterranee.com\/<\/a><\/li><\/ul><\/div><\/div><h3 style=\"text-rendering: optimizelegibility; font-family: ITCAvantGardePro-Md, serif; letter-spacing: 0px; margin: 0px 0px 16px; line-height: 1.2em; font-size: 18px; hyphens: manual; color: #0e2655;\">P\u00f4le SCS<\/h3><div style=\"hyphens: manual; margin-bottom: 30px; color: #777d8b; font-family: 'Open Sans', Helvetica, Arial, sans-serif; font-size: 14px;\"><div style=\"hyphens: manual; margin-bottom: 0px;\"><p style=\"hyphens: manual; color: var(--color-text); font-size: 16px; font-family: SourceSansPro, sans-serif; letter-spacing: 0px; line-height: 30px; margin-right: 0px; margin-bottom: 16px; margin-left: 0px;\">Le P\u00f4le Solutions Communicantes S\u00e9curit\u00e9s (SCS) se positionne sur la fili\u00e8re des technologies du num\u00e9rique et plus particuli\u00e8rement quatre : la micro\u00e9lectronique, l\u2019internet des objets, la s\u00e9curit\u00e9 num\u00e9rique et l\u2019intelligence artificiel et les big datas. Aujourd\u2019hui, le p\u00f4le SCS comptabilise plus de 320 membres au sein de la R\u00e9gion Sud.<\/p><p style=\"hyphens: manual; color: var(--color-text); font-size: 16px; font-family: SourceSansPro, sans-serif; letter-spacing: 0px; line-height: 30px; margin-right: 0px; margin-bottom: 0px; margin-left: 0px;\">Afin d\u2019en savoir plus sur le P\u00f4le SCS :<\/p><\/div><\/div><h4 style=\"text-rendering: optimizelegibility; font-weight: bold; font-family: SourceSansPro-Regular, serif; letter-spacing: 0px; margin-top: 0px; margin-bottom: 0px; line-height: 1.2em; font-size: 17px; hyphens: manual; color: #36353c; background: #e2edf2; border-bottom: 1px solid var(--border-color-primary); padding: 19px 27px;\">Liens Utiles<\/h4><div style=\"hyphens: manual; margin-bottom: 40px; border: 1px solid var(--border-color-primary); color: #777d8b; font-family: 'Open Sans', Helvetica, Arial, sans-serif; font-size: 14px;\"><div style=\"hyphens: manual; margin-bottom: 0px;\"><ul style=\"margin-right: 0px; margin-left: 0px; hyphens: manual; list-style: none; padding: 20px 27px;\"><li style=\"hyphens: manual; color: var(--color-primary); font-size: 16px; line-height: 30px; font-family: ITCAvantGardePro-demi, serif;\">Site P\u00f4le SCS \u2013 P\u00f4le de Comp\u00e9titivit\u00e9<a style=\"background-image: initial; background-position: initial; background-size: initial; background-repeat: initial; background-attachment: initial; background-origin: initial; background-clip: initial; hyphens: manual; cursor: pointer; color: var(--color-theme-5); -webkit-tap-highlight-color: rgba(0, 0, 0, 0.3); margin-bottom: 0px; display: block; word-break: break-all; outline: none !important;\" href=\"https:\/\/www.pole-scs.org\/\" target=\"_blank\" rel=\"noopener noreferrer\">https:\/\/www.pole-scs.org\/<\/a><\/li><\/ul><\/div><\/div><h3 style=\"text-rendering: optimizelegibility; font-family: ITCAvantGardePro-Md, serif; letter-spacing: 0px; margin: 0px 0px 16px; line-height: 1.2em; font-size: 18px; hyphens: manual; color: #0e2655;\">Eurobiomed<\/h3><div style=\"hyphens: manual; margin-bottom: 30px; color: #777d8b; font-family: 'Open Sans', Helvetica, Arial, sans-serif; font-size: 14px;\"><div style=\"hyphens: manual; margin-bottom: 0px;\"><p style=\"hyphens: manual; color: var(--color-text); font-size: 16px; font-family: SourceSansPro, sans-serif; letter-spacing: 0px; line-height: 30px; margin-right: 0px; margin-bottom: 0px; margin-left: 0px;\">Le P\u00f4le Eurobiomed \u0153uvre pour permettre \u00e0 la fili\u00e8re sant\u00e9 de se d\u00e9velopper, de la recherche fondamentale jusqu\u2019au march\u00e9, dans le sud de la France. Aujourd\u2019hui, le p\u00f4le Eurobiomed comptabilise plus de 270 membres \u00e0 travers la R\u00e9gion Sud et l\u2019Occitanie<\/p><\/div><\/div><h4 style=\"text-rendering: optimizelegibility; font-weight: bold; font-family: SourceSansPro-Regular, serif; letter-spacing: 0px; margin-top: 0px; margin-bottom: 0px; line-height: 1.2em; font-size: 17px; hyphens: manual; color: #36353c; background: #e2edf2; border-bottom: 1px solid var(--border-color-primary); padding: 19px 27px;\">Liens Utiles<\/h4><div style=\"hyphens: manual; margin-bottom: 40px; border: 1px solid var(--border-color-primary); color: #777d8b; font-family: 'Open Sans', Helvetica, Arial, sans-serif; font-size: 14px;\"><div style=\"hyphens: manual; margin-bottom: 0px;\"><ul style=\"margin-right: 0px; margin-left: 0px; hyphens: manual; list-style: none; padding: 20px 27px;\"><li style=\"hyphens: manual; color: var(--color-primary); font-size: 16px; line-height: 30px; font-family: ITCAvantGardePro-demi, serif;\">Site P\u00f4le Eurobiomed \u2013 P\u00f4le de Comp\u00e9titivit\u00e9<a style=\"background-image: initial; background-position: initial; background-size: initial; background-repeat: initial; background-attachment: initial; background-origin: initial; background-clip: initial; hyphens: manual; cursor: pointer; color: var(--color-theme-5); -webkit-tap-highlight-color: rgba(0, 0, 0, 0.3); margin-bottom: 0px; display: block; word-break: break-all; outline: none !important;\" href=\"https:\/\/www.eurobiomed.org\/fr\/\" target=\"_blank\" rel=\"noopener noreferrer\">https:\/\/www.eurobiomed.org\/fr\/<\/a><\/li><\/ul><\/div><\/div><h3 style=\"text-rendering: optimizelegibility; font-family: ITCAvantGardePro-Md, serif; letter-spacing: 0px; margin: 0px 0px 16px; line-height: 1.2em; font-size: 18px; hyphens: manual; color: #0e2655;\">Aqua Valley<\/h3><div style=\"hyphens: manual; margin-bottom: 30px; color: #777d8b; font-family: 'Open Sans', Helvetica, Arial, sans-serif; font-size: 14px;\"><div style=\"hyphens: manual; margin-bottom: 0px;\"><p style=\"hyphens: manual; color: var(--color-text); font-size: 16px; font-family: SourceSansPro, sans-serif; letter-spacing: 0px; line-height: 30px; margin-right: 0px; margin-bottom: 0px; margin-left: 0px;\">Le P\u00f4le Aqua Valley \u0153uvre pour la promotion de l\u2019ensemble des m\u00e9tiers de la fili\u00e8re de l\u2019eau et se pr\u00e9sente comme un des co-fondateurs de \u00ab France Water Team \u00bb, une marque internationale regroupant trois p\u00f4les de comp\u00e9titivit\u00e9 fran\u00e7ais directement impliqu\u00e9s dans les m\u00e9tiers de la fili\u00e8re de l\u2019eau. Aujourd\u2019hui, le p\u00f4le Aqua Valley comptabilise plus de 250 adh\u00e9rents \u00e0 travers la R\u00e9gion Sud et l\u2019Occitanie.<\/p><\/div><\/div><h4 style=\"text-rendering: optimizelegibility; font-weight: bold; font-family: SourceSansPro-Regular, serif; letter-spacing: 0px; margin-top: 0px; margin-bottom: 0px; line-height: 1.2em; font-size: 17px; hyphens: manual; color: #36353c; background: #e2edf2; border-bottom: 1px solid var(--border-color-primary); padding: 19px 27px;\">Liens Utiles<\/h4><div style=\"hyphens: manual; margin-bottom: 40px; border: 1px solid var(--border-color-primary); color: #777d8b; font-family: 'Open Sans', Helvetica, Arial, sans-serif; font-size: 14px;\"><div style=\"hyphens: manual; margin-bottom: 0px;\"><ul style=\"margin-right: 0px; margin-left: 0px; hyphens: manual; list-style: none; padding: 20px 27px;\"><li style=\"hyphens: manual; color: var(--color-primary); font-size: 16px; line-height: 30px; font-family: ITCAvantGardePro-demi, serif;\">Site P\u00f4le Aqua Valley \u2013 P\u00f4le de Comp\u00e9titivit\u00e9<a style=\"background-image: initial; background-position: initial; background-size: initial; background-repeat: initial; background-attachment: initial; background-origin: initial; background-clip: initial; hyphens: manual; cursor: pointer; color: var(--color-theme-5); -webkit-tap-highlight-color: rgba(0, 0, 0, 0.3); margin-bottom: 0px; display: block; word-break: break-all; outline: none !important;\" href=\"http:\/\/www.pole-eau.com\/\" target=\"_blank\" rel=\"noopener noreferrer\">http:\/\/www.pole-eau.com\/<\/a><\/li><\/ul><\/div><\/div><h3 style=\"text-rendering: optimizelegibility; font-family: ITCAvantGardePro-Md, serif; letter-spacing: 0px; margin: 0px 0px 16px; line-height: 1.2em; font-size: 18px; hyphens: manual; color: #0e2655;\">Optitec<\/h3><div style=\"hyphens: manual; margin-bottom: 30px; color: #777d8b; font-family: 'Open Sans', Helvetica, Arial, sans-serif; font-size: 14px;\"><div style=\"hyphens: manual; margin-bottom: 0px;\"><p style=\"hyphens: manual; color: var(--color-text); font-size: 16px; font-family: SourceSansPro, sans-serif; letter-spacing: 0px; line-height: 30px; margin-right: 0px; margin-bottom: 0px; margin-left: 0px;\">Le P\u00f4le Optitec se positionne sur les secteurs des deep techs en photonique et imagerie, appliqu\u00e9s dans 5 domaines d\u2019activit\u00e9s : S\u00e9curit\u00e9\/d\u00e9fense et grands instruments scientifiques, sant\u00e9 et sciences du vivant, industrie du futur, ville et mobilit\u00e9 intelligentes et agriculture de pr\u00e9cision. Aujourd\u2019hui, le p\u00f4le Optitec comptabilise plus de 220 adh\u00e9rents \u00e0 travers la R\u00e9gion Sud et l\u2019Occitanie.<\/p><\/div><\/div><h4 style=\"text-rendering: optimizelegibility; font-weight: bold; font-family: SourceSansPro-Regular, serif; letter-spacing: 0px; margin-top: 0px; margin-bottom: 0px; line-height: 1.2em; font-size: 17px; hyphens: manual; color: #36353c; background: #e2edf2; border-bottom: 1px solid var(--border-color-primary); padding: 19px 27px;\">Liens Utiles<\/h4><div style=\"hyphens: manual; margin-bottom: 40px; border: 1px solid var(--border-color-primary); color: #777d8b; font-family: 'Open Sans', Helvetica, Arial, sans-serif; font-size: 14px;\"><div style=\"hyphens: manual; margin-bottom: 0px;\"><ul style=\"margin-right: 0px; margin-left: 0px; hyphens: manual; list-style: none; padding: 20px 27px;\"><li style=\"hyphens: manual; color: var(--color-primary); font-size: 16px; line-height: 30px; font-family: ITCAvantGardePro-demi, serif;\">Site P\u00f4le Optitec \u2013 P\u00f4le de Comp\u00e9titivit\u00e9<a style=\"background-image: initial; background-position: initial; background-size: initial; background-repeat: initial; background-attachment: initial; background-origin: initial; background-clip: initial; hyphens: manual; cursor: pointer; color: var(--color-theme-5); -webkit-tap-highlight-color: rgba(0, 0, 0, 0.3); margin-bottom: 0px; display: block; word-break: break-all; outline: none !important;\" href=\"http:\/\/www.pole-optitec.com\/\" target=\"_blank\" rel=\"noopener noreferrer\">http:\/\/www.pole-optitec.com\/<\/a><\/li><\/ul><\/div><\/div><h3 style=\"text-rendering: optimizelegibility; font-family: ITCAvantGardePro-Md, serif; letter-spacing: 0px; margin: 0px 0px 16px; line-height: 1.2em; font-size: 18px; hyphens: manual; color: #0e2655;\">P\u00f4le TERRALIA-PASS<\/h3><div style=\"hyphens: manual; margin-bottom: 30px; color: #777d8b; font-family: 'Open Sans', Helvetica, Arial, sans-serif; font-size: 14px;\"><div style=\"hyphens: manual; margin-bottom: 0px;\"><p style=\"hyphens: manual; color: var(--color-text); font-size: 16px; font-family: SourceSansPro, sans-serif; letter-spacing: 0px; line-height: 30px; margin-right: 0px; margin-bottom: 16px; margin-left: 0px;\">Le P\u00f4le TERRALIA-PASS se positionne sur la fili\u00e8re aromatique en s\u2019appuyant notamment sur l\u2019expertise et la richesse d\u2019entreprises pr\u00e9sentes sur le bassin de Grasse. Il comptabilise plus de 160 adh\u00e9rents au sein de la R\u00e9gion Sud.<\/p><p style=\"hyphens: manual; color: var(--color-text); font-size: 16px; font-family: SourceSansPro, sans-serif; letter-spacing: 0px; line-height: 30px; margin-right: 0px; margin-bottom: 0px; margin-left: 0px;\">Depuis 2019, le P\u00f4le TERRALIA-PASS s\u2019est associ\u00e9 avec le p\u00f4le Terralia afin de former le P\u00f4le ABEN, sp\u00e9cialis\u00e9 dans les fili\u00e8res de l\u2019alimentation, du bien-\u00eatre et des produits naturels. Le p\u00f4le ABEN comptabilise plus de 450 membres \u00e0 travers la R\u00e9gion Auvergne Rh\u00f4nes-Alpes, la R\u00e9gion Sud et l\u2019Occitanie.<\/p><\/div><\/div><h4 style=\"text-rendering: optimizelegibility; font-weight: bold; font-family: SourceSansPro-Regular, serif; letter-spacing: 0px; margin-top: 0px; margin-bottom: 0px; line-height: 1.2em; font-size: 17px; hyphens: manual; color: #36353c; background: #e2edf2; border-bottom: 1px solid var(--border-color-primary); padding: 19px 27px;\">Liens Utiles<\/h4><div style=\"hyphens: manual; margin-bottom: 40px; border: 1px solid var(--border-color-primary); color: #777d8b; font-family: 'Open Sans', Helvetica, Arial, sans-serif; font-size: 14px;\"><div style=\"hyphens: manual; margin-bottom: 0px;\"><ul style=\"margin-right: 0px; margin-left: 0px; hyphens: manual; list-style: none; padding: 20px 27px;\"><li style=\"hyphens: manual; color: var(--color-primary); font-size: 16px; line-height: 30px; font-family: ITCAvantGardePro-demi, serif;\">Site P\u00f4le TERRALIA-PASS \u2013 P\u00f4le de Comp\u00e9titivit\u00e9<a style=\"background-image: initial; background-position: initial; background-size: initial; background-repeat: initial; background-attachment: initial; background-origin: initial; background-clip: initial; hyphens: manual; cursor: pointer; color: var(--color-theme-5); -webkit-tap-highlight-color: rgba(0, 0, 0, 0.3); margin-bottom: 0px; display: block; word-break: break-all; outline: none !important;\" href=\"https:\/\/www.pole-pass.fr\/\" target=\"_blank\" rel=\"noopener noreferrer\">https:\/\/www.pole-pass.fr\/<\/a><\/li><\/ul><\/div><\/div><h3 style=\"text-rendering: optimizelegibility; font-family: ITCAvantGardePro-Md, serif; letter-spacing: 0px; margin: 0px 0px 16px; line-height: 1.2em; font-size: 18px; hyphens: manual; color: #0e2655;\">Cluster IA<\/h3><div style=\"hyphens: manual; margin-bottom: 30px; color: #777d8b; font-family: 'Open Sans', Helvetica, Arial, sans-serif; font-size: 14px;\"><div style=\"hyphens: manual; margin-bottom: 0px;\"><p style=\"hyphens: manual; color: var(--color-text); font-size: 16px; font-family: SourceSansPro, sans-serif; letter-spacing: 0px; line-height: 30px; margin-right: 0px; margin-bottom: 0px; margin-left: 0px;\">Le Cluster IA se pr\u00e9sente comme un \u00e9cosyst\u00e8me d\u2019acteurs \u0153uvrant pour le d\u00e9veloppement \u00e9conomique de l\u2019Intelligence Artificielle (IA) sur la C\u00f4te d\u2019Azur en f\u00e9d\u00e9rant les diff\u00e9rents acteurs azur\u00e9ens autour de projets communs. Il vise \u00e0 promouvoir l\u2019\u00e9cosyst\u00e8me azur\u00e9en sur le plan national et international. Aujourd\u2019hui, le Cluster IA comptabilise une trentaine d\u2019adh\u00e9rents.<\/p><\/div><\/div><h4 style=\"text-rendering: optimizelegibility; font-weight: bold; font-family: SourceSansPro-Regular, serif; letter-spacing: 0px; margin-top: 0px; margin-bottom: 0px; line-height: 1.2em; font-size: 17px; hyphens: manual; color: #36353c; background: #e2edf2; border-bottom: 1px solid var(--border-color-primary); padding: 19px 27px;\">Liens Utiles<\/h4><div style=\"hyphens: manual; margin-bottom: 40px; border: 1px solid var(--border-color-primary); color: #777d8b; font-family: 'Open Sans', Helvetica, Arial, sans-serif; font-size: 14px;\"><div style=\"hyphens: manual; margin-bottom: 0px;\"><ul style=\"margin-right: 0px; margin-left: 0px; hyphens: manual; list-style: none; padding: 20px 27px;\"><li style=\"hyphens: manual; color: var(--color-primary); font-size: 16px; line-height: 30px; font-family: ITCAvantGardePro-demi, serif;\">Site Cluster IA \u2013 Cluster<a style=\"background-image: initial; background-position: initial; background-size: initial; background-repeat: initial; background-attachment: initial; background-origin: initial; background-clip: initial; hyphens: manual; cursor: pointer; color: var(--color-theme-5); -webkit-tap-highlight-color: rgba(0, 0, 0, 0.3); margin-bottom: 0px; display: block; word-break: break-all; outline: none !important;\" href=\"https:\/\/www.actuia.com\/acteur\/cluster-ia\/\" target=\"_blank\" rel=\"noopener noreferrer\">https:\/\/www.actuia.com\/acteur\/cluster-ia\/<\/a><\/li><\/ul><\/div><\/div><h3 style=\"text-rendering: optimizelegibility; font-family: ITCAvantGardePro-Md, serif; letter-spacing: 0px; margin: 0px 0px 16px; line-height: 1.2em; font-size: 18px; hyphens: manual; color: #0e2655;\">Smart Vehicles C\u00f4te d\u2019Azur<\/h3><div style=\"hyphens: manual; margin-bottom: 30px; color: #777d8b; font-family: 'Open Sans', Helvetica, Arial, sans-serif; font-size: 14px;\"><div style=\"hyphens: manual; margin-bottom: 0px;\"><p style=\"hyphens: manual; color: var(--color-text); font-size: 16px; font-family: SourceSansPro, sans-serif; letter-spacing: 0px; line-height: 30px; margin-right: 0px; margin-bottom: 0px; margin-left: 0px;\">L\u2019initiative Smart Vehicles C\u00f4te d\u2019Azur se pr\u00e9sente comme un \u00e9cosyst\u00e8me d\u2019affaires favorisant le d\u00e9veloppement des nouvelles mobilit\u00e9s sur le territoire azur\u00e9en. Compos\u00e9e de grands groupes, de startups, et d\u2019\u00e9tablissements institutionnels, l\u2019initiative veut cr\u00e9er des synergies entre les diff\u00e9rents acteurs locaux afin de faire de Sophia Antipolis et de la C\u00f4te d\u2019Azur, un territoire leader en Europe en mati\u00e8re de nouvelles mobilit\u00e9s. Aujourd\u2019hui, l\u2019initiative comptabilise une quarantaine d\u2019adh\u00e9rents au niveau des Alpes-Maritimes.<\/p><\/div><\/div><h4 style=\"text-rendering: optimizelegibility; font-weight: bold; font-family: SourceSansPro-Regular, serif; letter-spacing: 0px; margin-top: 0px; margin-bottom: 0px; line-height: 1.2em; font-size: 17px; hyphens: manual; color: #36353c; background: #e2edf2; border-bottom: 1px solid var(--border-color-primary); padding: 19px 27px;\">Liens Utiles<\/h4><div style=\"hyphens: manual; margin-bottom: 40px; border: 1px solid var(--border-color-primary); color: #777d8b; font-family: 'Open Sans', Helvetica, Arial, sans-serif; font-size: 14px;\"><div style=\"hyphens: manual; margin-bottom: 0px;\"><ul style=\"margin-right: 0px; margin-left: 0px; hyphens: manual; list-style: none; padding: 20px 27px;\"><li style=\"hyphens: manual; color: var(--color-primary); font-size: 16px; line-height: 30px; font-family: ITCAvantGardePro-demi, serif;\">Page LinkedIn du Smart Vehicle C\u00f4te d\u2019Azur<a style=\"background-image: initial; background-position: initial; background-size: initial; background-repeat: initial; background-attachment: initial; background-origin: initial; background-clip: initial; hyphens: manual; cursor: pointer; color: var(--color-theme-5); -webkit-tap-highlight-color: rgba(0, 0, 0, 0.3); margin-bottom: 0px; display: block; word-break: break-all; outline: none !important;\" href=\"https:\/\/www.linkedin.com\/company\/smart-vehicle-c%C3%B4te-d-azur\" target=\"_blank\" rel=\"noopener noreferrer\">https:\/\/www.linkedin.com\/company\/smart-vehicle-c\u00f4te-d-azur<\/a><\/li><\/ul><\/div><\/div><div style=\"hyphens: manual; margin-bottom: 30px; display: flex; -webkit-box-orient: horizontal; -webkit-box-direction: normal; flex-flow: row nowrap; -webkit-box-align: center; align-items: center; width: 887.5px; margin-left: auto; margin-right: auto; color: #777d8b; font-family: 'Open Sans', Helvetica, Arial, sans-serif; font-size: 14px;\">\u00a0<\/div><h2 style=\"text-rendering: optimizelegibility; font-family: ITCAvantGardePro-Demi, serif; letter-spacing: 0px; margin-top: 0px; margin-bottom: 26px; font-size: 20px; line-height: 1.2em; hyphens: manual;\">Accompagnement et contacts utiles<\/h2><div style=\"hyphens: manual; margin-bottom: 30px; color: #777d8b; font-family: 'Open Sans', Helvetica, Arial, sans-serif; font-size: 14px;\"><div style=\"hyphens: manual; margin-bottom: 0px;\">\u00a0<\/div><\/div><div style=\"hyphens: manual; margin-bottom: 30px; color: #777d8b; font-family: 'Open Sans', Helvetica, Arial, sans-serif; font-size: 14px;\"><div style=\"hyphens: manual; margin-bottom: 0px;\"><p style=\"hyphens: manual; color: var(--color-text); font-size: 16px; font-family: SourceSansPro, sans-serif; letter-spacing: 0px; line-height: 30px; margin-right: 0px; margin-bottom: 0px; margin-left: 0px;\">Vous envisagez de localiser votre entreprise sur la C\u00f4te d\u2019Azur et avez besoin d\u2019un accompagnement pour d\u00e9couvrir et vous connecter \u00e0 l\u2019\u00e9cosyst\u00e8me local dans votre secteur.<\/p><\/div><\/div><h4 style=\"text-rendering: optimizelegibility; font-weight: bold; font-family: SourceSansPro-Regular, serif; letter-spacing: 0px; margin-top: 0px; margin-bottom: 0px; line-height: 1.2em; font-size: 17px; hyphens: manual; color: #36353c; background: #e2edf2; border-bottom: 1px solid var(--border-color-primary); padding: 19px 27px;\">Contacts Utiles<\/h4><div style=\"hyphens: manual; margin-bottom: 40px; border: 1px solid var(--border-color-primary); color: #777d8b; font-family: 'Open Sans', Helvetica, Arial, sans-serif; font-size: 14px;\"><div style=\"hyphens: manual; margin-bottom: 0px;\"><ul style=\"margin-right: 0px; margin-left: 0px; hyphens: manual; list-style: none; padding: 20px 27px;\"><li style=\"hyphens: manual; color: var(--color-primary); font-size: 16px; line-height: 30px; font-family: ITCAvantGardePro-demi, serif;\">Contacts Team C\u00f4te d\u2019Azur :\u00a0https:\/\/www.investincotedazur.com\/en\/contact\/<\/li><\/ul><\/div><\/div><div style=\"hyphens: manual; margin-bottom: 30px; color: #777d8b; font-family: 'Open Sans', Helvetica, Arial, sans-serif; font-size: 14px;\"><div style=\"hyphens: manual; margin-bottom: 0px;\"><p style=\"hyphens: manual; color: var(--color-text); font-size: 16px; font-family: SourceSansPro, sans-serif; letter-spacing: 0px; line-height: 30px; margin-right: 0px; margin-bottom: 0px; margin-left: 0px;\">Vous \u00eates d\u00e9j\u00e0 implant\u00e9 sur la C\u00f4te d\u2019Azur et souhaitez \u00eatre mieux connect\u00e9 \u00e0 l\u2019\u00e9cosyst\u00e8me local<\/p><\/div><\/div><h4 style=\"text-rendering: optimizelegibility; font-weight: bold; font-family: SourceSansPro-Regular, serif; letter-spacing: 0px; margin-top: 0px; margin-bottom: 0px; line-height: 1.2em; font-size: 17px; hyphens: manual; color: #36353c; background: #e2edf2; border-bottom: 1px solid var(--border-color-primary); padding: 19px 27px;\">Contacts Utiles<\/h4><div style=\"hyphens: manual; margin-bottom: 40px; border: 1px solid var(--border-color-primary); color: #777d8b; font-family: 'Open Sans', Helvetica, Arial, sans-serif; font-size: 14px;\"><div style=\"hyphens: manual; margin-bottom: 0px;\"><ul style=\"margin-right: 0px; margin-left: 0px; hyphens: manual; list-style: none; padding: 20px 27px;\"><li style=\"hyphens: manual; color: var(--color-primary); font-size: 16px; line-height: 30px; margin-bottom: 36px; font-family: ITCAvantGardePro-demi, serif;\"><span style=\"font-weight: bold; hyphens: manual;\">Contacts CCI C\u00f4te d\u2019Azur : <\/span><a style=\"background-image: initial; background-position: initial; background-size: initial; background-repeat: initial; background-attachment: initial; background-origin: initial; background-clip: initial; hyphens: manual; cursor: pointer; color: var(--color-theme-5); -webkit-tap-highlight-color: rgba(0, 0, 0, 0.3); margin-bottom: 0px; display: block; word-break: break-all; outline: none !important;\" href=\"https:\/\/www.cote-azur.cci.fr\/contact\/\" target=\"_blank\" rel=\"noopener noreferrer\">https:\/\/www.cote-azur.cci.fr\/contact\/<\/a><\/li><li style=\"hyphens: manual; color: var(--color-primary); font-size: 16px; line-height: 30px; font-family: ITCAvantGardePro-demi, serif;\"><span style=\"font-weight: bold; hyphens: manual;\">Contacts Sophia Club Entreprises : <\/span><a style=\"background-image: initial; background-position: initial; background-size: initial; background-repeat: initial; background-attachment: initial; background-origin: initial; background-clip: initial; outline: 0px; text-decoration-line: underline; hyphens: manual; cursor: pointer; color: var(--color-theme-5); -webkit-tap-highlight-color: rgba(0, 0, 0, 0.3); margin-bottom: 0px; display: block; word-break: break-all;\" href=\"https:\/\/www.sophiaclubentreprises.com\/fr\/contact\" target=\"_blank\" rel=\"noopener noreferrer\">https:\/\/www.sophiaclubentreprises.com\/fr\/contact<\/a><\/li><\/ul><\/div><\/div><div style=\"hyphens: manual; margin-bottom: 40px; border: 1px solid var(--border-color-primary); color: #777d8b;\"><div style=\"hyphens: manual; margin-bottom: 0px;\"><div>\u00a0<\/div><\/div><\/div><\/div><\/div>\t\t\t\t\t<\/div>\n\t\t\t\t\t\t<\/div>\n\t\t\t\t<\/div>\n\t\t\t\t\t\t<\/div>\n\t\t\t\t\t<\/div>\n\t\t<\/div>\n\t\t\t\t\t\t\t\t<\/div>\n\t\t\t\t\t<\/div>\n\t\t<\/section>\n\t\t\t\t<section class=\"elementor-section elementor-top-section elementor-element elementor-element-96599a9 elementor-section-boxed elementor-section-height-default elementor-section-height-default\" data-id=\"96599a9\" data-element_type=\"section\">\n\t\t\t\t\t\t<div class=\"elementor-container elementor-column-gap-default\">\n\t\t\t\t\t\t\t<div class=\"elementor-row\">\n\t\t\t\t\t<div class=\"elementor-column elementor-col-100 elementor-top-column elementor-element elementor-element-7e011d0\" data-id=\"7e011d0\" data-element_type=\"column\">\n\t\t\t<div class=\"elementor-column-wrap elementor-element-populated\">\n\t\t\t\t\t\t\t<div class=\"elementor-widget-wrap\">\n\t\t\t\t\t\t<div class=\"elementor-element elementor-element-d8d7be6 elementor-widget-divider--view-line elementor-widget elementor-widget-divider\" data-id=\"d8d7be6\" data-element_type=\"widget\" data-widget_type=\"divider.default\">\n\t\t\t\t<div class=\"elementor-widget-container\">\n\t\t\t\t\t<div class=\"elementor-divider\">\n\t\t\t<span class=\"elementor-divider-separator\">\n\t\t\t\t\t\t<\/span>\n\t\t<\/div>\n\t\t\t\t<\/div>\n\t\t\t\t<\/div>\n\t\t\t\t\t\t<\/div>\n\t\t\t\t\t<\/div>\n\t\t<\/div>\n\t\t\t\t\t\t\t\t<\/div>\n\t\t\t\t\t<\/div>\n\t\t<\/section>\n\t\t\t\t<section class=\"elementor-section elementor-top-section elementor-element elementor-element-049901d elementor-section-boxed elementor-section-height-default elementor-section-height-default\" data-id=\"049901d\" data-element_type=\"section\">\n\t\t\t\t\t\t<div class=\"elementor-container elementor-column-gap-default\">\n\t\t\t\t\t\t\t<div class=\"elementor-row\">\n\t\t\t\t\t<div class=\"elementor-column elementor-col-100 elementor-top-column elementor-element elementor-element-fa215b9\" data-id=\"fa215b9\" data-element_type=\"column\">\n\t\t\t<div class=\"elementor-column-wrap elementor-element-populated\">\n\t\t\t\t\t\t\t<div class=\"elementor-widget-wrap\">\n\t\t\t\t\t\t<div class=\"elementor-element elementor-element-e2f9783 elementor-widget elementor-widget-heading\" data-id=\"e2f9783\" data-element_type=\"widget\" data-widget_type=\"heading.default\">\n\t\t\t\t<div class=\"elementor-widget-container\">\n\t\t\t<h2 class=\"elementor-heading-title elementor-size-default\">Financing solutions<\/h2>\t\t<\/div>\n\t\t\t\t<\/div>\n\t\t\t\t\t\t<\/div>\n\t\t\t\t\t<\/div>\n\t\t<\/div>\n\t\t\t\t\t\t\t\t<\/div>\n\t\t\t\t\t<\/div>\n\t\t<\/section>\n\t\t\t\t<section class=\"elementor-section elementor-top-section elementor-element elementor-element-0158884 elementor-section-boxed elementor-section-height-default elementor-section-height-default\" data-id=\"0158884\" data-element_type=\"section\">\n\t\t\t\t\t\t<div class=\"elementor-container elementor-column-gap-default\">\n\t\t\t\t\t\t\t<div class=\"elementor-row\">\n\t\t\t\t\t<div class=\"elementor-column elementor-col-33 elementor-top-column elementor-element elementor-element-9f1315a\" data-id=\"9f1315a\" data-element_type=\"column\">\n\t\t\t<div class=\"elementor-column-wrap elementor-element-populated\">\n\t\t\t\t\t\t\t<div class=\"elementor-widget-wrap\">\n\t\t\t\t\t\t<div class=\"elementor-element elementor-element-eade4ee dce_masking-none elementor-widget elementor-widget-image\" data-id=\"eade4ee\" data-element_type=\"widget\" data-widget_type=\"image.default\">\n\t\t\t\t<div class=\"elementor-widget-container\">\n\t\t\t\t\t\t\t\t<div class=\"elementor-image\">\n\t\t\t\t\t\t\t\t\t\t\t\t<img width=\"150\" height=\"150\" src=\"https:\/\/www.investincotedazur.com\/wp-content\/uploads\/2022\/09\/H1.-RECRUTER-474x324-1-150x150.jpg\" class=\"attachment-thumbnail size-thumbnail wp-image-11489\" alt=\"Emploi sur la C\u00f4te d&#039;Azur\" \/>\t\t\t\t\t\t\t\t\t\t\t\t\t\t<\/div>\n\t\t\t\t\t\t<\/div>\n\t\t\t\t<\/div>\n\t\t\t\t\t\t<\/div>\n\t\t\t\t\t<\/div>\n\t\t<\/div>\n\t\t\t\t<div class=\"elementor-column elementor-col-66 elementor-top-column elementor-element elementor-element-ee5c313\" data-id=\"ee5c313\" data-element_type=\"column\">\n\t\t\t<div class=\"elementor-column-wrap elementor-element-populated\">\n\t\t\t\t\t\t\t<div class=\"elementor-widget-wrap\">\n\t\t\t\t\t\t<div class=\"elementor-element elementor-element-07fc1e0 elementor-widget elementor-widget-text-editor\" data-id=\"07fc1e0\" data-element_type=\"widget\" data-widget_type=\"text-editor.default\">\n\t\t\t\t<div class=\"elementor-widget-container\">\n\t\t\t\t\t\t\t\t<div class=\"elementor-text-editor elementor-clearfix\">\n\t\t\t\t<div style=\"hyphens: manual; margin-bottom: 30px; color: #777d8b; font-family: 'Open Sans', Helvetica, Arial, sans-serif; font-size: 14px;\"><div style=\"hyphens: manual; margin-bottom: 0px;\"><div style=\"hyphens: manual; margin-bottom: 30px; color: #777d8b; font-family: 'Open Sans', Helvetica, Arial, sans-serif; font-size: 14px;\"><div style=\"hyphens: manual; margin-bottom: 0px;\"><div style=\"hyphens: manual; margin-bottom: 30px;\"><div style=\"hyphens: manual; margin-bottom: 0px;\"><h2 style=\"box-sizing: border-box; text-rendering: optimizelegibility; font-weight: 500; font-family: ITCAvantGardePro-Demi, serif; letter-spacing: 0px; margin-top: 0px; margin-bottom: 26px; text-transform: none; font-size: 20px; line-height: 1.2em; hyphens: manual; color: var(--color-primary);\">Public programs to support the creation of companies<\/h2><div id=\"public-programs-to-support-the-creation-of-companies\" class=\"wpb_text_column wpb_content_element \" style=\"hyphens: manual; margin-bottom: 30px; font-family: 'Open Sans', Helvetica, Arial, sans-serif; font-size: 14px;\"><div class=\"wpb_wrapper\" style=\"hyphens: manual; margin-bottom: 0px;\">\u00a0<\/div><\/div><div class=\"wpb_text_column wpb_content_element \" style=\"hyphens: manual; margin-bottom: 30px; font-family: 'Open Sans', Helvetica, Arial, sans-serif; font-size: 14px;\"><div class=\"wpb_wrapper\" style=\"hyphens: manual; margin-bottom: 0px;\"><p style=\"hyphens: manual; color: var(--color-text); font-size: 16px; font-family: SourceSansPro, sans-serif; letter-spacing: 0px; line-height: 30px; margin-right: 0px; margin-bottom: 16px; margin-left: 0px;\">In France, entrepreneurs can benefit from many public programs to help start a business. These programs, provided by the public authorities, also concern business buyers.<\/p><p style=\"hyphens: manual; color: var(--color-text); font-size: 16px; font-family: SourceSansPro, sans-serif; letter-spacing: 0px; line-height: 30px; margin-right: 0px; margin-bottom: 0px; margin-left: 0px;\">New support for the creation or the takeover of business (NACRE), Support contract for the business project (CAPE) or help with the recovery or the creation of a business, we invite you to take knowledge of the different existing programs.<\/p><\/div><\/div><h4 style=\"text-rendering: optimizelegibility; font-weight: bold; font-family: SourceSansPro-Regular, serif; letter-spacing: 0px; margin-top: 0px; margin-bottom: 0px; line-height: 1.2em; font-size: 17px; hyphens: manual; color: #36353c; background: #e2edf2; border-bottom: 1px solid var(--border-color-primary); padding: 19px 27px;\">Useful Links<\/h4><div class=\"wpb_text_column wpb_content_element useful-links\" style=\"hyphens: manual; margin-bottom: 40px; border: 1px solid var(--border-color-primary); color: #777d8b; font-family: 'Open Sans', Helvetica, Arial, sans-serif; font-size: 14px;\"><div class=\"wpb_wrapper\" style=\"hyphens: manual; margin-bottom: 0px;\"><ul style=\"margin-right: 0px; margin-left: 0px; hyphens: manual; list-style: none; padding: 20px 27px;\"><li style=\"hyphens: manual; color: var(--color-primary); font-size: 16px; line-height: 30px; font-family: ITCAvantGardePro-demi, serif;\">Financing the creation or takeover of a company<a style=\"background-image: initial; background-position: initial; background-size: initial; background-repeat: initial; background-attachment: initial; background-origin: initial; background-clip: initial; hyphens: manual; cursor: pointer; color: var(--color-theme-5); -webkit-tap-highlight-color: rgba(0, 0, 0, 0.3); margin-bottom: 0px; display: block; word-break: break-all; outline: none !important;\" href=\"https:\/\/www.service-public.fr\/professionnels-entreprises\/vosdroits\/N16153\" target=\"_blank\" rel=\"noopener noreferrer\">https:\/\/www.service-public.fr\/professionnels-entreprises\/vosdroits\/N16153<\/a><\/li><\/ul><\/div><\/div><div class=\"vc_separator wpb_content_element vc_separator_align_center vc_sep_width_100 vc_sep_pos_align_center vc_separator_no_text vc_sep_color_grey\" style=\"hyphens: manual; margin-bottom: 30px; display: flex; -webkit-box-orient: horizontal; -webkit-box-direction: normal; flex-flow: row nowrap; -webkit-box-align: center; align-items: center; width: 887.5px; margin-left: auto; margin-right: auto; color: #777d8b; font-family: 'Open Sans', Helvetica, Arial, sans-serif; font-size: 14px;\">\u00a0<\/div><h2 style=\"text-rendering: optimizelegibility; font-family: ITCAvantGardePro-Demi, serif; letter-spacing: 0px; margin-top: 0px; margin-bottom: 26px; font-size: 20px; line-height: 1.2em; hyphens: manual;\">Financing your R&amp;D<\/h2><div id=\"financing-your-r-d\" class=\"wpb_text_column wpb_content_element \" style=\"hyphens: manual; margin-bottom: 30px; color: #777d8b; font-family: 'Open Sans', Helvetica, Arial, sans-serif; font-size: 14px;\"><div class=\"wpb_wrapper\" style=\"hyphens: manual; margin-bottom: 0px;\">\u00a0<\/div><\/div><div class=\"wpb_text_column wpb_content_element \" style=\"hyphens: manual; margin-bottom: 30px; color: #777d8b; font-family: 'Open Sans', Helvetica, Arial, sans-serif; font-size: 14px;\"><div class=\"wpb_wrapper\" style=\"hyphens: manual; margin-bottom: 0px;\"><p style=\"hyphens: manual; color: var(--color-text); font-size: 16px; font-family: SourceSansPro, sans-serif; letter-spacing: 0px; line-height: 30px; margin-right: 0px; margin-bottom: 16px; margin-left: 0px;\">There are several grants in France to finance the R &amp; D of your company. Among these grants, we find the Research Tax Credit and the status of Young Innovative or University enterprise.<\/p><p style=\"hyphens: manual; color: var(--color-text); font-size: 16px; font-family: SourceSansPro, sans-serif; letter-spacing: 0px; line-height: 30px; margin-right: 0px; margin-bottom: 0px; margin-left: 0px;\">The Research Tax Credit (Cr\u00e9dit Imp\u00f4t Recherche) (CIR) is a measure of financing the research and development activities of existing companies in France. Find out about all the information available around the CIR for your company, such as the activities involved, how to benefit from them or the various CIR rates.<\/p><\/div><\/div><h4 style=\"text-rendering: optimizelegibility; font-weight: bold; font-family: SourceSansPro-Regular, serif; letter-spacing: 0px; margin-top: 0px; margin-bottom: 0px; line-height: 1.2em; font-size: 17px; hyphens: manual; color: #36353c; background: #e2edf2; border-bottom: 1px solid var(--border-color-primary); padding: 19px 27px;\">Useful Link<\/h4><div class=\"wpb_text_column wpb_content_element useful-links\" style=\"hyphens: manual; margin-bottom: 40px; border: 1px solid var(--border-color-primary); color: #777d8b; font-family: 'Open Sans', Helvetica, Arial, sans-serif; font-size: 14px;\"><div class=\"wpb_wrapper\" style=\"hyphens: manual; margin-bottom: 0px;\"><ul style=\"margin-right: 0px; margin-left: 0px; hyphens: manual; list-style: none; padding: 20px 27px;\"><li style=\"hyphens: manual; color: var(--color-primary); font-size: 16px; line-height: 30px; font-family: ITCAvantGardePro-demi, serif;\">Research Tax Credit \u2013 Le Cr\u00e9dit d\u2019imp\u00f4t recherche (CIR)<a style=\"background-image: initial; background-position: initial; background-size: initial; background-repeat: initial; background-attachment: initial; background-origin: initial; background-clip: initial; hyphens: manual; cursor: pointer; color: var(--color-theme-5); -webkit-tap-highlight-color: rgba(0, 0, 0, 0.3); margin-bottom: 0px; display: block; word-break: break-all; outline: none !important;\" href=\"https:\/\/www.service-public.fr\/professionnels-entreprises\/vosdroits\/F23533\" target=\"_blank\" rel=\"noopener noreferrer\">https:\/\/www.service-public.fr\/professionnels-entreprises\/vosdroits\/F23533<\/a><\/li><\/ul><\/div><\/div><div class=\"wpb_text_column wpb_content_element \" style=\"hyphens: manual; margin-bottom: 30px; color: #777d8b; font-family: 'Open Sans', Helvetica, Arial, sans-serif; font-size: 14px;\"><div class=\"wpb_wrapper\" style=\"hyphens: manual; margin-bottom: 0px;\"><p style=\"hyphens: manual; color: var(--color-text); font-size: 16px; font-family: SourceSansPro, sans-serif; letter-spacing: 0px; line-height: 30px; margin-right: 0px; margin-bottom: 0px; margin-left: 0px;\">The status of Young Innovative (Jeune Entreprise Innovante \u2013 JEI) or University Enterprise (Jeune Entreprise Universitaire \u2013 JEU) offers tax and social exemptions under certain conditions. To benefit from these exemptions, companies must notably be SMEs less than 8 years old, be independent and have R &amp; D expenses up to a minimum of \u201c 15% of the tax-deductible expenses for this financial year, excluding expenses engaged with other JEIs carrying out research and development projects.\u201d (See\u00a0<a style=\"background-image: initial; background-position: initial; background-size: initial; background-repeat: initial; background-attachment: initial; background-origin: initial; background-clip: initial; hyphens: manual; cursor: pointer; color: var(--color-theme-5); -webkit-tap-highlight-color: rgba(0, 0, 0, 0.3); margin-bottom: 0px; outline: none !important;\" href=\"https:\/\/www.service-public.fr\/\" target=\"_blank\" rel=\"noopener noreferrer\">https:\/\/www.service-public.fr<\/a>).<\/p><\/div><\/div><h4 style=\"text-rendering: optimizelegibility; font-weight: bold; font-family: SourceSansPro-Regular, serif; letter-spacing: 0px; margin-top: 0px; margin-bottom: 0px; line-height: 1.2em; font-size: 17px; hyphens: manual; color: #36353c; background: #e2edf2; border-bottom: 1px solid var(--border-color-primary); padding: 19px 27px;\">Useful Link<\/h4><div class=\"wpb_text_column wpb_content_element useful-links\" style=\"hyphens: manual; margin-bottom: 40px; border: 1px solid var(--border-color-primary); color: #777d8b; font-family: 'Open Sans', Helvetica, Arial, sans-serif; font-size: 14px;\"><div class=\"wpb_wrapper\" style=\"hyphens: manual; margin-bottom: 0px;\"><ul style=\"margin-right: 0px; margin-left: 0px; hyphens: manual; list-style: none; padding: 20px 27px;\"><li style=\"hyphens: manual; color: var(--color-primary); font-size: 16px; line-height: 30px; font-family: ITCAvantGardePro-demi, serif;\">The Status of Young Innovative or University Enterprise \u2013 Le statut de Jeune entreprise innovante ou universitaire (JEI \u2013 JEU)<a style=\"background-image: initial; background-position: initial; background-size: initial; background-repeat: initial; background-attachment: initial; background-origin: initial; background-clip: initial; hyphens: manual; cursor: pointer; color: var(--color-theme-5); -webkit-tap-highlight-color: rgba(0, 0, 0, 0.3); margin-bottom: 0px; display: block; word-break: break-all; outline: none !important;\" href=\"https:\/\/www.service-public.fr\/professionnels-entreprises\/vosdroits\/F31188\" target=\"_blank\" rel=\"noopener noreferrer\">https:\/\/www.service-public.fr\/professionnels-entreprises\/vosdroits\/F31188<\/a><\/li><\/ul><\/div><\/div><div class=\"wpb_text_column wpb_content_element \" style=\"hyphens: manual; margin-bottom: 30px; color: #777d8b; font-family: 'Open Sans', Helvetica, Arial, sans-serif; font-size: 14px;\"><div class=\"wpb_wrapper\" style=\"hyphens: manual; margin-bottom: 0px;\"><p style=\"hyphens: manual; color: var(--color-text); font-size: 16px; font-family: SourceSansPro, sans-serif; letter-spacing: 0px; line-height: 30px; margin-right: 0px; margin-bottom: 0px; margin-left: 0px;\">We invite you to read the other help available below:<\/p><\/div><\/div><h4 style=\"text-rendering: optimizelegibility; font-weight: bold; font-family: SourceSansPro-Regular, serif; letter-spacing: 0px; margin-top: 0px; margin-bottom: 0px; line-height: 1.2em; font-size: 17px; hyphens: manual; color: #36353c; background: #e2edf2; border-bottom: 1px solid var(--border-color-primary); padding: 19px 27px;\">Useful Link<\/h4><div class=\"wpb_text_column wpb_content_element useful-links\" style=\"hyphens: manual; margin-bottom: 40px; border: 1px solid var(--border-color-primary); color: #777d8b; font-family: 'Open Sans', Helvetica, Arial, sans-serif; font-size: 14px;\"><div class=\"wpb_wrapper\" style=\"hyphens: manual; margin-bottom: 0px;\"><ul style=\"margin-right: 0px; margin-left: 0px; hyphens: manual; list-style: none; padding: 20px 27px;\"><li style=\"hyphens: manual; color: var(--color-primary); font-size: 16px; line-height: 30px; font-family: ITCAvantGardePro-demi, serif;\">Public Tax Breaks in France \u2013 Les all\u00e8gements fiscaux publics en France<a style=\"background-image: initial; background-position: initial; background-size: initial; background-repeat: initial; background-attachment: initial; background-origin: initial; background-clip: initial; hyphens: manual; cursor: pointer; color: var(--color-theme-5); -webkit-tap-highlight-color: rgba(0, 0, 0, 0.3); margin-bottom: 0px; display: block; word-break: break-all; outline: none !important;\" href=\"https:\/\/www.service-public.fr\/professionnels-entreprises\/vosdroits\/N10812\" target=\"_blank\" rel=\"noopener noreferrer\">https:\/\/www.service-public.fr\/professionnels-entreprises\/vosdroits\/N10812<\/a><\/li><\/ul><\/div><\/div><div class=\"vc_separator wpb_content_element vc_separator_align_center vc_sep_width_100 vc_sep_pos_align_center vc_separator_no_text vc_sep_color_grey\" style=\"hyphens: manual; margin-bottom: 30px; display: flex; -webkit-box-orient: horizontal; -webkit-box-direction: normal; flex-flow: row nowrap; -webkit-box-align: center; align-items: center; width: 887.5px; margin-left: auto; margin-right: auto; color: #777d8b; font-family: 'Open Sans', Helvetica, Arial, sans-serif; font-size: 14px;\">\u00a0<\/div><h2 style=\"text-rendering: optimizelegibility; font-family: ITCAvantGardePro-Demi, serif; letter-spacing: 0px; margin-top: 0px; margin-bottom: 26px; font-size: 20px; line-height: 1.2em; hyphens: manual;\">Finance your concept<\/h2><div id=\"finance-your-concept\" class=\"wpb_text_column wpb_content_element \" style=\"hyphens: manual; margin-bottom: 30px; color: #777d8b; font-family: 'Open Sans', Helvetica, Arial, sans-serif; font-size: 14px;\"><div class=\"wpb_wrapper\" style=\"hyphens: manual; margin-bottom: 0px;\">\u00a0<\/div><\/div><div class=\"wpb_text_column wpb_content_element \" style=\"hyphens: manual; margin-bottom: 30px; color: #777d8b; font-family: 'Open Sans', Helvetica, Arial, sans-serif; font-size: 14px;\"><div class=\"wpb_wrapper\" style=\"hyphens: manual; margin-bottom: 0px;\"><p style=\"hyphens: manual; color: var(--color-text); font-size: 16px; font-family: SourceSansPro, sans-serif; letter-spacing: 0px; line-height: 30px; margin-right: 0px; margin-bottom: 0px; margin-left: 0px;\">Do you want to start a business and are you wondering about the different financing methods for your concept?<\/p><\/div><\/div><div class=\"wpb_text_column wpb_content_element \" style=\"hyphens: manual; margin-bottom: 30px; color: #777d8b; font-family: 'Open Sans', Helvetica, Arial, sans-serif; font-size: 14px;\"><div class=\"wpb_wrapper\" style=\"hyphens: manual; margin-bottom: 0px;\"><p style=\"hyphens: manual; color: var(--color-text); font-size: 16px; font-family: SourceSansPro, sans-serif; letter-spacing: 0px; line-height: 30px; margin-right: 0px; margin-bottom: 0px; margin-left: 0px;\">The financing chain of a company is materialized by a relatively traditional scheme.<br style=\"hyphens: manual; margin-bottom: 0px;\" \/>She is initiated by self-financing and Love Money, that is to say the financing by relatives, friends and family. We also find competitions, prizes and loans of honor in the first phases of financing. Depending on the growth of the company, different methods of financing will come to you.<\/p><\/div><\/div><div class=\"wpb_text_column wpb_content_element \" style=\"hyphens: manual; margin-bottom: 30px; color: #777d8b; font-family: 'Open Sans', Helvetica, Arial, sans-serif; font-size: 14px;\"><div class=\"wpb_wrapper\" style=\"hyphens: manual; margin-bottom: 0px;\"><p style=\"hyphens: manual; color: var(--color-text); font-size: 16px; font-family: SourceSansPro, sans-serif; letter-spacing: 0px; line-height: 30px; margin-right: 0px; margin-bottom: 0px; margin-left: 0px;\">In the incubation phase, funding comes primarily from incubators, public funds and accelerators. Business Angels and crowdfunding sites are generally the means of financing that is identified between the incubation and start-up phases of the business. Seed funds are financing solutions for the business in the seed and start-up phases and will be monitored by the venture capital funds for the growth phase.<\/p><\/div><\/div><div class=\"wpb_text_column wpb_content_element \" style=\"hyphens: manual; margin-bottom: 30px; color: #777d8b; font-family: 'Open Sans', Helvetica, Arial, sans-serif; font-size: 14px;\"><div class=\"wpb_wrapper\" style=\"hyphens: manual; margin-bottom: 0px;\"><p style=\"hyphens: manual; color: var(--color-text); font-size: 16px; font-family: SourceSansPro, sans-serif; letter-spacing: 0px; line-height: 30px; margin-right: 0px; margin-bottom: 0px; margin-left: 0px;\">Business Angels, BPI France, public aid, venture capital funds \u2026 we invite you to discover the various financing solutions that come your way.<\/p><\/div><\/div><h4 style=\"text-rendering: optimizelegibility; font-weight: bold; font-family: SourceSansPro-Regular, serif; letter-spacing: 0px; margin-top: 0px; margin-bottom: 0px; line-height: 1.2em; font-size: 17px; hyphens: manual; color: #36353c; background: #e2edf2; border-bottom: 1px solid var(--border-color-primary); padding: 19px 27px;\">Useful Links<\/h4><div class=\"wpb_text_column wpb_content_element useful-links\" style=\"hyphens: manual; margin-bottom: 40px; border: 1px solid var(--border-color-primary); color: #777d8b; font-family: 'Open Sans', Helvetica, Arial, sans-serif; font-size: 14px;\"><div class=\"wpb_wrapper\" style=\"hyphens: manual; margin-bottom: 0px;\"><ul style=\"margin-right: 0px; margin-left: 0px; hyphens: manual; list-style: none; padding: 20px 27px;\"><li style=\"hyphens: manual; color: var(--color-primary); font-size: 16px; line-height: 30px; margin-bottom: 36px; font-family: ITCAvantGardePro-demi, serif;\">France Angels \u2013Business Angels network in France<a style=\"background-image: initial; background-position: initial; background-size: initial; background-repeat: initial; background-attachment: initial; background-origin: initial; background-clip: initial; hyphens: manual; cursor: pointer; color: var(--color-theme-5); -webkit-tap-highlight-color: rgba(0, 0, 0, 0.3); margin-bottom: 0px; display: block; word-break: break-all; outline: none !important;\" href=\"https:\/\/www.franceangels.org\/index.php\" target=\"_blank\" rel=\"noopener noreferrer\">https:\/\/www.franceangels.org\/index.php<\/a><\/li><li style=\"hyphens: manual; color: var(--color-primary); font-size: 16px; line-height: 30px; margin-bottom: 36px; font-family: ITCAvantGardePro-demi, serif;\">BPI France<a style=\"background-image: initial; background-position: initial; background-size: initial; background-repeat: initial; background-attachment: initial; background-origin: initial; background-clip: initial; hyphens: manual; cursor: pointer; color: var(--color-theme-5); -webkit-tap-highlight-color: rgba(0, 0, 0, 0.3); margin-bottom: 0px; display: block; word-break: break-all; outline: none !important;\" href=\"https:\/\/www.bpifrance.fr\/\" target=\"_blank\" rel=\"noopener noreferrer\">https:\/\/www.bpifrance.fr\/<\/a><\/li><li style=\"hyphens: manual; color: var(--color-primary); font-size: 16px; line-height: 30px; margin-bottom: 36px; font-family: ITCAvantGardePro-demi, serif;\">What funding for your project?<a style=\"background-image: initial; background-position: initial; background-size: initial; background-repeat: initial; background-attachment: initial; background-origin: initial; background-clip: initial; hyphens: manual; cursor: pointer; color: var(--color-theme-5); -webkit-tap-highlight-color: rgba(0, 0, 0, 0.3); margin-bottom: 0px; display: block; word-break: break-all; outline: none !important;\" href=\"https:\/\/www.bpifrance.fr\/A-la-une\/Dossiers\/Quels-financements-pour-soutenir-la-croissance-des-PME-et-ETI-et-preparer-la-competitivite-de-demain\" target=\"_blank\" rel=\"noopener noreferrer\">https:\/\/www.bpifrance.fr\/A-la-une\/Dossiers\/Quels-financements-pour-soutenir-la-croissance-des-PME-et-ETI-et-preparer-la-competitivite-de-demain<\/a><\/li><li style=\"hyphens: manual; color: var(--color-primary); font-size: 16px; line-height: 30px; font-family: ITCAvantGardePro-demi, serif;\">Company creation : Alternative to bank loan<a style=\"background-image: initial; background-position: initial; background-size: initial; background-repeat: initial; background-attachment: initial; background-origin: initial; background-clip: initial; hyphens: manual; cursor: pointer; color: var(--color-theme-5); -webkit-tap-highlight-color: rgba(0, 0, 0, 0.3); margin-bottom: 0px; display: block; word-break: break-all; outline: none !important;\" href=\"https:\/\/www.economie.gouv.fr\/entreprises\/financement-entreprise\" target=\"_blank\" rel=\"noopener noreferrer\">https:\/\/www.economie.gouv.fr\/entreprises\/financement-entreprise<\/a><\/li><\/ul><\/div><\/div><div class=\"vc_separator wpb_content_element vc_separator_align_center vc_sep_width_100 vc_sep_pos_align_center vc_separator_no_text vc_sep_color_grey\" style=\"hyphens: manual; margin-bottom: 30px; display: flex; -webkit-box-orient: horizontal; -webkit-box-direction: normal; flex-flow: row nowrap; -webkit-box-align: center; align-items: center; width: 887.5px; margin-left: auto; margin-right: auto; color: #777d8b; font-family: 'Open Sans', Helvetica, Arial, sans-serif; font-size: 14px;\">\u00a0<\/div><h2 style=\"text-rendering: optimizelegibility; font-family: ITCAvantGardePro-Demi, serif; letter-spacing: 0px; margin-top: 0px; margin-bottom: 26px; font-size: 20px; line-height: 1.2em; hyphens: manual;\">Financing &amp; regional aid<\/h2><div id=\"financing-regional-aid\" class=\"wpb_text_column wpb_content_element \" style=\"hyphens: manual; margin-bottom: 30px; color: #777d8b; font-family: 'Open Sans', Helvetica, Arial, sans-serif; font-size: 14px;\"><div class=\"wpb_wrapper\" style=\"hyphens: manual; margin-bottom: 0px;\">\u00a0<\/div><\/div><h3 style=\"text-rendering: optimizelegibility; font-family: ITCAvantGardePro-Md, serif; letter-spacing: 0px; margin: 0px 0px 16px; line-height: 1.2em; font-size: 18px; hyphens: manual; color: #0e2655;\">Network initiative (R\u00e9seau Initiative)<\/h3><div class=\"wpb_text_column wpb_content_element \" style=\"hyphens: manual; margin-bottom: 30px; color: #777d8b; font-family: 'Open Sans', Helvetica, Arial, sans-serif; font-size: 14px;\"><div class=\"wpb_wrapper\" style=\"hyphens: manual; margin-bottom: 0px;\"><p style=\"hyphens: manual; color: var(--color-text); font-size: 16px; font-family: SourceSansPro, sans-serif; letter-spacing: 0px; line-height: 30px; margin-right: 0px; margin-bottom: 16px; margin-left: 0px;\">The initiative network is a decentralized network containing 230 local associations in France accompanying entrepreneurs in their creation \/ takeover of businesses. About twenty network initiative associations are locally located within the Southern Region.<\/p><p style=\"hyphens: manual; color: var(--color-text); font-size: 16px; font-family: SourceSansPro, sans-serif; letter-spacing: 0px; line-height: 30px; margin-right: 0px; margin-bottom: 0px; margin-left: 0px;\">These associations offer human support and financial support to entrepreneurs to finance their project. They work to reinforce the capital of the creators \/ buyers with loans of honor (Rate 0%, without guarantee).<\/p><\/div><\/div><h4 style=\"text-rendering: optimizelegibility; font-weight: bold; font-family: SourceSansPro-Regular, serif; letter-spacing: 0px; margin-top: 0px; margin-bottom: 0px; line-height: 1.2em; font-size: 17px; hyphens: manual; color: #36353c; background: #e2edf2; border-bottom: 1px solid var(--border-color-primary); padding: 19px 27px;\">Useful Link<\/h4><div class=\"wpb_text_column wpb_content_element useful-links\" style=\"hyphens: manual; margin-bottom: 40px; border: 1px solid var(--border-color-primary); color: #777d8b; font-family: 'Open Sans', Helvetica, Arial, sans-serif; font-size: 14px;\"><div class=\"wpb_wrapper\" style=\"hyphens: manual; margin-bottom: 0px;\"><ul style=\"margin-right: 0px; margin-left: 0px; hyphens: manual; list-style: none; padding: 20px 27px;\"><li style=\"hyphens: manual; color: var(--color-primary); font-size: 16px; line-height: 30px; font-family: ITCAvantGardePro-demi, serif;\">Network Initiative \u2013 R\u00e9seau initiative \u2013 R\u00e9gion Sud<a style=\"background-image: initial; background-position: initial; background-size: initial; background-repeat: initial; background-attachment: initial; background-origin: initial; background-clip: initial; hyphens: manual; cursor: pointer; color: var(--color-theme-5); -webkit-tap-highlight-color: rgba(0, 0, 0, 0.3); margin-bottom: 0px; display: block; word-break: break-all; outline: none !important;\" href=\"http:\/\/www.initiative-paca.com\/\" target=\"_blank\" rel=\"noopener noreferrer\">http:\/\/www.initiative-paca.com\/<\/a><\/li><\/ul><\/div><\/div><h3 style=\"text-rendering: optimizelegibility; font-family: ITCAvantGardePro-Md, serif; letter-spacing: 0px; margin: 0px 0px 16px; line-height: 1.2em; font-size: 18px; hyphens: manual; color: #0e2655;\">Enterprise Investment Fund of the Region<\/h3><div class=\"wpb_text_column wpb_content_element \" style=\"hyphens: manual; margin-bottom: 30px; color: #777d8b; font-family: 'Open Sans', Helvetica, Arial, sans-serif; font-size: 14px;\"><div class=\"wpb_wrapper\" style=\"hyphens: manual; margin-bottom: 0px;\"><p style=\"hyphens: manual; color: var(--color-text); font-size: 16px; font-family: SourceSansPro, sans-serif; letter-spacing: 0px; line-height: 30px; margin-right: 0px; margin-bottom: 16px; margin-left: 0px;\">The Regional Enterprise Investment Fund (Fonds d\u2019Investissement pour les Entreprises de la R\u00e9gion \u2013 FIER) is a fund set up by the South Region to provide entrepreneurs with tools for financing their projects. Among the tools that can be found in the FIER include:<\/p><ul style=\"margin-right: 0px; margin-bottom: 20px; margin-left: 0px; hyphens: manual; padding-left: 20px;\"><li style=\"hyphens: manual; color: var(--color-text); font-size: 16px; line-height: 30px;\">Seed fund up to \u20ac 2 million<\/li><li style=\"hyphens: manual; color: var(--color-text); font-size: 16px; line-height: 30px;\">The investment fund for SMEs, which involves participating loans of \u20ac 15,000 up to \u20ac 200,000 or acquisition of equity or convertible bonds of \u20ac 200,000 up to \u20ac 2 million.<\/li><li style=\"hyphens: manual; color: var(--color-text); font-size: 16px; line-height: 30px;\">The TTPE fund for small businesses with less than 10 employees with more than 2 years of existence resulting in loans of up to \u20ac 10,000.<\/li><\/ul><\/div><\/div><h4 style=\"text-rendering: optimizelegibility; font-weight: bold; font-family: SourceSansPro-Regular, serif; letter-spacing: 0px; margin-top: 0px; margin-bottom: 0px; line-height: 1.2em; font-size: 17px; hyphens: manual; color: #36353c; background: #e2edf2; border-bottom: 1px solid var(--border-color-primary); padding: 19px 27px;\">Useful Link<\/h4><div class=\"wpb_text_column wpb_content_element useful-links\" style=\"hyphens: manual; margin-bottom: 40px; border: 1px solid var(--border-color-primary); color: #777d8b; font-family: 'Open Sans', Helvetica, Arial, sans-serif; font-size: 14px;\"><div class=\"wpb_wrapper\" style=\"hyphens: manual; margin-bottom: 0px;\"><ul style=\"margin-right: 0px; margin-left: 0px; hyphens: manual; list-style: none; padding: 20px 27px;\"><li style=\"hyphens: manual; color: var(--color-primary); font-size: 16px; line-height: 30px; font-family: ITCAvantGardePro-demi, serif;\">Enterprise Investment Fund of the Region \u2013 Le Fonds d\u2019Investissement pour les Entreprises de la R\u00e9gion \u2013 R\u00e9gion Sud<br style=\"hyphens: manual;\" \/><a style=\"background-image: initial; background-position: initial; background-size: initial; background-repeat: initial; background-attachment: initial; background-origin: initial; background-clip: initial; hyphens: manual; cursor: pointer; color: var(--color-theme-5); -webkit-tap-highlight-color: rgba(0, 0, 0, 0.3); margin-bottom: 0px; display: block; word-break: break-all; outline: none !important;\" href=\"https:\/\/entreprises.maregionsud.fr\/fr\/mon-projet\/financer-mes-projets\/accedez-aux-outils-du-fonds-dinvestissement-pour-les-entreprises-de-la-region\/\" target=\"_blank\" rel=\"noopener noreferrer\">https:\/\/entreprises.maregionsud.fr\/fr\/mon-projet\/financer-mes-projets\/accedez-aux-outils-du-fonds-dinvestissement-pour-les-entreprises-de-la-region\/<\/a><\/li><\/ul><\/div><\/div><h3 style=\"text-rendering: optimizelegibility; font-family: ITCAvantGardePro-Md, serif; letter-spacing: 0px; margin: 0px 0px 16px; line-height: 1.2em; font-size: 18px; hyphens: manual; color: #0e2655;\">PARGEST<\/h3><div class=\"wpb_text_column wpb_content_element \" style=\"hyphens: manual; margin-bottom: 30px; color: #777d8b; font-family: 'Open Sans', Helvetica, Arial, sans-serif; font-size: 14px;\"><div class=\"wpb_wrapper\" style=\"hyphens: manual; margin-bottom: 0px;\"><p style=\"hyphens: manual; color: var(--color-text); font-size: 16px; font-family: SourceSansPro, sans-serif; letter-spacing: 0px; line-height: 30px; margin-right: 0px; margin-bottom: 0px; margin-left: 0px;\">The PARGEST fund is a fund set up for the financing of SCOPs (Soci\u00e9t\u00e9 Coop\u00e9ratives et Participatives \u2013 Cooperative and Participative Companies) and SCICs (Soci\u00e9t\u00e9 Coop\u00e9rative d\u2019Int\u00e9r\u00eat Collectif \u2013 Cooperative Interest Societies) in the South Region, which respond to the capital needs of companies in the creation, development or shifting phases.<\/p><p style=\"hyphens: manual; color: var(--color-text); font-size: 16px; font-family: SourceSansPro, sans-serif; letter-spacing: 0px; line-height: 30px; margin-right: 0px; margin-bottom: 0px; margin-left: 0px;\">\u00a0<\/p><\/div><\/div><h3 style=\"text-rendering: optimizelegibility; font-family: ITCAvantGardePro-Md, serif; letter-spacing: 0px; margin: 0px 0px 16px; line-height: 1.2em; font-size: 18px; hyphens: manual; color: #0e2655;\">Other aid from the Region Sud<\/h3><div class=\"wpb_text_column wpb_content_element \" style=\"hyphens: manual; margin-bottom: 30px; color: #777d8b; font-family: 'Open Sans', Helvetica, Arial, sans-serif; font-size: 14px;\"><div class=\"wpb_wrapper\" style=\"hyphens: manual; margin-bottom: 0px;\"><p style=\"hyphens: manual; color: var(--color-text); font-size: 16px; font-family: SourceSansPro, sans-serif; letter-spacing: 0px; line-height: 30px; margin-right: 0px; margin-bottom: 16px; margin-left: 0px;\">The Region Sud also supports the creation of businesses through other forms of financing and regional aid.<\/p><p style=\"hyphens: manual; color: var(--color-text); font-size: 16px; font-family: SourceSansPro, sans-serif; letter-spacing: 0px; line-height: 30px; margin-right: 0px; margin-bottom: 16px; margin-left: 0px;\">Nearly 470 regional public financial aid schemes exist, covering financial needs in business creation and takeover, innovation, export, eco-development, financial management, material, immaterial and real estate investments. employment and training, business development and transmission.<\/p><p style=\"hyphens: manual; color: var(--color-text); font-size: 16px; font-family: SourceSansPro, sans-serif; letter-spacing: 0px; line-height: 30px; margin-right: 0px; margin-bottom: 0px; margin-left: 0px;\">Discover the help available according to your needs in financing directly on the portal of the Region SUD Provence Alpes C\u00f4te d\u2019Azur.<\/p><p style=\"hyphens: manual; color: var(--color-text); font-size: 16px; font-family: SourceSansPro, sans-serif; letter-spacing: 0px; line-height: 30px; margin-right: 0px; margin-bottom: 0px; margin-left: 0px;\"><span style=\"font-family: 'Open Sans', Helvetica, Arial, sans-serif; font-size: 14px;\">\u00a0<\/span><\/p><\/div><\/div><h2 style=\"text-rendering: optimizelegibility; font-family: ITCAvantGardePro-Demi, serif; letter-spacing: 0px; margin-top: 0px; margin-bottom: 26px; font-size: 20px; line-height: 1.2em; hyphens: manual;\">International banks<\/h2><div id=\"international-banks\" class=\"wpb_text_column wpb_content_element \" style=\"hyphens: manual; margin-bottom: 30px; color: #777d8b; font-family: 'Open Sans', Helvetica, Arial, sans-serif; font-size: 14px;\"><div class=\"wpb_wrapper\" style=\"hyphens: manual; margin-bottom: 0px;\">\u00a0<\/div><\/div><div class=\"wpb_text_column wpb_content_element \" style=\"hyphens: manual; margin-bottom: 30px; color: #777d8b; font-family: 'Open Sans', Helvetica, Arial, sans-serif; font-size: 14px;\"><div class=\"wpb_wrapper\" style=\"hyphens: manual; margin-bottom: 0px;\"><p style=\"hyphens: manual; color: var(--color-text); font-size: 16px; font-family: SourceSansPro, sans-serif; letter-spacing: 0px; line-height: 30px; margin-right: 0px; margin-bottom: 16px; margin-left: 0px;\">The various international banks established on the Riviera territory can present themselves as solutions to finance your project. Means of financing more difficult to access, especially when you are an innovative company, the bank loan remains a solution at your disposal.<\/p><p style=\"hyphens: manual; color: var(--color-text); font-size: 16px; font-family: SourceSansPro, sans-serif; letter-spacing: 0px; line-height: 30px; margin-right: 0px; margin-bottom: 0px; margin-left: 0px;\">We invite you to discover the banks that can provide you with financing on the C\u00f4te d\u2019Azur.<\/p><\/div><\/div><h4 style=\"text-rendering: optimizelegibility; font-weight: bold; font-family: SourceSansPro-Regular, serif; letter-spacing: 0px; margin-top: 0px; margin-bottom: 0px; line-height: 1.2em; font-size: 17px; hyphens: manual; color: #36353c; background: #e2edf2; border-bottom: 1px solid var(--border-color-primary); padding: 19px 27px;\">Useful Links<\/h4><div class=\"wpb_text_column wpb_content_element useful-links\" style=\"hyphens: manual; margin-bottom: 40px; border: 1px solid var(--border-color-primary); color: #777d8b; font-family: 'Open Sans', Helvetica, Arial, sans-serif; font-size: 14px;\"><div class=\"wpb_wrapper\" style=\"hyphens: manual; margin-bottom: 0px;\"><ul style=\"margin-right: 0px; margin-left: 0px; hyphens: manual; list-style: none; padding: 20px 27px;\"><li style=\"hyphens: manual; color: var(--color-primary); font-size: 16px; line-height: 30px; margin-bottom: 36px; font-family: ITCAvantGardePro-demi, serif;\">Financing Solutions \u2013 Cr\u00e9dit Agricole Provence C\u00f4te d\u2019Azur Entreprise<br style=\"hyphens: manual;\" \/><a style=\"background-image: initial; background-position: initial; background-size: initial; background-repeat: initial; background-attachment: initial; background-origin: initial; background-clip: initial; hyphens: manual; cursor: pointer; color: var(--color-theme-5); -webkit-tap-highlight-color: rgba(0, 0, 0, 0.3); margin-bottom: 0px; display: block; word-break: break-all; outline: none !important;\" href=\"https:\/\/entreprises.ca-pca.fr\/financer-et-developper-son-activite.html\" target=\"_blank\" rel=\"noopener noreferrer\">https:\/\/entreprises.ca-pca.fr\/financer-et-developper-son-activite.html<\/a><\/li><li style=\"hyphens: manual; color: var(--color-primary); font-size: 16px; line-height: 30px; margin-bottom: 36px; font-family: ITCAvantGardePro-demi, serif;\">Financing Solutions \u2013 Caisse d\u2019Epargne C\u00f4te d\u2019Azur<br style=\"hyphens: manual;\" \/><a style=\"background-image: initial; background-position: initial; background-size: initial; background-repeat: initial; background-attachment: initial; background-origin: initial; background-clip: initial; hyphens: manual; cursor: pointer; color: var(--color-theme-5); -webkit-tap-highlight-color: rgba(0, 0, 0, 0.3); margin-bottom: 0px; display: block; word-break: break-all; outline: none !important;\" href=\"https:\/\/www.caisse-epargne.fr\/cote-d-azur\/professionnels\/financement\/creer-ou-reprendre-une-entreprise\" target=\"_blank\" rel=\"noopener noreferrer\">https:\/\/www.caisse-epargne.fr\/cote-d-azur\/professionnels\/financement\/creer-ou-reprendre-une-entreprise<\/a><\/li><li style=\"hyphens: manual; color: var(--color-primary); font-size: 16px; line-height: 30px; margin-bottom: 36px; font-family: ITCAvantGardePro-demi, serif;\">Financing Solutions \u2013 Banque populaire M\u00e9diterran\u00e9e<br style=\"hyphens: manual;\" \/><a class=\"broken_link\" style=\"background-image: initial; background-position: initial; background-size: initial; background-repeat: initial; background-attachment: initial; background-origin: initial; background-clip: initial; text-decoration-line: line-through; hyphens: manual; cursor: pointer; color: var(--color-theme-5); -webkit-tap-highlight-color: rgba(0, 0, 0, 0.3); margin-bottom: 0px; display: block; word-break: break-all; outline: none !important;\" href=\"https:\/\/www.mediterranee.banquepopulaire.fr\/portailinternet\/Catalogue\/Besoins\/Pages\/entreprises-financement.aspx\" target=\"_blank\" rel=\"noopener noreferrer\">https:\/\/www.mediterranee.banquepopulaire.fr\/portailinternet\/Catalogue\/Besoins\/Pages\/entreprises-financement.aspx<\/a><\/li><li style=\"hyphens: manual; color: var(--color-primary); font-size: 16px; line-height: 30px; margin-bottom: 36px; font-family: ITCAvantGardePro-demi, serif;\">Financing Solutions \u2013 Soci\u00e9t\u00e9 G\u00e9n\u00e9rale<br style=\"hyphens: manual;\" \/><a style=\"background-image: initial; background-position: initial; background-size: initial; background-repeat: initial; background-attachment: initial; background-origin: initial; background-clip: initial; hyphens: manual; cursor: pointer; color: var(--color-theme-5); -webkit-tap-highlight-color: rgba(0, 0, 0, 0.3); margin-bottom: 0px; display: block; word-break: break-all; outline: none !important;\" href=\"https:\/\/entreprises.societegenerale.fr\/international\/financement-international.html\" target=\"_blank\" rel=\"noopener noreferrer\">https:\/\/entreprises.societegenerale.fr\/international\/financement-international.html<\/a><\/li><li style=\"hyphens: manual; color: var(--color-primary); font-size: 16px; line-height: 30px; margin-bottom: 36px; font-family: ITCAvantGardePro-demi, serif;\">Financing Solutions \u2013 CIC<br style=\"hyphens: manual;\" \/><a style=\"background-image: initial; background-position: initial; background-size: initial; background-repeat: initial; background-attachment: initial; background-origin: initial; background-clip: initial; hyphens: manual; cursor: pointer; color: var(--color-theme-5); -webkit-tap-highlight-color: rgba(0, 0, 0, 0.3); margin-bottom: 0px; display: block; word-break: break-all; outline: none !important;\" href=\"https:\/\/www.cic.fr\/fr\/banques\/entreprises\/financements\/index.html\" target=\"_blank\" rel=\"noopener noreferrer\">https:\/\/www.cic.fr\/fr\/banques\/entreprises\/financements\/index.html<\/a><\/li><li style=\"hyphens: manual; color: var(--color-primary); font-size: 16px; line-height: 30px; margin-bottom: 36px; font-family: ITCAvantGardePro-demi, serif;\">Financing Solutions \u2013 La Banque Postale<br style=\"hyphens: manual;\" \/><a style=\"background-image: initial; background-position: initial; background-size: initial; background-repeat: initial; background-attachment: initial; background-origin: initial; background-clip: initial; hyphens: manual; cursor: pointer; color: var(--color-theme-5); -webkit-tap-highlight-color: rgba(0, 0, 0, 0.3); margin-bottom: 0px; display: block; word-break: break-all; outline: none !important;\" href=\"https:\/\/www.labanquepostale.fr\/entreprises\/services.financements.html\" target=\"_blank\" rel=\"noopener noreferrer\">https:\/\/www.labanquepostale.fr\/entreprises\/services.financements.html<\/a><\/li><li style=\"hyphens: manual; color: var(--color-primary); font-size: 16px; line-height: 30px; margin-bottom: 36px; font-family: ITCAvantGardePro-demi, serif;\">Financing Solutions \u2013 BNP Paribas<br style=\"hyphens: manual;\" \/><a style=\"background-image: initial; background-position: initial; background-size: initial; background-repeat: initial; background-attachment: initial; background-origin: initial; background-clip: initial; hyphens: manual; cursor: pointer; color: var(--color-theme-5); -webkit-tap-highlight-color: rgba(0, 0, 0, 0.3); margin-bottom: 0px; display: block; word-break: break-all; outline: none !important;\" href=\"https:\/\/banqueentreprise.bnpparibas\/fr\/financements\" target=\"_blank\" rel=\"noopener noreferrer\">https:\/\/banqueentreprise.bnpparibas\/fr\/financements<\/a><\/li><li style=\"hyphens: manual; color: var(--color-primary); font-size: 16px; line-height: 30px; margin-bottom: 36px; font-family: ITCAvantGardePro-demi, serif;\">Financing Solutions \u2013 Cr\u00e9dit Mutuel<br style=\"hyphens: manual;\" \/><a style=\"background-image: initial; background-position: initial; background-size: initial; background-repeat: initial; background-attachment: initial; background-origin: initial; background-clip: initial; hyphens: manual; cursor: pointer; color: var(--color-theme-5); -webkit-tap-highlight-color: rgba(0, 0, 0, 0.3); margin-bottom: 0px; display: block; word-break: break-all; outline: none !important;\" href=\"https:\/\/www.creditmutuel.fr\/cmne\/fr\/financement.html\" target=\"_blank\" rel=\"noopener noreferrer\">https:\/\/www.creditmutuel.fr\/cmne\/fr\/financement.html<\/a><\/li><li style=\"hyphens: manual; color: var(--color-primary); font-size: 16px; line-height: 30px; margin-bottom: 36px; font-family: ITCAvantGardePro-demi, serif;\">Financing Solutions \u2013 LCL<br style=\"hyphens: manual;\" \/><a style=\"background-image: initial; background-position: initial; background-size: initial; background-repeat: initial; background-attachment: initial; background-origin: initial; background-clip: initial; hyphens: manual; cursor: pointer; color: var(--color-theme-5); -webkit-tap-highlight-color: rgba(0, 0, 0, 0.3); margin-bottom: 0px; display: block; word-break: break-all; outline: none !important;\" href=\"https:\/\/entreprises.lcl.fr\/financements\/\" target=\"_blank\" rel=\"noopener noreferrer\">https:\/\/entreprises.lcl.fr\/financements\/<\/a><\/li><li style=\"hyphens: manual; color: var(--color-primary); font-size: 16px; line-height: 30px; font-family: ITCAvantGardePro-demi, serif;\">Financing Solutions \u2013 HSBC<br style=\"hyphens: manual;\" \/><a style=\"background-image: initial; background-position: initial; background-size: initial; background-repeat: initial; background-attachment: initial; background-origin: initial; background-clip: initial; hyphens: manual; cursor: pointer; color: var(--color-theme-5); -webkit-tap-highlight-color: rgba(0, 0, 0, 0.3); margin-bottom: 0px; display: block; word-break: break-all; outline: none !important;\" href=\"https:\/\/www.hsbc.fr\/fusion\/financer-vos-investissements\/\" target=\"_blank\" rel=\"noopener noreferrer\">https:\/\/www.hsbc.fr\/fusion\/financer-vos-investissements\/<\/a><\/li><\/ul><\/div><\/div><div class=\"wpb_text_column wpb_content_element useful-links\" style=\"hyphens: manual; margin-bottom: 40px; border: 1px solid var(--border-color-primary); color: #777d8b; font-family: 'Open Sans', Helvetica, Arial, sans-serif; font-size: 14px;\"><div class=\"wpb_wrapper\" style=\"hyphens: manual; margin-bottom: 0px;\">\u00a0<\/div><\/div><div style=\"hyphens: manual; margin-bottom: 40px; border: 1px solid var(--border-color-primary); color: #777d8b; font-family: 'Open Sans', Helvetica, Arial, sans-serif; font-size: 14px;\"><div style=\"hyphens: manual; margin-bottom: 0px;\">\u00a0<\/div><\/div><\/div><\/div><\/div><\/div><\/div><\/div>\t\t\t\t\t<\/div>\n\t\t\t\t\t\t<\/div>\n\t\t\t\t<\/div>\n\t\t\t\t\t\t<\/div>\n\t\t\t\t\t<\/div>\n\t\t<\/div>\n\t\t\t\t\t\t\t\t<\/div>\n\t\t\t\t\t<\/div>\n\t\t<\/section>\n\t\t\t\t<section class=\"elementor-section elementor-top-section elementor-element elementor-element-f250f78 elementor-section-boxed elementor-section-height-default elementor-section-height-default\" data-id=\"f250f78\" data-element_type=\"section\">\n\t\t\t\t\t\t<div class=\"elementor-container elementor-column-gap-default\">\n\t\t\t\t\t\t\t<div class=\"elementor-row\">\n\t\t\t\t\t<div class=\"elementor-column elementor-col-100 elementor-top-column elementor-element elementor-element-dffade3\" data-id=\"dffade3\" data-element_type=\"column\">\n\t\t\t<div class=\"elementor-column-wrap elementor-element-populated\">\n\t\t\t\t\t\t\t<div class=\"elementor-widget-wrap\">\n\t\t\t\t\t\t<div class=\"elementor-element elementor-element-fd205fa elementor-widget-divider--view-line elementor-widget elementor-widget-divider\" data-id=\"fd205fa\" data-element_type=\"widget\" data-widget_type=\"divider.default\">\n\t\t\t\t<div class=\"elementor-widget-container\">\n\t\t\t\t\t<div class=\"elementor-divider\">\n\t\t\t<span class=\"elementor-divider-separator\">\n\t\t\t\t\t\t<\/span>\n\t\t<\/div>\n\t\t\t\t<\/div>\n\t\t\t\t<\/div>\n\t\t\t\t\t\t<\/div>\n\t\t\t\t\t<\/div>\n\t\t<\/div>\n\t\t\t\t\t\t\t\t<\/div>\n\t\t\t\t\t<\/div>\n\t\t<\/section>\n\t\t\t\t<section class=\"elementor-section elementor-top-section elementor-element elementor-element-9777b3f elementor-section-boxed elementor-section-height-default elementor-section-height-default\" data-id=\"9777b3f\" data-element_type=\"section\">\n\t\t\t\t\t\t<div class=\"elementor-container elementor-column-gap-default\">\n\t\t\t\t\t\t\t<div class=\"elementor-row\">\n\t\t\t\t\t<div class=\"elementor-column elementor-col-100 elementor-top-column elementor-element elementor-element-26d3177\" data-id=\"26d3177\" data-element_type=\"column\">\n\t\t\t<div class=\"elementor-column-wrap elementor-element-populated\">\n\t\t\t\t\t\t\t<div class=\"elementor-widget-wrap\">\n\t\t\t\t\t\t<div class=\"elementor-element elementor-element-8e72f67 elementor-widget elementor-widget-heading\" data-id=\"8e72f67\" data-element_type=\"widget\" data-widget_type=\"heading.default\">\n\t\t\t\t<div class=\"elementor-widget-container\">\n\t\t\t<h2 class=\"elementor-heading-title elementor-size-default\">Hire staff and recruit talents<\/h2>\t\t<\/div>\n\t\t\t\t<\/div>\n\t\t\t\t\t\t<\/div>\n\t\t\t\t\t<\/div>\n\t\t<\/div>\n\t\t\t\t\t\t\t\t<\/div>\n\t\t\t\t\t<\/div>\n\t\t<\/section>\n\t\t\t\t<section class=\"elementor-section elementor-top-section elementor-element elementor-element-747c107 elementor-section-boxed elementor-section-height-default elementor-section-height-default\" data-id=\"747c107\" data-element_type=\"section\">\n\t\t\t\t\t\t<div class=\"elementor-container elementor-column-gap-default\">\n\t\t\t\t\t\t\t<div class=\"elementor-row\">\n\t\t\t\t\t<div class=\"elementor-column elementor-col-33 elementor-top-column elementor-element elementor-element-7f5675f\" data-id=\"7f5675f\" data-element_type=\"column\">\n\t\t\t<div class=\"elementor-column-wrap elementor-element-populated\">\n\t\t\t\t\t\t\t<div class=\"elementor-widget-wrap\">\n\t\t\t\t\t\t<div class=\"elementor-element elementor-element-9b51852 dce_masking-none elementor-widget elementor-widget-image\" data-id=\"9b51852\" data-element_type=\"widget\" data-widget_type=\"image.default\">\n\t\t\t\t<div class=\"elementor-widget-container\">\n\t\t\t\t\t\t\t\t<div class=\"elementor-image\">\n\t\t\t\t\t\t\t\t\t\t\t\t<img width=\"150\" height=\"150\" src=\"https:\/\/www.investincotedazur.com\/wp-content\/uploads\/2022\/09\/H1.-RECRUTER-474x324-1-1-150x150.jpg\" class=\"attachment-thumbnail size-thumbnail wp-image-11523\" alt=\"Embaucher du personnel et recruter des talents\" \/>\t\t\t\t\t\t\t\t\t\t\t\t\t\t<\/div>\n\t\t\t\t\t\t<\/div>\n\t\t\t\t<\/div>\n\t\t\t\t\t\t<\/div>\n\t\t\t\t\t<\/div>\n\t\t<\/div>\n\t\t\t\t<div class=\"elementor-column elementor-col-66 elementor-top-column elementor-element elementor-element-d4f8346\" data-id=\"d4f8346\" data-element_type=\"column\">\n\t\t\t<div class=\"elementor-column-wrap elementor-element-populated\">\n\t\t\t\t\t\t\t<div class=\"elementor-widget-wrap\">\n\t\t\t\t\t\t<div class=\"elementor-element elementor-element-9a32aba elementor-widget elementor-widget-text-editor\" data-id=\"9a32aba\" data-element_type=\"widget\" data-widget_type=\"text-editor.default\">\n\t\t\t\t<div class=\"elementor-widget-container\">\n\t\t\t\t\t\t\t\t<div class=\"elementor-text-editor elementor-clearfix\">\n\t\t\t\t<div style=\"hyphens: manual; margin-bottom: 30px; color: #777d8b;\"><div style=\"hyphens: manual; margin-bottom: 0px;\"><div style=\"hyphens: manual; margin-bottom: 40px; border: 1px solid var(--border-color-primary); color: #777d8b;\"><div style=\"hyphens: manual; margin-bottom: 0px;\"><div style=\"hyphens: manual; margin-bottom: 30px; font-family: 'Open Sans', Helvetica, Arial, sans-serif; font-size: 14px;\"><div style=\"hyphens: manual; margin-bottom: 0px;\"><h2 style=\"box-sizing: border-box; text-rendering: optimizelegibility; font-weight: 500; font-family: ITCAvantGardePro-Demi, serif; letter-spacing: 0px; margin-top: 0px; margin-bottom: 26px; text-transform: none; font-size: 20px; line-height: 1.2em; hyphens: manual; color: var(--color-primary);\">Vivier of local talents<\/h2><div style=\"hyphens: manual; margin-bottom: 30px; color: #777d8b; font-family: 'Open Sans', Helvetica, Arial, sans-serif; font-size: 14px;\"><div style=\"hyphens: manual; margin-bottom: 0px;\">\u00a0<\/div><\/div><div style=\"hyphens: manual; margin-bottom: 30px; color: #777d8b; font-family: 'Open Sans', Helvetica, Arial, sans-serif; font-size: 14px;\"><div style=\"hyphens: manual; margin-bottom: 0px;\"><p style=\"hyphens: manual; color: var(--color-text); font-size: 16px; font-family: SourceSansPro, sans-serif; letter-spacing: 0px; line-height: 30px; margin-right: 0px; margin-bottom: 0px; margin-left: 0px;\">You want to settle on the C\u00f4te d\u2019Azur and you are interested in different local talents? Developed by the Nice C\u00f4te d\u2019Azur Chamber of Commerce and Industry, the EDRH C\u00f4te d\u2019Azur tool was born from the desire to help companies acquire the necessary skills to develop their business in the French Riviera. It materializes in the form of an online shared territorial HRD platform.<\/p><\/div><\/div><h4 style=\"text-rendering: optimizelegibility; font-weight: bold; font-family: SourceSansPro-Regular, serif; letter-spacing: 0px; margin-top: 0px; margin-bottom: 0px; line-height: 1.2em; font-size: 17px; hyphens: manual; color: #36353c; background: #e2edf2; border-bottom: 1px solid var(--border-color-primary); padding: 19px 27px;\">Useful Link<\/h4><div style=\"hyphens: manual; margin-bottom: 40px; border: 1px solid var(--border-color-primary); color: #777d8b; font-family: 'Open Sans', Helvetica, Arial, sans-serif; font-size: 14px;\"><div style=\"hyphens: manual; margin-bottom: 0px;\"><ul style=\"margin-right: 0px; margin-left: 0px; hyphens: manual; list-style: none; padding: 20px 27px;\"><li style=\"hyphens: manual; color: var(--color-primary); font-size: 16px; line-height: 30px; font-family: ITCAvantGardePro-demi, serif;\">The recruitment platform eRDH<a style=\"background-image: initial; background-position: initial; background-size: initial; background-repeat: initial; background-attachment: initial; background-origin: initial; background-clip: initial; hyphens: manual; cursor: pointer; color: var(--color-theme-5); -webkit-tap-highlight-color: rgba(0, 0, 0, 0.3); margin-bottom: 0px; display: block; word-break: break-all; outline: none !important;\" href=\"http:\/\/www.edrh-cotedazur.com\/en\/\" target=\"_blank\" rel=\"noopener noreferrer\">http:\/\/www.edrh-cotedazur.com\/en\/<\/a><\/li><\/ul><\/div><\/div><div style=\"hyphens: manual; margin-bottom: 30px; display: flex; -webkit-box-orient: horizontal; -webkit-box-direction: normal; flex-flow: row nowrap; -webkit-box-align: center; align-items: center; width: 887.5px; margin-left: auto; margin-right: auto; color: #777d8b; font-family: 'Open Sans', Helvetica, Arial, sans-serif; font-size: 14px;\">\u00a0<\/div><h2 style=\"text-rendering: optimizelegibility; font-family: ITCAvantGardePro-Demi, serif; letter-spacing: 0px; margin-top: 0px; margin-bottom: 26px; font-size: 20px; line-height: 1.2em; hyphens: manual;\">Platforms &amp; recruitment services<\/h2><div style=\"hyphens: manual; margin-bottom: 30px; color: #777d8b; font-family: 'Open Sans', Helvetica, Arial, sans-serif; font-size: 14px;\"><div style=\"hyphens: manual; margin-bottom: 0px;\">\u00a0<\/div><\/div><div style=\"hyphens: manual; margin-bottom: 30px; color: #777d8b; font-family: 'Open Sans', Helvetica, Arial, sans-serif; font-size: 14px;\"><div style=\"hyphens: manual; margin-bottom: 0px;\"><p style=\"hyphens: manual; color: var(--color-text); font-size: 16px; font-family: SourceSansPro, sans-serif; letter-spacing: 0px; line-height: 30px; margin-right: 0px; margin-bottom: 0px; margin-left: 0px;\">You want to recruit for your company? Multiple online platforms offer to help the entrepreneurs to recruit on the C\u00f4te d\u2019Azur, according to profiles, skills or the sector.<\/p><\/div><\/div><div style=\"hyphens: manual; margin-bottom: 30px; color: #777d8b; font-family: 'Open Sans', Helvetica, Arial, sans-serif; font-size: 14px;\"><div style=\"hyphens: manual; margin-bottom: 0px;\"><p style=\"hyphens: manual; color: var(--color-text); font-size: 16px; font-family: SourceSansPro, sans-serif; letter-spacing: 0px; line-height: 30px; margin-right: 0px; margin-bottom: 0px; margin-left: 0px;\">By listing job offers and the companies that use them, recruitment platforms connect recruiters and candidates with the aim of encouraging recruitment. These offer the possibility to search accurately and efficiently for the right candidates according to the offer.<\/p><\/div><\/div><div style=\"hyphens: manual; margin-bottom: 30px; color: #777d8b; font-family: 'Open Sans', Helvetica, Arial, sans-serif; font-size: 14px;\"><div style=\"hyphens: manual; margin-bottom: 0px;\"><p style=\"hyphens: manual; color: var(--color-text); font-size: 16px; font-family: SourceSansPro, sans-serif; letter-spacing: 0px; line-height: 30px; margin-right: 0px; margin-bottom: 0px; margin-left: 0px;\">We invite you to discover the different local platforms for your recruitment:<\/p><\/div><\/div><h4 style=\"text-rendering: optimizelegibility; font-weight: bold; font-family: SourceSansPro-Regular, serif; letter-spacing: 0px; margin-top: 0px; margin-bottom: 0px; line-height: 1.2em; font-size: 17px; hyphens: manual; color: #36353c; background: #e2edf2; border-bottom: 1px solid var(--border-color-primary); padding: 19px 27px;\">Useful Links<\/h4><div style=\"hyphens: manual; margin-bottom: 40px; border: 1px solid var(--border-color-primary); color: #777d8b; font-family: 'Open Sans', Helvetica, Arial, sans-serif; font-size: 14px;\"><div style=\"hyphens: manual; margin-bottom: 0px;\"><ul style=\"margin-right: 0px; margin-left: 0px; hyphens: manual; list-style: none; padding: 20px 27px;\"><li style=\"hyphens: manual; color: var(--color-primary); font-size: 16px; line-height: 30px; margin-bottom: 36px; font-family: ITCAvantGardePro-demi, serif;\">Recruitment platform in the industry sector \u2013 Alpes Maritimes<a style=\"background-image: initial; background-position: initial; background-size: initial; background-repeat: initial; background-attachment: initial; background-origin: initial; background-clip: initial; hyphens: manual; cursor: pointer; color: var(--color-theme-5); -webkit-tap-highlight-color: rgba(0, 0, 0, 0.3); margin-bottom: 0px; display: block; word-break: break-all; outline: none !important;\" href=\"http:\/\/www.emploisindustrie06.com\/recruteurs.html\" target=\"_blank\" rel=\"noopener noreferrer\">http:\/\/www.emploisindustrie06.com\/recruteurs.html<\/a><\/li><li style=\"hyphens: manual; color: var(--color-primary); font-size: 16px; line-height: 30px; font-family: ITCAvantGardePro-demi, serif;\">Recruitment platform in the building sector \u2013 Alpes Maritimes<a style=\"background-image: initial; background-position: initial; background-size: initial; background-repeat: initial; background-attachment: initial; background-origin: initial; background-clip: initial; hyphens: manual; cursor: pointer; color: var(--color-theme-5); -webkit-tap-highlight-color: rgba(0, 0, 0, 0.3); margin-bottom: 0px; display: block; word-break: break-all; outline: none !important;\" href=\"https:\/\/www.emploibtp06.com\/recruteurs.html\" target=\"_blank\" rel=\"noopener noreferrer\">https:\/\/www.emploibtp06.com\/recruteurs.html<\/a><\/li><\/ul><\/div><\/div><div style=\"hyphens: manual; margin-bottom: 30px; color: #777d8b; font-family: 'Open Sans', Helvetica, Arial, sans-serif; font-size: 14px;\"><div style=\"hyphens: manual; margin-bottom: 0px;\"><p style=\"hyphens: manual; color: var(--color-text); font-size: 16px; font-family: SourceSansPro, sans-serif; letter-spacing: 0px; line-height: 30px; margin-right: 0px; margin-bottom: 0px; margin-left: 0px;\">In addition to recruitment platforms specific to the C\u00f4te d\u2019Azur, other services exist at the national level to find your future employees.<\/p><\/div><\/div><div style=\"hyphens: manual; margin-bottom: 30px; color: #777d8b; font-family: 'Open Sans', Helvetica, Arial, sans-serif; font-size: 14px;\"><div style=\"hyphens: manual; margin-bottom: 0px;\"><p style=\"hyphens: manual; color: var(--color-text); font-size: 16px; font-family: SourceSansPro, sans-serif; letter-spacing: 0px; line-height: 30px; margin-right: 0px; margin-bottom: 0px; margin-left: 0px;\">We propose you to discover the various existing platforms for your recruitment.<\/p><\/div><\/div><h4 style=\"text-rendering: optimizelegibility; font-weight: bold; font-family: SourceSansPro-Regular, serif; letter-spacing: 0px; margin-top: 0px; margin-bottom: 0px; line-height: 1.2em; font-size: 17px; hyphens: manual; color: #36353c; background: #e2edf2; border-bottom: 1px solid var(--border-color-primary); padding: 19px 27px;\">Useful Links<\/h4><div style=\"hyphens: manual; margin-bottom: 40px; border: 1px solid var(--border-color-primary); color: #777d8b; font-family: 'Open Sans', Helvetica, Arial, sans-serif; font-size: 14px;\"><div style=\"hyphens: manual; margin-bottom: 0px;\"><ul style=\"margin-right: 0px; margin-left: 0px; hyphens: manual; list-style: none; padding: 20px 27px;\"><li style=\"hyphens: manual; color: var(--color-primary); font-size: 16px; line-height: 30px; margin-bottom: 36px; font-family: ITCAvantGardePro-demi, serif;\">Website of the Association for Executive Employment \u2013 Site de l\u2019Association pour l\u2019emploi des cadres (APEC)<a style=\"background-image: initial; background-position: initial; background-size: initial; background-repeat: initial; background-attachment: initial; background-origin: initial; background-clip: initial; text-decoration-line: line-through; hyphens: manual; cursor: pointer; color: var(--color-theme-5); -webkit-tap-highlight-color: rgba(0, 0, 0, 0.3); margin-bottom: 0px; display: block; word-break: break-all; outline: none !important;\" href=\"https:\/\/recruteurs.apec.fr\/home.html\" target=\"_blank\" rel=\"noopener noreferrer\">https:\/\/recruteurs.apec.fr\/home.html<\/a><\/li><li style=\"hyphens: manual; color: var(--color-primary); font-size: 16px; line-height: 30px; margin-bottom: 36px; font-family: ITCAvantGardePro-demi, serif;\">Hello Work Website<a style=\"background-image: initial; background-position: initial; background-size: initial; background-repeat: initial; background-attachment: initial; background-origin: initial; background-clip: initial; hyphens: manual; cursor: pointer; color: var(--color-theme-5); -webkit-tap-highlight-color: rgba(0, 0, 0, 0.3); margin-bottom: 0px; display: block; word-break: break-all; outline: none !important;\" href=\"https:\/\/recruteur.hellowork.com\/\" target=\"_blank\" rel=\"noopener noreferrer\">https:\/\/recruteur.hellowork.com\/<\/a><\/li><li style=\"hyphens: manual; color: var(--color-primary); font-size: 16px; line-height: 30px; margin-bottom: 36px; font-family: ITCAvantGardePro-demi, serif;\">Monster<a style=\"background-image: initial; background-position: initial; background-size: initial; background-repeat: initial; background-attachment: initial; background-origin: initial; background-clip: initial; hyphens: manual; cursor: pointer; color: var(--color-theme-5); -webkit-tap-highlight-color: rgba(0, 0, 0, 0.3); margin-bottom: 0px; display: block; word-break: break-all; outline: none !important;\" href=\"https:\/\/www.monster.fr\/recruter\/?intcid=skr_swoop_TopNav_Employer&amp;ch=FRFR\" target=\"_blank\" rel=\"noopener noreferrer\">https:\/\/www.monster.fr\/recruter\/?intcid=skr_swoop_TopNav_Employer&amp;ch=FRFR<\/a><\/li><li style=\"hyphens: manual; color: var(--color-primary); font-size: 16px; line-height: 30px; margin-bottom: 36px; font-family: ITCAvantGardePro-demi, serif;\">Indeed<a style=\"background-image: initial; background-position: initial; background-size: initial; background-repeat: initial; background-attachment: initial; background-origin: initial; background-clip: initial; hyphens: manual; cursor: pointer; color: var(--color-theme-5); -webkit-tap-highlight-color: rgba(0, 0, 0, 0.3); margin-bottom: 0px; display: block; word-break: break-all; outline: none !important;\" href=\"https:\/\/www.indeed.fr\/recrutement?co=FR&amp;hl=fr&amp;from=gnav-menu-homepage\" target=\"_blank\" rel=\"noopener noreferrer\">https:\/\/www.indeed.fr\/recrutement?co=FR&amp;hl=fr&amp;from=gnav-menu-homepage<\/a><\/li><li style=\"hyphens: manual; color: var(--color-primary); font-size: 16px; line-height: 30px; font-family: ITCAvantGardePro-demi, serif;\">P\u00f4le Emploi recruitment platform<a style=\"background-image: initial; background-position: initial; background-size: initial; background-repeat: initial; background-attachment: initial; background-origin: initial; background-clip: initial; hyphens: manual; cursor: pointer; color: var(--color-theme-5); -webkit-tap-highlight-color: rgba(0, 0, 0, 0.3); margin-bottom: 0px; display: block; word-break: break-all; outline: none !important;\" href=\"https:\/\/entreprise.pole-emploi.fr\/recherche-profil\/descriptionprofil\" target=\"_blank\" rel=\"noopener noreferrer\">https:\/\/entreprise.pole-emploi.fr\/recherche-profil\/descriptionprofil<\/a><\/li><\/ul><\/div><\/div><div style=\"hyphens: manual; margin-bottom: 30px; display: flex; -webkit-box-orient: horizontal; -webkit-box-direction: normal; flex-flow: row nowrap; -webkit-box-align: center; align-items: center; width: 887.5px; margin-left: auto; margin-right: auto; color: #777d8b; font-family: 'Open Sans', Helvetica, Arial, sans-serif; font-size: 14px;\">\u00a0<\/div><h2 style=\"text-rendering: optimizelegibility; font-family: ITCAvantGardePro-Demi, serif; letter-spacing: 0px; margin-top: 0px; margin-bottom: 26px; font-size: 20px; line-height: 1.2em; hyphens: manual;\">Grants &amp; premiums for hiring<\/h2><div style=\"hyphens: manual; margin-bottom: 30px; color: #777d8b; font-family: 'Open Sans', Helvetica, Arial, sans-serif; font-size: 14px;\"><div style=\"hyphens: manual; margin-bottom: 0px;\">\u00a0<\/div><\/div><div style=\"hyphens: manual; margin-bottom: 30px; color: #777d8b; font-family: 'Open Sans', Helvetica, Arial, sans-serif; font-size: 14px;\"><div style=\"hyphens: manual; margin-bottom: 0px;\"><p style=\"hyphens: manual; color: var(--color-text); font-size: 16px; font-family: SourceSansPro, sans-serif; letter-spacing: 0px; line-height: 30px; margin-right: 0px; margin-bottom: 0px; margin-left: 0px;\">As part of a recruitment process in France, companies can benefit from various hiring aids and measures.<\/p><\/div><\/div><div style=\"hyphens: manual; margin-bottom: 30px; color: #777d8b; font-family: 'Open Sans', Helvetica, Arial, sans-serif; font-size: 14px;\"><div style=\"hyphens: manual; margin-bottom: 0px;\"><p style=\"hyphens: manual; color: var(--color-text); font-size: 16px; font-family: SourceSansPro, sans-serif; letter-spacing: 0px; line-height: 30px; margin-right: 0px; margin-bottom: 0px; margin-left: 0px;\">Among these aids are the Competitiveness and Employment Tax Credit (CICE), resulting in a reduction of social charges for companies employing employees and being taxed on companies or income.<\/p><\/div><\/div><div style=\"hyphens: manual; margin-bottom: 30px; color: #777d8b; font-family: 'Open Sans', Helvetica, Arial, sans-serif; font-size: 14px;\"><div style=\"hyphens: manual; margin-bottom: 0px;\"><p style=\"hyphens: manual; color: var(--color-text); font-size: 16px; font-family: SourceSansPro, sans-serif; letter-spacing: 0px; line-height: 30px; margin-right: 0px; margin-bottom: 0px; margin-left: 0px;\">Several specific contracts also exist to encourage hiring. This is the case of the Hiring Contract offering various hiring aids such as a reduction in employer contributions. These contracts concern young people between the ages of 16 and 29 and take the form of a permanent or fixed-term contract \u2013 from 6 months to 3 years \u2013 with remuneration between 27% and 78% of the SMIC.<\/p><\/div><\/div><div style=\"hyphens: manual; margin-bottom: 30px; color: #777d8b; font-family: 'Open Sans', Helvetica, Arial, sans-serif; font-size: 14px;\"><div style=\"hyphens: manual; margin-bottom: 0px;\"><p style=\"hyphens: manual; color: var(--color-text); font-size: 16px; font-family: SourceSansPro, sans-serif; letter-spacing: 0px; line-height: 30px; margin-right: 0px; margin-bottom: 0px; margin-left: 0px;\">There is also the Professionalization Contract, which, like the Hiring Contract, offers various hiring aids for young people between the ages of 16 and 25 or over 26 if the person in question is a jobseeker. This contract takes the form of a fixed-term contract of 6 to 12 months or a permanent contract with a professionalization action of between 6 to 12 months with a remuneration between 55% and 80% of the SMIC.<\/p><\/div><\/div><div style=\"hyphens: manual; margin-bottom: 30px; color: #777d8b; font-family: 'Open Sans', Helvetica, Arial, sans-serif; font-size: 14px;\"><div style=\"hyphens: manual; margin-bottom: 0px;\"><p style=\"hyphens: manual; color: var(--color-text); font-size: 16px; font-family: SourceSansPro, sans-serif; letter-spacing: 0px; line-height: 30px; margin-right: 0px; margin-bottom: 0px; margin-left: 0px;\">There is a variety of training, recruitment and job maintenance and development aids that we invite you to discover below.<\/p><\/div><\/div><h4 style=\"text-rendering: optimizelegibility; font-weight: bold; font-family: SourceSansPro-Regular, serif; letter-spacing: 0px; margin-top: 0px; margin-bottom: 0px; line-height: 1.2em; font-size: 17px; hyphens: manual; color: #36353c; background: #e2edf2; border-bottom: 1px solid var(--border-color-primary); padding: 19px 27px;\">Useful Links<\/h4><div style=\"hyphens: manual; margin-bottom: 40px; border: 1px solid var(--border-color-primary); color: #777d8b; font-family: 'Open Sans', Helvetica, Arial, sans-serif; font-size: 14px;\"><div style=\"hyphens: manual; margin-bottom: 0px;\"><ul style=\"margin-right: 0px; margin-left: 0px; hyphens: manual; list-style: none; padding: 20px 27px;\"><li style=\"hyphens: manual; color: var(--color-primary); font-size: 16px; line-height: 30px; font-family: ITCAvantGardePro-demi, serif;\">Benefits and advantages for hiring in France \u2013 Aides et primes \u00e0 l\u2019embauche en France<a style=\"background-image: initial; background-position: initial; background-size: initial; background-repeat: initial; background-attachment: initial; background-origin: initial; background-clip: initial; hyphens: manual; cursor: pointer; color: var(--color-theme-5); -webkit-tap-highlight-color: rgba(0, 0, 0, 0.3); display: block; word-break: break-all; outline: none !important;\" href=\"https:\/\/entreprise.pole-emploi.fr\/aides-embauche\/touteslesaides\" target=\"_blank\" rel=\"noopener noreferrer\">https:\/\/entreprise.pole-emploi.fr\/aides-embauche\/touteslesaides<\/a><br style=\"hyphens: manual;\" \/><a style=\"background-image: initial; background-position: initial; background-size: initial; background-repeat: initial; background-attachment: initial; background-origin: initial; background-clip: initial; hyphens: manual; cursor: pointer; color: var(--color-theme-5); -webkit-tap-highlight-color: rgba(0, 0, 0, 0.3); margin-bottom: 0px; display: block; word-break: break-all; outline: none !important;\" href=\"https:\/\/www.economie.gouv.fr\/entreprises\/aides-employeur-embauche-emploi\" target=\"_blank\" rel=\"noopener noreferrer\">https:\/\/www.economie.gouv.fr\/entreprises\/aides-employeur-embauche-emploi<\/a><\/li><\/ul><\/div><\/div><\/div><\/div><\/div><\/div><\/div><\/div>\t\t\t\t\t<\/div>\n\t\t\t\t\t\t<\/div>\n\t\t\t\t<\/div>\n\t\t\t\t\t\t<\/div>\n\t\t\t\t\t<\/div>\n\t\t<\/div>\n\t\t\t\t\t\t\t\t<\/div>\n\t\t\t\t\t<\/div>\n\t\t<\/section>\n\t\t\t\t<section class=\"elementor-section elementor-top-section elementor-element elementor-element-11997270 elementor-section-boxed elementor-section-height-default elementor-section-height-default\" data-id=\"11997270\" data-element_type=\"section\" data-settings=\"{&quot;shape_divider_bottom&quot;:&quot;pyramids&quot;,&quot;shape_divider_bottom_negative&quot;:&quot;yes&quot;}\">\n\t\t\t\t\t<div class=\"elementor-shape elementor-shape-bottom\" data-negative=\"true\">\n\t\t\t<svg xmlns=\"http:\/\/www.w3.org\/2000\/svg\" viewBox=\"0 0 1000 100\" preserveAspectRatio=\"none\">\n\t<path class=\"elementor-shape-fill\" d=\"M761.9,40.6L643.1,24L333.9,93.8L0.1,1H0v99h1000V1\"\/>\n<\/svg>\t\t<\/div>\n\t\t\t\t\t<div class=\"elementor-container elementor-column-gap-default\">\n\t\t\t\t\t\t\t<div class=\"elementor-row\">\n\t\t\t\t\t<div class=\"elementor-column elementor-col-100 elementor-top-column elementor-element elementor-element-3d377c63\" data-id=\"3d377c63\" data-element_type=\"column\">\n\t\t\t<div class=\"elementor-column-wrap\">\n\t\t\t\t\t\t\t<div class=\"elementor-widget-wrap\">\n\t\t\t\t\t\t\t\t<\/div>\n\t\t\t\t\t<\/div>\n\t\t<\/div>\n\t\t\t\t\t\t\t\t<\/div>\n\t\t\t\t\t<\/div>\n\t\t<\/section>\n\t\t\t\t\t\t\t\t\t<\/div>\n\t\t\t<\/div>\n\t\t\t\t\t<\/div>\n\t\t","protected":false},"excerpt":{"rendered":"<p>Doing Business on the C\u00f4te d&#8217;Azur Coming to France The C\u00f4te d&#8217;Azur Settling Working Studying Doing Research Professional events Visiting Steps to create a foreign invested company Identifying the legal form of the company If the activity is run by a foreign natural person Choosing the legal form of your company is essential. This decision [&hellip;]<\/p>\n","protected":false},"author":14,"featured_media":11178,"parent":11123,"menu_order":0,"comment_status":"closed","ping_status":"closed","template":"","meta":{"_mi_skip_tracking":false,"_monsterinsights_sitenote_active":false,"_monsterinsights_sitenote_note":"","_monsterinsights_sitenote_category":0},"acf":[],"yoast_head":"<!-- This site is optimized with the Yoast SEO plugin v19.12 - https:\/\/yoast.com\/wordpress\/plugins\/seo\/ -->\n<title>Doing business on the C\u00f4te d&#039;Azur - Welcome Guide C\u00f4te d&#039;Azur<\/title>\n<meta name=\"description\" content=\"Discover information relating to entrepreneurship on the C\u00f4te d&#039;Azur: foreign company, offices, C\u00f4te d&#039;Azur ecosystem, financing\" \/>\n<meta name=\"robots\" content=\"index, follow, max-snippet:-1, max-image-preview:large, max-video-preview:-1\" \/>\n<link rel=\"canonical\" href=\"https:\/\/www.investincotedazur.com\/en\/welcome-guide-cote-dazur\/welcome-guide-doing-business\/\" \/>\n<meta property=\"og:locale\" content=\"en_US\" \/>\n<meta property=\"og:type\" content=\"article\" \/>\n<meta property=\"og:title\" content=\"Doing business on the C\u00f4te d&#039;Azur - Welcome Guide C\u00f4te d&#039;Azur\" \/>\n<meta property=\"og:description\" content=\"Discover information relating to entrepreneurship on the C\u00f4te d&#039;Azur: foreign company, offices, C\u00f4te d&#039;Azur ecosystem, financing\" \/>\n<meta property=\"og:url\" content=\"https:\/\/www.investincotedazur.com\/en\/welcome-guide-cote-dazur\/welcome-guide-doing-business\/\" \/>\n<meta property=\"og:site_name\" content=\"Invest in C\u00f4te d&#039;Azur\" \/>\n<meta property=\"article:modified_time\" content=\"2023-01-11T07:16:23+00:00\" \/>\n<meta property=\"og:image\" content=\"https:\/\/www.investincotedazur.com\/wp-content\/uploads\/2022\/09\/creer-son-entreprise-768x640-1.jpg\" \/>\n\t<meta property=\"og:image:width\" content=\"768\" \/>\n\t<meta property=\"og:image:height\" content=\"640\" \/>\n\t<meta property=\"og:image:type\" content=\"image\/jpeg\" \/>\n<meta name=\"twitter:card\" content=\"summary_large_image\" \/>\n<meta name=\"twitter:site\" content=\"@Investcotedazur\" \/>\n<meta name=\"twitter:label1\" content=\"Est. reading time\" \/>\n\t<meta name=\"twitter:data1\" content=\"43 minutes\" \/>\n<script type=\"application\/ld+json\" class=\"yoast-schema-graph\">{\"@context\":\"https:\/\/schema.org\",\"@graph\":[{\"@type\":\"WebPage\",\"@id\":\"https:\/\/www.investincotedazur.com\/en\/welcome-guide-cote-dazur\/welcome-guide-doing-business\/\",\"url\":\"https:\/\/www.investincotedazur.com\/en\/welcome-guide-cote-dazur\/welcome-guide-doing-business\/\",\"name\":\"Doing business on the C\u00f4te d'Azur - Welcome Guide C\u00f4te d'Azur\",\"isPartOf\":{\"@id\":\"https:\/\/www.investincotedazur.com\/en\/#website\"},\"datePublished\":\"2022-09-19T13:04:43+00:00\",\"dateModified\":\"2023-01-11T07:16:23+00:00\",\"description\":\"Discover information relating to entrepreneurship on the C\u00f4te d'Azur: foreign company, offices, C\u00f4te d'Azur ecosystem, financing\",\"breadcrumb\":{\"@id\":\"https:\/\/www.investincotedazur.com\/en\/welcome-guide-cote-dazur\/welcome-guide-doing-business\/#breadcrumb\"},\"inLanguage\":\"en-US\",\"potentialAction\":[{\"@type\":\"ReadAction\",\"target\":[\"https:\/\/www.investincotedazur.com\/en\/welcome-guide-cote-dazur\/welcome-guide-doing-business\/\"]}]},{\"@type\":\"BreadcrumbList\",\"@id\":\"https:\/\/www.investincotedazur.com\/en\/welcome-guide-cote-dazur\/welcome-guide-doing-business\/#breadcrumb\",\"itemListElement\":[{\"@type\":\"ListItem\",\"position\":1,\"name\":\"Welcome Guide C\u00f4te d&rsquo;Azur\",\"item\":\"https:\/\/www.investincotedazur.com\/en\/welcome-guide-cote-dazur\/\"},{\"@type\":\"ListItem\",\"position\":2,\"name\":\"Welcome Guide &#8211; Doing Business\"}]},{\"@type\":\"WebSite\",\"@id\":\"https:\/\/www.investincotedazur.com\/en\/#website\",\"url\":\"https:\/\/www.investincotedazur.com\/en\/\",\"name\":\"Invest in C\u00f4te d'Azur\",\"description\":\"\",\"publisher\":{\"@id\":\"https:\/\/www.investincotedazur.com\/en\/#organization\"},\"alternateName\":\"Invest in C\u00f4te d'Azur\",\"potentialAction\":[{\"@type\":\"SearchAction\",\"target\":{\"@type\":\"EntryPoint\",\"urlTemplate\":\"https:\/\/www.investincotedazur.com\/en\/?s={search_term_string}\"},\"query-input\":\"required name=search_term_string\"}],\"inLanguage\":\"en-US\"},{\"@type\":\"Organization\",\"@id\":\"https:\/\/www.investincotedazur.com\/en\/#organization\",\"name\":\"Invest in C\u00f4te d'Azur\",\"alternateName\":\"Invest in C\u00f4te d'Azur\",\"url\":\"https:\/\/www.investincotedazur.com\/en\/\",\"logo\":{\"@type\":\"ImageObject\",\"inLanguage\":\"en-US\",\"@id\":\"https:\/\/www.investincotedazur.com\/en\/#\/schema\/logo\/image\/\",\"url\":\"https:\/\/www.investincotedazur.com\/wp-content\/uploads\/2023\/05\/cropped-New-missions-3.png\",\"contentUrl\":\"https:\/\/www.investincotedazur.com\/wp-content\/uploads\/2023\/05\/cropped-New-missions-3.png\",\"width\":512,\"height\":512,\"caption\":\"Invest in C\u00f4te d'Azur\"},\"image\":{\"@id\":\"https:\/\/www.investincotedazur.com\/en\/#\/schema\/logo\/image\/\"},\"sameAs\":[\"https:\/\/www.linkedin.com\/company\/investincotedazur\/\",\"https:\/\/twitter.com\/Investcotedazur\"]}]}<\/script>\n<!-- \/ Yoast SEO plugin. -->","yoast_head_json":{"title":"Doing business on the C\u00f4te d'Azur - Welcome Guide C\u00f4te d'Azur","description":"Discover information relating to entrepreneurship on the C\u00f4te d'Azur: foreign company, offices, C\u00f4te d'Azur ecosystem, financing","robots":{"index":"index","follow":"follow","max-snippet":"max-snippet:-1","max-image-preview":"max-image-preview:large","max-video-preview":"max-video-preview:-1"},"canonical":"https:\/\/www.investincotedazur.com\/en\/welcome-guide-cote-dazur\/welcome-guide-doing-business\/","og_locale":"en_US","og_type":"article","og_title":"Doing business on the C\u00f4te d'Azur - Welcome Guide C\u00f4te d'Azur","og_description":"Discover information relating to entrepreneurship on the C\u00f4te d'Azur: foreign company, offices, C\u00f4te d'Azur ecosystem, financing","og_url":"https:\/\/www.investincotedazur.com\/en\/welcome-guide-cote-dazur\/welcome-guide-doing-business\/","og_site_name":"Invest in C\u00f4te d&#039;Azur","article_modified_time":"2023-01-11T07:16:23+00:00","og_image":[{"width":768,"height":640,"url":"https:\/\/www.investincotedazur.com\/wp-content\/uploads\/2022\/09\/creer-son-entreprise-768x640-1.jpg","type":"image\/jpeg"}],"twitter_card":"summary_large_image","twitter_site":"@Investcotedazur","twitter_misc":{"Est. reading time":"43 minutes"},"schema":{"@context":"https:\/\/schema.org","@graph":[{"@type":"WebPage","@id":"https:\/\/www.investincotedazur.com\/en\/welcome-guide-cote-dazur\/welcome-guide-doing-business\/","url":"https:\/\/www.investincotedazur.com\/en\/welcome-guide-cote-dazur\/welcome-guide-doing-business\/","name":"Doing business on the C\u00f4te d'Azur - Welcome Guide C\u00f4te d'Azur","isPartOf":{"@id":"https:\/\/www.investincotedazur.com\/en\/#website"},"datePublished":"2022-09-19T13:04:43+00:00","dateModified":"2023-01-11T07:16:23+00:00","description":"Discover information relating to entrepreneurship on the C\u00f4te d'Azur: foreign company, offices, C\u00f4te d'Azur ecosystem, financing","breadcrumb":{"@id":"https:\/\/www.investincotedazur.com\/en\/welcome-guide-cote-dazur\/welcome-guide-doing-business\/#breadcrumb"},"inLanguage":"en-US","potentialAction":[{"@type":"ReadAction","target":["https:\/\/www.investincotedazur.com\/en\/welcome-guide-cote-dazur\/welcome-guide-doing-business\/"]}]},{"@type":"BreadcrumbList","@id":"https:\/\/www.investincotedazur.com\/en\/welcome-guide-cote-dazur\/welcome-guide-doing-business\/#breadcrumb","itemListElement":[{"@type":"ListItem","position":1,"name":"Welcome Guide C\u00f4te d&rsquo;Azur","item":"https:\/\/www.investincotedazur.com\/en\/welcome-guide-cote-dazur\/"},{"@type":"ListItem","position":2,"name":"Welcome Guide &#8211; Doing Business"}]},{"@type":"WebSite","@id":"https:\/\/www.investincotedazur.com\/en\/#website","url":"https:\/\/www.investincotedazur.com\/en\/","name":"Invest in C\u00f4te d'Azur","description":"","publisher":{"@id":"https:\/\/www.investincotedazur.com\/en\/#organization"},"alternateName":"Invest in C\u00f4te d'Azur","potentialAction":[{"@type":"SearchAction","target":{"@type":"EntryPoint","urlTemplate":"https:\/\/www.investincotedazur.com\/en\/?s={search_term_string}"},"query-input":"required name=search_term_string"}],"inLanguage":"en-US"},{"@type":"Organization","@id":"https:\/\/www.investincotedazur.com\/en\/#organization","name":"Invest in C\u00f4te d'Azur","alternateName":"Invest in C\u00f4te d'Azur","url":"https:\/\/www.investincotedazur.com\/en\/","logo":{"@type":"ImageObject","inLanguage":"en-US","@id":"https:\/\/www.investincotedazur.com\/en\/#\/schema\/logo\/image\/","url":"https:\/\/www.investincotedazur.com\/wp-content\/uploads\/2023\/05\/cropped-New-missions-3.png","contentUrl":"https:\/\/www.investincotedazur.com\/wp-content\/uploads\/2023\/05\/cropped-New-missions-3.png","width":512,"height":512,"caption":"Invest in C\u00f4te d'Azur"},"image":{"@id":"https:\/\/www.investincotedazur.com\/en\/#\/schema\/logo\/image\/"},"sameAs":["https:\/\/www.linkedin.com\/company\/investincotedazur\/","https:\/\/twitter.com\/Investcotedazur"]}]}},"_links":{"self":[{"href":"https:\/\/www.investincotedazur.com\/en\/wp-json\/wp\/v2\/pages\/11513"}],"collection":[{"href":"https:\/\/www.investincotedazur.com\/en\/wp-json\/wp\/v2\/pages"}],"about":[{"href":"https:\/\/www.investincotedazur.com\/en\/wp-json\/wp\/v2\/types\/page"}],"author":[{"embeddable":true,"href":"https:\/\/www.investincotedazur.com\/en\/wp-json\/wp\/v2\/users\/14"}],"replies":[{"embeddable":true,"href":"https:\/\/www.investincotedazur.com\/en\/wp-json\/wp\/v2\/comments?post=11513"}],"version-history":[{"count":61,"href":"https:\/\/www.investincotedazur.com\/en\/wp-json\/wp\/v2\/pages\/11513\/revisions"}],"predecessor-version":[{"id":13634,"href":"https:\/\/www.investincotedazur.com\/en\/wp-json\/wp\/v2\/pages\/11513\/revisions\/13634"}],"up":[{"embeddable":true,"href":"https:\/\/www.investincotedazur.com\/en\/wp-json\/wp\/v2\/pages\/11123"}],"wp:featuredmedia":[{"embeddable":true,"href":"https:\/\/www.investincotedazur.com\/en\/wp-json\/wp\/v2\/media\/11178"}],"wp:attachment":[{"href":"https:\/\/www.investincotedazur.com\/en\/wp-json\/wp\/v2\/media?parent=11513"}],"curies":[{"name":"wp","href":"https:\/\/api.w.org\/{rel}","templated":true}]}}