{"id":25842,"date":"2026-04-29T13:38:39","date_gmt":"2026-04-29T11:38:39","guid":{"rendered":"https:\/\/www.investincotedazur.com\/?post_type=cpt_evenements&#038;p=25842"},"modified":"2026-04-29T13:38:43","modified_gmt":"2026-04-29T11:38:43","slug":"conference-dl4t-application-droit-ia-donnees-retour-expertise","status":"publish","type":"cpt_evenements","link":"https:\/\/www.investincotedazur.com\/en\/evenements\/conference-dl4t-application-droit-ia-donnees-retour-expertise\/","title":{"rendered":"Conf\u00e9rence DL4T \u2013 application du droit de l\u2019IA et des donn\u00e9es : retour d\u2019expertise"},"content":{"rendered":"\n<p>Le <strong>13 mai 2026 \u00e0 14h30<\/strong>, le programme <strong>DL4T \u2013 UCA Deep Law for Tech<\/strong> organise, sur le <strong>Campus Trotabas<\/strong>, une conf\u00e9rence consacr\u00e9e \u00e0 l\u2019<strong>application du droit de l\u2019intelligence artificielle et des donn\u00e9es<\/strong>, \u00e0 partir d\u2019un retour d\u2019expertise croisant recherche, formation et enjeux op\u00e9rationnels.<\/p>\n\n\n\n<p>Alors que les syst\u00e8mes d\u2019IA s\u2019int\u00e8grent rapidement dans les pratiques professionnelles, scientifiques et institutionnelles, leur encadrement juridique devient un enjeu majeur pour les organisations publiques comme priv\u00e9es. Gouvernance des donn\u00e9es, s\u00e9curisation des datasets, conformit\u00e9 aux normes europ\u00e9ennes, ma\u00eetrise des risques technologiques et souverainet\u00e9 num\u00e9rique figurent d\u00e9sormais parmi les questions pos\u00e9es par ces technologies.<\/p>\n\n\n\n<p>La conf\u00e9rence d\u00e9butera par une intervention du <strong>Pr Hugues Bersini<\/strong>, professeur \u00e0 l\u2019Universit\u00e9 Libre de Bruxelles et membre du laboratoire IRIDIA. Il proposera une analyse de l\u2019\u00e9volution de l\u2019IA et de ses enjeux contemporains, notamment g\u00e9opolitiques et environnementaux. Cette pr\u00e9sentation sera <strong>suivie<\/strong> d\u2019une d\u00e9monstration concr\u00e8te d\u2019un outil <strong>RAG<\/strong> (g\u00e9n\u00e9ration augment\u00e9e de r\u00e9cup\u00e9ration) fond\u00e9 sur un mod\u00e8le de langage local et sobre. Une telle approche ouvre des perspectives importantes pour renforcer la souverainet\u00e9 technologique europ\u00e9enne, tout en limitant l\u2019empreinte environnementale associ\u00e9e aux infrastructures num\u00e9riques.<\/p>\n\n\n\n<p>Cette intervention sera ensuite mise en discussion par les professeurs <strong>Beno\u00eet Frydman<\/strong>, professeur \u00e0 l\u2019Universit\u00e9 Libre de Bruxelles et membre du Centre Perelman, et <strong>Karim Benyekhlef<\/strong>, professeur \u00e0 l\u2019Universit\u00e9 de Montr\u00e9al, sp\u00e9cialiste de cyberjustice et titulaire de la Chaire internationale d\u2019excellence 3IA \u00ab Intelligence artificielle et droit \u00bb \u00e0 Universit\u00e9 C\u00f4te d\u2019Azur. Leurs regards crois\u00e9s permettront d\u2019interroger les conditions d\u2019un usage juridiquement s\u00e9curis\u00e9, \u00e9thique et soutenable de l\u2019IA.<\/p>\n\n\n\n<p>Un temps d\u2019\u00e9change avec l\u2019auditoire cl\u00f4turera la rencontre.<\/p>\n\n\n\n<p><strong>Inscription gratuite mais obligatoire :<\/strong> <a href=\"https:\/\/droit.univ-cotedazur.fr\/conference-dl4t-application-du-droit-de-lia-et-des-donnees-retour-dexpertise\" target=\"_blank\" rel=\"noreferrer noopener nofollow\">s\u2019inscrire \u00e0 l\u2019\u00e9v\u00e9nement<\/a><br><strong>En savoir plus \/ source :<\/strong> <a href=\"https:\/\/droit.univ-cotedazur.fr\/conference-dl4t-application-du-droit-de-lia-et-des-donnees-retour-dexpertise\">Universit\u00e9 C\u00f4te d\u2019Azur \u2013 Facult\u00e9 de droit et science politique<\/a><\/p>\n\n\n\n<p><strong>Visuel :<\/strong> \u00a9 Universit\u00e9 C\u00f4te d\u2019Azur. Source : Universit\u00e9 C\u00f4te d\u2019Azur \u2013 Facult\u00e9 de droit et science politique.<\/p>\n","protected":false},"featured_media":25843,"template":"","txn_evenements":[],"acf":[],"yoast_head":"<!-- This site is optimized with the Yoast SEO plugin v19.12 - https:\/\/yoast.com\/wordpress\/plugins\/seo\/ -->\n<title>Conf\u00e9rence DL4T \u2013 application du droit de l\u2019IA et des donn\u00e9es : retour d\u2019expertise - Invest in C\u00f4te d&#039;Azur<\/title>\n<meta name=\"description\" content=\"Conf\u00e9rence DL4T le 13 mai 2026 \u00e0 Nice : application du droit de l\u2019IA et des donn\u00e9es, enjeux europ\u00e9ens, souverainet\u00e9 num\u00e9rique et d\u00e9monstration d\u2019un outil RAG.\" \/>\n<meta name=\"robots\" content=\"index, follow, max-snippet:-1, max-image-preview:large, max-video-preview:-1\" \/>\n<link rel=\"canonical\" href=\"https:\/\/www.investincotedazur.com\/en\/evenements\/conference-dl4t-application-droit-ia-donnees-retour-expertise\/\" \/>\n<meta property=\"og:locale\" content=\"en_US\" \/>\n<meta property=\"og:type\" content=\"article\" \/>\n<meta property=\"og:title\" content=\"Conf\u00e9rence DL4T \u2013 application du droit de l\u2019IA et des donn\u00e9es : retour d\u2019expertise - Invest in C\u00f4te d&#039;Azur\" \/>\n<meta property=\"og:description\" content=\"Conf\u00e9rence DL4T le 13 mai 2026 \u00e0 Nice : application du droit de l\u2019IA et des donn\u00e9es, enjeux europ\u00e9ens, souverainet\u00e9 num\u00e9rique et d\u00e9monstration d\u2019un outil RAG.\" \/>\n<meta property=\"og:url\" content=\"https:\/\/www.investincotedazur.com\/en\/evenements\/conference-dl4t-application-droit-ia-donnees-retour-expertise\/\" \/>\n<meta property=\"og:site_name\" content=\"Invest in C\u00f4te d&#039;Azur\" \/>\n<meta property=\"article:modified_time\" content=\"2026-04-29T11:38:43+00:00\" \/>\n<meta property=\"og:image\" content=\"https:\/\/www.investincotedazur.com\/wp-content\/uploads\/2026\/04\/Conference-DL4T-\u2013-application-du-droit-de-lIA-et-des-donnees-retour-dexpertise.png\" \/>\n\t<meta property=\"og:image:width\" content=\"1414\" \/>\n\t<meta property=\"og:image:height\" content=\"2000\" \/>\n\t<meta property=\"og:image:type\" content=\"image\/png\" \/>\n<meta name=\"twitter:card\" content=\"summary_large_image\" \/>\n<meta name=\"twitter:site\" content=\"@Investcotedazur\" \/>\n<meta name=\"twitter:label1\" content=\"Est. reading time\" \/>\n\t<meta name=\"twitter:data1\" content=\"2 minutes\" \/>\n<script type=\"application\/ld+json\" class=\"yoast-schema-graph\">{\"@context\":\"https:\/\/schema.org\",\"@graph\":[{\"@type\":\"WebPage\",\"@id\":\"https:\/\/www.investincotedazur.com\/en\/evenements\/conference-dl4t-application-droit-ia-donnees-retour-expertise\/\",\"url\":\"https:\/\/www.investincotedazur.com\/en\/evenements\/conference-dl4t-application-droit-ia-donnees-retour-expertise\/\",\"name\":\"Conf\u00e9rence DL4T \u2013 application du droit de l\u2019IA et des donn\u00e9es : retour d\u2019expertise - Invest in C\u00f4te d&#039;Azur\",\"isPartOf\":{\"@id\":\"https:\/\/www.investincotedazur.com\/en\/#website\"},\"datePublished\":\"2026-04-29T11:38:39+00:00\",\"dateModified\":\"2026-04-29T11:38:43+00:00\",\"description\":\"Conf\u00e9rence DL4T le 13 mai 2026 \u00e0 Nice : application du droit de l\u2019IA et des donn\u00e9es, enjeux europ\u00e9ens, souverainet\u00e9 num\u00e9rique et d\u00e9monstration d\u2019un outil RAG.\",\"breadcrumb\":{\"@id\":\"https:\/\/www.investincotedazur.com\/en\/evenements\/conference-dl4t-application-droit-ia-donnees-retour-expertise\/#breadcrumb\"},\"inLanguage\":\"en-US\",\"potentialAction\":[{\"@type\":\"ReadAction\",\"target\":[\"https:\/\/www.investincotedazur.com\/en\/evenements\/conference-dl4t-application-droit-ia-donnees-retour-expertise\/\"]}]},{\"@type\":\"BreadcrumbList\",\"@id\":\"https:\/\/www.investincotedazur.com\/en\/evenements\/conference-dl4t-application-droit-ia-donnees-retour-expertise\/#breadcrumb\",\"itemListElement\":[{\"@type\":\"ListItem\",\"position\":1,\"name\":\"Les \u00e9v\u00e9nements\",\"item\":\"https:\/\/www.investincotedazur.com\/en\/evenements\/\"},{\"@type\":\"ListItem\",\"position\":2,\"name\":\"Conf\u00e9rence DL4T \u2013 application du droit de l\u2019IA et des donn\u00e9es : retour d\u2019expertise\"}]},{\"@type\":\"WebSite\",\"@id\":\"https:\/\/www.investincotedazur.com\/en\/#website\",\"url\":\"https:\/\/www.investincotedazur.com\/en\/\",\"name\":\"Invest in C\u00f4te d'Azur\",\"description\":\"\",\"publisher\":{\"@id\":\"https:\/\/www.investincotedazur.com\/en\/#organization\"},\"alternateName\":\"Invest in C\u00f4te d'Azur\",\"potentialAction\":[{\"@type\":\"SearchAction\",\"target\":{\"@type\":\"EntryPoint\",\"urlTemplate\":\"https:\/\/www.investincotedazur.com\/en\/?s={search_term_string}\"},\"query-input\":\"required name=search_term_string\"}],\"inLanguage\":\"en-US\"},{\"@type\":\"Organization\",\"@id\":\"https:\/\/www.investincotedazur.com\/en\/#organization\",\"name\":\"Invest in C\u00f4te d'Azur\",\"alternateName\":\"Invest in C\u00f4te d'Azur\",\"url\":\"https:\/\/www.investincotedazur.com\/en\/\",\"logo\":{\"@type\":\"ImageObject\",\"inLanguage\":\"en-US\",\"@id\":\"https:\/\/www.investincotedazur.com\/en\/#\/schema\/logo\/image\/\",\"url\":\"https:\/\/www.investincotedazur.com\/wp-content\/uploads\/2023\/05\/cropped-New-missions-3.png\",\"contentUrl\":\"https:\/\/www.investincotedazur.com\/wp-content\/uploads\/2023\/05\/cropped-New-missions-3.png\",\"width\":512,\"height\":512,\"caption\":\"Invest in C\u00f4te d'Azur\"},\"image\":{\"@id\":\"https:\/\/www.investincotedazur.com\/en\/#\/schema\/logo\/image\/\"},\"sameAs\":[\"https:\/\/www.linkedin.com\/company\/investincotedazur\/\",\"https:\/\/twitter.com\/Investcotedazur\"]}]}<\/script>\n<!-- \/ Yoast SEO plugin. -->","yoast_head_json":{"title":"Conf\u00e9rence DL4T \u2013 application du droit de l\u2019IA et des donn\u00e9es : retour d\u2019expertise - Invest in C\u00f4te d&#039;Azur","description":"Conf\u00e9rence DL4T le 13 mai 2026 \u00e0 Nice : application du droit de l\u2019IA et des donn\u00e9es, enjeux europ\u00e9ens, souverainet\u00e9 num\u00e9rique et d\u00e9monstration d\u2019un outil RAG.","robots":{"index":"index","follow":"follow","max-snippet":"max-snippet:-1","max-image-preview":"max-image-preview:large","max-video-preview":"max-video-preview:-1"},"canonical":"https:\/\/www.investincotedazur.com\/en\/evenements\/conference-dl4t-application-droit-ia-donnees-retour-expertise\/","og_locale":"en_US","og_type":"article","og_title":"Conf\u00e9rence DL4T \u2013 application du droit de l\u2019IA et des donn\u00e9es : retour d\u2019expertise - Invest in C\u00f4te d&#039;Azur","og_description":"Conf\u00e9rence DL4T le 13 mai 2026 \u00e0 Nice : application du droit de l\u2019IA et des donn\u00e9es, enjeux europ\u00e9ens, souverainet\u00e9 num\u00e9rique et d\u00e9monstration d\u2019un outil RAG.","og_url":"https:\/\/www.investincotedazur.com\/en\/evenements\/conference-dl4t-application-droit-ia-donnees-retour-expertise\/","og_site_name":"Invest in C\u00f4te d&#039;Azur","article_modified_time":"2026-04-29T11:38:43+00:00","og_image":[{"width":1414,"height":2000,"url":"https:\/\/www.investincotedazur.com\/wp-content\/uploads\/2026\/04\/Conference-DL4T-\u2013-application-du-droit-de-lIA-et-des-donnees-retour-dexpertise.png","type":"image\/png"}],"twitter_card":"summary_large_image","twitter_site":"@Investcotedazur","twitter_misc":{"Est. reading time":"2 minutes"},"schema":{"@context":"https:\/\/schema.org","@graph":[{"@type":"WebPage","@id":"https:\/\/www.investincotedazur.com\/en\/evenements\/conference-dl4t-application-droit-ia-donnees-retour-expertise\/","url":"https:\/\/www.investincotedazur.com\/en\/evenements\/conference-dl4t-application-droit-ia-donnees-retour-expertise\/","name":"Conf\u00e9rence DL4T \u2013 application du droit de l\u2019IA et des donn\u00e9es : retour d\u2019expertise - Invest in C\u00f4te d&#039;Azur","isPartOf":{"@id":"https:\/\/www.investincotedazur.com\/en\/#website"},"datePublished":"2026-04-29T11:38:39+00:00","dateModified":"2026-04-29T11:38:43+00:00","description":"Conf\u00e9rence DL4T le 13 mai 2026 \u00e0 Nice : application du droit de l\u2019IA et des donn\u00e9es, enjeux europ\u00e9ens, souverainet\u00e9 num\u00e9rique et d\u00e9monstration d\u2019un outil RAG.","breadcrumb":{"@id":"https:\/\/www.investincotedazur.com\/en\/evenements\/conference-dl4t-application-droit-ia-donnees-retour-expertise\/#breadcrumb"},"inLanguage":"en-US","potentialAction":[{"@type":"ReadAction","target":["https:\/\/www.investincotedazur.com\/en\/evenements\/conference-dl4t-application-droit-ia-donnees-retour-expertise\/"]}]},{"@type":"BreadcrumbList","@id":"https:\/\/www.investincotedazur.com\/en\/evenements\/conference-dl4t-application-droit-ia-donnees-retour-expertise\/#breadcrumb","itemListElement":[{"@type":"ListItem","position":1,"name":"Les \u00e9v\u00e9nements","item":"https:\/\/www.investincotedazur.com\/en\/evenements\/"},{"@type":"ListItem","position":2,"name":"Conf\u00e9rence DL4T \u2013 application du droit de l\u2019IA et des donn\u00e9es : retour d\u2019expertise"}]},{"@type":"WebSite","@id":"https:\/\/www.investincotedazur.com\/en\/#website","url":"https:\/\/www.investincotedazur.com\/en\/","name":"Invest in C\u00f4te d'Azur","description":"","publisher":{"@id":"https:\/\/www.investincotedazur.com\/en\/#organization"},"alternateName":"Invest in C\u00f4te d'Azur","potentialAction":[{"@type":"SearchAction","target":{"@type":"EntryPoint","urlTemplate":"https:\/\/www.investincotedazur.com\/en\/?s={search_term_string}"},"query-input":"required name=search_term_string"}],"inLanguage":"en-US"},{"@type":"Organization","@id":"https:\/\/www.investincotedazur.com\/en\/#organization","name":"Invest in C\u00f4te d'Azur","alternateName":"Invest in C\u00f4te d'Azur","url":"https:\/\/www.investincotedazur.com\/en\/","logo":{"@type":"ImageObject","inLanguage":"en-US","@id":"https:\/\/www.investincotedazur.com\/en\/#\/schema\/logo\/image\/","url":"https:\/\/www.investincotedazur.com\/wp-content\/uploads\/2023\/05\/cropped-New-missions-3.png","contentUrl":"https:\/\/www.investincotedazur.com\/wp-content\/uploads\/2023\/05\/cropped-New-missions-3.png","width":512,"height":512,"caption":"Invest in C\u00f4te d'Azur"},"image":{"@id":"https:\/\/www.investincotedazur.com\/en\/#\/schema\/logo\/image\/"},"sameAs":["https:\/\/www.linkedin.com\/company\/investincotedazur\/","https:\/\/twitter.com\/Investcotedazur"]}]}},"_links":{"self":[{"href":"https:\/\/www.investincotedazur.com\/en\/wp-json\/wp\/v2\/cpt_evenements\/25842"}],"collection":[{"href":"https:\/\/www.investincotedazur.com\/en\/wp-json\/wp\/v2\/cpt_evenements"}],"about":[{"href":"https:\/\/www.investincotedazur.com\/en\/wp-json\/wp\/v2\/types\/cpt_evenements"}],"wp:featuredmedia":[{"embeddable":true,"href":"https:\/\/www.investincotedazur.com\/en\/wp-json\/wp\/v2\/media\/25843"}],"wp:attachment":[{"href":"https:\/\/www.investincotedazur.com\/en\/wp-json\/wp\/v2\/media?parent=25842"}],"wp:term":[{"taxonomy":"txn_evenements","embeddable":true,"href":"https:\/\/www.investincotedazur.com\/en\/wp-json\/wp\/v2\/txn_evenements?post=25842"}],"curies":[{"name":"wp","href":"https:\/\/api.w.org\/{rel}","templated":true}]}}