{"id":24564,"date":"2026-03-03T11:08:07","date_gmt":"2026-03-03T10:08:07","guid":{"rendered":"https:\/\/www.investincotedazur.com\/?post_type=cpt_evenements&#038;p=24564"},"modified":"2026-03-03T11:09:33","modified_gmt":"2026-03-03T10:09:33","slug":"lab-repreneuses-premieres-sud","status":"publish","type":"cpt_evenements","link":"https:\/\/www.investincotedazur.com\/en\/evenements\/lab-repreneuses-premieres-sud\/","title":{"rendered":"Le lab des repreneuses"},"content":{"rendered":"\n<p>Un atelier immersif consacr\u00e9 \u00e0 la reprise d\u2019entreprise, port\u00e9 par <strong>Les Premi\u00e8res Sud &amp; Corse<\/strong> se tiendra le 16 mars 2026, de 13h \u00e0 19h30. Pens\u00e9 comme un temps d\u2019exp\u00e9rimentation collective, l\u2019\u00e9v\u00e9nement place les participantes et \u00e9quipes mixtes au c\u0153ur de sc\u00e9narios r\u00e9els afin d\u2019appr\u00e9hender, de mani\u00e8re structur\u00e9e, les diff\u00e9rentes formes de transmission d&#8217;entreprises.<\/p>\n\n\n\n<p>Rachat d\u2019entreprise, acquisition d\u2019un fonds de commerce, entr\u00e9e au capital en tant qu\u2019associ\u00e9e minoritaire, transmission familiale ou reprise par les salari\u00e9s : l\u2019atelier explore ces configurations \u00e0 partir de cas concrets. L\u2019acc\u00e8s est r\u00e9serv\u00e9 aux femmes et aux \u00e9quipes mixtes. <\/p>\n\n\n\n<p>\ud83d\udc49 <strong><a href=\"https:\/\/airtable.com\/appaId9CtUNIpfwDb\/pagReyqKzQ3dQUTXd\/form\" target=\"_blank\" rel=\"noreferrer noopener nofollow\">Les places sont limit\u00e9es et l\u2019inscription s\u2019effectue en ligne<\/a><\/strong>. <\/p>\n\n\n\n<p>Les participantes sont invit\u00e9es \u00e0 venir munies de leur ordinateur portable pour travailler en sous-groupes.<\/p>\n\n\n\n<div style=\"height:54px\" aria-hidden=\"true\" class=\"wp-block-spacer\"><\/div>\n\n\n\n<h2>Programme<\/h2>\n\n\n\n<p>De 13h \u00e0 17h, les participants sont r\u00e9parties en groupes et accompagn\u00e9es par des experts afin d\u2019analyser des cas pratiques de reprise. <\/p>\n\n\n\n<p>De 17h \u00e0 18h, les structures de financement et d\u2019accompagnement pr\u00e9sentent les dispositifs mobilisables pour structurer un projet de reprise. Les \u00e9changes portent sur les solutions existantes en mati\u00e8re d\u2019ing\u00e9nierie financi\u00e8re, d\u2019appui strat\u00e9gique et de mise en r\u00e9seau. <\/p>\n\n\n\n<p>La journ\u00e9e se cl\u00f4ture par un cocktail de 18h \u00e0 19h30, favorisant les interactions entre participantes et partenaires.<\/p>\n\n\n\n<div style=\"height:54px\" aria-hidden=\"true\" class=\"wp-block-spacer\"><\/div>\n\n\n\n<h2>Les \u00e9cosyst\u00e8mes azur\u00e9en et r\u00e9gional mobilis\u00e9s<\/h2>\n\n\n\n<p>L\u2019\u00e9v\u00e9nement est organis\u00e9 en partenariat avec la <strong>R\u00e9gion Sud<\/strong>, <strong>Bpifrance<\/strong> et <strong>BNP Paribas<\/strong>. Il associe \u00e9galement le cabinet d\u2019expertise comptable <strong>In Extenso<\/strong>, le cabinet d\u2019avocats <strong>Manenti &amp; Co.<\/strong>, <strong>Initiative Terres d&#8217;Azur<\/strong>, <strong>R\u00e9seau Entreprendre C\u00f4te d&#8217;Azur<\/strong> et <strong>Connect Pro<\/strong>.<\/p>\n\n\n\n<p>En r\u00e9unissant r\u00e9seaux f\u00e9minins, acteurs financiers et conseils sp\u00e9cialis\u00e9s, Les Premi\u00e8res Sud &amp; Corse structurent un cadre d\u2019analyse pragmatique de la transmission. L\u2019atelier met ainsi en perspective les conditions op\u00e9rationnelles d\u2019une reprise, en croisant expertise technique et dynamique collective.<\/p>\n\n\n\n<div style=\"height:54px\" aria-hidden=\"true\" class=\"wp-block-spacer\"><\/div>\n","protected":false},"featured_media":25591,"template":"","txn_evenements":[],"acf":[],"yoast_head":"<!-- This site is optimized with the Yoast SEO plugin v19.12 - https:\/\/yoast.com\/wordpress\/plugins\/seo\/ -->\n<title>Le lab des repreneuses - Invest in C\u00f4te d&#039;Azur<\/title>\n<meta name=\"description\" content=\"Atelier reprise d\u2019entreprise : jeu immersif, t\u00e9moignages et accompagnement pour explorer le rachat, la reprise familiale ou salariale, et devenir associ\u00e9e minoritaire.\" \/>\n<meta name=\"robots\" content=\"index, follow, max-snippet:-1, max-image-preview:large, max-video-preview:-1\" \/>\n<link rel=\"canonical\" href=\"https:\/\/www.investincotedazur.com\/en\/evenements\/lab-repreneuses-premieres-sud\/\" \/>\n<meta property=\"og:locale\" content=\"en_US\" \/>\n<meta property=\"og:type\" content=\"article\" \/>\n<meta property=\"og:title\" content=\"Le lab des repreneuses - Invest in C\u00f4te d&#039;Azur\" \/>\n<meta property=\"og:description\" content=\"Atelier reprise d\u2019entreprise : jeu immersif, t\u00e9moignages et accompagnement pour explorer le rachat, la reprise familiale ou salariale, et devenir associ\u00e9e minoritaire.\" \/>\n<meta property=\"og:url\" content=\"https:\/\/www.investincotedazur.com\/en\/evenements\/lab-repreneuses-premieres-sud\/\" \/>\n<meta property=\"og:site_name\" content=\"Invest in C\u00f4te d&#039;Azur\" \/>\n<meta property=\"article:modified_time\" content=\"2026-03-03T10:09:33+00:00\" \/>\n<meta property=\"og:image\" content=\"https:\/\/www.investincotedazur.com\/wp-content\/uploads\/2025\/09\/Lab-des-repreneuses-mars-2026.png\" \/>\n\t<meta property=\"og:image:width\" content=\"1072\" \/>\n\t<meta property=\"og:image:height\" content=\"528\" \/>\n\t<meta property=\"og:image:type\" content=\"image\/png\" \/>\n<meta name=\"twitter:card\" content=\"summary_large_image\" \/>\n<meta name=\"twitter:site\" content=\"@Investcotedazur\" \/>\n<meta name=\"twitter:label1\" content=\"Est. reading time\" \/>\n\t<meta name=\"twitter:data1\" content=\"2 minutes\" \/>\n<script type=\"application\/ld+json\" class=\"yoast-schema-graph\">{\"@context\":\"https:\/\/schema.org\",\"@graph\":[{\"@type\":\"WebPage\",\"@id\":\"https:\/\/www.investincotedazur.com\/en\/evenements\/lab-repreneuses-premieres-sud\/\",\"url\":\"https:\/\/www.investincotedazur.com\/en\/evenements\/lab-repreneuses-premieres-sud\/\",\"name\":\"Le lab des repreneuses - Invest in C\u00f4te d&#039;Azur\",\"isPartOf\":{\"@id\":\"https:\/\/www.investincotedazur.com\/en\/#website\"},\"datePublished\":\"2026-03-03T10:08:07+00:00\",\"dateModified\":\"2026-03-03T10:09:33+00:00\",\"description\":\"Atelier reprise d\u2019entreprise : jeu immersif, t\u00e9moignages et accompagnement pour explorer le rachat, la reprise familiale ou salariale, et devenir associ\u00e9e minoritaire.\",\"breadcrumb\":{\"@id\":\"https:\/\/www.investincotedazur.com\/en\/evenements\/lab-repreneuses-premieres-sud\/#breadcrumb\"},\"inLanguage\":\"en-US\",\"potentialAction\":[{\"@type\":\"ReadAction\",\"target\":[\"https:\/\/www.investincotedazur.com\/en\/evenements\/lab-repreneuses-premieres-sud\/\"]}]},{\"@type\":\"BreadcrumbList\",\"@id\":\"https:\/\/www.investincotedazur.com\/en\/evenements\/lab-repreneuses-premieres-sud\/#breadcrumb\",\"itemListElement\":[{\"@type\":\"ListItem\",\"position\":1,\"name\":\"Les \u00e9v\u00e9nements\",\"item\":\"https:\/\/www.investincotedazur.com\/en\/evenements\/\"},{\"@type\":\"ListItem\",\"position\":2,\"name\":\"Le lab des repreneuses\"}]},{\"@type\":\"WebSite\",\"@id\":\"https:\/\/www.investincotedazur.com\/en\/#website\",\"url\":\"https:\/\/www.investincotedazur.com\/en\/\",\"name\":\"Invest in C\u00f4te d'Azur\",\"description\":\"\",\"publisher\":{\"@id\":\"https:\/\/www.investincotedazur.com\/en\/#organization\"},\"alternateName\":\"Invest in C\u00f4te d'Azur\",\"potentialAction\":[{\"@type\":\"SearchAction\",\"target\":{\"@type\":\"EntryPoint\",\"urlTemplate\":\"https:\/\/www.investincotedazur.com\/en\/?s={search_term_string}\"},\"query-input\":\"required name=search_term_string\"}],\"inLanguage\":\"en-US\"},{\"@type\":\"Organization\",\"@id\":\"https:\/\/www.investincotedazur.com\/en\/#organization\",\"name\":\"Invest in C\u00f4te d'Azur\",\"alternateName\":\"Invest in C\u00f4te d'Azur\",\"url\":\"https:\/\/www.investincotedazur.com\/en\/\",\"logo\":{\"@type\":\"ImageObject\",\"inLanguage\":\"en-US\",\"@id\":\"https:\/\/www.investincotedazur.com\/en\/#\/schema\/logo\/image\/\",\"url\":\"https:\/\/www.investincotedazur.com\/wp-content\/uploads\/2023\/05\/cropped-New-missions-3.png\",\"contentUrl\":\"https:\/\/www.investincotedazur.com\/wp-content\/uploads\/2023\/05\/cropped-New-missions-3.png\",\"width\":512,\"height\":512,\"caption\":\"Invest in C\u00f4te d'Azur\"},\"image\":{\"@id\":\"https:\/\/www.investincotedazur.com\/en\/#\/schema\/logo\/image\/\"},\"sameAs\":[\"https:\/\/www.linkedin.com\/company\/investincotedazur\/\",\"https:\/\/twitter.com\/Investcotedazur\"]}]}<\/script>\n<!-- \/ Yoast SEO plugin. -->","yoast_head_json":{"title":"Le lab des repreneuses - Invest in C\u00f4te d&#039;Azur","description":"Atelier reprise d\u2019entreprise : jeu immersif, t\u00e9moignages et accompagnement pour explorer le rachat, la reprise familiale ou salariale, et devenir associ\u00e9e minoritaire.","robots":{"index":"index","follow":"follow","max-snippet":"max-snippet:-1","max-image-preview":"max-image-preview:large","max-video-preview":"max-video-preview:-1"},"canonical":"https:\/\/www.investincotedazur.com\/en\/evenements\/lab-repreneuses-premieres-sud\/","og_locale":"en_US","og_type":"article","og_title":"Le lab des repreneuses - Invest in C\u00f4te d&#039;Azur","og_description":"Atelier reprise d\u2019entreprise : jeu immersif, t\u00e9moignages et accompagnement pour explorer le rachat, la reprise familiale ou salariale, et devenir associ\u00e9e minoritaire.","og_url":"https:\/\/www.investincotedazur.com\/en\/evenements\/lab-repreneuses-premieres-sud\/","og_site_name":"Invest in C\u00f4te d&#039;Azur","article_modified_time":"2026-03-03T10:09:33+00:00","og_image":[{"width":1072,"height":528,"url":"https:\/\/www.investincotedazur.com\/wp-content\/uploads\/2025\/09\/Lab-des-repreneuses-mars-2026.png","type":"image\/png"}],"twitter_card":"summary_large_image","twitter_site":"@Investcotedazur","twitter_misc":{"Est. reading time":"2 minutes"},"schema":{"@context":"https:\/\/schema.org","@graph":[{"@type":"WebPage","@id":"https:\/\/www.investincotedazur.com\/en\/evenements\/lab-repreneuses-premieres-sud\/","url":"https:\/\/www.investincotedazur.com\/en\/evenements\/lab-repreneuses-premieres-sud\/","name":"Le lab des repreneuses - Invest in C\u00f4te d&#039;Azur","isPartOf":{"@id":"https:\/\/www.investincotedazur.com\/en\/#website"},"datePublished":"2026-03-03T10:08:07+00:00","dateModified":"2026-03-03T10:09:33+00:00","description":"Atelier reprise d\u2019entreprise : jeu immersif, t\u00e9moignages et accompagnement pour explorer le rachat, la reprise familiale ou salariale, et devenir associ\u00e9e minoritaire.","breadcrumb":{"@id":"https:\/\/www.investincotedazur.com\/en\/evenements\/lab-repreneuses-premieres-sud\/#breadcrumb"},"inLanguage":"en-US","potentialAction":[{"@type":"ReadAction","target":["https:\/\/www.investincotedazur.com\/en\/evenements\/lab-repreneuses-premieres-sud\/"]}]},{"@type":"BreadcrumbList","@id":"https:\/\/www.investincotedazur.com\/en\/evenements\/lab-repreneuses-premieres-sud\/#breadcrumb","itemListElement":[{"@type":"ListItem","position":1,"name":"Les \u00e9v\u00e9nements","item":"https:\/\/www.investincotedazur.com\/en\/evenements\/"},{"@type":"ListItem","position":2,"name":"Le lab des repreneuses"}]},{"@type":"WebSite","@id":"https:\/\/www.investincotedazur.com\/en\/#website","url":"https:\/\/www.investincotedazur.com\/en\/","name":"Invest in C\u00f4te d'Azur","description":"","publisher":{"@id":"https:\/\/www.investincotedazur.com\/en\/#organization"},"alternateName":"Invest in C\u00f4te d'Azur","potentialAction":[{"@type":"SearchAction","target":{"@type":"EntryPoint","urlTemplate":"https:\/\/www.investincotedazur.com\/en\/?s={search_term_string}"},"query-input":"required name=search_term_string"}],"inLanguage":"en-US"},{"@type":"Organization","@id":"https:\/\/www.investincotedazur.com\/en\/#organization","name":"Invest in C\u00f4te d'Azur","alternateName":"Invest in C\u00f4te d'Azur","url":"https:\/\/www.investincotedazur.com\/en\/","logo":{"@type":"ImageObject","inLanguage":"en-US","@id":"https:\/\/www.investincotedazur.com\/en\/#\/schema\/logo\/image\/","url":"https:\/\/www.investincotedazur.com\/wp-content\/uploads\/2023\/05\/cropped-New-missions-3.png","contentUrl":"https:\/\/www.investincotedazur.com\/wp-content\/uploads\/2023\/05\/cropped-New-missions-3.png","width":512,"height":512,"caption":"Invest in C\u00f4te d'Azur"},"image":{"@id":"https:\/\/www.investincotedazur.com\/en\/#\/schema\/logo\/image\/"},"sameAs":["https:\/\/www.linkedin.com\/company\/investincotedazur\/","https:\/\/twitter.com\/Investcotedazur"]}]}},"_links":{"self":[{"href":"https:\/\/www.investincotedazur.com\/en\/wp-json\/wp\/v2\/cpt_evenements\/24564"}],"collection":[{"href":"https:\/\/www.investincotedazur.com\/en\/wp-json\/wp\/v2\/cpt_evenements"}],"about":[{"href":"https:\/\/www.investincotedazur.com\/en\/wp-json\/wp\/v2\/types\/cpt_evenements"}],"wp:featuredmedia":[{"embeddable":true,"href":"https:\/\/www.investincotedazur.com\/en\/wp-json\/wp\/v2\/media\/25591"}],"wp:attachment":[{"href":"https:\/\/www.investincotedazur.com\/en\/wp-json\/wp\/v2\/media?parent=24564"}],"wp:term":[{"taxonomy":"txn_evenements","embeddable":true,"href":"https:\/\/www.investincotedazur.com\/en\/wp-json\/wp\/v2\/txn_evenements?post=24564"}],"curies":[{"name":"wp","href":"https:\/\/api.w.org\/{rel}","templated":true}]}}