{"id":22300,"date":"2026-02-23T08:57:56","date_gmt":"2026-02-23T07:57:56","guid":{"rendered":"https:\/\/www.investincotedazur.com\/?post_type=cpt_evenements&#038;p=22300"},"modified":"2026-02-23T09:01:03","modified_gmt":"2026-02-23T08:01:03","slug":"semaine-cerveau-nice","status":"publish","type":"cpt_evenements","link":"https:\/\/www.investincotedazur.com\/en\/evenements\/semaine-cerveau-nice\/","title":{"rendered":"Semaine du Cerveau 2026 \u00e0 Nice"},"content":{"rendered":"\n<h2>Une coordination scientifique nationale d\u00e9clin\u00e9e sur la c\u00f4te d\u2019azur<\/h2>\n\n\n\n<p>Chaque ann\u00e9e, la Semaine du Cerveau structure en France un temps fort d\u00e9di\u00e9 aux neurosciences sous l\u2019\u00e9gide de la Soci\u00e9t\u00e9 des Neurosciences. \u00c0 l\u2019\u00e9chelle de la C\u00f4te d&#8217;Azur, l\u2019\u00e9dition 2026 s\u2019inscrit dans cette dynamique nationale tout en mobilisant les forces acad\u00e9miques et hospitali\u00e8res locales.<\/p>\n\n\n\n<p>En effet, Universit\u00e9 C\u00f4te d\u2019Azur, le CHU de Nice, le CNRS et l\u2019Institut de Pharmacologie Mol\u00e9culaire et Cellulaire assurent conjointement l\u2019organisation, aux c\u00f4t\u00e9s de nombreux partenaires. Ce cadre partenarial consolide l\u2019ancrage territorial de la recherche en neurosciences et favorise la diffusion des connaissances aupr\u00e8s d\u2019un public \u00e9largi.<\/p>\n\n\n\n<h2>Quatre \u00e9v\u00e9nements \u00e0 Nice<\/h2>\n\n\n\n<p>L\u2019\u00e9dition 2026 propose \u00e0 Nice quatre rendez-vous dont le CHU de NIce est organisateur ou co-organisateur. <\/p>\n\n\n\n<p>La programmation d\u00e9bute le <strong>lundi 16 mars \u00e0 14h au Galet, \u00e0 l\u2019h\u00f4pital Pasteur 2, avec une conf\u00e9rence intitul\u00e9e : \u00ab Neurosciences &amp; UR2CA : les maladies neurod\u00e9g\u00e9n\u00e9ratives, comment les diagnostiquer avant les sympt\u00f4mes ? \u00bb.<\/strong> <\/p>\n\n\n\n<p><a href=\"https:\/\/www.eventbrite.fr\/e\/maladies-neurodegeneratives-comment-les-diagnostiquer-avant-les-symptomes-tickets-1980871499980\" target=\"_blank\" rel=\"noreferrer noopener nofollow\">\u2795 Programme et inscriptions<\/a><\/p>\n\n\n\n<p><\/p>\n\n\n\n<p><strong>Le mardi 17 mars \u00e0 10h, le m\u00eame site accueille la 9e Journ\u00e9e Cerveau &amp; Sant\u00e9, consacr\u00e9e \u00e0 la psychiatrie<\/strong>. <\/p>\n\n\n\n<p><a href=\"https:\/\/www.eventbrite.fr\/e\/9eme-journee-cerveau-sante-au-chu-de-nice-tickets-1982020410402?aff=oddtdtcreator\" target=\"_blank\" rel=\"noreferrer noopener nofollow\">\u2795 Programme et inscriptions<\/a><\/p>\n\n\n\n<p><\/p>\n\n\n\n<p><strong>Le vendredi 20 mars \u00e0 19h, le cin\u00e9ma Path\u00e9 Gare du Sud organise un cin\u00e9-d\u00e9bat autour du film <em>Le soleil de trop pr\u00e8s<\/em> de Brieuc Carnaille.<\/strong> Cette projection est propos\u00e9e au tarif pr\u00e9f\u00e9rentiel de 9 euros pour les adultes et 6 euros pour les moins de 14 ans.<\/p>\n\n\n\n<p><a href=\"https:\/\/s.pathe.fr\/fr\/V3391S122820\/booking?_gl=1*kurfkv*_gcl_au*MTIwNjM0MjQyLjE3NzAwNDgyMTQ.*FPAU*MTIwNjM0MjQyLjE3NzAwNDgyMTQ.&amp;pos=cHJpY2luZw%3D%3D\" target=\"_blank\" rel=\"noreferrer noopener nofollow\">\u2795 Billetterie<\/a><\/p>\n\n\n\n<p><\/p>\n\n\n\n<p><strong>Enfin, le lundi 30 mars \u00e0 14h, le Galet accueille une conf\u00e9rence d\u00e9di\u00e9e aux \u00ab troubles bipolaires : nouvelles donn\u00e9es, nouveaux d\u00e9fis \u00bb.<\/strong> Cette derni\u00e8re rencontre vient clore la programmation ni\u00e7oise port\u00e9e par le CHU de Nice.<\/p>\n\n\n\n<p><a href=\"https:\/\/www.eventbrite.fr\/e\/troubles-bipolaires-nouvelles-donnees-nouveaux-defis-tickets-1976890792577?aff=oddtdtcreator\" target=\"_blank\" rel=\"noreferrer noopener nofollow\">\u2795 Programme et inscriptions<\/a><\/p>\n\n\n\n<p>\u00c0 l\u2019exception du cin\u00e9-d\u00e9bat, ces \u00e9v\u00e9nements sont gratuits et accessibles \u00e0 tous, dans la limite des places disponibles, sur inscription pr\u00e9alable.<\/p>\n\n\n\n<h2>Diffuser les avanc\u00e9es et structurer le dialogue science-soci\u00e9t\u00e9<\/h2>\n\n\n\n<p>Au-del\u00e0 de la programmation, la Semaine du Cerveau poursuit des objectifs clairement d\u00e9finis par ses organisateurs. D\u2019une part, il s\u2019agit de pr\u00e9senter les avanc\u00e9es r\u00e9centes dans le champ des neurosciences et de la connaissance du cerveau. D\u2019autre part, les \u00e9quipes souhaitent expliciter les enjeux des r\u00e9sultats obtenus par les m\u00e9decins-chercheurs et leurs implications pour la soci\u00e9t\u00e9.<\/p>\n\n\n\n<p>Par ailleurs, l\u2019\u00e9v\u00e9nement vise \u00e0 encourager les \u00e9changes directs entre experts et citoyens. Cette interaction contribue \u00e0 une meilleure compr\u00e9hension des pathologies neurologiques et psychiatriques, tout en favorisant l\u2019\u00e9mergence de futurs projets de recherche collaboratifs.<\/p>\n\n\n\n<p>L\u2019ensemble des informations relatives \u00e0 la programmation nationale est accessible sur le <a href=\"https:\/\/www.semaineducerveau.fr\/\" target=\"_blank\" rel=\"noreferrer noopener nofollow\">site officiel de la Semaine du Cerveau<\/a>, en s\u00e9lectionnant la localit\u00e9 \u00ab C\u00f4te d\u2019Azur \u00bb.<\/p>\n","protected":false},"featured_media":25555,"template":"","txn_evenements":[],"acf":[],"yoast_head":"<!-- This site is optimized with the Yoast SEO plugin v19.12 - https:\/\/yoast.com\/wordpress\/plugins\/seo\/ -->\n<title>Semaine du Cerveau 2026 \u00e0 Nice - Invest in C\u00f4te d&#039;Azur<\/title>\n<meta name=\"description\" content=\"La semaine du cerveau 2026 \u00e0 Nice propose 4 \u00e9v\u00e9nements sur les neurosciences et la sant\u00e9, dont un cin\u00e9-d\u00e9bat le 20 mars.\" \/>\n<meta name=\"robots\" content=\"index, follow, max-snippet:-1, max-image-preview:large, max-video-preview:-1\" \/>\n<link rel=\"canonical\" href=\"https:\/\/www.investincotedazur.com\/en\/evenements\/semaine-cerveau-nice\/\" \/>\n<meta property=\"og:locale\" content=\"en_US\" \/>\n<meta property=\"og:type\" content=\"article\" \/>\n<meta property=\"og:title\" content=\"Semaine du Cerveau 2026 \u00e0 Nice - Invest in C\u00f4te d&#039;Azur\" \/>\n<meta property=\"og:description\" content=\"La semaine du cerveau 2026 \u00e0 Nice propose 4 \u00e9v\u00e9nements sur les neurosciences et la sant\u00e9, dont un cin\u00e9-d\u00e9bat le 20 mars.\" \/>\n<meta property=\"og:url\" content=\"https:\/\/www.investincotedazur.com\/en\/evenements\/semaine-cerveau-nice\/\" \/>\n<meta property=\"og:site_name\" content=\"Invest in C\u00f4te d&#039;Azur\" \/>\n<meta property=\"article:modified_time\" content=\"2026-02-23T08:01:03+00:00\" \/>\n<meta property=\"og:image\" content=\"https:\/\/www.investincotedazur.com\/wp-content\/uploads\/2025\/02\/semaine-du-cerveau-nice.png\" \/>\n\t<meta property=\"og:image:width\" content=\"1306\" \/>\n\t<meta property=\"og:image:height\" content=\"735\" \/>\n\t<meta property=\"og:image:type\" content=\"image\/png\" \/>\n<meta name=\"twitter:card\" content=\"summary_large_image\" \/>\n<meta name=\"twitter:site\" content=\"@Investcotedazur\" \/>\n<meta name=\"twitter:label1\" content=\"Est. reading time\" \/>\n\t<meta name=\"twitter:data1\" content=\"3 minutes\" \/>\n<script type=\"application\/ld+json\" class=\"yoast-schema-graph\">{\"@context\":\"https:\/\/schema.org\",\"@graph\":[{\"@type\":\"WebPage\",\"@id\":\"https:\/\/www.investincotedazur.com\/en\/evenements\/semaine-cerveau-nice\/\",\"url\":\"https:\/\/www.investincotedazur.com\/en\/evenements\/semaine-cerveau-nice\/\",\"name\":\"Semaine du Cerveau 2026 \u00e0 Nice - Invest in C\u00f4te d&#039;Azur\",\"isPartOf\":{\"@id\":\"https:\/\/www.investincotedazur.com\/en\/#website\"},\"datePublished\":\"2026-02-23T07:57:56+00:00\",\"dateModified\":\"2026-02-23T08:01:03+00:00\",\"description\":\"La semaine du cerveau 2026 \u00e0 Nice propose 4 \u00e9v\u00e9nements sur les neurosciences et la sant\u00e9, dont un cin\u00e9-d\u00e9bat le 20 mars.\",\"breadcrumb\":{\"@id\":\"https:\/\/www.investincotedazur.com\/en\/evenements\/semaine-cerveau-nice\/#breadcrumb\"},\"inLanguage\":\"en-US\",\"potentialAction\":[{\"@type\":\"ReadAction\",\"target\":[\"https:\/\/www.investincotedazur.com\/en\/evenements\/semaine-cerveau-nice\/\"]}]},{\"@type\":\"BreadcrumbList\",\"@id\":\"https:\/\/www.investincotedazur.com\/en\/evenements\/semaine-cerveau-nice\/#breadcrumb\",\"itemListElement\":[{\"@type\":\"ListItem\",\"position\":1,\"name\":\"Les \u00e9v\u00e9nements\",\"item\":\"https:\/\/www.investincotedazur.com\/en\/evenements\/\"},{\"@type\":\"ListItem\",\"position\":2,\"name\":\"Semaine du Cerveau 2026 \u00e0 Nice\"}]},{\"@type\":\"WebSite\",\"@id\":\"https:\/\/www.investincotedazur.com\/en\/#website\",\"url\":\"https:\/\/www.investincotedazur.com\/en\/\",\"name\":\"Invest in C\u00f4te d'Azur\",\"description\":\"\",\"publisher\":{\"@id\":\"https:\/\/www.investincotedazur.com\/en\/#organization\"},\"alternateName\":\"Invest in C\u00f4te d'Azur\",\"potentialAction\":[{\"@type\":\"SearchAction\",\"target\":{\"@type\":\"EntryPoint\",\"urlTemplate\":\"https:\/\/www.investincotedazur.com\/en\/?s={search_term_string}\"},\"query-input\":\"required name=search_term_string\"}],\"inLanguage\":\"en-US\"},{\"@type\":\"Organization\",\"@id\":\"https:\/\/www.investincotedazur.com\/en\/#organization\",\"name\":\"Invest in C\u00f4te d'Azur\",\"alternateName\":\"Invest in C\u00f4te d'Azur\",\"url\":\"https:\/\/www.investincotedazur.com\/en\/\",\"logo\":{\"@type\":\"ImageObject\",\"inLanguage\":\"en-US\",\"@id\":\"https:\/\/www.investincotedazur.com\/en\/#\/schema\/logo\/image\/\",\"url\":\"https:\/\/www.investincotedazur.com\/wp-content\/uploads\/2023\/05\/cropped-New-missions-3.png\",\"contentUrl\":\"https:\/\/www.investincotedazur.com\/wp-content\/uploads\/2023\/05\/cropped-New-missions-3.png\",\"width\":512,\"height\":512,\"caption\":\"Invest in C\u00f4te d'Azur\"},\"image\":{\"@id\":\"https:\/\/www.investincotedazur.com\/en\/#\/schema\/logo\/image\/\"},\"sameAs\":[\"https:\/\/www.linkedin.com\/company\/investincotedazur\/\",\"https:\/\/twitter.com\/Investcotedazur\"]}]}<\/script>\n<!-- \/ Yoast SEO plugin. -->","yoast_head_json":{"title":"Semaine du Cerveau 2026 \u00e0 Nice - Invest in C\u00f4te d&#039;Azur","description":"La semaine du cerveau 2026 \u00e0 Nice propose 4 \u00e9v\u00e9nements sur les neurosciences et la sant\u00e9, dont un cin\u00e9-d\u00e9bat le 20 mars.","robots":{"index":"index","follow":"follow","max-snippet":"max-snippet:-1","max-image-preview":"max-image-preview:large","max-video-preview":"max-video-preview:-1"},"canonical":"https:\/\/www.investincotedazur.com\/en\/evenements\/semaine-cerveau-nice\/","og_locale":"en_US","og_type":"article","og_title":"Semaine du Cerveau 2026 \u00e0 Nice - Invest in C\u00f4te d&#039;Azur","og_description":"La semaine du cerveau 2026 \u00e0 Nice propose 4 \u00e9v\u00e9nements sur les neurosciences et la sant\u00e9, dont un cin\u00e9-d\u00e9bat le 20 mars.","og_url":"https:\/\/www.investincotedazur.com\/en\/evenements\/semaine-cerveau-nice\/","og_site_name":"Invest in C\u00f4te d&#039;Azur","article_modified_time":"2026-02-23T08:01:03+00:00","og_image":[{"width":1306,"height":735,"url":"https:\/\/www.investincotedazur.com\/wp-content\/uploads\/2025\/02\/semaine-du-cerveau-nice.png","type":"image\/png"}],"twitter_card":"summary_large_image","twitter_site":"@Investcotedazur","twitter_misc":{"Est. reading time":"3 minutes"},"schema":{"@context":"https:\/\/schema.org","@graph":[{"@type":"WebPage","@id":"https:\/\/www.investincotedazur.com\/en\/evenements\/semaine-cerveau-nice\/","url":"https:\/\/www.investincotedazur.com\/en\/evenements\/semaine-cerveau-nice\/","name":"Semaine du Cerveau 2026 \u00e0 Nice - Invest in C\u00f4te d&#039;Azur","isPartOf":{"@id":"https:\/\/www.investincotedazur.com\/en\/#website"},"datePublished":"2026-02-23T07:57:56+00:00","dateModified":"2026-02-23T08:01:03+00:00","description":"La semaine du cerveau 2026 \u00e0 Nice propose 4 \u00e9v\u00e9nements sur les neurosciences et la sant\u00e9, dont un cin\u00e9-d\u00e9bat le 20 mars.","breadcrumb":{"@id":"https:\/\/www.investincotedazur.com\/en\/evenements\/semaine-cerveau-nice\/#breadcrumb"},"inLanguage":"en-US","potentialAction":[{"@type":"ReadAction","target":["https:\/\/www.investincotedazur.com\/en\/evenements\/semaine-cerveau-nice\/"]}]},{"@type":"BreadcrumbList","@id":"https:\/\/www.investincotedazur.com\/en\/evenements\/semaine-cerveau-nice\/#breadcrumb","itemListElement":[{"@type":"ListItem","position":1,"name":"Les \u00e9v\u00e9nements","item":"https:\/\/www.investincotedazur.com\/en\/evenements\/"},{"@type":"ListItem","position":2,"name":"Semaine du Cerveau 2026 \u00e0 Nice"}]},{"@type":"WebSite","@id":"https:\/\/www.investincotedazur.com\/en\/#website","url":"https:\/\/www.investincotedazur.com\/en\/","name":"Invest in C\u00f4te d'Azur","description":"","publisher":{"@id":"https:\/\/www.investincotedazur.com\/en\/#organization"},"alternateName":"Invest in C\u00f4te d'Azur","potentialAction":[{"@type":"SearchAction","target":{"@type":"EntryPoint","urlTemplate":"https:\/\/www.investincotedazur.com\/en\/?s={search_term_string}"},"query-input":"required name=search_term_string"}],"inLanguage":"en-US"},{"@type":"Organization","@id":"https:\/\/www.investincotedazur.com\/en\/#organization","name":"Invest in C\u00f4te d'Azur","alternateName":"Invest in C\u00f4te d'Azur","url":"https:\/\/www.investincotedazur.com\/en\/","logo":{"@type":"ImageObject","inLanguage":"en-US","@id":"https:\/\/www.investincotedazur.com\/en\/#\/schema\/logo\/image\/","url":"https:\/\/www.investincotedazur.com\/wp-content\/uploads\/2023\/05\/cropped-New-missions-3.png","contentUrl":"https:\/\/www.investincotedazur.com\/wp-content\/uploads\/2023\/05\/cropped-New-missions-3.png","width":512,"height":512,"caption":"Invest in C\u00f4te d'Azur"},"image":{"@id":"https:\/\/www.investincotedazur.com\/en\/#\/schema\/logo\/image\/"},"sameAs":["https:\/\/www.linkedin.com\/company\/investincotedazur\/","https:\/\/twitter.com\/Investcotedazur"]}]}},"_links":{"self":[{"href":"https:\/\/www.investincotedazur.com\/en\/wp-json\/wp\/v2\/cpt_evenements\/22300"}],"collection":[{"href":"https:\/\/www.investincotedazur.com\/en\/wp-json\/wp\/v2\/cpt_evenements"}],"about":[{"href":"https:\/\/www.investincotedazur.com\/en\/wp-json\/wp\/v2\/types\/cpt_evenements"}],"wp:featuredmedia":[{"embeddable":true,"href":"https:\/\/www.investincotedazur.com\/en\/wp-json\/wp\/v2\/media\/25555"}],"wp:attachment":[{"href":"https:\/\/www.investincotedazur.com\/en\/wp-json\/wp\/v2\/media?parent=22300"}],"wp:term":[{"taxonomy":"txn_evenements","embeddable":true,"href":"https:\/\/www.investincotedazur.com\/en\/wp-json\/wp\/v2\/txn_evenements?post=22300"}],"curies":[{"name":"wp","href":"https:\/\/api.w.org\/{rel}","templated":true}]}}