{"id":21765,"date":"2025-01-08T22:20:02","date_gmt":"2025-01-08T21:20:02","guid":{"rendered":"https:\/\/www.investincotedazur.com\/?post_type=cpt_evenements&#038;p=21765"},"modified":"2025-08-05T12:21:53","modified_gmt":"2025-08-05T10:21:53","slug":"journee-mer-horizons-edition-sante-un-carrefour-entre-sante-humaine-et-preservation-marine","status":"publish","type":"cpt_evenements","link":"https:\/\/www.investincotedazur.com\/en\/evenements\/journee-mer-horizons-edition-sante-un-carrefour-entre-sante-humaine-et-preservation-marine\/","title":{"rendered":"Journ\u00e9e mer &#038; horizons \u2013 \u00e9dition sant\u00e9 : un carrefour entre sant\u00e9 humaine et pr\u00e9servation marine"},"content":{"rendered":"\n<p>Le <strong>P\u00f4le Mer M\u00e9diterran\u00e9e<\/strong>, avec le soutien de la M\u00e9tropole Nice C\u00f4te d\u2019Azur, organise le 27 f\u00e9vrier 2025 la <strong>Journ\u00e9e Mer &amp; Horizons \u2013 \u00e9dition Sant\u00e9<\/strong>. <\/p>\n\n\n\n<p>Cet \u00e9v\u00e9nement, unique en son genre, se d\u00e9roulera au Centre Universitaire M\u00e9diterran\u00e9en de Nice. <\/p>\n\n\n\n<p>Son objectif est clair : explorer les bienfaits des \u00e9cosyst\u00e8mes marins sur la sant\u00e9 humaine et souligner l\u2019importance cruciale de leur pr\u00e9servation.<\/p>\n\n\n\n<p>Rassemblant experts, chercheurs et professionnels, cette journ\u00e9e offre un cadre privil\u00e9gi\u00e9 pour engager une r\u00e9flexion collective sur les d\u00e9fis et opportunit\u00e9s li\u00e9s \u00e0 la synergie homme-mer.<\/p>\n\n\n\n<h3>Des \u00e9changes de haut niveau<\/h3>\n\n\n\n<p>Au c\u0153ur de cet \u00e9v\u00e9nement, des <strong>conf\u00e9rences et tables rondes<\/strong> r\u00e9uniront des experts reconnus dans leurs domaines respectifs. Ils partageront leurs perspectives sur les avanc\u00e9es scientifiques r\u00e9centes, tout en abordant les implications \u00e9conomiques et sociales des \u00e9cosyst\u00e8mes marins. Plus de <strong>200 visiteurs<\/strong>, incluant des d\u00e9cideurs r\u00e9gionaux et nationaux, sont attendus pour participer \u00e0 ces discussions enrichissantes.<\/p>\n\n\n\n<h3>Un showroom pour valoriser l\u2019innovation<\/h3>\n\n\n\n<p>Un des temps forts de la journ\u00e9e sera l\u2019<strong>espace d\u2019exposition<\/strong>, o\u00f9 les entreprises pourront promouvoir leurs solutions innovantes. Ce showroom constitue une plateforme id\u00e9ale pour mettre en avant les projets et technologies d\u00e9di\u00e9s \u00e0 la sant\u00e9 marine, tout en cr\u00e9ant des opportunit\u00e9s de collaboration avec des partenaires strat\u00e9giques.<\/p>\n\n\n\n<h3>Des objectifs ambitieux pour une sant\u00e9 durable<\/h3>\n\n\n\n<p>L\u2019\u00e9v\u00e9nement poursuit des objectifs pr\u00e9cis :<\/p>\n\n\n\n<ul><li><strong>Sensibiliser<\/strong> le public \u00e0 l\u2019importance des oc\u00e9ans pour la sant\u00e9 humaine.<\/li><li><strong>Inspirer<\/strong> des actions concr\u00e8tes pour renforcer la collaboration entre les secteurs maritime et m\u00e9dical.<\/li><li><strong>Pr\u00e9senter<\/strong> des recherches et innovations cl\u00e9s pour le bien-\u00eatre et la pr\u00e9servation de la biodiversit\u00e9 marine.<\/li><li><strong>Encourager<\/strong> une prise de conscience collective sur la n\u00e9cessit\u00e9 de prot\u00e9ger les \u00e9cosyst\u00e8mes marins.<\/li><\/ul>\n\n\n\n<p><\/p>\n\n\n\n<h3>Sources \/ En savoir plus : <a href=\"https:\/\/polemermediterranee.com\/evenements\/journee-mer-horizons-edition-sante-pour-une-sante-durable-de-lhomme-et-des-oceans\/\" target=\"_blank\" rel=\"noreferrer noopener nofollow\">P\u00f4le Mer M\u00e9diterran\u00e9e<\/a> \/ <a href=\"https:\/\/business.nicecotedazur.org\/journee-mer-horizons-edition-sante-pour-une-sante-durable-de-lhomme-et-des-oceans\/\" target=\"_blank\" rel=\"noreferrer noopener nofollow\">Hub de l&#8217;Innovation M\u00e9tropole Nice C\u00f4te d&#8217;Azur<\/a><\/h3>\n","protected":false},"featured_media":21766,"template":"","txn_evenements":[],"acf":[],"yoast_head":"<!-- This site is optimized with the Yoast SEO plugin v19.12 - https:\/\/yoast.com\/wordpress\/plugins\/seo\/ -->\n<title>Journ\u00e9e mer &amp; horizons \u2013 \u00e9dition sant\u00e9 : un carrefour entre sant\u00e9 humaine et pr\u00e9servation marine - Invest in C\u00f4te d&#039;Azur<\/title>\n<meta name=\"description\" content=\"Journ\u00e9e Mer &amp; Horizons \u2013 \u00e9dition sant\u00e9, 27 f\u00e9vrier 2025 \u00e0 Nice : experts et innovations autour des liens entre sant\u00e9 humaine et \u00e9cosyst\u00e8mes marins.\" \/>\n<meta name=\"robots\" content=\"index, follow, max-snippet:-1, max-image-preview:large, max-video-preview:-1\" \/>\n<link rel=\"canonical\" href=\"https:\/\/www.investincotedazur.com\/en\/evenements\/journee-mer-horizons-edition-sante-un-carrefour-entre-sante-humaine-et-preservation-marine\/\" \/>\n<meta property=\"og:locale\" content=\"en_US\" \/>\n<meta property=\"og:type\" content=\"article\" \/>\n<meta property=\"og:title\" content=\"Journ\u00e9e mer &amp; horizons \u2013 \u00e9dition sant\u00e9 : un carrefour entre sant\u00e9 humaine et pr\u00e9servation marine - Invest in C\u00f4te d&#039;Azur\" \/>\n<meta property=\"og:description\" content=\"Journ\u00e9e Mer &amp; Horizons \u2013 \u00e9dition sant\u00e9, 27 f\u00e9vrier 2025 \u00e0 Nice : experts et innovations autour des liens entre sant\u00e9 humaine et \u00e9cosyst\u00e8mes marins.\" \/>\n<meta property=\"og:url\" content=\"https:\/\/www.investincotedazur.com\/en\/evenements\/journee-mer-horizons-edition-sante-un-carrefour-entre-sante-humaine-et-preservation-marine\/\" \/>\n<meta property=\"og:site_name\" content=\"Invest in C\u00f4te d&#039;Azur\" \/>\n<meta property=\"article:modified_time\" content=\"2025-08-05T10:21:53+00:00\" \/>\n<meta property=\"og:image\" content=\"https:\/\/www.investincotedazur.com\/wp-content\/uploads\/2025\/01\/Journee-Mer-Horizons-Sante-1024x536.png\" \/>\n\t<meta property=\"og:image:width\" content=\"1024\" \/>\n\t<meta property=\"og:image:height\" content=\"536\" \/>\n\t<meta property=\"og:image:type\" content=\"image\/png\" \/>\n<meta name=\"twitter:card\" content=\"summary_large_image\" \/>\n<meta name=\"twitter:site\" content=\"@Investcotedazur\" \/>\n<meta name=\"twitter:label1\" content=\"Est. reading time\" \/>\n\t<meta name=\"twitter:data1\" content=\"2 minutes\" \/>\n<script type=\"application\/ld+json\" class=\"yoast-schema-graph\">{\"@context\":\"https:\/\/schema.org\",\"@graph\":[{\"@type\":\"WebPage\",\"@id\":\"https:\/\/www.investincotedazur.com\/en\/evenements\/journee-mer-horizons-edition-sante-un-carrefour-entre-sante-humaine-et-preservation-marine\/\",\"url\":\"https:\/\/www.investincotedazur.com\/en\/evenements\/journee-mer-horizons-edition-sante-un-carrefour-entre-sante-humaine-et-preservation-marine\/\",\"name\":\"Journ\u00e9e mer & horizons \u2013 \u00e9dition sant\u00e9 : un carrefour entre sant\u00e9 humaine et pr\u00e9servation marine - Invest in C\u00f4te d&#039;Azur\",\"isPartOf\":{\"@id\":\"https:\/\/www.investincotedazur.com\/en\/#website\"},\"datePublished\":\"2025-01-08T21:20:02+00:00\",\"dateModified\":\"2025-08-05T10:21:53+00:00\",\"description\":\"Journ\u00e9e Mer & Horizons \u2013 \u00e9dition sant\u00e9, 27 f\u00e9vrier 2025 \u00e0 Nice : experts et innovations autour des liens entre sant\u00e9 humaine et \u00e9cosyst\u00e8mes marins.\",\"breadcrumb\":{\"@id\":\"https:\/\/www.investincotedazur.com\/en\/evenements\/journee-mer-horizons-edition-sante-un-carrefour-entre-sante-humaine-et-preservation-marine\/#breadcrumb\"},\"inLanguage\":\"en-US\",\"potentialAction\":[{\"@type\":\"ReadAction\",\"target\":[\"https:\/\/www.investincotedazur.com\/en\/evenements\/journee-mer-horizons-edition-sante-un-carrefour-entre-sante-humaine-et-preservation-marine\/\"]}]},{\"@type\":\"BreadcrumbList\",\"@id\":\"https:\/\/www.investincotedazur.com\/en\/evenements\/journee-mer-horizons-edition-sante-un-carrefour-entre-sante-humaine-et-preservation-marine\/#breadcrumb\",\"itemListElement\":[{\"@type\":\"ListItem\",\"position\":1,\"name\":\"Les \u00e9v\u00e9nements\",\"item\":\"https:\/\/www.investincotedazur.com\/en\/evenements\/\"},{\"@type\":\"ListItem\",\"position\":2,\"name\":\"Journ\u00e9e mer &#038; horizons \u2013 \u00e9dition sant\u00e9 : un carrefour entre sant\u00e9 humaine et pr\u00e9servation marine\"}]},{\"@type\":\"WebSite\",\"@id\":\"https:\/\/www.investincotedazur.com\/en\/#website\",\"url\":\"https:\/\/www.investincotedazur.com\/en\/\",\"name\":\"Invest in C\u00f4te d'Azur\",\"description\":\"\",\"publisher\":{\"@id\":\"https:\/\/www.investincotedazur.com\/en\/#organization\"},\"alternateName\":\"Invest in C\u00f4te d'Azur\",\"potentialAction\":[{\"@type\":\"SearchAction\",\"target\":{\"@type\":\"EntryPoint\",\"urlTemplate\":\"https:\/\/www.investincotedazur.com\/en\/?s={search_term_string}\"},\"query-input\":\"required name=search_term_string\"}],\"inLanguage\":\"en-US\"},{\"@type\":\"Organization\",\"@id\":\"https:\/\/www.investincotedazur.com\/en\/#organization\",\"name\":\"Invest in C\u00f4te d'Azur\",\"alternateName\":\"Invest in C\u00f4te d'Azur\",\"url\":\"https:\/\/www.investincotedazur.com\/en\/\",\"logo\":{\"@type\":\"ImageObject\",\"inLanguage\":\"en-US\",\"@id\":\"https:\/\/www.investincotedazur.com\/en\/#\/schema\/logo\/image\/\",\"url\":\"https:\/\/www.investincotedazur.com\/wp-content\/uploads\/2023\/05\/cropped-New-missions-3.png\",\"contentUrl\":\"https:\/\/www.investincotedazur.com\/wp-content\/uploads\/2023\/05\/cropped-New-missions-3.png\",\"width\":512,\"height\":512,\"caption\":\"Invest in C\u00f4te d'Azur\"},\"image\":{\"@id\":\"https:\/\/www.investincotedazur.com\/en\/#\/schema\/logo\/image\/\"},\"sameAs\":[\"https:\/\/www.linkedin.com\/company\/investincotedazur\/\",\"https:\/\/twitter.com\/Investcotedazur\"]}]}<\/script>\n<!-- \/ Yoast SEO plugin. -->","yoast_head_json":{"title":"Journ\u00e9e mer & horizons \u2013 \u00e9dition sant\u00e9 : un carrefour entre sant\u00e9 humaine et pr\u00e9servation marine - Invest in C\u00f4te d&#039;Azur","description":"Journ\u00e9e Mer & Horizons \u2013 \u00e9dition sant\u00e9, 27 f\u00e9vrier 2025 \u00e0 Nice : experts et innovations autour des liens entre sant\u00e9 humaine et \u00e9cosyst\u00e8mes marins.","robots":{"index":"index","follow":"follow","max-snippet":"max-snippet:-1","max-image-preview":"max-image-preview:large","max-video-preview":"max-video-preview:-1"},"canonical":"https:\/\/www.investincotedazur.com\/en\/evenements\/journee-mer-horizons-edition-sante-un-carrefour-entre-sante-humaine-et-preservation-marine\/","og_locale":"en_US","og_type":"article","og_title":"Journ\u00e9e mer & horizons \u2013 \u00e9dition sant\u00e9 : un carrefour entre sant\u00e9 humaine et pr\u00e9servation marine - Invest in C\u00f4te d&#039;Azur","og_description":"Journ\u00e9e Mer & Horizons \u2013 \u00e9dition sant\u00e9, 27 f\u00e9vrier 2025 \u00e0 Nice : experts et innovations autour des liens entre sant\u00e9 humaine et \u00e9cosyst\u00e8mes marins.","og_url":"https:\/\/www.investincotedazur.com\/en\/evenements\/journee-mer-horizons-edition-sante-un-carrefour-entre-sante-humaine-et-preservation-marine\/","og_site_name":"Invest in C\u00f4te d&#039;Azur","article_modified_time":"2025-08-05T10:21:53+00:00","og_image":[{"width":1024,"height":536,"url":"https:\/\/www.investincotedazur.com\/wp-content\/uploads\/2025\/01\/Journee-Mer-Horizons-Sante-1024x536.png","type":"image\/png"}],"twitter_card":"summary_large_image","twitter_site":"@Investcotedazur","twitter_misc":{"Est. reading time":"2 minutes"},"schema":{"@context":"https:\/\/schema.org","@graph":[{"@type":"WebPage","@id":"https:\/\/www.investincotedazur.com\/en\/evenements\/journee-mer-horizons-edition-sante-un-carrefour-entre-sante-humaine-et-preservation-marine\/","url":"https:\/\/www.investincotedazur.com\/en\/evenements\/journee-mer-horizons-edition-sante-un-carrefour-entre-sante-humaine-et-preservation-marine\/","name":"Journ\u00e9e mer & horizons \u2013 \u00e9dition sant\u00e9 : un carrefour entre sant\u00e9 humaine et pr\u00e9servation marine - Invest in C\u00f4te d&#039;Azur","isPartOf":{"@id":"https:\/\/www.investincotedazur.com\/en\/#website"},"datePublished":"2025-01-08T21:20:02+00:00","dateModified":"2025-08-05T10:21:53+00:00","description":"Journ\u00e9e Mer & Horizons \u2013 \u00e9dition sant\u00e9, 27 f\u00e9vrier 2025 \u00e0 Nice : experts et innovations autour des liens entre sant\u00e9 humaine et \u00e9cosyst\u00e8mes marins.","breadcrumb":{"@id":"https:\/\/www.investincotedazur.com\/en\/evenements\/journee-mer-horizons-edition-sante-un-carrefour-entre-sante-humaine-et-preservation-marine\/#breadcrumb"},"inLanguage":"en-US","potentialAction":[{"@type":"ReadAction","target":["https:\/\/www.investincotedazur.com\/en\/evenements\/journee-mer-horizons-edition-sante-un-carrefour-entre-sante-humaine-et-preservation-marine\/"]}]},{"@type":"BreadcrumbList","@id":"https:\/\/www.investincotedazur.com\/en\/evenements\/journee-mer-horizons-edition-sante-un-carrefour-entre-sante-humaine-et-preservation-marine\/#breadcrumb","itemListElement":[{"@type":"ListItem","position":1,"name":"Les \u00e9v\u00e9nements","item":"https:\/\/www.investincotedazur.com\/en\/evenements\/"},{"@type":"ListItem","position":2,"name":"Journ\u00e9e mer &#038; horizons \u2013 \u00e9dition sant\u00e9 : un carrefour entre sant\u00e9 humaine et pr\u00e9servation marine"}]},{"@type":"WebSite","@id":"https:\/\/www.investincotedazur.com\/en\/#website","url":"https:\/\/www.investincotedazur.com\/en\/","name":"Invest in C\u00f4te d'Azur","description":"","publisher":{"@id":"https:\/\/www.investincotedazur.com\/en\/#organization"},"alternateName":"Invest in C\u00f4te d'Azur","potentialAction":[{"@type":"SearchAction","target":{"@type":"EntryPoint","urlTemplate":"https:\/\/www.investincotedazur.com\/en\/?s={search_term_string}"},"query-input":"required name=search_term_string"}],"inLanguage":"en-US"},{"@type":"Organization","@id":"https:\/\/www.investincotedazur.com\/en\/#organization","name":"Invest in C\u00f4te d'Azur","alternateName":"Invest in C\u00f4te d'Azur","url":"https:\/\/www.investincotedazur.com\/en\/","logo":{"@type":"ImageObject","inLanguage":"en-US","@id":"https:\/\/www.investincotedazur.com\/en\/#\/schema\/logo\/image\/","url":"https:\/\/www.investincotedazur.com\/wp-content\/uploads\/2023\/05\/cropped-New-missions-3.png","contentUrl":"https:\/\/www.investincotedazur.com\/wp-content\/uploads\/2023\/05\/cropped-New-missions-3.png","width":512,"height":512,"caption":"Invest in C\u00f4te d'Azur"},"image":{"@id":"https:\/\/www.investincotedazur.com\/en\/#\/schema\/logo\/image\/"},"sameAs":["https:\/\/www.linkedin.com\/company\/investincotedazur\/","https:\/\/twitter.com\/Investcotedazur"]}]}},"_links":{"self":[{"href":"https:\/\/www.investincotedazur.com\/en\/wp-json\/wp\/v2\/cpt_evenements\/21765"}],"collection":[{"href":"https:\/\/www.investincotedazur.com\/en\/wp-json\/wp\/v2\/cpt_evenements"}],"about":[{"href":"https:\/\/www.investincotedazur.com\/en\/wp-json\/wp\/v2\/types\/cpt_evenements"}],"wp:featuredmedia":[{"embeddable":true,"href":"https:\/\/www.investincotedazur.com\/en\/wp-json\/wp\/v2\/media\/21766"}],"wp:attachment":[{"href":"https:\/\/www.investincotedazur.com\/en\/wp-json\/wp\/v2\/media?parent=21765"}],"wp:term":[{"taxonomy":"txn_evenements","embeddable":true,"href":"https:\/\/www.investincotedazur.com\/en\/wp-json\/wp\/v2\/txn_evenements?post=21765"}],"curies":[{"name":"wp","href":"https:\/\/api.w.org\/{rel}","templated":true}]}}